{"id":734,"date":"2013-04-01T15:37:54","date_gmt":"2013-04-01T15:37:54","guid":{"rendered":"http:\/\/www.kriesi.at\/themes\/enfold\/?page_id=734"},"modified":"2026-02-02T11:31:08","modified_gmt":"2026-02-02T10:31:08","slug":"homepage","status":"publish","type":"page","link":"https:\/\/www.lernreg.de\/","title":{"rendered":"Homepage"},"content":{"rendered":"<div id='layer_slider_1'  class='avia-layerslider main_color avia-shadow  avia-builder-el-0  el_before_av_heading  avia-builder-el-first  container_wrap sidebar_right'  style='height: 271px;'  ><\/div><div id='after_layer_slider_1'  class='main_color av_default_container_wrap container_wrap sidebar_right'  ><div class='container av-section-cont-open' ><div class='template-page content  av-content-small alpha units'><div class='post-entry post-entry-type-page post-entry-734'><div class='entry-content-wrapper clearfix'>\n\n<style type=\"text\/css\" data-created_by=\"avia_inline_auto\" id=\"style-css-av-8j8i1a-f5f08016a74402a6a77c14e71cebde3a\">\n#top .av-special-heading.av-8j8i1a-f5f08016a74402a6a77c14e71cebde3a{\npadding-bottom:10px;\n}\nbody .av-special-heading.av-8j8i1a-f5f08016a74402a6a77c14e71cebde3a .av-special-heading-tag .heading-char{\nfont-size:25px;\n}\n.av-special-heading.av-8j8i1a-f5f08016a74402a6a77c14e71cebde3a .av-subheading{\nfont-size:15px;\n}\n<\/style>\n<div  class='av-special-heading av-8j8i1a-f5f08016a74402a6a77c14e71cebde3a av-special-heading-h3 blockquote modern-quote  avia-builder-el-1  el_after_av_layerslider  el_before_av_hr  avia-builder-el-first '><h3 class='av-special-heading-tag'  itemprop=\"headline\"  >\u2794 SCHNELL GEFUNDEN<\/h3><div class=\"special-heading-border\"><div class=\"special-heading-inner-border\"><\/div><\/div><\/div>\n\n<style type=\"text\/css\" data-created_by=\"avia_inline_auto\" id=\"style-css-av-8eqw4u-fed4687e6fa8d8e1a408e3e6a3c1c2dc\">\n#top .hr.hr-invisible.av-8eqw4u-fed4687e6fa8d8e1a408e3e6a3c1c2dc{\nheight:50px;\n}\n<\/style>\n<div  class='hr av-8eqw4u-fed4687e6fa8d8e1a408e3e6a3c1c2dc hr-invisible  avia-builder-el-2  el_after_av_heading  el_before_av_one_fifth '><span class='hr-inner '><span class=\"hr-inner-style\"><\/span><\/span><\/div>\n<div class='flex_column av-88z4yu-8deaed8ff1581db6d06934c92d59e91b av_one_fifth  avia-builder-el-3  el_after_av_hr  el_before_av_one_fifth  first flex_column_div '     ><article  class='iconbox iconbox_top av-7yuapi-c965959b707a386b9773708af7168bb5  avia-builder-el-4  avia-builder-el-no-sibling  main_color'  itemscope=\"itemscope\" itemtype=\"https:\/\/schema.org\/CreativeWork\" ><div class=\"iconbox_content\"><header class=\"entry-content-header\"><a href='https:\/\/www.lernreg.de\/index.php\/vereinsschule-im-landkreis-schwandorf\/' title='Vereinsschule'  class=\"iconbox_icon heading-color\" aria-hidden='true' data-av_icon='\ueadb' data-av_iconfont='icofont'><\/a><h3 class='iconbox_content_title '  itemprop=\"headline\" ><a href='https:\/\/www.lernreg.de\/index.php\/vereinsschule-im-landkreis-schwandorf\/' title='Vereinsschule' >Vereinsschule<\/a><\/h3><\/header><div class='iconbox_content_container '  itemprop=\"text\" ><\/div><\/div><footer class=\"entry-footer\"><\/footer><\/article><\/div>\n\n<style type=\"text\/css\" data-created_by=\"avia_inline_auto\" id=\"style-css-av-7vqv4u-3a5e1f5a8f363d00e376ae74603fb007\">\n.flex_column.av-7vqv4u-3a5e1f5a8f363d00e376ae74603fb007{\n-webkit-border-radius:0px 0px 0px 0px;\n-moz-border-radius:0px 0px 0px 0px;\nborder-radius:0px 0px 0px 0px;\npadding:0px 0px 0px 0px;\n}\n<\/style>\n<div class='flex_column av-7vqv4u-3a5e1f5a8f363d00e376ae74603fb007 av_one_fifth  avia-builder-el-5  el_after_av_one_fifth  el_before_av_one_fifth  flex_column_div av-zero-column-padding '     ><article  class='iconbox iconbox_top av-7noahi-30493e237c9a3929790235f97a150447  avia-builder-el-6  avia-builder-el-no-sibling  main_color'  itemscope=\"itemscope\" itemtype=\"https:\/\/schema.org\/CreativeWork\" ><div class=\"iconbox_content\"><header class=\"entry-content-header\"><a href='https:\/\/www.lernreg.de\/index.php\/hilfsangebote\/' title='Ehrenamtliche Hilfsangebote'  class=\"iconbox_icon heading-color\" aria-hidden='true' data-av_icon='\ue80b' data-av_iconfont='entypo-fontello'><\/a><h3 class='iconbox_content_title '  itemprop=\"headline\" ><a href='https:\/\/www.lernreg.de\/index.php\/hilfsangebote\/' title='Ehrenamtliche Hilfsangebote' >Ehrenamtliche Hilfsangebote<\/a><\/h3><\/header><div class='iconbox_content_container '  itemprop=\"text\" ><\/div><\/div><footer class=\"entry-footer\"><\/footer><\/article><\/div>\n\n<style type=\"text\/css\" data-created_by=\"avia_inline_auto\" id=\"style-css-av-7h6hti-6c91354df73eda3e16c9b30505bbb699\">\n.flex_column.av-7h6hti-6c91354df73eda3e16c9b30505bbb699{\n-webkit-border-radius:0px 0px 0px 0px;\n-moz-border-radius:0px 0px 0px 0px;\nborder-radius:0px 0px 0px 0px;\npadding:0px 0px 0px 0px;\n}\n<\/style>\n<div class='flex_column av-7h6hti-6c91354df73eda3e16c9b30505bbb699 av_one_fifth  avia-builder-el-7  el_after_av_one_fifth  el_before_av_one_fifth  flex_column_div av-zero-column-padding '     ><article  class='iconbox iconbox_top av-7c9ioe-bed1579fd607cfe3ff72d20929f53630  avia-builder-el-8  avia-builder-el-no-sibling  main_color'  itemscope=\"itemscope\" itemtype=\"https:\/\/schema.org\/CreativeWork\" ><div class=\"iconbox_content\"><header class=\"entry-content-header\"><a href='https:\/\/www.lernreg.de\/index.php\/ehrenamtskarte\/' title='Ehrenamtskarte'  class=\"iconbox_icon heading-color\" aria-hidden='true' data-av_icon='\ue843' data-av_iconfont='entypo-fontello'><\/a><h3 class='iconbox_content_title '  itemprop=\"headline\" ><a href='https:\/\/www.lernreg.de\/index.php\/ehrenamtskarte\/' title='Ehrenamtskarte' >Ehrenamtskarte<\/a><\/h3><\/header><div class='iconbox_content_container '  itemprop=\"text\" ><\/div><\/div><footer class=\"entry-footer\"><\/footer><\/article><\/div>\n\n<style type=\"text\/css\" data-created_by=\"avia_inline_auto\" id=\"style-css-av-76ynja-5da8c46baef284fbe883674de0239896\">\n.flex_column.av-76ynja-5da8c46baef284fbe883674de0239896{\n-webkit-border-radius:0px 0px 0px 0px;\n-moz-border-radius:0px 0px 0px 0px;\nborder-radius:0px 0px 0px 0px;\npadding:0px 0px 0px 0px;\n}\n<\/style>\n<div class='flex_column av-76ynja-5da8c46baef284fbe883674de0239896 av_one_fifth  avia-builder-el-9  el_after_av_one_fifth  el_before_av_one_fifth  flex_column_div av-zero-column-padding '     ><article  class='iconbox iconbox_top av-700zvq-78ebb1501736390963e41def15c24f2a  avia-builder-el-10  avia-builder-el-no-sibling  main_color'  itemscope=\"itemscope\" itemtype=\"https:\/\/schema.org\/CreativeWork\" ><div class=\"iconbox_content\"><header class=\"entry-content-header\"><a href='https:\/\/www.lernreg.de\/index.php\/offene-einsatzstellen\/' title='Ehrenamtliche gesucht!'  class=\"iconbox_icon heading-color\" aria-hidden='true' data-av_icon='\ue803' data-av_iconfont='entypo-fontello'><\/a><h3 class='iconbox_content_title '  itemprop=\"headline\" ><a href='https:\/\/www.lernreg.de\/index.php\/offene-einsatzstellen\/' title='Ehrenamtliche gesucht!' >Ehrenamtliche gesucht!<\/a><\/h3><\/header><div class='iconbox_content_container '  itemprop=\"text\" ><\/div><\/div><footer class=\"entry-footer\"><\/footer><\/article><\/div>\n\n<style type=\"text\/css\" data-created_by=\"avia_inline_auto\" id=\"style-css-av-6srj2m-92706833e7cfc86772ab336c7b16b2ff\">\n.flex_column.av-6srj2m-92706833e7cfc86772ab336c7b16b2ff{\n-webkit-border-radius:0px 0px 0px 0px;\n-moz-border-radius:0px 0px 0px 0px;\nborder-radius:0px 0px 0px 0px;\npadding:0px 0px 0px 0px;\n}\n<\/style>\n<div class='flex_column av-6srj2m-92706833e7cfc86772ab336c7b16b2ff av_one_fifth  avia-builder-el-11  el_after_av_one_fifth  el_before_av_one_full  flex_column_div av-zero-column-padding '     ><article  class='iconbox iconbox_top av-6o6onq-3a28be4547e35c80c9b76480994f0e48  avia-builder-el-12  avia-builder-el-no-sibling  main_color'  itemscope=\"itemscope\" itemtype=\"https:\/\/schema.org\/CreativeWork\" ><div class=\"iconbox_content\"><header class=\"entry-content-header\"><a href='https:\/\/www.lernreg.de\/index.php\/freiwilligenagentur\/' title='Ehrenamt gesucht?'  class=\"iconbox_icon heading-color\" aria-hidden='true' data-av_icon='\ue81c' data-av_iconfont='entypo-fontello'><\/a><h3 class='iconbox_content_title '  itemprop=\"headline\" ><a href='https:\/\/www.lernreg.de\/index.php\/freiwilligenagentur\/' title='Ehrenamt gesucht?' >Ehrenamt gesucht?<\/a><\/h3><\/header><div class='iconbox_content_container '  itemprop=\"text\" ><\/div><\/div><footer class=\"entry-footer\"><\/footer><\/article><\/div>\n\n<style type=\"text\/css\" data-created_by=\"avia_inline_auto\" id=\"style-css-av-63rqbq-6016646dfb97476dee4f9f5366653360\">\n.flex_column.av-63rqbq-6016646dfb97476dee4f9f5366653360{\n-webkit-border-radius:0px 0px 0px 0px;\n-moz-border-radius:0px 0px 0px 0px;\nborder-radius:0px 0px 0px 0px;\npadding:0px 0px 0px 0px;\n}\n<\/style>\n<div class='flex_column av-63rqbq-6016646dfb97476dee4f9f5366653360 av_one_full  avia-builder-el-13  el_after_av_one_fifth  el_before_av_tab_container  first flex_column_div av-zero-column-padding column-top-margin'     ><style type=\"text\/css\" data-created_by=\"avia_inline_auto\" id=\"style-css-av-lkb0ulri-da952e552033b4c02c9230db647e7a75\">\n#top .av-special-heading.av-lkb0ulri-da952e552033b4c02c9230db647e7a75{\npadding-bottom:10px;\ncolor:#1a437d;\n}\nbody .av-special-heading.av-lkb0ulri-da952e552033b4c02c9230db647e7a75 .av-special-heading-tag .heading-char{\nfont-size:25px;\n}\n.av-special-heading.av-lkb0ulri-da952e552033b4c02c9230db647e7a75 .special-heading-inner-border{\nborder-color:#1a437d;\n}\n.av-special-heading.av-lkb0ulri-da952e552033b4c02c9230db647e7a75 .av-subheading{\nfont-size:15px;\n}\n<\/style>\n<div  class='av-special-heading av-lkb0ulri-da952e552033b4c02c9230db647e7a75 av-special-heading-h2 custom-color-heading blockquote modern-quote  avia-builder-el-14  avia-builder-el-no-sibling '><h2 class='av-special-heading-tag'  itemprop=\"headline\"  >Gute Beispiele f\u00fcr ehrenamtliches Engagement<\/h2><div class=\"special-heading-border\"><div class=\"special-heading-inner-border\"><\/div><\/div><\/div><\/div>\n<div  class='tabcontainer av-lkb12hdf-f649bb835ac657b3423d979eb2c4c004 top_tab  avia-builder-el-15  el_after_av_one_full  el_before_av_two_third ' role='tablist'>\n<section class='av_tab_section av_tab_section av-llqcuau7-9141ad4501c70686becc7a532889d88c'  itemscope=\"itemscope\" itemtype=\"https:\/\/schema.org\/CreativeWork\" ><div class='tab' role='tab' tabindex='0' data-fake-id='#tab-id-1' aria-controls='tab-id-1-content'  itemprop=\"headline\" ><span class='tab_icon' aria-hidden='true' data-av_icon='\ue841' data-av_iconfont='entypo-fontello'><\/span>Farah Hessou<\/div><div id='tab-id-1-content' class='tab_content' aria-hidden=\"true\"><div class='tab_inner_content invers-color'  itemprop=\"text\" ><section class=\"av_textblock_section av-lk89pj3q-f08006363e2eff1751e9b1a4614a532e\">\n<div class=\"avia_textblock\">\n<blockquote>\n<p style=\"text-align: right;\"><strong>Ich will helfen, weil ich selbst Fl\u00fcchtling war<\/strong><\/p>\n<\/blockquote>\n<\/div>\n<\/section>\n<section class=\"av_textblock_section av-2xepi3-83e96b25b93f76c85342e9740e556977\">\n<div class=\"avia_textblock\">\n<p style=\"text-align: left;\"><img loading=\"lazy\" decoding=\"async\" class=\"wp-image-6045 alignleft\" src=\"https:\/\/www.lernreg.de\/wp-content\/uploads\/2023\/08\/Farah-e1693468151753.jpg\" alt=\"\" width=\"356\" height=\"354\" srcset=\"https:\/\/www.lernreg.de\/wp-content\/uploads\/2023\/08\/Farah-e1693468151753.jpg 999w, https:\/\/www.lernreg.de\/wp-content\/uploads\/2023\/08\/Farah-e1693468151753-80x80.jpg 80w, https:\/\/www.lernreg.de\/wp-content\/uploads\/2023\/08\/Farah-e1693468151753-768x765.jpg 768w, https:\/\/www.lernreg.de\/wp-content\/uploads\/2023\/08\/Farah-e1693468151753-36x36.jpg 36w, https:\/\/www.lernreg.de\/wp-content\/uploads\/2023\/08\/Farah-e1693468151753-180x180.jpg 180w, https:\/\/www.lernreg.de\/wp-content\/uploads\/2023\/08\/Farah-e1693468151753-705x702.jpg 705w\" sizes=\"auto, (max-width: 356px) 100vw, 356px\" \/><\/p>\n<p>Farah aus Syrien leitet seit Jahren das Sprachcafe in Maxh\u00fctte-Haidhof. Mit Engagement und Herzblut versucht Sie, den Teilnehmerinnen die deutsche Sprache beizubringen. In lockerer Atmosph\u00e4re treffen sich die Damen einmal in der Woche zum Austausch.<\/p>\n<p style=\"text-align: left;\">Farah macht es gro\u00dfen Spa\u00df, neue Leute kennenzulernen. Wenn sie die neuen Mitmenschen bei der Integration unterst\u00fctzen kann, ist es f\u00fcr Farah ein tolles Gef\u00fchl. Sie wei\u00df noch ganz genau, welche Gef\u00fchle sie als Fl\u00fcchtling hatte. Sie f\u00fchlte sich fremd, ab und zu traurig und einsam. Auch an die Angst vor dem Unbekannten und Fremden kann sie sich noch gut erinnern. Schwierigkeiten bei der Kommunikation haben zu einigen Stresssituationen gef\u00fchrt. Ebenso waren die Unterschiede in den Gewohnheiten und Traditionen in der neuen Heimat eine Herausforderung. Farah wei\u00df also ganz genau, wie sich die gefl\u00fcchteten Frauen im Sprachcafe f\u00fchlen und welche Bed\u00fcrfnisse sie haben. Ein absoluter Leuchtturm f\u00fcr gelebtes, integratives Ehrenamt!<\/p>\n<p style=\"text-align: left;\">Vielen Dank, liebe Farah!<\/p>\n<\/div>\n<\/section>\n<p>Foto: Maria Dirnberger<\/p>\n<section class=\"av_textblock_section av-2xepi3-83e96b25b93f76c85342e9740e556977\">\n<div class=\"avia_textblock\"><\/div>\n<\/section>\n<section class=\"av_textblock_section av-2xepi3-83e96b25b93f76c85342e9740e556977\">\n<div class=\"avia_textblock\"><\/div>\n<\/section>\n<\/div><\/div><\/section>\n<section class='av_tab_section av_tab_section av-llqcuau7-1-4362ba671429c9bb6a96186d5fa0ca5f'  itemscope=\"itemscope\" itemtype=\"https:\/\/schema.org\/CreativeWork\" ><div class='tab' role='tab' tabindex='0' data-fake-id='#tab-id-2' aria-controls='tab-id-2-content'  itemprop=\"headline\" ><span class='tab_icon' aria-hidden='true' data-av_icon='\ue841' data-av_iconfont='entypo-fontello'><\/span>Anwar und Matin <\/div><div id='tab-id-2-content' class='tab_content' aria-hidden=\"true\"><div class='tab_inner_content invers-color'  itemprop=\"text\" ><section class=\"av_textblock_section av-lk89pj3q-f08006363e2eff1751e9b1a4614a532e\">\n<div class=\"avia_textblock\">\n<blockquote>\n<p style=\"text-align: right;\"><strong>Vater-Sohn-Team beim THW<\/strong><\/p>\n<\/blockquote>\n<\/div>\n<\/section>\n<section class=\"av_textblock_section av-2xepi3-83e96b25b93f76c85342e9740e556977\">\n<div class=\"avia_textblock\">\n<p style=\"text-align: left;\"><img loading=\"lazy\" decoding=\"async\" class=\"wp-image-6050 alignleft\" src=\"https:\/\/www.lernreg.de\/wp-content\/uploads\/2023\/08\/Foto-Matin-e1693476132702-603x684.jpg\" alt=\"\" width=\"471\" height=\"534\" \/><\/p>\n<p>Matin (11 Jahre) und Anwar (43 Jahre) sind beide aktive Mitglieder beim Schwandorfer THW. Anwar ist mit seiner Familie aus Afghanistan gefl\u00fcchtet. In seinem Heimatland war er f\u00fcr die UNHCR t\u00e4tig und so war es f\u00fcr den Familienvater selbstverst\u00e4ndlich, sich in seiner neuen Heimat Schwandorf auch engagieren zu wollen.<\/p>\n<p>Sein Sohn Matin ist in der Jugendgruppe aktiv und steckt noch in der Ausbildung. Das Erlernen der verschiedenen technischen F\u00e4higkeiten sieht er als Chance f\u00fcr seine Zukunft. Bei den gemeinsamen \u00dcbungen hat der Jugendliche auch neue Freunde gefunden und konnte seine Sprachkenntnisse verbessern.<\/p>\n<p>Anwar sieht ein Ehrenamt als Chance sich besser zu integrieren. Gerne m\u00f6chte er der Gesellschaft in Deutschland was zur\u00fcckgeben. Er spricht sich klar f\u00fcr ein Ehrenamt aus, da es die geistige und k\u00f6rperliche Gesundheit st\u00e4rkt.<\/p>\n<\/div>\n<\/section>\n<p>Foto: THW OV Schwandorf<\/p>\n<section class=\"av_textblock_section av-2xepi3-83e96b25b93f76c85342e9740e556977\">\n<div class=\"avia_textblock\"><\/div>\n<\/section>\n<section class=\"av_textblock_section av-2xepi3-83e96b25b93f76c85342e9740e556977\">\n<div class=\"avia_textblock\"><\/div>\n<\/section>\n<\/div><\/div><\/section>\n<section class='av_tab_section av_tab_section av-llqcuau7-1-1-809ddd5a29450a7745e0df4d65cb7738'  itemscope=\"itemscope\" itemtype=\"https:\/\/schema.org\/CreativeWork\" ><div class='tab active_tab' role='tab' tabindex='0' data-fake-id='#tab-id-3' aria-controls='tab-id-3-content'  itemprop=\"headline\" ><span class='tab_icon' aria-hidden='true' data-av_icon='\ueace' data-av_iconfont='icofont'><\/span>Elham<\/div><div id='tab-id-3-content' class='tab_content active_tab_content' aria-hidden=\"false\"><div class='tab_inner_content invers-color'  itemprop=\"text\" ><section class=\"av_textblock_section av-lk89pj3q-f08006363e2eff1751e9b1a4614a532e\">\n<div class=\"avia_textblock\">\n<blockquote>\n<p style=\"text-align: center;\"><strong>Integration durch Ehrenamt<\/strong><\/p>\n<\/blockquote>\n<\/div>\n<\/section>\n<section class=\"av_textblock_section av-2xepi3-83e96b25b93f76c85342e9740e556977\">\n<div class=\"avia_textblock\">\n<p style=\"text-align: left;\"><img loading=\"lazy\" decoding=\"async\" class=\" wp-image-6062 alignleft\" src=\"https:\/\/www.lernreg.de\/wp-content\/uploads\/2023\/09\/Elham-e1694155364135.jpg\" alt=\"\" width=\"203\" height=\"361\" srcset=\"https:\/\/www.lernreg.de\/wp-content\/uploads\/2023\/09\/Elham-e1694155364135.jpg 609w, https:\/\/www.lernreg.de\/wp-content\/uploads\/2023\/09\/Elham-e1694155364135-169x300.jpg 169w, https:\/\/www.lernreg.de\/wp-content\/uploads\/2023\/09\/Elham-e1694155364135-396x705.jpg 396w\" sizes=\"auto, (max-width: 203px) 100vw, 203px\" \/><\/p>\n<p>Der 18j\u00e4hrige Elham aus Afghanistan engagiert sich ehrenamtlich beim Jugendrotkreuz. Dort durfte er schon begleitend bei Volksfesten beim Bereitschaftsdienst dabei sein.<\/p>\n<p>Dem Sch\u00fcler macht sein Ehrenamt sichtbar Freude. Er konnte Kontakte kn\u00fcpfen und seine Deutschkenntnisse verbessern. Elham, du bist ein Vorbild!<\/p>\n<\/div>\n<\/section>\n<p>Foto: Jugendrotkreuz<\/p>\n<section class=\"av_textblock_section av-2xepi3-83e96b25b93f76c85342e9740e556977\">\n<div class=\"avia_textblock\"><\/div>\n<\/section>\n<section class=\"av_textblock_section av-2xepi3-83e96b25b93f76c85342e9740e556977\">\n<div class=\"avia_textblock\"><\/div>\n<\/section>\n<\/div><\/div><\/section>\n<section class='av_tab_section av_tab_section av-llqcuau7-1-1-1-f2647a982dff278addba4322650bd888'  itemscope=\"itemscope\" itemtype=\"https:\/\/schema.org\/CreativeWork\" ><div class='tab' role='tab' tabindex='0' data-fake-id='#tab-id-4' aria-controls='tab-id-4-content'  itemprop=\"headline\" ><span class='tab_icon' aria-hidden='true' data-av_icon='\ueaea' data-av_iconfont='icofont'><\/span>Rudolf Meier<\/div><div id='tab-id-4-content' class='tab_content' aria-hidden=\"true\"><div class='tab_inner_content invers-color'  itemprop=\"text\" ><section class=\"av_textblock_section av-lk89pj3q-f08006363e2eff1751e9b1a4614a532e\">\n<div class=\"avia_textblock\">\n<blockquote>\n<p><strong><img loading=\"lazy\" decoding=\"async\" class=\"alignnone  wp-image-6144 alignleft\" src=\"https:\/\/www.lernreg.de\/wp-content\/uploads\/2023\/11\/Foto-Rudolf-1-scaled-e1700037577622.jpg\" alt=\"\" width=\"339\" height=\"495\" srcset=\"https:\/\/www.lernreg.de\/wp-content\/uploads\/2023\/11\/Foto-Rudolf-1-scaled-e1700037577622.jpg 1361w, https:\/\/www.lernreg.de\/wp-content\/uploads\/2023\/11\/Foto-Rudolf-1-scaled-e1700037577622-205x300.jpg 205w, https:\/\/www.lernreg.de\/wp-content\/uploads\/2023\/11\/Foto-Rudolf-1-scaled-e1700037577622-982x1435.jpg 982w, https:\/\/www.lernreg.de\/wp-content\/uploads\/2023\/11\/Foto-Rudolf-1-scaled-e1700037577622-768x1122.jpg 768w, https:\/\/www.lernreg.de\/wp-content\/uploads\/2023\/11\/Foto-Rudolf-1-scaled-e1700037577622-1052x1536.jpg 1052w, https:\/\/www.lernreg.de\/wp-content\/uploads\/2023\/11\/Foto-Rudolf-1-scaled-e1700037577622-1027x1500.jpg 1027w, https:\/\/www.lernreg.de\/wp-content\/uploads\/2023\/11\/Foto-Rudolf-1-scaled-e1700037577622-483x705.jpg 483w\" sizes=\"auto, (max-width: 339px) 100vw, 339px\" \/>Ehrenamt kennt keine Altersgrenze<\/strong><\/p>\n<p style=\"text-align: left;\">Beweis daf\u00fcr ist Rudolf Meier aus Teublitz. Der r\u00fcstige Rentner und diplomierte \u00dcbersetzer ist seit \u00fcber 8 Jahren ehrenamtlich als Sprachvermittler in mehreren Engagements t\u00e4tig. Rudolf ist Lesepate an der F\u00f6rderschule in Leonberg. Auf seine Lesestunde freuen sich die Sch\u00fcler:innen immer ganz besonders.<\/p>\n<p style=\"text-align: left;\">In Burglengenfeld nimmt er als unterst\u00fctzender Dozent am Sprachcafe f\u00fcr Ukrainer und Deutsche der evangelischen Kirchengemeinde teil. Au\u00dferdem bietet er Konversationsstunden f\u00fcr Migranten im B\u00fcrgertreff Burglengenfeld an.<\/p>\n<p style=\"text-align: left;\">Egal welches dieser Engagements er gerade ausf\u00fchrt, er ist mit Empathie und gro\u00dfem Einsatz dabei. Soziales Engagement und Hilfsbereitschaft waren gelebte Werte in seiner Familie. Im Ruhestand findet der Senior ein Ehrenamt ein gutes Mittel, um seinem Alltag Struktur zu geben. Und wer Rudolf einmal kennengelernt hat, kann sehen, mit wie viel Spa\u00df und Humor er seine Ehren\u00e4mter ausf\u00fcllt.<\/p>\n<p style=\"text-align: left;\">Vielen Dank, lieber Rudolf!<\/p>\n<\/blockquote>\n<\/div>\n<p>Foto: Meier<\/p>\n<div class=\"avia_textblock\"><\/div>\n<\/section>\n<section class=\"av_textblock_section av-2xepi3-83e96b25b93f76c85342e9740e556977\">\n<div class=\"avia_textblock\"><\/div>\n<\/section>\n<section class=\"av_textblock_section av-2xepi3-83e96b25b93f76c85342e9740e556977\">\n<div class=\"avia_textblock\"><\/div>\n<\/section>\n<section class=\"av_textblock_section av-2xepi3-83e96b25b93f76c85342e9740e556977\">\n<div class=\"avia_textblock\"><\/div>\n<\/section>\n<\/div><\/div><\/section>\n<\/div>\n\n<style type=\"text\/css\" data-created_by=\"avia_inline_auto\" id=\"style-css-av-crkjq-941bb2e9277e4962501c8cc3496e8a0b\">\n.flex_column.av-crkjq-941bb2e9277e4962501c8cc3496e8a0b{\n-webkit-border-radius:0px 0px 0px 0px;\n-moz-border-radius:0px 0px 0px 0px;\nborder-radius:0px 0px 0px 0px;\npadding:0px 0px 0px 0px;\n}\n<\/style>\n<div class='flex_column av-crkjq-941bb2e9277e4962501c8cc3496e8a0b av_two_third  avia-builder-el-16  el_after_av_tab_container  el_before_av_one_third  first flex_column_div av-zero-column-padding '     ><\/div>\n\n<style type=\"text\/css\" data-created_by=\"avia_inline_auto\" id=\"style-css-av-b2hh2-dee93b9a2a5d56a6fba0dd3b9aa6d54e\">\n.flex_column.av-b2hh2-dee93b9a2a5d56a6fba0dd3b9aa6d54e{\n-webkit-border-radius:0px 0px 0px 0px;\n-moz-border-radius:0px 0px 0px 0px;\nborder-radius:0px 0px 0px 0px;\npadding:0px 0px 0px 0px;\n}\n<\/style>\n<div class='flex_column av-b2hh2-dee93b9a2a5d56a6fba0dd3b9aa6d54e av_one_third  avia-builder-el-17  el_after_av_two_third  el_before_av_section  avia-builder-el-last  flex_column_div av-zero-column-padding '     ><div  class='avia-button-wrap av-585of2-1c4d39adad5b66a6a219dc4feed52053-wrap avia-button-left  avia-builder-el-18  avia-builder-el-no-sibling '><a href='https:\/\/www.lernreg.de\/index.php\/leuchttuerme\/'  class='avia-button av-585of2-1c4d39adad5b66a6a219dc4feed52053 avia-icon_select-yes-left-icon avia-size-large avia-position-left avia-color-theme-color-subtle'  ><span class='avia_button_icon avia_button_icon_left' aria-hidden='true' data-av_icon='\ue804' data-av_iconfont='entypo-fontello'><\/span><span class='avia_iconbox_title' >Mehr Leuchtt\u00fcrme<\/span><\/a><\/div><\/div>\n<\/div><\/div><\/div><!-- close content main div --><\/div><\/div>\n<style type=\"text\/css\" data-created_by=\"avia_inline_auto\" id=\"style-css-av-50et2e-565ec45fd24c79a810bfa1ff2db8a875\">\n.avia-section.av-50et2e-565ec45fd24c79a810bfa1ff2db8a875{\nbackground-repeat:no-repeat;\nbackground-image:url(https:\/\/www.lernreg.de\/wp-content\/uploads\/2021\/08\/avenue-815297-scaled.jpg);\nbackground-position:50% 0%;\nbackground-attachment:scroll;\n}\n.avia-section.av-50et2e-565ec45fd24c79a810bfa1ff2db8a875 .av-section-color-overlay{\nopacity:0.5;\nbackground-color:#0a0a0a;\n}\n<\/style>\n<div id='av_section_1'  class='avia-section av-50et2e-565ec45fd24c79a810bfa1ff2db8a875 alternate_color avia-section-large avia-shadow  avia-builder-el-19  el_after_av_one_third  el_before_av_one_full  avia-bg-style-scroll av-section-color-overlay-active container_wrap sidebar_right'  data-section-bg-repeat='no-repeat'><div class=\"av-section-color-overlay-wrap\"><div class=\"av-section-color-overlay\"><\/div><div class='container av-section-cont-open' ><div class='template-page content  av-content-small alpha units'><div class='post-entry post-entry-type-page post-entry-734'><div class='entry-content-wrapper clearfix'>\n\n<style type=\"text\/css\" data-created_by=\"avia_inline_auto\" id=\"style-css-av-hjt5y-d07b9841b904737b05001838980bbda1\">\n.flex_column.av-hjt5y-d07b9841b904737b05001838980bbda1{\n-webkit-border-radius:0px 0px 0px 0px;\n-moz-border-radius:0px 0px 0px 0px;\nborder-radius:0px 0px 0px 0px;\npadding:0px 0px 0px 0px;\n}\n<\/style>\n<div class='flex_column av-hjt5y-d07b9841b904737b05001838980bbda1 av_one_third  avia-builder-el-20  el_before_av_one_third  avia-builder-el-first  first flex_column_div av-zero-column-padding '     ><div  class='avia-button-wrap avia-button-center  avia-builder-el-21  avia-builder-el-no-sibling '>\n<style type=\"text\/css\" data-created_by=\"avia_inline_auto\" id=\"style-css-av-4og92e-e068a6da17d158a9019cfe34fa2e32ab\">\n#top #wrap_all .avia-button.av-4og92e-e068a6da17d158a9019cfe34fa2e32ab{\ncolor:#ffffff;\n-webkit-transition:all 0.4s ease-in-out;\n-moz-transition:all 0.4s ease-in-out;\n-ms-transition:all 0.4s ease-in-out;\n-o-transition:all 0.4s ease-in-out;\ntransition:all 0.4s ease-in-out;\n}\n#top #wrap_all .avia-button.av-4og92e-e068a6da17d158a9019cfe34fa2e32ab:hover{\ncolor:#ffffff;\n-webkit-transition:all 0.4s ease-in-out;\n-moz-transition:all 0.4s ease-in-out;\n-ms-transition:all 0.4s ease-in-out;\n-o-transition:all 0.4s ease-in-out;\ntransition:all 0.4s ease-in-out;\n}\n<\/style>\n<a href='https:\/\/www.lernreg.de\/index.php\/lesepatenprojekt\/' class='avia-color-black avia-button avia-button-fullwidth av-4og92e-e068a6da17d158a9019cfe34fa2e32ab avia-icon_select-no avia-color-black'  ><span class='avia_iconbox_title' >\u2794 Lesepatenprojekt<\/span><span class='avia_button_background avia-button avia-button-fullwidth avia-color-theme-color'><\/span><\/a><\/div><\/div>\n<style type=\"text\/css\" data-created_by=\"avia_inline_auto\" id=\"style-css-av-4hnf0u-5db39324c9ebeee64271d0cff7e06b62\">\n.flex_column.av-4hnf0u-5db39324c9ebeee64271d0cff7e06b62{\n-webkit-border-radius:0px 0px 0px 0px;\n-moz-border-radius:0px 0px 0px 0px;\nborder-radius:0px 0px 0px 0px;\npadding:0px 0px 0px 0px;\n}\n<\/style>\n<div class='flex_column av-4hnf0u-5db39324c9ebeee64271d0cff7e06b62 av_one_third  avia-builder-el-22  el_after_av_one_third  el_before_av_one_third  flex_column_div av-zero-column-padding '     ><div  class='avia-button-wrap avia-button-center  avia-builder-el-23  avia-builder-el-no-sibling '>\n<style type=\"text\/css\" data-created_by=\"avia_inline_auto\" id=\"style-css-av-4es8im-765fa3fcd6af785324a11b3b2dd0b5b3\">\n#top #wrap_all .avia-button.av-4es8im-765fa3fcd6af785324a11b3b2dd0b5b3{\ncolor:#ffffff;\n-webkit-transition:all 0.4s ease-in-out;\n-moz-transition:all 0.4s ease-in-out;\n-ms-transition:all 0.4s ease-in-out;\n-o-transition:all 0.4s ease-in-out;\ntransition:all 0.4s ease-in-out;\n}\n#top #wrap_all .avia-button.av-4es8im-765fa3fcd6af785324a11b3b2dd0b5b3:hover{\ncolor:#ffffff;\n-webkit-transition:all 0.4s ease-in-out;\n-moz-transition:all 0.4s ease-in-out;\n-ms-transition:all 0.4s ease-in-out;\n-o-transition:all 0.4s ease-in-out;\ntransition:all 0.4s ease-in-out;\n}\n<\/style>\n<a href='https:\/\/www.lernreg.de\/index.php\/mint-management\/' class='avia-color-black avia-button avia-button-fullwidth av-4es8im-765fa3fcd6af785324a11b3b2dd0b5b3 avia-icon_select-no avia-color-black'  ><span class='avia_iconbox_title' >\u2794 MINT-Management<\/span><span class='avia_button_background avia-button avia-button-fullwidth avia-color-theme-color'><\/span><\/a><\/div><\/div>\n<style type=\"text\/css\" data-created_by=\"avia_inline_auto\" id=\"style-css-av-eyupq-29b411ecaba75cdef696afc5f359a4e3\">\n.flex_column.av-eyupq-29b411ecaba75cdef696afc5f359a4e3{\n-webkit-border-radius:0px 0px 0px 0px;\n-moz-border-radius:0px 0px 0px 0px;\nborder-radius:0px 0px 0px 0px;\npadding:0px 0px 0px 0px;\n}\n<\/style>\n<div class='flex_column av-eyupq-29b411ecaba75cdef696afc5f359a4e3 av_one_third  avia-builder-el-24  el_after_av_one_third  el_before_av_one_third  flex_column_div av-zero-column-padding '     ><div  class='avia-button-wrap avia-button-center  avia-builder-el-25  avia-builder-el-no-sibling '>\n<style type=\"text\/css\" data-created_by=\"avia_inline_auto\" id=\"style-css-av-41sa2e-37e7c3b17915bb4d36d55b87467a0de8\">\n#top #wrap_all .avia-button.av-41sa2e-37e7c3b17915bb4d36d55b87467a0de8{\ncolor:#ffffff;\n-webkit-transition:all 0.4s ease-in-out;\n-moz-transition:all 0.4s ease-in-out;\n-ms-transition:all 0.4s ease-in-out;\n-o-transition:all 0.4s ease-in-out;\ntransition:all 0.4s ease-in-out;\n}\n#top #wrap_all .avia-button.av-41sa2e-37e7c3b17915bb4d36d55b87467a0de8:hover{\ncolor:#ffffff;\n-webkit-transition:all 0.4s ease-in-out;\n-moz-transition:all 0.4s ease-in-out;\n-ms-transition:all 0.4s ease-in-out;\n-o-transition:all 0.4s ease-in-out;\ntransition:all 0.4s ease-in-out;\n}\n<\/style>\n<a href='https:\/\/www.lernreg.de\/index.php\/bildungsmanagement\/' class='avia-color-black avia-button avia-button-fullwidth av-41sa2e-37e7c3b17915bb4d36d55b87467a0de8 avia-icon_select-no avia-color-black'  ><span class='avia_iconbox_title' >\u2794 Bildungsmanagement<\/span><span class='avia_button_background avia-button avia-button-fullwidth avia-color-theme-color'><\/span><\/a><\/div><\/div>\n<style type=\"text\/css\" data-created_by=\"avia_inline_auto\" id=\"style-css-av-e96by-ab3dab22fb3afa6c428f9b46983b38a9\">\n.flex_column.av-e96by-ab3dab22fb3afa6c428f9b46983b38a9{\n-webkit-border-radius:0px 0px 0px 0px;\n-moz-border-radius:0px 0px 0px 0px;\nborder-radius:0px 0px 0px 0px;\npadding:0px 0px 0px 0px;\n}\n<\/style>\n<div class='flex_column av-e96by-ab3dab22fb3afa6c428f9b46983b38a9 av_one_third  avia-builder-el-26  el_after_av_one_third  el_before_av_one_third  first flex_column_div av-zero-column-padding column-top-margin'     ><div  class='avia-button-wrap avia-button-center  avia-builder-el-27  avia-builder-el-no-sibling '>\n<style type=\"text\/css\" data-created_by=\"avia_inline_auto\" id=\"style-css-av-3rskzq-9061e87bb6e3bbf1089ab871977498c5\">\n#top #wrap_all .avia-button.av-3rskzq-9061e87bb6e3bbf1089ab871977498c5{\ncolor:#ffffff;\n-webkit-transition:all 0.4s ease-in-out;\n-moz-transition:all 0.4s ease-in-out;\n-ms-transition:all 0.4s ease-in-out;\n-o-transition:all 0.4s ease-in-out;\ntransition:all 0.4s ease-in-out;\n}\n#top #wrap_all .avia-button.av-3rskzq-9061e87bb6e3bbf1089ab871977498c5:hover{\ncolor:#ffffff;\n-webkit-transition:all 0.4s ease-in-out;\n-moz-transition:all 0.4s ease-in-out;\n-ms-transition:all 0.4s ease-in-out;\n-o-transition:all 0.4s ease-in-out;\ntransition:all 0.4s ease-in-out;\n}\n<\/style>\n<a href='https:\/\/www.lernreg.de\/index.php\/hauptamtliche-integrationslotsinnen\/' class='avia-color-black avia-button avia-button-fullwidth av-3rskzq-9061e87bb6e3bbf1089ab871977498c5 avia-icon_select-no avia-color-black'  ><span class='avia_iconbox_title' >\u2794 Integrationslotsen<\/span><span class='avia_button_background avia-button avia-button-fullwidth avia-color-theme-color'><\/span><\/a><\/div><\/div>\n<style type=\"text\/css\" data-created_by=\"avia_inline_auto\" id=\"style-css-av-3j5h5a-9dc3d2b437decd23d5fda67d305baa58\">\n.flex_column.av-3j5h5a-9dc3d2b437decd23d5fda67d305baa58{\n-webkit-border-radius:0px 0px 0px 0px;\n-moz-border-radius:0px 0px 0px 0px;\nborder-radius:0px 0px 0px 0px;\npadding:0px 0px 0px 0px;\n}\n<\/style>\n<div class='flex_column av-3j5h5a-9dc3d2b437decd23d5fda67d305baa58 av_one_third  avia-builder-el-28  el_after_av_one_third  el_before_av_one_third  flex_column_div av-zero-column-padding column-top-margin'     ><div  class='avia-button-wrap avia-button-center  avia-builder-el-29  avia-builder-el-no-sibling '>\n<style type=\"text\/css\" data-created_by=\"avia_inline_auto\" id=\"style-css-av-3f8c4m-8ea31f41037aac04433f05c06d249071\">\n#top #wrap_all .avia-button.av-3f8c4m-8ea31f41037aac04433f05c06d249071{\ncolor:#ffffff;\n-webkit-transition:all 0.4s ease-in-out;\n-moz-transition:all 0.4s ease-in-out;\n-ms-transition:all 0.4s ease-in-out;\n-o-transition:all 0.4s ease-in-out;\ntransition:all 0.4s ease-in-out;\n}\n#top #wrap_all .avia-button.av-3f8c4m-8ea31f41037aac04433f05c06d249071:hover{\ncolor:#ffffff;\n-webkit-transition:all 0.4s ease-in-out;\n-moz-transition:all 0.4s ease-in-out;\n-ms-transition:all 0.4s ease-in-out;\n-o-transition:all 0.4s ease-in-out;\ntransition:all 0.4s ease-in-out;\n}\n<\/style>\n<a href='https:\/\/www.lernreg.de\/index.php\/lernen-durch-engagement\/' class='avia-color-black avia-button avia-button-fullwidth av-3f8c4m-8ea31f41037aac04433f05c06d249071 avia-icon_select-no avia-color-black'  ><span class='avia_iconbox_title' >\u2794 Lernen durch Engagement<\/span><span class='avia_button_background avia-button avia-button-fullwidth avia-color-theme-color'><\/span><\/a><\/div><\/div>\n<style type=\"text\/css\" data-created_by=\"avia_inline_auto\" id=\"style-css-av-371ywm-13a86d4558396f4a2625efbb47af536c\">\n.flex_column.av-371ywm-13a86d4558396f4a2625efbb47af536c{\n-webkit-border-radius:0px 0px 0px 0px;\n-moz-border-radius:0px 0px 0px 0px;\nborder-radius:0px 0px 0px 0px;\npadding:0px 0px 0px 0px;\n}\n<\/style>\n<div class='flex_column av-371ywm-13a86d4558396f4a2625efbb47af536c av_one_third  avia-builder-el-30  el_after_av_one_third  avia-builder-el-last  flex_column_div av-zero-column-padding column-top-margin'     ><div  class='avia-button-wrap avia-button-center  avia-builder-el-31  avia-builder-el-no-sibling '>\n<style type=\"text\/css\" data-created_by=\"avia_inline_auto\" id=\"style-css-av-2zwnse-f2688efc0b7ab4428812e52e8197a1f5\">\n#top #wrap_all .avia-button.av-2zwnse-f2688efc0b7ab4428812e52e8197a1f5{\ncolor:#ffffff;\n-webkit-transition:all 0.4s ease-in-out;\n-moz-transition:all 0.4s ease-in-out;\n-ms-transition:all 0.4s ease-in-out;\n-o-transition:all 0.4s ease-in-out;\ntransition:all 0.4s ease-in-out;\n}\n#top #wrap_all .avia-button.av-2zwnse-f2688efc0b7ab4428812e52e8197a1f5:hover{\ncolor:#ffffff;\n-webkit-transition:all 0.4s ease-in-out;\n-moz-transition:all 0.4s ease-in-out;\n-ms-transition:all 0.4s ease-in-out;\n-o-transition:all 0.4s ease-in-out;\ntransition:all 0.4s ease-in-out;\n}\n<\/style>\n<a href='https:\/\/www.lernreg.de\/index.php\/freiwilligenagentur\/' class='avia-color-black avia-button avia-button-fullwidth av-2zwnse-f2688efc0b7ab4428812e52e8197a1f5 avia-icon_select-no avia-color-black'  ><span class='avia_iconbox_title' >\u2794 Freiwilligenagentur<\/span><span class='avia_button_background avia-button avia-button-fullwidth avia-color-theme-color'><\/span><\/a><\/div><\/div>\n<\/div><\/div><\/div><!-- close content main div --><\/div><\/div><\/div><div id='after_section_1'  class='main_color av_default_container_wrap container_wrap sidebar_right'  ><div class='container av-section-cont-open' ><div class='template-page content  av-content-small alpha units'><div class='post-entry post-entry-type-page post-entry-734'><div class='entry-content-wrapper clearfix'>\n\n<style type=\"text\/css\" data-created_by=\"avia_inline_auto\" id=\"style-css-av-2xoa9q-1fa390296281fae258c06d45a10f0941\">\n.flex_column.av-2xoa9q-1fa390296281fae258c06d45a10f0941{\n-webkit-border-radius:0px 0px 0px 0px;\n-moz-border-radius:0px 0px 0px 0px;\nborder-radius:0px 0px 0px 0px;\npadding:0px 0px 0px 0px;\n}\n<\/style>\n<div class='flex_column av-2xoa9q-1fa390296281fae258c06d45a10f0941 av_one_full  avia-builder-el-32  el_after_av_section  el_before_av_one_fourth  avia-builder-el-first  first flex_column_div av-zero-column-padding '     ><style type=\"text\/css\" data-created_by=\"avia_inline_auto\" id=\"style-css-av-2q9xja-3e3b27d29e901c4e67219e9d325bc14b\">\n#top .av-special-heading.av-2q9xja-3e3b27d29e901c4e67219e9d325bc14b{\npadding-bottom:10px;\n}\nbody .av-special-heading.av-2q9xja-3e3b27d29e901c4e67219e9d325bc14b .av-special-heading-tag .heading-char{\nfont-size:25px;\n}\n.av-special-heading.av-2q9xja-3e3b27d29e901c4e67219e9d325bc14b .av-subheading{\nfont-size:15px;\n}\n<\/style>\n<div  class='av-special-heading av-2q9xja-3e3b27d29e901c4e67219e9d325bc14b av-special-heading-h3 blockquote modern-quote  avia-builder-el-33  avia-builder-el-no-sibling '><h3 class='av-special-heading-tag'  itemprop=\"headline\"  ><a href=\"https:\/\/www.lernreg.de\/index.php\/aktuelles\/\">\u2794 AKTUELLES<\/a><\/h3><div class=\"special-heading-border\"><div class=\"special-heading-inner-border\"><\/div><\/div><\/div><\/div>\n\n<style type=\"text\/css\" data-created_by=\"avia_inline_auto\" id=\"style-css-av-cqnda-173ab74024a8975c819031aa4a3d6fb8\">\n.flex_column.av-cqnda-173ab74024a8975c819031aa4a3d6fb8{\n-webkit-border-radius:0px 0px 0px 0px;\n-moz-border-radius:0px 0px 0px 0px;\nborder-radius:0px 0px 0px 0px;\npadding:0px 0px 0px 0px;\n}\n<\/style>\n<div class='flex_column av-cqnda-173ab74024a8975c819031aa4a3d6fb8 av_one_fourth  avia-builder-el-34  el_after_av_one_full  el_before_av_one_fourth  first flex_column_div av-zero-column-padding column-top-margin'     ><section  class='av_textblock_section av-atwty-724c9e8603cb06da88972b426ca51d69'  itemscope=\"itemscope\" itemtype=\"https:\/\/schema.org\/CreativeWork\" ><div class='avia_textblock'  itemprop=\"text\" ><h3 style=\"text-align: center;\"><strong>Ausschreibung: <\/strong><\/h3>\n<h4 style=\"text-align: center;\"><strong>Erstellung einer Homepage mit Kursbuchungssystem f\u00fcr das Projekt \u201eForscherwerkstatt\u201c\u00a0<\/strong><\/h4>\n<p>Die Lernende Region Schwandorf e.V. plant den Aufbau eines au\u00dferschulischen Lernorts f\u00fcr Sch\u00fcler und Sch\u00fclerinnen aller Schularten mit Themenschwerpunkt MINT. Hierf\u00fcr suchen wir einen Dienstleister f\u00fcr die Erstellung der Homepage und des Kursbuchungssystems. <a href=\"https:\/\/www.lernreg.de\/index.php\/aktuelles\/\">mehr\u00a0<\/a><\/p>\n<\/div><\/section><\/div>\n<style type=\"text\/css\" data-created_by=\"avia_inline_auto\" id=\"style-css-av-1upkl2-0454b94d5ccdc640849da0af6be726bd\">\n.flex_column.av-1upkl2-0454b94d5ccdc640849da0af6be726bd{\n-webkit-border-radius:0px 0px 0px 0px;\n-moz-border-radius:0px 0px 0px 0px;\nborder-radius:0px 0px 0px 0px;\npadding:0px 0px 0px 0px;\n}\n<\/style>\n<div class='flex_column av-1upkl2-0454b94d5ccdc640849da0af6be726bd av_one_fourth  avia-builder-el-36  el_after_av_one_fourth  el_before_av_one_fourth  flex_column_div av-zero-column-padding column-top-margin'     ><style type=\"text\/css\" data-created_by=\"avia_inline_auto\" id=\"style-css-av-1o7chi-4649ab1ede226c14d2a395b3fc4cf473\">\n.avia-image-container.av-1o7chi-4649ab1ede226c14d2a395b3fc4cf473 img.avia_image{\nbox-shadow:none;\n}\n.avia-image-container.av-1o7chi-4649ab1ede226c14d2a395b3fc4cf473 .av-image-caption-overlay-center{\ncolor:#ffffff;\n}\n<\/style>\n<div  class='avia-image-container av-1o7chi-4649ab1ede226c14d2a395b3fc4cf473 av-styling- avia-align-center  avia-builder-el-37  avia-builder-el-no-sibling '   itemprop=\"image\" itemscope=\"itemscope\" itemtype=\"https:\/\/schema.org\/ImageObject\" ><div class=\"avia-image-container-inner\"><div class=\"avia-image-overlay-wrap\"><a href=\"https:\/\/www.lernreg.de\/index.php\/vereinsschule-im-landkreis-schwandorf\/\" class='avia_image'  target=\"_blank\"  rel=\"noopener noreferrer\"><img decoding=\"async\" class='wp-image-6558 avia-img-lazy-loading-not-6558 avia_image ' src=\"https:\/\/www.lernreg.de\/wp-content\/uploads\/2025\/10\/IMG_0789-300x200.jpg\" alt='' title='IMG_0789'  height=\"200\" width=\"300\"  itemprop=\"thumbnailUrl\" srcset=\"https:\/\/www.lernreg.de\/wp-content\/uploads\/2025\/10\/IMG_0789-300x200.jpg 300w, https:\/\/www.lernreg.de\/wp-content\/uploads\/2025\/10\/IMG_0789-1435x956.jpg 1435w, https:\/\/www.lernreg.de\/wp-content\/uploads\/2025\/10\/IMG_0789-768x512.jpg 768w, https:\/\/www.lernreg.de\/wp-content\/uploads\/2025\/10\/IMG_0789-1536x1024.jpg 1536w, https:\/\/www.lernreg.de\/wp-content\/uploads\/2025\/10\/IMG_0789-2048x1365.jpg 2048w, https:\/\/www.lernreg.de\/wp-content\/uploads\/2025\/10\/IMG_0789-1500x1000.jpg 1500w, https:\/\/www.lernreg.de\/wp-content\/uploads\/2025\/10\/IMG_0789-705x470.jpg 705w\" sizes=\"(max-width: 300px) 100vw, 300px\" \/><\/a><\/div><\/div><\/div><\/div><\/p>\n\n<style type=\"text\/css\" data-created_by=\"avia_inline_auto\" id=\"style-css-av-1n2vp2-fa643d279c0af08a0e7a502ea5f2481e\">\n.flex_column.av-1n2vp2-fa643d279c0af08a0e7a502ea5f2481e{\n-webkit-border-radius:0px 0px 0px 0px;\n-moz-border-radius:0px 0px 0px 0px;\nborder-radius:0px 0px 0px 0px;\npadding:0px 0px 0px 0px;\n}\n<\/style>\n<div class='flex_column av-1n2vp2-fa643d279c0af08a0e7a502ea5f2481e av_one_fourth  avia-builder-el-38  el_after_av_one_fourth  el_before_av_section  avia-builder-el-last  flex_column_div av-zero-column-padding column-top-margin'     ><section  class='av_textblock_section av-1f0zqm-7d4bbc82f3fd4deaa969e1505aa1d8c5'  itemscope=\"itemscope\" itemtype=\"https:\/\/schema.org\/CreativeWork\" ><div class='avia_textblock'  itemprop=\"text\" ><h5><strong>Jetzt f\u00fcr die Vereinsschule 2025 anmelden!<\/strong><\/h5>\n<p>Das diesj\u00e4hrige Programm der Vereinsschule wurde ver\u00f6ffentlicht. Ab jetzt k\u00f6nnen sich die Ehrenamtlichen zu den kostenfreien Kursen anmelden. Alle Infos <a href=\"https:\/\/www.lernreg.de\/index.php\/vereinsschule-im-landkreis-schwandorf\/\">hier<\/a>.<\/p>\n<\/div><\/section><\/div>\n<\/div><\/div><\/div><!-- close content main div --><\/div><\/div>\n<style type=\"text\/css\" data-created_by=\"avia_inline_auto\" id=\"style-css-av-19qihi-0d6bb75b98673d24d8e435bc45658dae\">\n.avia-section.av-19qihi-0d6bb75b98673d24d8e435bc45658dae{\nbackground-repeat:no-repeat;\nbackground-image:url(https:\/\/www.lernreg.de\/wp-content\/uploads\/2021\/08\/child-1835730-1-scaled.jpg);\nbackground-position:50% 50%;\nbackground-attachment:fixed;\n}\n.avia-section.av-19qihi-0d6bb75b98673d24d8e435bc45658dae .av-section-color-overlay{\nopacity:0.8;\nbackground-color:#cccccc;\n}\n<\/style>\n<div id='av_section_2'  class='avia-section av-19qihi-0d6bb75b98673d24d8e435bc45658dae main_color avia-section-default avia-no-shadow  avia-builder-el-40  el_after_av_one_fourth  avia-builder-el-last  avia-full-stretch avia-bg-style-fixed av-section-color-overlay-active container_wrap sidebar_right'  data-section-bg-repeat='stretch'><div class=\"av-section-color-overlay-wrap\"><div class=\"av-section-color-overlay\"><\/div><div class='container av-section-cont-open' ><div class='template-page content  av-content-small alpha units'><div class='post-entry post-entry-type-page post-entry-734'><div class='entry-content-wrapper clearfix'>\n<form action=\"https:\/\/www.lernreg.de\/\" method=\"post\"  class=\"avia_ajax_form av-form-labels-visible   avia-builder-el-41  avia-builder-el-no-sibling  av-centered-form   \" data-avia-form-id=\"1\" data-avia-redirect='' ><h3 class=''> Sie haben Zeit und Lust, sich ehrenamtlich zu engagieren? <\/h3><fieldset><p class='  first_form  form_element form_element_half' id='element_avia_1_1'><label for=\"avia_1_1\">Name <abbr class=\"required\" title=\"ben\u00f6tigt\">*<\/abbr><\/label> <input name=\"avia_1_1\" class=\"text_input is_empty\" type=\"text\" id=\"avia_1_1\" value=\"\" \/><\/p><p class='  form_element form_element_half' id='element_avia_2_1'><label for=\"avia_2_1\">E-Mail <abbr class=\"required\" title=\"ben\u00f6tigt\">*<\/abbr><\/label> <input name=\"avia_2_1\" class=\"text_input is_email\" type=\"text\" id=\"avia_2_1\" value=\"\" \/><\/p><p class='  first_form  form_element form_fullwidth' id='element_avia_3_1'><label for=\"avia_3_1\">Betreff <abbr class=\"required\" title=\"ben\u00f6tigt\">*<\/abbr><\/label> <input name=\"avia_3_1\" class=\"text_input is_empty\" type=\"text\" id=\"avia_3_1\" value=\"\" \/><\/p><p class='  first_form  form_element form_fullwidth' id='element_avia_4_1'><label for=\"avia_4_1\" class=\"textare_label hidden textare_label_avia_4_1\">Nachricht <abbr class=\"required\" title=\"ben\u00f6tigt\">*<\/abbr><\/label><textarea  name=\"avia_4_1\" class=\"text_area is_empty\" cols=\"40\" rows=\"7\" id=\"avia_4_1\" ><\/textarea><\/p><p class='  first_form  form_element form_element_half' id='element_avia_5_1'><input  name=\"avia_5_1\" class=\"input_checkbox is_empty\" type=\"checkbox\" id=\"avia_5_1\" value=\"true\"\/><label class=\"input_checkbox_label\" for=\"avia_5_1\">Ich habe die Datenschutzerkl\u00e4rung gelesen und akzeptiert <abbr class=\"required\" title=\"ben\u00f6tigt\">*<\/abbr><\/label><\/p><p class=\"hidden\"><input type=\"text\" name=\"avia_6_1\" class=\"hidden \" id=\"avia_6_1\" value=\"\" \/><\/p><p class=' form_element_half  form_element form_fullwidth' id='element_avia_7_1'><span class='value_verifier_label'>1 + 7 = ?<\/span><input name=\"avia_7_1_verifier\" type=\"hidden\" id=\"avia_7_1_verifier\" value=\"282734441\"\/><label for=\"avia_7_1\">Bitte l\u00f6se die Gleichung. Diese Ma\u00dfnahme dient der Abwehr von Spam <abbr class=\"required\" title=\"ben\u00f6tigt\">*<\/abbr><\/label><input name=\"avia_7_1\" class=\"text_input captcha\" type=\"text\" id=\"avia_7_1\" value=\"\"\/><\/p><p class=\"form_element \"><input type=\"hidden\" value=\"1\" name=\"avia_generated_form1\" \/><input type=\"submit\" value=\"Senden\" class=\"button\"  data-sending-label=\"Sende\"\/><\/p><\/fieldset><\/form><div id=\"ajaxresponse_1\" class=\"ajaxresponse ajaxresponse_1 hidden\"><\/div>\n<\/div><\/div><\/div><!-- close content main div --><\/div><\/div><\/div><div id='after_section_2'  class='main_color av_default_container_wrap container_wrap sidebar_right'  ><div class='container av-section-cont-open' ><div class='template-page content  av-content-small alpha units'><div class='post-entry post-entry-type-page post-entry-734'><div class='entry-content-wrapper clearfix'>\n","protected":false},"excerpt":{"rendered":"<p>Lernende Region Schwandorf<\/p>\n","protected":false},"author":1,"featured_media":0,"parent":0,"menu_order":0,"comment_status":"open","ping_status":"open","template":"","meta":{"footnotes":""},"class_list":["post-734","page","type-page","status-publish","hentry"],"yoast_head":"<!-- This site is optimized with the Yoast SEO plugin v26.4 - https:\/\/yoast.com\/wordpress\/plugins\/seo\/ -->\n<title>Homepage - Lernende Region Schwandorf<\/title>\n<meta name=\"description\" content=\"Die Lernende Region Schwandorf e.V. ist ein regionales Netzwerk f\u00fcr den Landkreis Schwandorf mit den Schwerpunkten\u00a0Bildung\u00a0und\u00a0Ehrenamt: Im\u00a0Bildungsbereich\u00a0strebt die Lernende Region Schwandorf eine nachhaltige Verbesserung der Ausbildungs-, Besch\u00e4ftigungs- und Lebenssituation aller B\u00fcrgerinnen und B\u00fcrger\u00a0der Region an. Beispiele hierf\u00fcr sind die j\u00e4hrliche Bildungsmesse in Maxh\u00fctte-Haidhof sowie die Durchf\u00fchrung des Projekts \u201eMINT-Netzwerke Bayern\u201c.\" \/>\n<meta name=\"robots\" content=\"index, follow, max-snippet:-1, max-image-preview:large, max-video-preview:-1\" \/>\n<link rel=\"canonical\" href=\"https:\/\/www.lernreg.de\/index.php\/homepage\/\" \/>\n<meta property=\"og:locale\" content=\"de_DE\" \/>\n<meta property=\"og:type\" content=\"article\" \/>\n<meta property=\"og:title\" content=\"Homepage - Lernende Region Schwandorf\" \/>\n<meta property=\"og:description\" content=\"Die Lernende Region Schwandorf e.V. ist ein regionales Netzwerk f\u00fcr den Landkreis Schwandorf mit den Schwerpunkten\u00a0Bildung\u00a0und\u00a0Ehrenamt: Im\u00a0Bildungsbereich\u00a0strebt die Lernende Region Schwandorf eine nachhaltige Verbesserung der Ausbildungs-, Besch\u00e4ftigungs- und Lebenssituation aller B\u00fcrgerinnen und B\u00fcrger\u00a0der Region an. Beispiele hierf\u00fcr sind die j\u00e4hrliche Bildungsmesse in Maxh\u00fctte-Haidhof sowie die Durchf\u00fchrung des Projekts \u201eMINT-Netzwerke Bayern\u201c.\" \/>\n<meta property=\"og:url\" content=\"https:\/\/www.lernreg.de\/index.php\/homepage\/\" \/>\n<meta property=\"og:site_name\" content=\"Lernende Region Schwandorf\" \/>\n<meta property=\"article:modified_time\" content=\"2026-02-02T10:31:08+00:00\" \/>\n<meta property=\"og:image\" content=\"https:\/\/www.lernreg.de\/wp-content\/uploads\/2023\/08\/Farah-e1693468151753.jpg\" \/>\n<meta name=\"twitter:card\" content=\"summary_large_image\" \/>\n<meta name=\"twitter:label1\" content=\"Gesch\u00e4tzte Lesezeit\" \/>\n\t<meta name=\"twitter:data1\" content=\"20\u00a0Minuten\" \/>\n<script type=\"application\/ld+json\" class=\"yoast-schema-graph\">{\"@context\":\"https:\/\/schema.org\",\"@graph\":[{\"@type\":\"WebPage\",\"@id\":\"https:\/\/www.lernreg.de\/index.php\/homepage\/\",\"url\":\"https:\/\/www.lernreg.de\/index.php\/homepage\/\",\"name\":\"Homepage - Lernende Region Schwandorf\",\"isPartOf\":{\"@id\":\"https:\/\/www.lernreg.de\/#website\"},\"primaryImageOfPage\":{\"@id\":\"https:\/\/www.lernreg.de\/index.php\/homepage\/#primaryimage\"},\"image\":{\"@id\":\"https:\/\/www.lernreg.de\/index.php\/homepage\/#primaryimage\"},\"thumbnailUrl\":\"https:\/\/www.lernreg.de\/wp-content\/uploads\/2023\/08\/Farah-e1693468151753.jpg\",\"datePublished\":\"2013-04-01T15:37:54+00:00\",\"dateModified\":\"2026-02-02T10:31:08+00:00\",\"description\":\"Die Lernende Region Schwandorf e.V. ist ein regionales Netzwerk f\u00fcr den Landkreis Schwandorf mit den Schwerpunkten\u00a0Bildung\u00a0und\u00a0Ehrenamt: Im\u00a0Bildungsbereich\u00a0strebt die Lernende Region Schwandorf eine nachhaltige Verbesserung der Ausbildungs-, Besch\u00e4ftigungs- und Lebenssituation aller B\u00fcrgerinnen und B\u00fcrger\u00a0der Region an. Beispiele hierf\u00fcr sind die j\u00e4hrliche Bildungsmesse in Maxh\u00fctte-Haidhof sowie die Durchf\u00fchrung des Projekts \u201eMINT-Netzwerke Bayern\u201c.\",\"breadcrumb\":{\"@id\":\"https:\/\/www.lernreg.de\/index.php\/homepage\/#breadcrumb\"},\"inLanguage\":\"de\",\"potentialAction\":[{\"@type\":\"ReadAction\",\"target\":[\"https:\/\/www.lernreg.de\/index.php\/homepage\/\"]}]},{\"@type\":\"ImageObject\",\"inLanguage\":\"de\",\"@id\":\"https:\/\/www.lernreg.de\/index.php\/homepage\/#primaryimage\",\"url\":\"https:\/\/www.lernreg.de\/wp-content\/uploads\/2023\/08\/Farah-e1693468151753.jpg\",\"contentUrl\":\"https:\/\/www.lernreg.de\/wp-content\/uploads\/2023\/08\/Farah-e1693468151753.jpg\",\"width\":999,\"height\":995},{\"@type\":\"BreadcrumbList\",\"@id\":\"https:\/\/www.lernreg.de\/index.php\/homepage\/#breadcrumb\",\"itemListElement\":[{\"@type\":\"ListItem\",\"position\":1,\"name\":\"Startseite\",\"item\":\"https:\/\/www.lernreg.de\/index.php\/homepage\/\"},{\"@type\":\"ListItem\",\"position\":2,\"name\":\"Lernende Region Schwandorf\"}]},{\"@type\":\"WebSite\",\"@id\":\"https:\/\/www.lernreg.de\/#website\",\"url\":\"https:\/\/www.lernreg.de\/\",\"name\":\"Lernende Region Schwandorf\",\"description\":\"Freiwilligenagentur, Bildung\",\"publisher\":{\"@id\":\"https:\/\/www.lernreg.de\/#organization\"},\"potentialAction\":[{\"@type\":\"SearchAction\",\"target\":{\"@type\":\"EntryPoint\",\"urlTemplate\":\"https:\/\/www.lernreg.de\/?s={search_term_string}\"},\"query-input\":{\"@type\":\"PropertyValueSpecification\",\"valueRequired\":true,\"valueName\":\"search_term_string\"}}],\"inLanguage\":\"de\"},{\"@type\":\"Organization\",\"@id\":\"https:\/\/www.lernreg.de\/#organization\",\"name\":\"Die Lernende Region Schwandorf e.V. ist ein regionales Netzwerk f\u00fcr den Landkreis Schwandorf mit den Schwerpunkten\u00a0Bildung\u00a0und\u00a0Ehrenamt: Im\u00a0Bildungsbereich\u00a0strebt die Lernende Region Schwandorf eine nachhaltige Verbesserung der Ausbildungs-, Besch\u00e4ftigungs- und Lebenssituation aller B\u00fcrgerinnen und B\u00fcrger\u00a0der Region an. Beispiele hierf\u00fcr sind die j\u00e4hrliche Bildungsmesse in Maxh\u00fctte-Haidhof sowie die Durchf\u00fchrung des Projekts \u201eMINT-Netzwerke Bayern\u201c.\",\"url\":\"https:\/\/www.lernreg.de\/\",\"logo\":{\"@type\":\"ImageObject\",\"inLanguage\":\"de\",\"@id\":\"https:\/\/www.lernreg.de\/#\/schema\/logo\/image\/\",\"url\":\"https:\/\/www.lernreg.de\/wp-content\/uploads\/2021\/08\/Logo-LernReg-transparent.png\",\"contentUrl\":\"https:\/\/www.lernreg.de\/wp-content\/uploads\/2021\/08\/Logo-LernReg-transparent.png\",\"width\":400,\"height\":228,\"caption\":\"Die Lernende Region Schwandorf e.V. ist ein regionales Netzwerk f\u00fcr den Landkreis Schwandorf mit den Schwerpunkten\u00a0Bildung\u00a0und\u00a0Ehrenamt: Im\u00a0Bildungsbereich\u00a0strebt die Lernende Region Schwandorf eine nachhaltige Verbesserung der Ausbildungs-, Besch\u00e4ftigungs- und Lebenssituation aller B\u00fcrgerinnen und B\u00fcrger\u00a0der Region an. Beispiele hierf\u00fcr sind die j\u00e4hrliche Bildungsmesse in Maxh\u00fctte-Haidhof sowie die Durchf\u00fchrung des Projekts \u201eMINT-Netzwerke Bayern\u201c.\"},\"image\":{\"@id\":\"https:\/\/www.lernreg.de\/#\/schema\/logo\/image\/\"}}]}<\/script>\n<!-- \/ Yoast SEO plugin. -->","yoast_head_json":{"title":"Homepage - Lernende Region Schwandorf","description":"Die Lernende Region Schwandorf e.V. ist ein regionales Netzwerk f\u00fcr den Landkreis Schwandorf mit den Schwerpunkten\u00a0Bildung\u00a0und\u00a0Ehrenamt: Im\u00a0Bildungsbereich\u00a0strebt die Lernende Region Schwandorf eine nachhaltige Verbesserung der Ausbildungs-, Besch\u00e4ftigungs- und Lebenssituation aller B\u00fcrgerinnen und B\u00fcrger\u00a0der Region an. Beispiele hierf\u00fcr sind die j\u00e4hrliche Bildungsmesse in Maxh\u00fctte-Haidhof sowie die Durchf\u00fchrung des Projekts \u201eMINT-Netzwerke Bayern\u201c.","robots":{"index":"index","follow":"follow","max-snippet":"max-snippet:-1","max-image-preview":"max-image-preview:large","max-video-preview":"max-video-preview:-1"},"canonical":"https:\/\/www.lernreg.de\/index.php\/homepage\/","og_locale":"de_DE","og_type":"article","og_title":"Homepage - Lernende Region Schwandorf","og_description":"Die Lernende Region Schwandorf e.V. ist ein regionales Netzwerk f\u00fcr den Landkreis Schwandorf mit den Schwerpunkten\u00a0Bildung\u00a0und\u00a0Ehrenamt: Im\u00a0Bildungsbereich\u00a0strebt die Lernende Region Schwandorf eine nachhaltige Verbesserung der Ausbildungs-, Besch\u00e4ftigungs- und Lebenssituation aller B\u00fcrgerinnen und B\u00fcrger\u00a0der Region an. Beispiele hierf\u00fcr sind die j\u00e4hrliche Bildungsmesse in Maxh\u00fctte-Haidhof sowie die Durchf\u00fchrung des Projekts \u201eMINT-Netzwerke Bayern\u201c.","og_url":"https:\/\/www.lernreg.de\/index.php\/homepage\/","og_site_name":"Lernende Region Schwandorf","article_modified_time":"2026-02-02T10:31:08+00:00","og_image":[{"url":"https:\/\/www.lernreg.de\/wp-content\/uploads\/2023\/08\/Farah-e1693468151753.jpg","type":"","width":"","height":""}],"twitter_card":"summary_large_image","twitter_misc":{"Gesch\u00e4tzte Lesezeit":"20\u00a0Minuten"},"schema":{"@context":"https:\/\/schema.org","@graph":[{"@type":"WebPage","@id":"https:\/\/www.lernreg.de\/index.php\/homepage\/","url":"https:\/\/www.lernreg.de\/index.php\/homepage\/","name":"Homepage - Lernende Region Schwandorf","isPartOf":{"@id":"https:\/\/www.lernreg.de\/#website"},"primaryImageOfPage":{"@id":"https:\/\/www.lernreg.de\/index.php\/homepage\/#primaryimage"},"image":{"@id":"https:\/\/www.lernreg.de\/index.php\/homepage\/#primaryimage"},"thumbnailUrl":"https:\/\/www.lernreg.de\/wp-content\/uploads\/2023\/08\/Farah-e1693468151753.jpg","datePublished":"2013-04-01T15:37:54+00:00","dateModified":"2026-02-02T10:31:08+00:00","description":"Die Lernende Region Schwandorf e.V. ist ein regionales Netzwerk f\u00fcr den Landkreis Schwandorf mit den Schwerpunkten\u00a0Bildung\u00a0und\u00a0Ehrenamt: Im\u00a0Bildungsbereich\u00a0strebt die Lernende Region Schwandorf eine nachhaltige Verbesserung der Ausbildungs-, Besch\u00e4ftigungs- und Lebenssituation aller B\u00fcrgerinnen und B\u00fcrger\u00a0der Region an. Beispiele hierf\u00fcr sind die j\u00e4hrliche Bildungsmesse in Maxh\u00fctte-Haidhof sowie die Durchf\u00fchrung des Projekts \u201eMINT-Netzwerke Bayern\u201c.","breadcrumb":{"@id":"https:\/\/www.lernreg.de\/index.php\/homepage\/#breadcrumb"},"inLanguage":"de","potentialAction":[{"@type":"ReadAction","target":["https:\/\/www.lernreg.de\/index.php\/homepage\/"]}]},{"@type":"ImageObject","inLanguage":"de","@id":"https:\/\/www.lernreg.de\/index.php\/homepage\/#primaryimage","url":"https:\/\/www.lernreg.de\/wp-content\/uploads\/2023\/08\/Farah-e1693468151753.jpg","contentUrl":"https:\/\/www.lernreg.de\/wp-content\/uploads\/2023\/08\/Farah-e1693468151753.jpg","width":999,"height":995},{"@type":"BreadcrumbList","@id":"https:\/\/www.lernreg.de\/index.php\/homepage\/#breadcrumb","itemListElement":[{"@type":"ListItem","position":1,"name":"Startseite","item":"https:\/\/www.lernreg.de\/index.php\/homepage\/"},{"@type":"ListItem","position":2,"name":"Lernende Region Schwandorf"}]},{"@type":"WebSite","@id":"https:\/\/www.lernreg.de\/#website","url":"https:\/\/www.lernreg.de\/","name":"Lernende Region Schwandorf","description":"Freiwilligenagentur, Bildung","publisher":{"@id":"https:\/\/www.lernreg.de\/#organization"},"potentialAction":[{"@type":"SearchAction","target":{"@type":"EntryPoint","urlTemplate":"https:\/\/www.lernreg.de\/?s={search_term_string}"},"query-input":{"@type":"PropertyValueSpecification","valueRequired":true,"valueName":"search_term_string"}}],"inLanguage":"de"},{"@type":"Organization","@id":"https:\/\/www.lernreg.de\/#organization","name":"Die Lernende Region Schwandorf e.V. ist ein regionales Netzwerk f\u00fcr den Landkreis Schwandorf mit den Schwerpunkten\u00a0Bildung\u00a0und\u00a0Ehrenamt: Im\u00a0Bildungsbereich\u00a0strebt die Lernende Region Schwandorf eine nachhaltige Verbesserung der Ausbildungs-, Besch\u00e4ftigungs- und Lebenssituation aller B\u00fcrgerinnen und B\u00fcrger\u00a0der Region an. Beispiele hierf\u00fcr sind die j\u00e4hrliche Bildungsmesse in Maxh\u00fctte-Haidhof sowie die Durchf\u00fchrung des Projekts \u201eMINT-Netzwerke Bayern\u201c.","url":"https:\/\/www.lernreg.de\/","logo":{"@type":"ImageObject","inLanguage":"de","@id":"https:\/\/www.lernreg.de\/#\/schema\/logo\/image\/","url":"https:\/\/www.lernreg.de\/wp-content\/uploads\/2021\/08\/Logo-LernReg-transparent.png","contentUrl":"https:\/\/www.lernreg.de\/wp-content\/uploads\/2021\/08\/Logo-LernReg-transparent.png","width":400,"height":228,"caption":"Die Lernende Region Schwandorf e.V. ist ein regionales Netzwerk f\u00fcr den Landkreis Schwandorf mit den Schwerpunkten\u00a0Bildung\u00a0und\u00a0Ehrenamt: Im\u00a0Bildungsbereich\u00a0strebt die Lernende Region Schwandorf eine nachhaltige Verbesserung der Ausbildungs-, Besch\u00e4ftigungs- und Lebenssituation aller B\u00fcrgerinnen und B\u00fcrger\u00a0der Region an. Beispiele hierf\u00fcr sind die j\u00e4hrliche Bildungsmesse in Maxh\u00fctte-Haidhof sowie die Durchf\u00fchrung des Projekts \u201eMINT-Netzwerke Bayern\u201c."},"image":{"@id":"https:\/\/www.lernreg.de\/#\/schema\/logo\/image\/"}}]}},"_links":{"self":[{"href":"https:\/\/www.lernreg.de\/index.php\/wp-json\/wp\/v2\/pages\/734","targetHints":{"allow":["GET"]}}],"collection":[{"href":"https:\/\/www.lernreg.de\/index.php\/wp-json\/wp\/v2\/pages"}],"about":[{"href":"https:\/\/www.lernreg.de\/index.php\/wp-json\/wp\/v2\/types\/page"}],"author":[{"embeddable":true,"href":"https:\/\/www.lernreg.de\/index.php\/wp-json\/wp\/v2\/users\/1"}],"replies":[{"embeddable":true,"href":"https:\/\/www.lernreg.de\/index.php\/wp-json\/wp\/v2\/comments?post=734"}],"version-history":[{"count":182,"href":"https:\/\/www.lernreg.de\/index.php\/wp-json\/wp\/v2\/pages\/734\/revisions"}],"predecessor-version":[{"id":6590,"href":"https:\/\/www.lernreg.de\/index.php\/wp-json\/wp\/v2\/pages\/734\/revisions\/6590"}],"wp:attachment":[{"href":"https:\/\/www.lernreg.de\/index.php\/wp-json\/wp\/v2\/media?parent=734"}],"curies":[{"name":"wp","href":"https:\/\/api.w.org\/{rel}","templated":true}]}}