{"id":5184,"date":"2022-10-11T15:38:20","date_gmt":"2022-10-11T13:38:20","guid":{"rendered":"https:\/\/www.lernreg.de\/?page_id=5184"},"modified":"2022-10-11T15:51:43","modified_gmt":"2022-10-11T13:51:43","slug":"vereinsjubilaeum","status":"publish","type":"page","link":"https:\/\/www.lernreg.de\/index.php\/vereinsjubilaeum\/","title":{"rendered":"Vereinsjubil\u00e4um"},"content":{"rendered":"<div id='layer_slider_1'  class='avia-layerslider main_color avia-shadow  avia-builder-el-0  el_before_av_section  avia-builder-el-first  container_wrap sidebar_right'  style='height: 351px;'  ><\/div>\n<div id='av_section_1'  class='avia-section av-av_section-1cdc49a81361c2d5c607061de2705316 alternate_color avia-section-large avia-shadow  avia-builder-el-1  el_after_av_layerslider  el_before_av_section  avia-bg-style-scroll container_wrap sidebar_right'  ><div class='container av-section-cont-open' ><div class='template-page content  av-content-small alpha units'><div class='post-entry post-entry-type-page post-entry-5184'><div class='entry-content-wrapper clearfix'>\n<section  class='av_textblock_section av-av_textblock-2de302bf1aa3cf4c9157dbe6f50ac7eb'  itemscope=\"itemscope\" itemtype=\"https:\/\/schema.org\/CreativeWork\" ><div class='avia_textblock'  itemprop=\"text\" ><h2 style=\"text-align: left;\">Vereinsjubil\u00e4um: 20 Jahre Lernende Region Schwandorf e.V.<\/h2>\n<\/div><\/section>\n\n<\/div><\/div><\/div><!-- close content main div --><\/div><\/div><div id='av_section_2'  class='avia-section av-av_section-1cdc49a81361c2d5c607061de2705316 alternate_color avia-section-large avia-shadow  avia-builder-el-3  el_after_av_section  el_before_av_section  avia-bg-style-scroll container_wrap sidebar_right'  ><div class='container av-section-cont-open' ><div class='template-page content  av-content-small alpha units'><div class='post-entry post-entry-type-page post-entry-5184'><div class='entry-content-wrapper clearfix'>\n\n<style type=\"text\/css\" data-created_by=\"avia_inline_auto\" id=\"style-css-av-av_two_fifth-15d750bd1b332b34c6e70b077ebbccdf\">\n.flex_column.av-av_two_fifth-15d750bd1b332b34c6e70b077ebbccdf{\n-webkit-border-radius:0px 0px 0px 0px;\n-moz-border-radius:0px 0px 0px 0px;\nborder-radius:0px 0px 0px 0px;\npadding:0px 0px 0px 0px;\n}\n<\/style>\n<div class='flex_column av-av_two_fifth-15d750bd1b332b34c6e70b077ebbccdf av_two_fifth  avia-builder-el-4  el_before_av_three_fifth  avia-builder-el-first  first flex_column_div av-zero-column-padding '     ><section  class='av_textblock_section av-av_textblock-2de302bf1aa3cf4c9157dbe6f50ac7eb'  itemscope=\"itemscope\" itemtype=\"https:\/\/schema.org\/CreativeWork\" ><div class='avia_textblock'  itemprop=\"text\" ><h3 style=\"text-align: left;\">Die Lernende Region feiert 20j\u00e4hriges Jubil\u00e4um<\/h3>\n<p style=\"text-align: left;\">Bei der Mitgliederversammlung am 05.10.2022 wurde in diesem Jahr das 20j\u00e4hrige Bestehen des Vereins gefeiert. Zusammen mit langj\u00e4hrigen Mitgliedern, den Vorst\u00e4nden und dem Team wurde dieser Anlass genutzt, um die Erfolgsgeschichte der Lernenden Region Schwandorf Revue passieren zu lassen. Nach dem Ende des offiziellen Teils wurde der Vereinsgeburtstag in gem\u00fctlicher Runde im Berufsschulzentrum in Schwandorf gefeiert.<\/p>\n<\/div><\/section><\/div>\n<style type=\"text\/css\" data-created_by=\"avia_inline_auto\" id=\"style-css-av-av_three_fifth-c8fc129dc35fd1ae2a1e410224d39ea8\">\n.flex_column.av-av_three_fifth-c8fc129dc35fd1ae2a1e410224d39ea8{\n-webkit-border-radius:0px 0px 0px 0px;\n-moz-border-radius:0px 0px 0px 0px;\nborder-radius:0px 0px 0px 0px;\npadding:0px 0px 0px 0px;\n}\n<\/style>\n<div class='flex_column av-av_three_fifth-c8fc129dc35fd1ae2a1e410224d39ea8 av_three_fifth  avia-builder-el-6  el_after_av_two_fifth  avia-builder-el-last  flex_column_div av-zero-column-padding '     ><style type=\"text\/css\" data-created_by=\"avia_inline_auto\" id=\"style-css-av-av_image-ac149ddb5e6ad7d80d28533174c0f8c9\">\n.avia-image-container.av-av_image-ac149ddb5e6ad7d80d28533174c0f8c9 img.avia_image{\nbox-shadow:none;\n}\n.avia-image-container.av-av_image-ac149ddb5e6ad7d80d28533174c0f8c9 .av-image-caption-overlay-center{\ncolor:#ffffff;\n}\n<\/style>\n<div  class='avia-image-container av-av_image-ac149ddb5e6ad7d80d28533174c0f8c9 av-styling- avia-align-center  avia-builder-el-7  avia-builder-el-no-sibling '   itemprop=\"image\" itemscope=\"itemscope\" itemtype=\"https:\/\/schema.org\/ImageObject\" ><div class=\"avia-image-container-inner\"><div class=\"avia-image-overlay-wrap\"><img decoding=\"async\" class='wp-image-5204 avia-img-lazy-loading-not-5204 avia_image ' src=\"https:\/\/www.lernreg.de\/wp-content\/uploads\/2022\/10\/IMG_2-300x225.jpeg\" alt='' title='IMG_2'  height=\"225\" width=\"300\"  itemprop=\"thumbnailUrl\" srcset=\"https:\/\/www.lernreg.de\/wp-content\/uploads\/2022\/10\/IMG_2-300x225.jpeg 300w, https:\/\/www.lernreg.de\/wp-content\/uploads\/2022\/10\/IMG_2-1030x773.jpeg 1030w, https:\/\/www.lernreg.de\/wp-content\/uploads\/2022\/10\/IMG_2-768x576.jpeg 768w, https:\/\/www.lernreg.de\/wp-content\/uploads\/2022\/10\/IMG_2-1536x1152.jpeg 1536w, https:\/\/www.lernreg.de\/wp-content\/uploads\/2022\/10\/IMG_2-2048x1536.jpeg 2048w, https:\/\/www.lernreg.de\/wp-content\/uploads\/2022\/10\/IMG_2-1500x1125.jpeg 1500w, https:\/\/www.lernreg.de\/wp-content\/uploads\/2022\/10\/IMG_2-705x529.jpeg 705w, https:\/\/www.lernreg.de\/wp-content\/uploads\/2022\/10\/IMG_2-450x338.jpeg 450w\" sizes=\"(max-width: 300px) 100vw, 300px\" \/><\/div><\/div><\/div><\/div><\/div><\/div><\/div><!-- close content main div --><\/div><\/div><div id='av_section_3'  class='avia-section av-av_section-eeec7474eeb491fc25efed662fddcdb6 alternate_color avia-section-large avia-shadow  avia-builder-el-8  el_after_av_section  el_before_av_one_full  avia-bg-style-scroll container_wrap sidebar_right'  ><div class='container av-section-cont-open' ><div class='template-page content  av-content-small alpha units'><div class='post-entry post-entry-type-page post-entry-5184'><div class='entry-content-wrapper clearfix'>\n\n<style type=\"text\/css\" data-created_by=\"avia_inline_auto\" id=\"style-css-av-av_one_half-15d750bd1b332b34c6e70b077ebbccdf\">\n.flex_column.av-av_one_half-15d750bd1b332b34c6e70b077ebbccdf{\n-webkit-border-radius:0px 0px 0px 0px;\n-moz-border-radius:0px 0px 0px 0px;\nborder-radius:0px 0px 0px 0px;\npadding:0px 0px 0px 0px;\n}\n<\/style>\n<div class='flex_column av-av_one_half-15d750bd1b332b34c6e70b077ebbccdf av_one_half  avia-builder-el-9  el_before_av_one_half  avia-builder-el-first  first flex_column_div av-zero-column-padding '     ><style type=\"text\/css\" data-created_by=\"avia_inline_auto\" id=\"style-css-av-av_image-7ecc53c1b14addb38bc9a78fdf731590\">\n.avia-image-container.av-av_image-7ecc53c1b14addb38bc9a78fdf731590 img.avia_image{\nbox-shadow:none;\n}\n.avia-image-container.av-av_image-7ecc53c1b14addb38bc9a78fdf731590 .av-image-caption-overlay-center{\ncolor:#ffffff;\n}\n<\/style>\n<div  class='avia-image-container av-av_image-7ecc53c1b14addb38bc9a78fdf731590 av-styling- avia-align-center  avia-builder-el-10  avia-builder-el-no-sibling '   itemprop=\"image\" itemscope=\"itemscope\" itemtype=\"https:\/\/schema.org\/ImageObject\" ><div class=\"avia-image-container-inner\"><div class=\"avia-image-overlay-wrap\"><img decoding=\"async\" class='wp-image-5203 avia-img-lazy-loading-not-5203 avia_image ' src=\"https:\/\/www.lernreg.de\/wp-content\/uploads\/2022\/10\/IMG_1-300x225.jpeg\" alt='' title='IMG_1'  height=\"225\" width=\"300\"  itemprop=\"thumbnailUrl\" srcset=\"https:\/\/www.lernreg.de\/wp-content\/uploads\/2022\/10\/IMG_1-300x225.jpeg 300w, https:\/\/www.lernreg.de\/wp-content\/uploads\/2022\/10\/IMG_1-1030x773.jpeg 1030w, https:\/\/www.lernreg.de\/wp-content\/uploads\/2022\/10\/IMG_1-768x576.jpeg 768w, https:\/\/www.lernreg.de\/wp-content\/uploads\/2022\/10\/IMG_1-1536x1152.jpeg 1536w, https:\/\/www.lernreg.de\/wp-content\/uploads\/2022\/10\/IMG_1-2048x1536.jpeg 2048w, https:\/\/www.lernreg.de\/wp-content\/uploads\/2022\/10\/IMG_1-1500x1125.jpeg 1500w, https:\/\/www.lernreg.de\/wp-content\/uploads\/2022\/10\/IMG_1-705x529.jpeg 705w, https:\/\/www.lernreg.de\/wp-content\/uploads\/2022\/10\/IMG_1-450x338.jpeg 450w\" sizes=\"(max-width: 300px) 100vw, 300px\" \/><\/div><\/div><\/div><\/div>\n<style type=\"text\/css\" data-created_by=\"avia_inline_auto\" id=\"style-css-av-av_one_half-c8fc129dc35fd1ae2a1e410224d39ea8\">\n.flex_column.av-av_one_half-c8fc129dc35fd1ae2a1e410224d39ea8{\n-webkit-border-radius:0px 0px 0px 0px;\n-moz-border-radius:0px 0px 0px 0px;\nborder-radius:0px 0px 0px 0px;\npadding:0px 0px 0px 0px;\n}\n<\/style>\n<div class='flex_column av-av_one_half-c8fc129dc35fd1ae2a1e410224d39ea8 av_one_half  avia-builder-el-11  el_after_av_one_half  avia-builder-el-last  flex_column_div av-zero-column-padding '     ><section  class='av_textblock_section av-av_textblock-2de302bf1aa3cf4c9157dbe6f50ac7eb'  itemscope=\"itemscope\" itemtype=\"https:\/\/schema.org\/CreativeWork\" ><div class='avia_textblock'  itemprop=\"text\" ><h3>Von der F\u00f6rderkulisse zum nachhaltigen Netzwerkpartner<\/h3>\n<p>Armin Erben und Johann Bauer gaben den Anwesenden einen Einblick, wie sich der Verein \u00fcber die letzten 20 Jahre entwickelt hat. Als zwei von neun Gr\u00fcndungsmitgliedern sind die beiden von Beginn an dabei. Im Rahmen des Bundesf\u00f6rderprogramms machten sich Vertreter des Beruflichen Schulzentrums (BSZ), des Instituts f\u00fcr sozialwissenschaftlichen Beratung GmbH (ISOB) und des Landratsamts in einer ersten Projektphase auf den Weg zum F\u00f6rderantrag. Im Rahmen von vier Arbeitskreisen wurden verschiedene Themen bearbeitet, die zu einer zukunftsorientierten Bildungsarbeit im Landkreis beitragen sollten. Dabei ging es um Digitale Bildung, gleichberechtigte Bildungschancen von Frauen, eine bessere Verzahnung von Bildung, Kultur, Gesellschaft und Politik, sowie Methoden, um die Menschen besser mit den Bildungsangeboten zu erreichen. Nach einem Jahr Vorarbeit, Gr\u00fcndungsversammlung, Entwicklung und Beglaubigung der Satzung gr\u00fcndete sich 2002 der Verein Lernenden Region Schwandorf e.V. mit Landrat Volker Liedtke als 1. Vorsitzenden.<\/p>\n<p>W\u00e4hrend der Projektphase und auch w\u00e4hrend der sp\u00e4teren Durchf\u00fchrungsphasen ergaben sich viele Herausforderungen und Neuerungen, die es zu bew\u00e4ltigen gab: so mussten u.a. die Zusammenarbeit der Bildungsakteure erst etabliert, Meilensteine aufgestellt und erarbeitet werden und das Bildungsmanagement entwickelt werden. \u00dcber die Jahre entwickelte sich der Verein nicht nur zum zuverl\u00e4ssigen Ansprechpartner f\u00fcr das Thema Bildung. Auch das Ehrenamt nahm \u00fcber die Jahre eine immer gr\u00f6\u00dfere Bedeutung ein.<\/p>\n<p>20 Jahre nach der Gr\u00fcndung\u00a0 gibt es bundesweit nur noch wenige Lernende Regionen, die noch aktiv sind. Dies ist sehr beachtlich, da urspr\u00fcnglich bundesweit 72 St\u00e4dte und Landkreise von der F\u00f6rderung ber\u00fccksichtig wurden. Heute steht der Verein f\u00fcr erfolgreiche Projekt- und Netzwerkarbeit in den Bereichen Bildung und Ehrenamt und ist Beweis daf\u00fcr, wie Projektf\u00f6rderungen eine \u00fcber viele Jahre nachhaltige Entwicklung erm\u00f6glichen k\u00f6nnen. Auch die Zusammenarbeit zwischen dem Verein und dem Landkreis ist bis heute eine Erfolgsgeschichte f\u00fcr beide Seiten.<\/p>\n<\/div><\/section><\/div>\n<\/div><\/div><\/div><!-- close content main div --><\/div><\/div><div id='after_section_3'  class='main_color av_default_container_wrap container_wrap sidebar_right'  ><div class='container av-section-cont-open' ><div class='template-page content  av-content-small alpha units'><div class='post-entry post-entry-type-page post-entry-5184'><div class='entry-content-wrapper clearfix'><\/p>\n\n<style type=\"text\/css\" data-created_by=\"avia_inline_auto\" id=\"style-css-av-av_one_full-15d750bd1b332b34c6e70b077ebbccdf\">\n.flex_column.av-av_one_full-15d750bd1b332b34c6e70b077ebbccdf{\n-webkit-border-radius:0px 0px 0px 0px;\n-moz-border-radius:0px 0px 0px 0px;\nborder-radius:0px 0px 0px 0px;\npadding:0px 0px 0px 0px;\n}\n<\/style>\n<div class='flex_column av-av_one_full-15d750bd1b332b34c6e70b077ebbccdf av_one_full  avia-builder-el-13  el_after_av_section  avia-builder-el-no-sibling  first flex_column_div av-zero-column-padding '     ><p><section  class='av_textblock_section av-av_textblock-2de302bf1aa3cf4c9157dbe6f50ac7eb'  itemscope=\"itemscope\" itemtype=\"https:\/\/schema.org\/CreativeWork\" ><div class='avia_textblock'  itemprop=\"text\" ><p>Bildergalerie: 20 Jahre f\u00fcr Bildung und Ehrenamt<\/p>\n<\/div><\/section><br \/>\n\n<style type=\"text\/css\" data-created_by=\"avia_inline_auto\" id=\"style-css-av-av_gallery-db28d5d1d7e227987ceca9740b3416af\">\n#top .avia-gallery.av-av_gallery-db28d5d1d7e227987ceca9740b3416af .avia-gallery-thumb a{\nwidth:20%;\n}\n<\/style>\n<div  class='avia-gallery av-av_gallery-db28d5d1d7e227987ceca9740b3416af avia_animate_when_visible  avia-builder-el-15  el_after_av_textblock  avia-builder-el-last  avia_lazyload avia-gallery-animate avia-gallery-1'  itemprop=\"image\" itemscope=\"itemscope\" itemtype=\"https:\/\/schema.org\/ImageObject\" ><meta itemprop=\"contentURL\" content=\"https:\/\/www.lernreg.de\/index.php\/vereinsjubilaeum\/\"><div class='avia-gallery-thumb'><a href=\"https:\/\/www.lernreg.de\/wp-content\/uploads\/2022\/10\/Halle-mit-Besuchern-von-oben-1030x687.jpg\" data-srcset=\"https:\/\/www.lernreg.de\/wp-content\/uploads\/2022\/10\/Halle-mit-Besuchern-von-oben-1030x687.jpg 1030w, https:\/\/www.lernreg.de\/wp-content\/uploads\/2022\/10\/Halle-mit-Besuchern-von-oben-300x200.jpg 300w, https:\/\/www.lernreg.de\/wp-content\/uploads\/2022\/10\/Halle-mit-Besuchern-von-oben-768x512.jpg 768w, https:\/\/www.lernreg.de\/wp-content\/uploads\/2022\/10\/Halle-mit-Besuchern-von-oben-1536x1024.jpg 1536w, https:\/\/www.lernreg.de\/wp-content\/uploads\/2022\/10\/Halle-mit-Besuchern-von-oben-2048x1365.jpg 2048w, https:\/\/www.lernreg.de\/wp-content\/uploads\/2022\/10\/Halle-mit-Besuchern-von-oben-1500x1000.jpg 1500w, https:\/\/www.lernreg.de\/wp-content\/uploads\/2022\/10\/Halle-mit-Besuchern-von-oben-705x470.jpg 705w, https:\/\/www.lernreg.de\/wp-content\/uploads\/2022\/10\/Halle-mit-Besuchern-von-oben-450x300.jpg 450w\" data-sizes=\"(max-width: 1030px) 100vw, 1030px\" data-rel='gallery-1' data-prev-img='https:\/\/www.lernreg.de\/wp-content\/uploads\/2022\/10\/Halle-mit-Besuchern-von-oben-495x400.jpg' class='first_thumb lightbox ' data-onclick='1' title='Bildungsmesse 2012'  itemprop=\"thumbnailUrl\"  ><img decoding=\"async\" class=\"wp-image-5186 avia-img-lazy-loading-not-5186\"  data-avia-tooltip='Bildungsmesse 2012' src=\"https:\/\/www.lernreg.de\/wp-content\/uploads\/2022\/10\/Halle-mit-Besuchern-von-oben-495x400.jpg\" width=\"495\" height=\"400\"  title='Halle mit Besuchern von oben' alt='' srcset=\"https:\/\/www.lernreg.de\/wp-content\/uploads\/2022\/10\/Halle-mit-Besuchern-von-oben-495x400.jpg 495w, https:\/\/www.lernreg.de\/wp-content\/uploads\/2022\/10\/Halle-mit-Besuchern-von-oben-845x684.jpg 845w\" sizes=\"(max-width: 495px) 100vw, 495px\" \/><div class='big-prev-fake'><img loading=\"lazy\" decoding=\"async\" class=\"wp-image-5186 avia-img-lazy-loading-5186\"  width=\"495\" height=\"400\" src=\"https:\/\/www.lernreg.de\/wp-content\/uploads\/2022\/10\/Halle-mit-Besuchern-von-oben-495x400.jpg\" title='Halle mit Besuchern von oben' alt='' srcset=\"https:\/\/www.lernreg.de\/wp-content\/uploads\/2022\/10\/Halle-mit-Besuchern-von-oben-495x400.jpg 495w, https:\/\/www.lernreg.de\/wp-content\/uploads\/2022\/10\/Halle-mit-Besuchern-von-oben-845x684.jpg 845w\" sizes=\"auto, (max-width: 495px) 100vw, 495px\" \/><\/div><\/a><a href=\"https:\/\/www.lernreg.de\/wp-content\/uploads\/2022\/10\/Pelka-Redepult-1030x773.jpg\" data-srcset=\"https:\/\/www.lernreg.de\/wp-content\/uploads\/2022\/10\/Pelka-Redepult-1030x773.jpg 1030w, https:\/\/www.lernreg.de\/wp-content\/uploads\/2022\/10\/Pelka-Redepult-300x225.jpg 300w, https:\/\/www.lernreg.de\/wp-content\/uploads\/2022\/10\/Pelka-Redepult-768x576.jpg 768w, https:\/\/www.lernreg.de\/wp-content\/uploads\/2022\/10\/Pelka-Redepult-1536x1152.jpg 1536w, https:\/\/www.lernreg.de\/wp-content\/uploads\/2022\/10\/Pelka-Redepult-2048x1536.jpg 2048w, https:\/\/www.lernreg.de\/wp-content\/uploads\/2022\/10\/Pelka-Redepult-1500x1125.jpg 1500w, https:\/\/www.lernreg.de\/wp-content\/uploads\/2022\/10\/Pelka-Redepult-705x529.jpg 705w, https:\/\/www.lernreg.de\/wp-content\/uploads\/2022\/10\/Pelka-Redepult-450x338.jpg 450w\" data-sizes=\"(max-width: 1030px) 100vw, 1030px\" data-rel='gallery-1' data-prev-img='https:\/\/www.lernreg.de\/wp-content\/uploads\/2022\/10\/Pelka-Redepult-495x400.jpg' class='lightbox ' data-onclick='2' title='Ehrenamtsempfang 2012'  itemprop=\"thumbnailUrl\"  ><img decoding=\"async\" class=\"wp-image-5187 avia-img-lazy-loading-not-5187\"  data-avia-tooltip='Ehrenamtsempfang 2012' src=\"https:\/\/www.lernreg.de\/wp-content\/uploads\/2022\/10\/Pelka-Redepult-495x400.jpg\" width=\"495\" height=\"400\"  title='Pelka Redepult' alt='' srcset=\"https:\/\/www.lernreg.de\/wp-content\/uploads\/2022\/10\/Pelka-Redepult-495x400.jpg 495w, https:\/\/www.lernreg.de\/wp-content\/uploads\/2022\/10\/Pelka-Redepult-845x684.jpg 845w\" sizes=\"(max-width: 495px) 100vw, 495px\" \/><div class='big-prev-fake'><img loading=\"lazy\" decoding=\"async\" class=\"wp-image-5187 avia-img-lazy-loading-5187\"  width=\"495\" height=\"400\" src=\"https:\/\/www.lernreg.de\/wp-content\/uploads\/2022\/10\/Pelka-Redepult-495x400.jpg\" title='Pelka Redepult' alt='' srcset=\"https:\/\/www.lernreg.de\/wp-content\/uploads\/2022\/10\/Pelka-Redepult-495x400.jpg 495w, https:\/\/www.lernreg.de\/wp-content\/uploads\/2022\/10\/Pelka-Redepult-845x684.jpg 845w\" sizes=\"auto, (max-width: 495px) 100vw, 495px\" \/><\/div><\/a><a href=\"https:\/\/www.lernreg.de\/wp-content\/uploads\/2022\/10\/Ehrenamt-traegt-Fruechte-30.09.2021-1030x687.jpg\" data-srcset=\"https:\/\/www.lernreg.de\/wp-content\/uploads\/2022\/10\/Ehrenamt-traegt-Fruechte-30.09.2021-1030x687.jpg 1030w, https:\/\/www.lernreg.de\/wp-content\/uploads\/2022\/10\/Ehrenamt-traegt-Fruechte-30.09.2021-300x200.jpg 300w, https:\/\/www.lernreg.de\/wp-content\/uploads\/2022\/10\/Ehrenamt-traegt-Fruechte-30.09.2021-768x512.jpg 768w, https:\/\/www.lernreg.de\/wp-content\/uploads\/2022\/10\/Ehrenamt-traegt-Fruechte-30.09.2021-1536x1024.jpg 1536w, https:\/\/www.lernreg.de\/wp-content\/uploads\/2022\/10\/Ehrenamt-traegt-Fruechte-30.09.2021-2048x1365.jpg 2048w, https:\/\/www.lernreg.de\/wp-content\/uploads\/2022\/10\/Ehrenamt-traegt-Fruechte-30.09.2021-1500x1000.jpg 1500w, https:\/\/www.lernreg.de\/wp-content\/uploads\/2022\/10\/Ehrenamt-traegt-Fruechte-30.09.2021-705x470.jpg 705w, https:\/\/www.lernreg.de\/wp-content\/uploads\/2022\/10\/Ehrenamt-traegt-Fruechte-30.09.2021-450x300.jpg 450w\" data-sizes=\"(max-width: 1030px) 100vw, 1030px\" data-rel='gallery-1' data-prev-img='https:\/\/www.lernreg.de\/wp-content\/uploads\/2022\/10\/Ehrenamt-traegt-Fruechte-30.09.2021-495x400.jpg' class='lightbox ' data-onclick='3' title='Ehrenamt tr\u00e4gt Fr\u00fcchte 2021'  itemprop=\"thumbnailUrl\"  ><img decoding=\"async\" class=\"wp-image-5188 avia-img-lazy-loading-not-5188\"  data-avia-tooltip='Ehrenamt tr\u00e4gt Fr\u00fcchte 2021' src=\"https:\/\/www.lernreg.de\/wp-content\/uploads\/2022\/10\/Ehrenamt-traegt-Fruechte-30.09.2021-495x400.jpg\" width=\"495\" height=\"400\"  title='Ehrenamt tr\u00e4gt Fr\u00fcchte 30.09.2021' alt='' srcset=\"https:\/\/www.lernreg.de\/wp-content\/uploads\/2022\/10\/Ehrenamt-traegt-Fruechte-30.09.2021-495x400.jpg 495w, https:\/\/www.lernreg.de\/wp-content\/uploads\/2022\/10\/Ehrenamt-traegt-Fruechte-30.09.2021-845x684.jpg 845w\" sizes=\"(max-width: 495px) 100vw, 495px\" \/><div class='big-prev-fake'><img loading=\"lazy\" decoding=\"async\" class=\"wp-image-5188 avia-img-lazy-loading-5188\"  width=\"495\" height=\"400\" src=\"https:\/\/www.lernreg.de\/wp-content\/uploads\/2022\/10\/Ehrenamt-traegt-Fruechte-30.09.2021-495x400.jpg\" title='Ehrenamt tr\u00e4gt Fr\u00fcchte 30.09.2021' alt='' srcset=\"https:\/\/www.lernreg.de\/wp-content\/uploads\/2022\/10\/Ehrenamt-traegt-Fruechte-30.09.2021-495x400.jpg 495w, https:\/\/www.lernreg.de\/wp-content\/uploads\/2022\/10\/Ehrenamt-traegt-Fruechte-30.09.2021-845x684.jpg 845w\" sizes=\"auto, (max-width: 495px) 100vw, 495px\" \/><\/div><\/a><a href=\"https:\/\/www.lernreg.de\/wp-content\/uploads\/2022\/10\/Teilnehmer-beim-experimentieren-1030x773.jpg\" data-srcset=\"https:\/\/www.lernreg.de\/wp-content\/uploads\/2022\/10\/Teilnehmer-beim-experimentieren-1030x773.jpg 1030w, https:\/\/www.lernreg.de\/wp-content\/uploads\/2022\/10\/Teilnehmer-beim-experimentieren-300x225.jpg 300w, https:\/\/www.lernreg.de\/wp-content\/uploads\/2022\/10\/Teilnehmer-beim-experimentieren-768x576.jpg 768w, https:\/\/www.lernreg.de\/wp-content\/uploads\/2022\/10\/Teilnehmer-beim-experimentieren-1536x1152.jpg 1536w, https:\/\/www.lernreg.de\/wp-content\/uploads\/2022\/10\/Teilnehmer-beim-experimentieren-2048x1536.jpg 2048w, https:\/\/www.lernreg.de\/wp-content\/uploads\/2022\/10\/Teilnehmer-beim-experimentieren-1500x1125.jpg 1500w, https:\/\/www.lernreg.de\/wp-content\/uploads\/2022\/10\/Teilnehmer-beim-experimentieren-705x529.jpg 705w, https:\/\/www.lernreg.de\/wp-content\/uploads\/2022\/10\/Teilnehmer-beim-experimentieren-450x338.jpg 450w\" data-sizes=\"(max-width: 1030px) 100vw, 1030px\" data-rel='gallery-1' data-prev-img='https:\/\/www.lernreg.de\/wp-content\/uploads\/2022\/10\/Teilnehmer-beim-experimentieren-495x400.jpg' class='lightbox ' data-onclick='4' title='Experimentiertag 2013'  itemprop=\"thumbnailUrl\"  ><img decoding=\"async\" class=\"wp-image-5189 avia-img-lazy-loading-not-5189\"  data-avia-tooltip='Experimentiertag 2013' src=\"https:\/\/www.lernreg.de\/wp-content\/uploads\/2022\/10\/Teilnehmer-beim-experimentieren-495x400.jpg\" width=\"495\" height=\"400\"  title='Teilnehmer beim experimentieren' alt='' srcset=\"https:\/\/www.lernreg.de\/wp-content\/uploads\/2022\/10\/Teilnehmer-beim-experimentieren-495x400.jpg 495w, https:\/\/www.lernreg.de\/wp-content\/uploads\/2022\/10\/Teilnehmer-beim-experimentieren-845x684.jpg 845w\" sizes=\"(max-width: 495px) 100vw, 495px\" \/><div class='big-prev-fake'><img loading=\"lazy\" decoding=\"async\" class=\"wp-image-5189 avia-img-lazy-loading-5189\"  width=\"495\" height=\"400\" src=\"https:\/\/www.lernreg.de\/wp-content\/uploads\/2022\/10\/Teilnehmer-beim-experimentieren-495x400.jpg\" title='Teilnehmer beim experimentieren' alt='' srcset=\"https:\/\/www.lernreg.de\/wp-content\/uploads\/2022\/10\/Teilnehmer-beim-experimentieren-495x400.jpg 495w, https:\/\/www.lernreg.de\/wp-content\/uploads\/2022\/10\/Teilnehmer-beim-experimentieren-845x684.jpg 845w\" sizes=\"auto, (max-width: 495px) 100vw, 495px\" \/><\/div><\/a><a href=\"https:\/\/www.lernreg.de\/wp-content\/uploads\/2022\/10\/Moebelworkshop1-773x1030.jpg\" data-srcset=\"https:\/\/www.lernreg.de\/wp-content\/uploads\/2022\/10\/Moebelworkshop1-773x1030.jpg 773w, https:\/\/www.lernreg.de\/wp-content\/uploads\/2022\/10\/Moebelworkshop1-225x300.jpg 225w, https:\/\/www.lernreg.de\/wp-content\/uploads\/2022\/10\/Moebelworkshop1-768x1024.jpg 768w, https:\/\/www.lernreg.de\/wp-content\/uploads\/2022\/10\/Moebelworkshop1-1152x1536.jpg 1152w, https:\/\/www.lernreg.de\/wp-content\/uploads\/2022\/10\/Moebelworkshop1-1536x2048.jpg 1536w, https:\/\/www.lernreg.de\/wp-content\/uploads\/2022\/10\/Moebelworkshop1-1125x1500.jpg 1125w, https:\/\/www.lernreg.de\/wp-content\/uploads\/2022\/10\/Moebelworkshop1-529x705.jpg 529w, https:\/\/www.lernreg.de\/wp-content\/uploads\/2022\/10\/Moebelworkshop1-450x600.jpg 450w, https:\/\/www.lernreg.de\/wp-content\/uploads\/2022\/10\/Moebelworkshop1.jpg 1734w\" data-sizes=\"(max-width: 773px) 100vw, 773px\" data-rel='gallery-1' data-prev-img='https:\/\/www.lernreg.de\/wp-content\/uploads\/2022\/10\/Moebelworkshop1-495x400.jpg' class='lightbox ' data-onclick='5' title='M\u00f6belworkshop 2021'  itemprop=\"thumbnailUrl\"  ><img decoding=\"async\" class=\"wp-image-5190 avia-img-lazy-loading-not-5190\"  data-avia-tooltip='M\u00f6belworkshop 2021' src=\"https:\/\/www.lernreg.de\/wp-content\/uploads\/2022\/10\/Moebelworkshop1-495x400.jpg\" width=\"495\" height=\"400\"  title='M\u00f6belworkshop1' alt='' srcset=\"https:\/\/www.lernreg.de\/wp-content\/uploads\/2022\/10\/Moebelworkshop1-495x400.jpg 495w, https:\/\/www.lernreg.de\/wp-content\/uploads\/2022\/10\/Moebelworkshop1-845x684.jpg 845w\" sizes=\"(max-width: 495px) 100vw, 495px\" \/><div class='big-prev-fake'><img loading=\"lazy\" decoding=\"async\" class=\"wp-image-5190 avia-img-lazy-loading-5190\"  width=\"495\" height=\"400\" src=\"https:\/\/www.lernreg.de\/wp-content\/uploads\/2022\/10\/Moebelworkshop1-495x400.jpg\" title='M\u00f6belworkshop1' alt='' srcset=\"https:\/\/www.lernreg.de\/wp-content\/uploads\/2022\/10\/Moebelworkshop1-495x400.jpg 495w, https:\/\/www.lernreg.de\/wp-content\/uploads\/2022\/10\/Moebelworkshop1-845x684.jpg 845w\" sizes=\"auto, (max-width: 495px) 100vw, 495px\" \/><\/div><\/a><a href=\"https:\/\/www.lernreg.de\/wp-content\/uploads\/2022\/10\/Infotreffen-Ukraine-3-22.04.2022-1030x773.jpg\" data-srcset=\"https:\/\/www.lernreg.de\/wp-content\/uploads\/2022\/10\/Infotreffen-Ukraine-3-22.04.2022-1030x773.jpg 1030w, https:\/\/www.lernreg.de\/wp-content\/uploads\/2022\/10\/Infotreffen-Ukraine-3-22.04.2022-300x225.jpg 300w, https:\/\/www.lernreg.de\/wp-content\/uploads\/2022\/10\/Infotreffen-Ukraine-3-22.04.2022-768x576.jpg 768w, https:\/\/www.lernreg.de\/wp-content\/uploads\/2022\/10\/Infotreffen-Ukraine-3-22.04.2022-1536x1152.jpg 1536w, https:\/\/www.lernreg.de\/wp-content\/uploads\/2022\/10\/Infotreffen-Ukraine-3-22.04.2022-2048x1536.jpg 2048w, https:\/\/www.lernreg.de\/wp-content\/uploads\/2022\/10\/Infotreffen-Ukraine-3-22.04.2022-1500x1125.jpg 1500w, https:\/\/www.lernreg.de\/wp-content\/uploads\/2022\/10\/Infotreffen-Ukraine-3-22.04.2022-705x529.jpg 705w, https:\/\/www.lernreg.de\/wp-content\/uploads\/2022\/10\/Infotreffen-Ukraine-3-22.04.2022-450x338.jpg 450w\" data-sizes=\"(max-width: 1030px) 100vw, 1030px\" data-rel='gallery-1' data-prev-img='https:\/\/www.lernreg.de\/wp-content\/uploads\/2022\/10\/Infotreffen-Ukraine-3-22.04.2022-495x400.jpg' class='first_thumb lightbox ' data-onclick='6' title='Infoveranstaltung Ukrainehilfe 2022'  itemprop=\"thumbnailUrl\"  ><img decoding=\"async\" class=\"wp-image-5191 avia-img-lazy-loading-not-5191\"  data-avia-tooltip='Infoveranstaltung Ukrainehilfe 2022' src=\"https:\/\/www.lernreg.de\/wp-content\/uploads\/2022\/10\/Infotreffen-Ukraine-3-22.04.2022-495x400.jpg\" width=\"495\" height=\"400\"  title='Infotreffen Ukraine 3 22.04.2022' alt='' srcset=\"https:\/\/www.lernreg.de\/wp-content\/uploads\/2022\/10\/Infotreffen-Ukraine-3-22.04.2022-495x400.jpg 495w, https:\/\/www.lernreg.de\/wp-content\/uploads\/2022\/10\/Infotreffen-Ukraine-3-22.04.2022-845x684.jpg 845w\" sizes=\"(max-width: 495px) 100vw, 495px\" \/><div class='big-prev-fake'><img loading=\"lazy\" decoding=\"async\" class=\"wp-image-5191 avia-img-lazy-loading-5191\"  width=\"495\" height=\"400\" src=\"https:\/\/www.lernreg.de\/wp-content\/uploads\/2022\/10\/Infotreffen-Ukraine-3-22.04.2022-495x400.jpg\" title='Infotreffen Ukraine 3 22.04.2022' alt='' srcset=\"https:\/\/www.lernreg.de\/wp-content\/uploads\/2022\/10\/Infotreffen-Ukraine-3-22.04.2022-495x400.jpg 495w, https:\/\/www.lernreg.de\/wp-content\/uploads\/2022\/10\/Infotreffen-Ukraine-3-22.04.2022-845x684.jpg 845w\" sizes=\"auto, (max-width: 495px) 100vw, 495px\" \/><\/div><\/a><a href=\"https:\/\/www.lernreg.de\/wp-content\/uploads\/2022\/10\/Sprachcafe-Schwandorf-Teilnehmerinnen-27.04.2022-1030x773.jpg\" data-srcset=\"https:\/\/www.lernreg.de\/wp-content\/uploads\/2022\/10\/Sprachcafe-Schwandorf-Teilnehmerinnen-27.04.2022-1030x773.jpg 1030w, https:\/\/www.lernreg.de\/wp-content\/uploads\/2022\/10\/Sprachcafe-Schwandorf-Teilnehmerinnen-27.04.2022-300x225.jpg 300w, https:\/\/www.lernreg.de\/wp-content\/uploads\/2022\/10\/Sprachcafe-Schwandorf-Teilnehmerinnen-27.04.2022-768x576.jpg 768w, https:\/\/www.lernreg.de\/wp-content\/uploads\/2022\/10\/Sprachcafe-Schwandorf-Teilnehmerinnen-27.04.2022-1536x1152.jpg 1536w, https:\/\/www.lernreg.de\/wp-content\/uploads\/2022\/10\/Sprachcafe-Schwandorf-Teilnehmerinnen-27.04.2022-1500x1125.jpg 1500w, https:\/\/www.lernreg.de\/wp-content\/uploads\/2022\/10\/Sprachcafe-Schwandorf-Teilnehmerinnen-27.04.2022-705x529.jpg 705w, https:\/\/www.lernreg.de\/wp-content\/uploads\/2022\/10\/Sprachcafe-Schwandorf-Teilnehmerinnen-27.04.2022-450x338.jpg 450w, https:\/\/www.lernreg.de\/wp-content\/uploads\/2022\/10\/Sprachcafe-Schwandorf-Teilnehmerinnen-27.04.2022.jpg 2048w\" data-sizes=\"(max-width: 1030px) 100vw, 1030px\" data-rel='gallery-1' data-prev-img='https:\/\/www.lernreg.de\/wp-content\/uploads\/2022\/10\/Sprachcafe-Schwandorf-Teilnehmerinnen-27.04.2022-495x400.jpg' class='lightbox ' data-onclick='7' title='Sprachcaf\u00e9 2021'  itemprop=\"thumbnailUrl\"  ><img decoding=\"async\" class=\"wp-image-5192 avia-img-lazy-loading-not-5192\"  data-avia-tooltip='Sprachcaf\u00e9 2021' src=\"https:\/\/www.lernreg.de\/wp-content\/uploads\/2022\/10\/Sprachcafe-Schwandorf-Teilnehmerinnen-27.04.2022-495x400.jpg\" width=\"495\" height=\"400\"  title='Sprachcafe Schwandorf Teilnehmerinnen 27.04.2022' alt='' srcset=\"https:\/\/www.lernreg.de\/wp-content\/uploads\/2022\/10\/Sprachcafe-Schwandorf-Teilnehmerinnen-27.04.2022-495x400.jpg 495w, https:\/\/www.lernreg.de\/wp-content\/uploads\/2022\/10\/Sprachcafe-Schwandorf-Teilnehmerinnen-27.04.2022-845x684.jpg 845w\" sizes=\"(max-width: 495px) 100vw, 495px\" \/><div class='big-prev-fake'><img loading=\"lazy\" decoding=\"async\" class=\"wp-image-5192 avia-img-lazy-loading-5192\"  width=\"495\" height=\"400\" src=\"https:\/\/www.lernreg.de\/wp-content\/uploads\/2022\/10\/Sprachcafe-Schwandorf-Teilnehmerinnen-27.04.2022-495x400.jpg\" title='Sprachcafe Schwandorf Teilnehmerinnen 27.04.2022' alt='' srcset=\"https:\/\/www.lernreg.de\/wp-content\/uploads\/2022\/10\/Sprachcafe-Schwandorf-Teilnehmerinnen-27.04.2022-495x400.jpg 495w, https:\/\/www.lernreg.de\/wp-content\/uploads\/2022\/10\/Sprachcafe-Schwandorf-Teilnehmerinnen-27.04.2022-845x684.jpg 845w\" sizes=\"auto, (max-width: 495px) 100vw, 495px\" \/><\/div><\/a><a href=\"https:\/\/www.lernreg.de\/wp-content\/uploads\/2022\/10\/Kofferuebergabe-12.07.2021-1030x687.jpg\" data-srcset=\"https:\/\/www.lernreg.de\/wp-content\/uploads\/2022\/10\/Kofferuebergabe-12.07.2021-1030x687.jpg 1030w, https:\/\/www.lernreg.de\/wp-content\/uploads\/2022\/10\/Kofferuebergabe-12.07.2021-300x200.jpg 300w, https:\/\/www.lernreg.de\/wp-content\/uploads\/2022\/10\/Kofferuebergabe-12.07.2021-768x512.jpg 768w, https:\/\/www.lernreg.de\/wp-content\/uploads\/2022\/10\/Kofferuebergabe-12.07.2021-1536x1024.jpg 1536w, https:\/\/www.lernreg.de\/wp-content\/uploads\/2022\/10\/Kofferuebergabe-12.07.2021-2048x1365.jpg 2048w, https:\/\/www.lernreg.de\/wp-content\/uploads\/2022\/10\/Kofferuebergabe-12.07.2021-1500x1000.jpg 1500w, https:\/\/www.lernreg.de\/wp-content\/uploads\/2022\/10\/Kofferuebergabe-12.07.2021-705x470.jpg 705w, https:\/\/www.lernreg.de\/wp-content\/uploads\/2022\/10\/Kofferuebergabe-12.07.2021-450x300.jpg 450w\" data-sizes=\"(max-width: 1030px) 100vw, 1030px\" data-rel='gallery-1' data-prev-img='https:\/\/www.lernreg.de\/wp-content\/uploads\/2022\/10\/Kofferuebergabe-12.07.2021-495x400.jpg' class='lightbox ' data-onclick='8' title='LdE-Projekt &#8222;MINTerpol&#8220; 2020'  itemprop=\"thumbnailUrl\"  ><img decoding=\"async\" class=\"wp-image-5193 avia-img-lazy-loading-not-5193\"  data-avia-tooltip='LdE-Projekt &#8222;MINTerpol&#8220; 2020' src=\"https:\/\/www.lernreg.de\/wp-content\/uploads\/2022\/10\/Kofferuebergabe-12.07.2021-495x400.jpg\" width=\"495\" height=\"400\"  title='Koffer\u00fcbergabe 12.07.2021' alt='' srcset=\"https:\/\/www.lernreg.de\/wp-content\/uploads\/2022\/10\/Kofferuebergabe-12.07.2021-495x400.jpg 495w, https:\/\/www.lernreg.de\/wp-content\/uploads\/2022\/10\/Kofferuebergabe-12.07.2021-845x684.jpg 845w\" sizes=\"(max-width: 495px) 100vw, 495px\" \/><div class='big-prev-fake'><img loading=\"lazy\" decoding=\"async\" class=\"wp-image-5193 avia-img-lazy-loading-5193\"  width=\"495\" height=\"400\" src=\"https:\/\/www.lernreg.de\/wp-content\/uploads\/2022\/10\/Kofferuebergabe-12.07.2021-495x400.jpg\" title='Koffer\u00fcbergabe 12.07.2021' alt='' srcset=\"https:\/\/www.lernreg.de\/wp-content\/uploads\/2022\/10\/Kofferuebergabe-12.07.2021-495x400.jpg 495w, https:\/\/www.lernreg.de\/wp-content\/uploads\/2022\/10\/Kofferuebergabe-12.07.2021-845x684.jpg 845w\" sizes=\"auto, (max-width: 495px) 100vw, 495px\" \/><\/div><\/a><a href=\"https:\/\/www.lernreg.de\/wp-content\/uploads\/2022\/10\/Besucher-in-der-Halle-1030x773.jpg\" data-srcset=\"https:\/\/www.lernreg.de\/wp-content\/uploads\/2022\/10\/Besucher-in-der-Halle-1030x773.jpg 1030w, https:\/\/www.lernreg.de\/wp-content\/uploads\/2022\/10\/Besucher-in-der-Halle-300x225.jpg 300w, https:\/\/www.lernreg.de\/wp-content\/uploads\/2022\/10\/Besucher-in-der-Halle-768x576.jpg 768w, https:\/\/www.lernreg.de\/wp-content\/uploads\/2022\/10\/Besucher-in-der-Halle-1536x1152.jpg 1536w, https:\/\/www.lernreg.de\/wp-content\/uploads\/2022\/10\/Besucher-in-der-Halle-2048x1536.jpg 2048w, https:\/\/www.lernreg.de\/wp-content\/uploads\/2022\/10\/Besucher-in-der-Halle-1500x1125.jpg 1500w, https:\/\/www.lernreg.de\/wp-content\/uploads\/2022\/10\/Besucher-in-der-Halle-705x529.jpg 705w, https:\/\/www.lernreg.de\/wp-content\/uploads\/2022\/10\/Besucher-in-der-Halle-450x338.jpg 450w\" data-sizes=\"(max-width: 1030px) 100vw, 1030px\" data-rel='gallery-1' data-prev-img='https:\/\/www.lernreg.de\/wp-content\/uploads\/2022\/10\/Besucher-in-der-Halle-495x400.jpg' class='lightbox ' data-onclick='9' title='SADsozial 2015'  itemprop=\"thumbnailUrl\"  ><img decoding=\"async\" class=\"wp-image-5194 avia-img-lazy-loading-not-5194\"  data-avia-tooltip='SADsozial 2015' src=\"https:\/\/www.lernreg.de\/wp-content\/uploads\/2022\/10\/Besucher-in-der-Halle-495x400.jpg\" width=\"495\" height=\"400\"  title='Besucher in der Halle' alt='' srcset=\"https:\/\/www.lernreg.de\/wp-content\/uploads\/2022\/10\/Besucher-in-der-Halle-495x400.jpg 495w, https:\/\/www.lernreg.de\/wp-content\/uploads\/2022\/10\/Besucher-in-der-Halle-845x684.jpg 845w\" sizes=\"(max-width: 495px) 100vw, 495px\" \/><div class='big-prev-fake'><img loading=\"lazy\" decoding=\"async\" class=\"wp-image-5194 avia-img-lazy-loading-5194\"  width=\"495\" height=\"400\" src=\"https:\/\/www.lernreg.de\/wp-content\/uploads\/2022\/10\/Besucher-in-der-Halle-495x400.jpg\" title='Besucher in der Halle' alt='' srcset=\"https:\/\/www.lernreg.de\/wp-content\/uploads\/2022\/10\/Besucher-in-der-Halle-495x400.jpg 495w, https:\/\/www.lernreg.de\/wp-content\/uploads\/2022\/10\/Besucher-in-der-Halle-845x684.jpg 845w\" sizes=\"auto, (max-width: 495px) 100vw, 495px\" \/><\/div><\/a><a href=\"https:\/\/www.lernreg.de\/wp-content\/uploads\/2022\/10\/Imagefilm-Freilandmuseum-1-773x1030.jpeg\" data-srcset=\"https:\/\/www.lernreg.de\/wp-content\/uploads\/2022\/10\/Imagefilm-Freilandmuseum-1-773x1030.jpeg 773w, https:\/\/www.lernreg.de\/wp-content\/uploads\/2022\/10\/Imagefilm-Freilandmuseum-1-225x300.jpeg 225w, https:\/\/www.lernreg.de\/wp-content\/uploads\/2022\/10\/Imagefilm-Freilandmuseum-1-768x1024.jpeg 768w, https:\/\/www.lernreg.de\/wp-content\/uploads\/2022\/10\/Imagefilm-Freilandmuseum-1-1152x1536.jpeg 1152w, https:\/\/www.lernreg.de\/wp-content\/uploads\/2022\/10\/Imagefilm-Freilandmuseum-1-1536x2048.jpeg 1536w, https:\/\/www.lernreg.de\/wp-content\/uploads\/2022\/10\/Imagefilm-Freilandmuseum-1-1125x1500.jpeg 1125w, https:\/\/www.lernreg.de\/wp-content\/uploads\/2022\/10\/Imagefilm-Freilandmuseum-1-529x705.jpeg 529w, https:\/\/www.lernreg.de\/wp-content\/uploads\/2022\/10\/Imagefilm-Freilandmuseum-1-450x600.jpeg 450w, https:\/\/www.lernreg.de\/wp-content\/uploads\/2022\/10\/Imagefilm-Freilandmuseum-1-scaled.jpeg 1920w\" data-sizes=\"(max-width: 773px) 100vw, 773px\" data-rel='gallery-1' data-prev-img='https:\/\/www.lernreg.de\/wp-content\/uploads\/2022\/10\/Imagefilm-Freilandmuseum-1-495x400.jpeg' class='lightbox ' data-onclick='10' title='Dreh MINT-Imagefilm 2022'  itemprop=\"thumbnailUrl\"  ><img decoding=\"async\" class=\"wp-image-5195 avia-img-lazy-loading-not-5195\"  data-avia-tooltip='Dreh MINT-Imagefilm 2022' src=\"https:\/\/www.lernreg.de\/wp-content\/uploads\/2022\/10\/Imagefilm-Freilandmuseum-1-495x400.jpeg\" width=\"495\" height=\"400\"  title='Imagefilm Freilandmuseum 1' alt='' srcset=\"https:\/\/www.lernreg.de\/wp-content\/uploads\/2022\/10\/Imagefilm-Freilandmuseum-1-495x400.jpeg 495w, https:\/\/www.lernreg.de\/wp-content\/uploads\/2022\/10\/Imagefilm-Freilandmuseum-1-845x684.jpeg 845w\" sizes=\"(max-width: 495px) 100vw, 495px\" \/><div class='big-prev-fake'><img loading=\"lazy\" decoding=\"async\" class=\"wp-image-5195 avia-img-lazy-loading-5195\"  width=\"495\" height=\"400\" src=\"https:\/\/www.lernreg.de\/wp-content\/uploads\/2022\/10\/Imagefilm-Freilandmuseum-1-495x400.jpeg\" title='Imagefilm Freilandmuseum 1' alt='' srcset=\"https:\/\/www.lernreg.de\/wp-content\/uploads\/2022\/10\/Imagefilm-Freilandmuseum-1-495x400.jpeg 495w, https:\/\/www.lernreg.de\/wp-content\/uploads\/2022\/10\/Imagefilm-Freilandmuseum-1-845x684.jpeg 845w\" sizes=\"auto, (max-width: 495px) 100vw, 495px\" \/><\/div><\/a><\/div><\/div><\/p><\/div>\n","protected":false},"excerpt":{"rendered":"<p>Unser Team<\/p>\n","protected":false},"author":1,"featured_media":0,"parent":0,"menu_order":0,"comment_status":"open","ping_status":"open","template":"","meta":{"footnotes":""},"class_list":["post-5184","page","type-page","status-publish","hentry"],"yoast_head":"<!-- This site is optimized with the Yoast SEO plugin v26.4 - https:\/\/yoast.com\/wordpress\/plugins\/seo\/ -->\n<title>Vereinsjubil\u00e4um - Lernende Region Schwandorf<\/title>\n<meta name=\"robots\" content=\"index, follow, max-snippet:-1, max-image-preview:large, max-video-preview:-1\" \/>\n<link rel=\"canonical\" href=\"https:\/\/www.lernreg.de\/index.php\/vereinsjubilaeum\/\" \/>\n<meta property=\"og:locale\" content=\"de_DE\" \/>\n<meta property=\"og:type\" content=\"article\" \/>\n<meta property=\"og:title\" content=\"Vereinsjubil\u00e4um - Lernende Region Schwandorf\" \/>\n<meta property=\"og:description\" content=\"Unser Team\" \/>\n<meta property=\"og:url\" content=\"https:\/\/www.lernreg.de\/index.php\/vereinsjubilaeum\/\" \/>\n<meta property=\"og:site_name\" content=\"Lernende Region Schwandorf\" \/>\n<meta property=\"article:modified_time\" content=\"2022-10-11T13:51:43+00:00\" \/>\n<meta name=\"twitter:card\" content=\"summary_large_image\" \/>\n<meta name=\"twitter:label1\" content=\"Gesch\u00e4tzte Lesezeit\" \/>\n\t<meta name=\"twitter:data1\" content=\"3\u00a0Minuten\" \/>\n<script type=\"application\/ld+json\" class=\"yoast-schema-graph\">{\"@context\":\"https:\/\/schema.org\",\"@graph\":[{\"@type\":\"WebPage\",\"@id\":\"https:\/\/www.lernreg.de\/index.php\/vereinsjubilaeum\/\",\"url\":\"https:\/\/www.lernreg.de\/index.php\/vereinsjubilaeum\/\",\"name\":\"Vereinsjubil\u00e4um - Lernende Region Schwandorf\",\"isPartOf\":{\"@id\":\"https:\/\/www.lernreg.de\/#website\"},\"datePublished\":\"2022-10-11T13:38:20+00:00\",\"dateModified\":\"2022-10-11T13:51:43+00:00\",\"breadcrumb\":{\"@id\":\"https:\/\/www.lernreg.de\/index.php\/vereinsjubilaeum\/#breadcrumb\"},\"inLanguage\":\"de\",\"potentialAction\":[{\"@type\":\"ReadAction\",\"target\":[\"https:\/\/www.lernreg.de\/index.php\/vereinsjubilaeum\/\"]}]},{\"@type\":\"BreadcrumbList\",\"@id\":\"https:\/\/www.lernreg.de\/index.php\/vereinsjubilaeum\/#breadcrumb\",\"itemListElement\":[{\"@type\":\"ListItem\",\"position\":1,\"name\":\"Startseite\",\"item\":\"https:\/\/www.lernreg.de\/index.php\/homepage\/\"},{\"@type\":\"ListItem\",\"position\":2,\"name\":\"Vereinsjubil\u00e4um\"}]},{\"@type\":\"WebSite\",\"@id\":\"https:\/\/www.lernreg.de\/#website\",\"url\":\"https:\/\/www.lernreg.de\/\",\"name\":\"Lernende Region Schwandorf\",\"description\":\"Freiwilligenagentur, Bildung\",\"publisher\":{\"@id\":\"https:\/\/www.lernreg.de\/#organization\"},\"potentialAction\":[{\"@type\":\"SearchAction\",\"target\":{\"@type\":\"EntryPoint\",\"urlTemplate\":\"https:\/\/www.lernreg.de\/?s={search_term_string}\"},\"query-input\":{\"@type\":\"PropertyValueSpecification\",\"valueRequired\":true,\"valueName\":\"search_term_string\"}}],\"inLanguage\":\"de\"},{\"@type\":\"Organization\",\"@id\":\"https:\/\/www.lernreg.de\/#organization\",\"name\":\"Die Lernende Region Schwandorf e.V. ist ein regionales Netzwerk f\u00fcr den Landkreis Schwandorf mit den Schwerpunkten\u00a0Bildung\u00a0und\u00a0Ehrenamt: Im\u00a0Bildungsbereich\u00a0strebt die Lernende Region Schwandorf eine nachhaltige Verbesserung der Ausbildungs-, Besch\u00e4ftigungs- und Lebenssituation aller B\u00fcrgerinnen und B\u00fcrger\u00a0der Region an. Beispiele hierf\u00fcr sind die j\u00e4hrliche Bildungsmesse in Maxh\u00fctte-Haidhof sowie die Durchf\u00fchrung des Projekts \u201eMINT-Netzwerke Bayern\u201c.\",\"url\":\"https:\/\/www.lernreg.de\/\",\"logo\":{\"@type\":\"ImageObject\",\"inLanguage\":\"de\",\"@id\":\"https:\/\/www.lernreg.de\/#\/schema\/logo\/image\/\",\"url\":\"https:\/\/www.lernreg.de\/wp-content\/uploads\/2021\/08\/Logo-LernReg-transparent.png\",\"contentUrl\":\"https:\/\/www.lernreg.de\/wp-content\/uploads\/2021\/08\/Logo-LernReg-transparent.png\",\"width\":400,\"height\":228,\"caption\":\"Die Lernende Region Schwandorf e.V. ist ein regionales Netzwerk f\u00fcr den Landkreis Schwandorf mit den Schwerpunkten\u00a0Bildung\u00a0und\u00a0Ehrenamt: Im\u00a0Bildungsbereich\u00a0strebt die Lernende Region Schwandorf eine nachhaltige Verbesserung der Ausbildungs-, Besch\u00e4ftigungs- und Lebenssituation aller B\u00fcrgerinnen und B\u00fcrger\u00a0der Region an. Beispiele hierf\u00fcr sind die j\u00e4hrliche Bildungsmesse in Maxh\u00fctte-Haidhof sowie die Durchf\u00fchrung des Projekts \u201eMINT-Netzwerke Bayern\u201c.\"},\"image\":{\"@id\":\"https:\/\/www.lernreg.de\/#\/schema\/logo\/image\/\"}}]}<\/script>\n<!-- \/ Yoast SEO plugin. -->","yoast_head_json":{"title":"Vereinsjubil\u00e4um - Lernende Region Schwandorf","robots":{"index":"index","follow":"follow","max-snippet":"max-snippet:-1","max-image-preview":"max-image-preview:large","max-video-preview":"max-video-preview:-1"},"canonical":"https:\/\/www.lernreg.de\/index.php\/vereinsjubilaeum\/","og_locale":"de_DE","og_type":"article","og_title":"Vereinsjubil\u00e4um - Lernende Region Schwandorf","og_description":"Unser Team","og_url":"https:\/\/www.lernreg.de\/index.php\/vereinsjubilaeum\/","og_site_name":"Lernende Region Schwandorf","article_modified_time":"2022-10-11T13:51:43+00:00","twitter_card":"summary_large_image","twitter_misc":{"Gesch\u00e4tzte Lesezeit":"3\u00a0Minuten"},"schema":{"@context":"https:\/\/schema.org","@graph":[{"@type":"WebPage","@id":"https:\/\/www.lernreg.de\/index.php\/vereinsjubilaeum\/","url":"https:\/\/www.lernreg.de\/index.php\/vereinsjubilaeum\/","name":"Vereinsjubil\u00e4um - Lernende Region Schwandorf","isPartOf":{"@id":"https:\/\/www.lernreg.de\/#website"},"datePublished":"2022-10-11T13:38:20+00:00","dateModified":"2022-10-11T13:51:43+00:00","breadcrumb":{"@id":"https:\/\/www.lernreg.de\/index.php\/vereinsjubilaeum\/#breadcrumb"},"inLanguage":"de","potentialAction":[{"@type":"ReadAction","target":["https:\/\/www.lernreg.de\/index.php\/vereinsjubilaeum\/"]}]},{"@type":"BreadcrumbList","@id":"https:\/\/www.lernreg.de\/index.php\/vereinsjubilaeum\/#breadcrumb","itemListElement":[{"@type":"ListItem","position":1,"name":"Startseite","item":"https:\/\/www.lernreg.de\/index.php\/homepage\/"},{"@type":"ListItem","position":2,"name":"Vereinsjubil\u00e4um"}]},{"@type":"WebSite","@id":"https:\/\/www.lernreg.de\/#website","url":"https:\/\/www.lernreg.de\/","name":"Lernende Region Schwandorf","description":"Freiwilligenagentur, Bildung","publisher":{"@id":"https:\/\/www.lernreg.de\/#organization"},"potentialAction":[{"@type":"SearchAction","target":{"@type":"EntryPoint","urlTemplate":"https:\/\/www.lernreg.de\/?s={search_term_string}"},"query-input":{"@type":"PropertyValueSpecification","valueRequired":true,"valueName":"search_term_string"}}],"inLanguage":"de"},{"@type":"Organization","@id":"https:\/\/www.lernreg.de\/#organization","name":"Die Lernende Region Schwandorf e.V. ist ein regionales Netzwerk f\u00fcr den Landkreis Schwandorf mit den Schwerpunkten\u00a0Bildung\u00a0und\u00a0Ehrenamt: Im\u00a0Bildungsbereich\u00a0strebt die Lernende Region Schwandorf eine nachhaltige Verbesserung der Ausbildungs-, Besch\u00e4ftigungs- und Lebenssituation aller B\u00fcrgerinnen und B\u00fcrger\u00a0der Region an. Beispiele hierf\u00fcr sind die j\u00e4hrliche Bildungsmesse in Maxh\u00fctte-Haidhof sowie die Durchf\u00fchrung des Projekts \u201eMINT-Netzwerke Bayern\u201c.","url":"https:\/\/www.lernreg.de\/","logo":{"@type":"ImageObject","inLanguage":"de","@id":"https:\/\/www.lernreg.de\/#\/schema\/logo\/image\/","url":"https:\/\/www.lernreg.de\/wp-content\/uploads\/2021\/08\/Logo-LernReg-transparent.png","contentUrl":"https:\/\/www.lernreg.de\/wp-content\/uploads\/2021\/08\/Logo-LernReg-transparent.png","width":400,"height":228,"caption":"Die Lernende Region Schwandorf e.V. ist ein regionales Netzwerk f\u00fcr den Landkreis Schwandorf mit den Schwerpunkten\u00a0Bildung\u00a0und\u00a0Ehrenamt: Im\u00a0Bildungsbereich\u00a0strebt die Lernende Region Schwandorf eine nachhaltige Verbesserung der Ausbildungs-, Besch\u00e4ftigungs- und Lebenssituation aller B\u00fcrgerinnen und B\u00fcrger\u00a0der Region an. Beispiele hierf\u00fcr sind die j\u00e4hrliche Bildungsmesse in Maxh\u00fctte-Haidhof sowie die Durchf\u00fchrung des Projekts \u201eMINT-Netzwerke Bayern\u201c."},"image":{"@id":"https:\/\/www.lernreg.de\/#\/schema\/logo\/image\/"}}]}},"_links":{"self":[{"href":"https:\/\/www.lernreg.de\/index.php\/wp-json\/wp\/v2\/pages\/5184","targetHints":{"allow":["GET"]}}],"collection":[{"href":"https:\/\/www.lernreg.de\/index.php\/wp-json\/wp\/v2\/pages"}],"about":[{"href":"https:\/\/www.lernreg.de\/index.php\/wp-json\/wp\/v2\/types\/page"}],"author":[{"embeddable":true,"href":"https:\/\/www.lernreg.de\/index.php\/wp-json\/wp\/v2\/users\/1"}],"replies":[{"embeddable":true,"href":"https:\/\/www.lernreg.de\/index.php\/wp-json\/wp\/v2\/comments?post=5184"}],"version-history":[{"count":8,"href":"https:\/\/www.lernreg.de\/index.php\/wp-json\/wp\/v2\/pages\/5184\/revisions"}],"predecessor-version":[{"id":5210,"href":"https:\/\/www.lernreg.de\/index.php\/wp-json\/wp\/v2\/pages\/5184\/revisions\/5210"}],"wp:attachment":[{"href":"https:\/\/www.lernreg.de\/index.php\/wp-json\/wp\/v2\/media?parent=5184"}],"curies":[{"name":"wp","href":"https:\/\/api.w.org\/{rel}","templated":true}]}}