{"id":4002,"date":"2023-02-07T10:21:55","date_gmt":"2023-02-07T09:21:55","guid":{"rendered":"https:\/\/www.lernreg.de\/Neues%20Verzeichnis\/wordpress\/?page_id=4002"},"modified":"2023-03-08T10:33:24","modified_gmt":"2023-03-08T09:33:24","slug":"mint-projekte","status":"publish","type":"page","link":"https:\/\/www.lernreg.de\/index.php\/mint-projekte\/","title":{"rendered":"Projekte"},"content":{"rendered":"<div id='layer_slider_1'  class='avia-layerslider main_color avia-shadow  avia-builder-el-0  el_before_av_heading  avia-builder-el-first  container_wrap sidebar_right'  style='height: 371px;'  ><\/div><div id='after_layer_slider_1'  class='main_color av_default_container_wrap container_wrap sidebar_right'  ><div class='container av-section-cont-open' ><div class='template-page content  av-content-small alpha units'><div class='post-entry post-entry-type-page post-entry-4002'><div class='entry-content-wrapper clearfix'>\n\n<style type=\"text\/css\" data-created_by=\"avia_inline_auto\" id=\"style-css-av-av_heading-90dc973ab80028599dcf4291f6438f1c\">\n#top .av-special-heading.av-av_heading-90dc973ab80028599dcf4291f6438f1c{\npadding-bottom:10px;\n}\nbody .av-special-heading.av-av_heading-90dc973ab80028599dcf4291f6438f1c .av-special-heading-tag .heading-char{\nfont-size:25px;\n}\n.av-special-heading.av-av_heading-90dc973ab80028599dcf4291f6438f1c .av-subheading{\nfont-size:15px;\n}\n<\/style>\n<div  class='av-special-heading av-av_heading-90dc973ab80028599dcf4291f6438f1c av-special-heading-h3  avia-builder-el-1  el_after_av_layerslider  el_before_av_one_half  avia-builder-el-first '><h3 class='av-special-heading-tag'  itemprop=\"headline\"  >MINTerpol-Experimentierkoffer f\u00fcr die Grundschulen<\/h3><div class=\"special-heading-border\"><div class=\"special-heading-inner-border\"><\/div><\/div><\/div>\n\n<style type=\"text\/css\" data-created_by=\"avia_inline_auto\" id=\"style-css-av-av_one_half-15d750bd1b332b34c6e70b077ebbccdf\">\n.flex_column.av-av_one_half-15d750bd1b332b34c6e70b077ebbccdf{\n-webkit-border-radius:0px 0px 0px 0px;\n-moz-border-radius:0px 0px 0px 0px;\nborder-radius:0px 0px 0px 0px;\npadding:0px 0px 0px 0px;\n}\n<\/style>\n<div class='flex_column av-av_one_half-15d750bd1b332b34c6e70b077ebbccdf av_one_half  avia-builder-el-2  el_after_av_heading  el_before_av_one_half  first flex_column_div av-zero-column-padding '     ><style type=\"text\/css\" data-created_by=\"avia_inline_auto\" id=\"style-css-av-av_image-290808e9c8beb3424e144a1b9f004e88\">\n.avia-image-container.av-av_image-290808e9c8beb3424e144a1b9f004e88 img.avia_image{\nbox-shadow:none;\n}\n.avia-image-container.av-av_image-290808e9c8beb3424e144a1b9f004e88 .av-image-caption-overlay-center{\ncolor:#ffffff;\n}\n<\/style>\n<div  class='avia-image-container av-av_image-290808e9c8beb3424e144a1b9f004e88 av-styling- avia-align-center  avia-builder-el-3  avia-builder-el-no-sibling '   itemprop=\"image\" itemscope=\"itemscope\" itemtype=\"https:\/\/schema.org\/ImageObject\" ><div class=\"avia-image-container-inner\"><div class=\"avia-image-overlay-wrap\"><img decoding=\"async\" class='wp-image-5429 avia-img-lazy-loading-not-5429 avia_image ' src=\"https:\/\/www.lernreg.de\/wp-content\/uploads\/2023\/03\/Pressefoto-20230207_MINT_Projekt-300x200.jpg\" alt='' title='Pressefoto 20230207_MINT_Projekt'  height=\"200\" width=\"300\"  itemprop=\"thumbnailUrl\" srcset=\"https:\/\/www.lernreg.de\/wp-content\/uploads\/2023\/03\/Pressefoto-20230207_MINT_Projekt-300x200.jpg 300w, https:\/\/www.lernreg.de\/wp-content\/uploads\/2023\/03\/Pressefoto-20230207_MINT_Projekt-1030x687.jpg 1030w, https:\/\/www.lernreg.de\/wp-content\/uploads\/2023\/03\/Pressefoto-20230207_MINT_Projekt-768x512.jpg 768w, https:\/\/www.lernreg.de\/wp-content\/uploads\/2023\/03\/Pressefoto-20230207_MINT_Projekt-1536x1024.jpg 1536w, https:\/\/www.lernreg.de\/wp-content\/uploads\/2023\/03\/Pressefoto-20230207_MINT_Projekt-2048x1365.jpg 2048w, https:\/\/www.lernreg.de\/wp-content\/uploads\/2023\/03\/Pressefoto-20230207_MINT_Projekt-1500x1000.jpg 1500w, https:\/\/www.lernreg.de\/wp-content\/uploads\/2023\/03\/Pressefoto-20230207_MINT_Projekt-705x470.jpg 705w, https:\/\/www.lernreg.de\/wp-content\/uploads\/2023\/03\/Pressefoto-20230207_MINT_Projekt-450x300.jpg 450w\" sizes=\"(max-width: 300px) 100vw, 300px\" \/><\/div><\/div><\/div><\/div>\n<style type=\"text\/css\" data-created_by=\"avia_inline_auto\" id=\"style-css-av-av_one_half-c8fc129dc35fd1ae2a1e410224d39ea8\">\n.flex_column.av-av_one_half-c8fc129dc35fd1ae2a1e410224d39ea8{\n-webkit-border-radius:0px 0px 0px 0px;\n-moz-border-radius:0px 0px 0px 0px;\nborder-radius:0px 0px 0px 0px;\npadding:0px 0px 0px 0px;\n}\n<\/style>\n<div class='flex_column av-av_one_half-c8fc129dc35fd1ae2a1e410224d39ea8 av_one_half  avia-builder-el-4  el_after_av_one_half  el_before_av_hr  flex_column_div av-zero-column-padding '     ><section  class='av_textblock_section av-av_textblock-2de302bf1aa3cf4c9157dbe6f50ac7eb'  itemscope=\"itemscope\" itemtype=\"https:\/\/schema.org\/CreativeWork\" ><div class='avia_textblock'  itemprop=\"text\" ><div id=\"c1290\" class=\"csc-default\">\n<div id=\"c1290\" class=\"csc-default\">\n<p><strong>MINTerpol-Experimentierkoffer f\u00fcr Grundschulen im Landkreis Schwandorf vorgestellt<\/strong><\/p>\n<p>2021 entstanden im Rahmen des P-Seminars des Johann-Michael-Fischer-Gymnasiums Burglengenfeld ein Experimentierheft und eine Materialkiste, die sich an Grundschulkinder richtet. Die Lernende Region und der Landkreis Schwandorf konnten mit Hilfe von F\u00f6rdergeldern aus Regionalmanagement und LEADER Materialkisten f\u00fcr alle interessierten Grundschulen zur Verf\u00fcgung stellen. Nun wurde das Ergebnis vorgestellt. Ende M\u00e4rz werden die eigens beklebten Kisten an die einzelnen Schulen \u00fcbergeben.<\/p>\n<p>Die Kisten dienen als Starterkit und enthalten s\u00e4mtliches Material, das f\u00fcr das Experimentieren mit den Kindern notwendig sind. Die einzelnen Teile sind dabei leicht zu ersetzen und nachzukaufen. Das Experimentierheft enth\u00e4lt alle Anleitungen zu den Experimenten. Auf diese Weise bekommen die Lehrkr\u00e4fte eine niederschwellige M\u00f6glichkeit, sich mit den Themen Elektrizit\u00e4t, Verbrennung und Wasser zu besch\u00e4ftigen. Gerade im Schulalltag soll so das praktische Experimentieren mehr Platz bekommen. Das Material wurde durch eine LEADER-F\u00f6rderung anteilig finanziert.<\/p>\n<p>In dem Paket wird auch ein USB-Stick enthalten sein, auf dem kindgerechte Erkl\u00e4rvideos zu jedem Experiment enthalten sind. Auf diese Weise wird das Angebot auch f\u00fcr diejenigen Kinder leichter nutzbar, die noch nicht lesen k\u00f6nnen oder die deutsche Sprache noch nicht beherrschen. Im Rahmen einer Fortbildungsveranstaltung wird OStRin Petra Lehner vom Johann-Michael-Fischer-Gymnasium die Lehrkr\u00e4fte an den Grundschulen mit der Kiste vertraut machen. F\u00fcr die kostenlose Veranstaltung gibt es zwei Termine am 29. und 30.03.2023 im Landratsamt Schwandorf. Die Anmeldung daf\u00fcr erfolgt \u00fcber FIBS. Die Fortbildung richtet sich an die Lehrkr\u00e4fte aus den Grundschulen. Schulen, die eine MINTerpol-Kiste bestellt haben, werden dabei priorit\u00e4r zugelassen. Die Lehrkr\u00e4fte erhalten ihre bestellten Kisten an diesem Tag. Im Falle eines gr\u00f6\u00dferen Bedarfs sind weitere Termine m\u00f6glich.<\/p>\n<p>Die Gestaltung der Kofferbeklebung erfolgte durch das Regionalmanagement. Im Rahmen des Projekts \u201eImagekampagne \u2013 Fachkr\u00e4ftesicherung im MINT-Bereich\u201c wurden die Folien designt. Die Koffer f\u00fcgen sich damit in eine breit aufgestellte Kampagne ein. Dabei entstanden auch ein Imagefilm zum Thema MINT sowie Instagrambeitr\u00e4ge unter dem Titel \u201eMINT-Heads\u201c, bei denen sich junge Menschen aus der Region als Rolemodels zur Verf\u00fcgung stellten. Dar\u00fcber hinaus fanden Informationsveranstaltungen f\u00fcr P\u00e4dagogen statt, um das Thema MINT auch in den Bildungseinrichtungen st\u00e4rker platzieren zu k\u00f6nnen. Vor kurzem wurde au\u00dferdem auch das MINT-Mobil als fahrende Werbefl\u00e4che f\u00fcr das Zukunftsthema vorgestellt. Das Projekt wurde durch das Bayerische Staatsministerium f\u00fcr Wirtschaft, Landesentwicklung und Energie gef\u00f6rdert.<\/p>\n<p><strong>Foto<\/strong>: Landrat Thomas Ebeling, OStRin Petra Lehner, OStD Matthias Schaller, Schulamtsdirektorin Renate Vettori, Regionalmanagerin Veronika Kiener und MINT-Managerin Rebecca Zinkl bei der Vorstellung der fertigen Koffer. <strong>Quelle:<\/strong> Stephanie Dotzler<\/p>\n<\/div>\n<div id=\"c1290\" class=\"csc-default\"><\/div>\n<div id=\"c1290\" class=\"csc-default\"><\/div>\n<div id=\"c1290\" class=\"csc-default\"><\/div>\n<div id=\"c1288\" class=\"csc-default\">\n<h2><\/h2>\n<\/div>\n<\/div>\n<div id=\"c1290\" class=\"csc-default\"><\/div>\n<div id=\"c1290\" class=\"csc-default\"><\/div>\n<div id=\"c1288\" class=\"csc-default\">\n<h2><\/h2>\n<\/div>\n<\/div><\/section><\/div>\n<style type=\"text\/css\" data-created_by=\"avia_inline_auto\" id=\"style-css-av-av_hr-4474f20d2389e2e5ecf918a02da5132e\">\n#top .hr.hr-invisible.av-av_hr-4474f20d2389e2e5ecf918a02da5132e{\nheight:50px;\n}\n<\/style>\n<div  class='hr av-av_hr-4474f20d2389e2e5ecf918a02da5132e hr-invisible  avia-builder-el-6  el_after_av_one_half  el_before_av_heading '><span class='hr-inner '><span class=\"hr-inner-style\"><\/span><\/span><\/div><\/p>\n\n<style type=\"text\/css\" data-created_by=\"avia_inline_auto\" id=\"style-css-av-av_heading-16f2a6ca6fcc0e077c7520f7370daea9\">\n#top .av-special-heading.av-av_heading-16f2a6ca6fcc0e077c7520f7370daea9{\npadding-bottom:10px;\n}\nbody .av-special-heading.av-av_heading-16f2a6ca6fcc0e077c7520f7370daea9 .av-special-heading-tag .heading-char{\nfont-size:25px;\n}\n.av-special-heading.av-av_heading-16f2a6ca6fcc0e077c7520f7370daea9 .av-subheading{\nfont-size:15px;\n}\n<\/style>\n<div  class='av-special-heading av-av_heading-16f2a6ca6fcc0e077c7520f7370daea9 av-special-heading-h3  avia-builder-el-7  el_after_av_hr  el_before_av_one_half '><h3 class='av-special-heading-tag'  itemprop=\"headline\"  >MINT-Mobil<\/h3><div class=\"special-heading-border\"><div class=\"special-heading-inner-border\"><\/div><\/div><\/div>\n\n<style type=\"text\/css\" data-created_by=\"avia_inline_auto\" id=\"style-css-av-av_one_half-15d750bd1b332b34c6e70b077ebbccdf\">\n.flex_column.av-av_one_half-15d750bd1b332b34c6e70b077ebbccdf{\n-webkit-border-radius:0px 0px 0px 0px;\n-moz-border-radius:0px 0px 0px 0px;\nborder-radius:0px 0px 0px 0px;\npadding:0px 0px 0px 0px;\n}\n<\/style>\n<div class='flex_column av-av_one_half-15d750bd1b332b34c6e70b077ebbccdf av_one_half  avia-builder-el-8  el_after_av_heading  el_before_av_one_half  first flex_column_div av-zero-column-padding '     ><section  class='av_textblock_section av-av_textblock-2de302bf1aa3cf4c9157dbe6f50ac7eb'  itemscope=\"itemscope\" itemtype=\"https:\/\/schema.org\/CreativeWork\" ><div class='avia_textblock'  itemprop=\"text\" ><div id=\"c1290\" class=\"csc-default\">\n<div id=\"c1290\" class=\"csc-default\">\n<p><strong>Neues MINT-Mobil beklebt<\/strong><\/p>\n<p>Im Rahmen des Projekts &#8222;Imagekampagne &#8211; Fachkr\u00e4ftesicherung im MINT-Bereich&#8220; hat der Landkreis ein Fahrzeug bedrucken lassen, das die MINT-Bildung bis vor die Haust\u00fcr bringen soll. Nun wurde das MINT-Mobil vorgestellt.<\/p>\n<p>Kinder und Jugendliche sollen die M\u00f6glichkeit bekommen, einen Zugang zu den Themen Mathematik, Informatik, Naturwissenschaft und Technik zu finden. Dies soll vor allem durch praktische Projekte und Aktionen gelingen. Gerade in einem gro\u00dfen Fl\u00e4chenlandkreis wie Schwandorf ist es wichtig, die Wege f\u00fcr die Menschen vor Ort kurz zu halten. In dem Fahrzeug finden Bau- und Experimentierk\u00e4sten zu unterschiedlichen Themen ein Platz. So k\u00f6nnen mit dem neuen MINT-Mobil flexibel im ganzen Landkreis Angebote stattfinden, beispielsweise bei Projekttagen, im Ferienprogramm oder anderen Veranstaltungen. Das Angebot k\u00f6nnen Kommunen, Vereine und andere Initiativen kostenlos wahrnehmen. Interessenten k\u00f6nnen sich dazu jederzeit an das MINT-Management unter <a href=\"mailto:Rebecca.Zinkl@lernreg.de\">Rebecca.Zinkl@lernreg.de<\/a> oder der Nummer 09431 471-601 wenden.<\/p>\n<p>Dar\u00fcber hinaus ist das Fahrzeug auch eine mobile Werbefl\u00e4che f\u00fcr das Thema MINT. Der aufgedruckte QR-Code f\u00fchrt zur Homepage der Lernenden Region. Das Fahrzeug ist Teil einer breiten mehrteiligen Kampagne, durch welche die Perspektiven rund um Naturwissenschaft und Technik im Landkreis sichtbar werden sollen.<\/p>\n<p>Das Projekt \u201eImagekampagne \u2013 Fachkr\u00e4ftesicherung im MINT-Bereich\u201c wurde gef\u00f6rdert vom Bayerischen Staatsministerium f\u00fcr Wirtschaft, Landesentwicklung und Energie. Neben der Bedruckung des Fahrzeugs entstanden ein Imagefilm, \u00a0Instagrambeitr\u00e4ge junger MINT-affiner Menschen aus dem Landkreis und einiges mehr.<\/p>\n<\/div>\n<p>Bildquelle: Stephanie Dotzler, Landratsamt Schwandorf<\/p>\n<div id=\"c1290\" class=\"csc-default\"><\/div>\n<div id=\"c1290\" class=\"csc-default\"><\/div>\n<div id=\"c1290\" class=\"csc-default\"><\/div>\n<div id=\"c1288\" class=\"csc-default\">\n<h2><\/h2>\n<\/div>\n<\/div>\n<div id=\"c1290\" class=\"csc-default\"><\/div>\n<div id=\"c1290\" class=\"csc-default\"><\/div>\n<div id=\"c1288\" class=\"csc-default\">\n<h2><\/h2>\n<\/div>\n<\/div><\/section><\/div>\n\n<style type=\"text\/css\" data-created_by=\"avia_inline_auto\" id=\"style-css-av-av_one_half-c8fc129dc35fd1ae2a1e410224d39ea8\">\n.flex_column.av-av_one_half-c8fc129dc35fd1ae2a1e410224d39ea8{\n-webkit-border-radius:0px 0px 0px 0px;\n-moz-border-radius:0px 0px 0px 0px;\nborder-radius:0px 0px 0px 0px;\npadding:0px 0px 0px 0px;\n}\n<\/style>\n<div class='flex_column av-av_one_half-c8fc129dc35fd1ae2a1e410224d39ea8 av_one_half  avia-builder-el-10  el_after_av_one_half  el_before_av_hr  flex_column_div av-zero-column-padding '     ><style type=\"text\/css\" data-created_by=\"avia_inline_auto\" id=\"style-css-av-av_image-1a6ed3b65d3736982a241b735eb671c8\">\n.avia-image-container.av-av_image-1a6ed3b65d3736982a241b735eb671c8 img.avia_image{\nbox-shadow:none;\n}\n.avia-image-container.av-av_image-1a6ed3b65d3736982a241b735eb671c8 .av-image-caption-overlay-center{\ncolor:#ffffff;\n}\n<\/style>\n<div  class='avia-image-container av-av_image-1a6ed3b65d3736982a241b735eb671c8 av-styling- avia-align-center  avia-builder-el-11  avia-builder-el-no-sibling '   itemprop=\"image\" itemscope=\"itemscope\" itemtype=\"https:\/\/schema.org\/ImageObject\" ><div class=\"avia-image-container-inner\"><div class=\"avia-image-overlay-wrap\"><a href=\"https:\/\/tuerchen.com\/mintadvent\" class='avia_image' target=\"_blank\" rel=\"noopener noreferrer\"><img decoding=\"async\" class='wp-image-5370 avia-img-lazy-loading-not-5370 avia_image ' src=\"https:\/\/www.lernreg.de\/wp-content\/uploads\/2023\/02\/IMG_6823-300x200.jpg\" alt='' title='_IMG_6823'  height=\"200\" width=\"300\"  itemprop=\"thumbnailUrl\" srcset=\"https:\/\/www.lernreg.de\/wp-content\/uploads\/2023\/02\/IMG_6823-300x200.jpg 300w, https:\/\/www.lernreg.de\/wp-content\/uploads\/2023\/02\/IMG_6823-1030x687.jpg 1030w, https:\/\/www.lernreg.de\/wp-content\/uploads\/2023\/02\/IMG_6823-768x512.jpg 768w, https:\/\/www.lernreg.de\/wp-content\/uploads\/2023\/02\/IMG_6823-1536x1024.jpg 1536w, https:\/\/www.lernreg.de\/wp-content\/uploads\/2023\/02\/IMG_6823-2048x1365.jpg 2048w, https:\/\/www.lernreg.de\/wp-content\/uploads\/2023\/02\/IMG_6823-1500x1000.jpg 1500w, https:\/\/www.lernreg.de\/wp-content\/uploads\/2023\/02\/IMG_6823-705x470.jpg 705w, https:\/\/www.lernreg.de\/wp-content\/uploads\/2023\/02\/IMG_6823-450x300.jpg 450w\" sizes=\"(max-width: 300px) 100vw, 300px\" \/><\/a><\/div><\/div><\/div><\/div>\n\n<style type=\"text\/css\" data-created_by=\"avia_inline_auto\" id=\"style-css-av-av_hr-4474f20d2389e2e5ecf918a02da5132e\">\n#top .hr.hr-invisible.av-av_hr-4474f20d2389e2e5ecf918a02da5132e{\nheight:50px;\n}\n<\/style>\n<div  class='hr av-av_hr-4474f20d2389e2e5ecf918a02da5132e hr-invisible  avia-builder-el-12  el_after_av_one_half  el_before_av_heading '><span class='hr-inner '><span class=\"hr-inner-style\"><\/span><\/span><\/div>\n\n<style type=\"text\/css\" data-created_by=\"avia_inline_auto\" id=\"style-css-av-av_heading-30821159e0b804a456c4fbf0a2c54651\">\n#top .av-special-heading.av-av_heading-30821159e0b804a456c4fbf0a2c54651{\npadding-bottom:10px;\n}\nbody .av-special-heading.av-av_heading-30821159e0b804a456c4fbf0a2c54651 .av-special-heading-tag .heading-char{\nfont-size:25px;\n}\n.av-special-heading.av-av_heading-30821159e0b804a456c4fbf0a2c54651 .av-subheading{\nfont-size:15px;\n}\n<\/style>\n<div  class='av-special-heading av-av_heading-30821159e0b804a456c4fbf0a2c54651 av-special-heading-h3  avia-builder-el-13  el_after_av_hr  el_before_av_one_half '><h3 class='av-special-heading-tag'  itemprop=\"headline\"  >Forschertag in Burglengenfeld<\/h3><div class=\"special-heading-border\"><div class=\"special-heading-inner-border\"><\/div><\/div><\/div>\n\n<style type=\"text\/css\" data-created_by=\"avia_inline_auto\" id=\"style-css-av-av_one_half-15d750bd1b332b34c6e70b077ebbccdf\">\n.flex_column.av-av_one_half-15d750bd1b332b34c6e70b077ebbccdf{\n-webkit-border-radius:0px 0px 0px 0px;\n-moz-border-radius:0px 0px 0px 0px;\nborder-radius:0px 0px 0px 0px;\npadding:0px 0px 0px 0px;\n}\n<\/style>\n<div class='flex_column av-av_one_half-15d750bd1b332b34c6e70b077ebbccdf av_one_half  avia-builder-el-14  el_after_av_heading  el_before_av_one_half  first flex_column_div av-zero-column-padding '     ><style type=\"text\/css\" data-created_by=\"avia_inline_auto\" id=\"style-css-av-av_image-1e6b2aa5ecacefcd71fbe75877910bdb\">\n.avia-image-container.av-av_image-1e6b2aa5ecacefcd71fbe75877910bdb img.avia_image{\nbox-shadow:none;\n}\n.avia-image-container.av-av_image-1e6b2aa5ecacefcd71fbe75877910bdb .av-image-caption-overlay-center{\ncolor:#ffffff;\n}\n<\/style>\n<div  class='avia-image-container av-av_image-1e6b2aa5ecacefcd71fbe75877910bdb av-styling- avia-align-center  avia-builder-el-15  avia-builder-el-no-sibling '   itemprop=\"image\" itemscope=\"itemscope\" itemtype=\"https:\/\/schema.org\/ImageObject\" ><div class=\"avia-image-container-inner\"><div class=\"avia-image-overlay-wrap\"><a href=\"https:\/\/tuerchen.com\/mintadvent\" class='avia_image' target=\"_blank\" rel=\"noopener noreferrer\"><img decoding=\"async\" class='wp-image-5031 avia-img-lazy-loading-not-5031 avia_image ' src=\"https:\/\/www.lernreg.de\/wp-content\/uploads\/2022\/06\/Forschertag-BUL-Plakat-212x300.png\" alt='' title='Forschertag BUL Plakat'  height=\"300\" width=\"212\"  itemprop=\"thumbnailUrl\" srcset=\"https:\/\/www.lernreg.de\/wp-content\/uploads\/2022\/06\/Forschertag-BUL-Plakat-212x300.png 212w, https:\/\/www.lernreg.de\/wp-content\/uploads\/2022\/06\/Forschertag-BUL-Plakat-728x1030.png 728w, https:\/\/www.lernreg.de\/wp-content\/uploads\/2022\/06\/Forschertag-BUL-Plakat-768x1086.png 768w, https:\/\/www.lernreg.de\/wp-content\/uploads\/2022\/06\/Forschertag-BUL-Plakat-1086x1536.png 1086w, https:\/\/www.lernreg.de\/wp-content\/uploads\/2022\/06\/Forschertag-BUL-Plakat-1448x2048.png 1448w, https:\/\/www.lernreg.de\/wp-content\/uploads\/2022\/06\/Forschertag-BUL-Plakat-1060x1500.png 1060w, https:\/\/www.lernreg.de\/wp-content\/uploads\/2022\/06\/Forschertag-BUL-Plakat-498x705.png 498w, https:\/\/www.lernreg.de\/wp-content\/uploads\/2022\/06\/Forschertag-BUL-Plakat-450x637.png 450w, https:\/\/www.lernreg.de\/wp-content\/uploads\/2022\/06\/Forschertag-BUL-Plakat.png 1587w\" sizes=\"(max-width: 212px) 100vw, 212px\" \/><\/a><\/div><\/div><\/div><\/div>\n\n<style type=\"text\/css\" data-created_by=\"avia_inline_auto\" id=\"style-css-av-av_one_half-c8fc129dc35fd1ae2a1e410224d39ea8\">\n.flex_column.av-av_one_half-c8fc129dc35fd1ae2a1e410224d39ea8{\n-webkit-border-radius:0px 0px 0px 0px;\n-moz-border-radius:0px 0px 0px 0px;\nborder-radius:0px 0px 0px 0px;\npadding:0px 0px 0px 0px;\n}\n<\/style>\n<div class='flex_column av-av_one_half-c8fc129dc35fd1ae2a1e410224d39ea8 av_one_half  avia-builder-el-16  el_after_av_one_half  el_before_av_hr  flex_column_div av-zero-column-padding '     ><section  class='av_textblock_section av-av_textblock-2de302bf1aa3cf4c9157dbe6f50ac7eb'  itemscope=\"itemscope\" itemtype=\"https:\/\/schema.org\/CreativeWork\" ><div class='avia_textblock'  itemprop=\"text\" ><div id=\"c1290\" class=\"csc-default\">\n<p><strong>Komm zum Forschertag nach Burglengenfeld!<\/strong><\/p>\n<p>Am 09.07.2022 findet ein Forschertag in der Stadtbibliothek in Burglengenfeld statt. An drei Stationen k\u00f6nnen Kinder zwischen ca. 6 und 11 Jahren selbst zu Forschenden werden und vor Ort zu verschiedenen Themen experimentieren und ausprobieren. Dazu gibt au\u00dferdem es eine tolle B\u00fccherecke und eine Kreativstation. Die Kinder erhalten eine Sammelkarte, auf der sie an jeder Station erhaltene Aufkleber und Stempel sammeln. Auf alle, die ihre Karte am Ende komplett gef\u00fcllt haben, wartet ein Preis. Das Angebot ist f\u00fcr alle offen, eine Anmeldung ist zur besseren Planung aber erw\u00fcnscht.<\/p>\n<\/div>\n<p>Anmeldung erfolgt bei der B\u00fccherei vor Ort, per Mail unter stadtbibliothek@burglengenfeld.de oder per Telefon unter 09471 605654.<\/p>\n<p>Bei R\u00fcckfragen k\u00f6nnen Sie sich jederzeit an Frau Schwelle von der Stadtbibliothek Burglengenfeld oder an die MINT-Managerin wenden.<\/p>\n<div id=\"c1290\" class=\"csc-default\"><\/div>\n<div id=\"c1290\" class=\"csc-default\"><\/div>\n<div id=\"c1288\" class=\"csc-default\">\n<h2><\/h2>\n<\/div>\n<\/div><\/section><\/div>\n\n<style type=\"text\/css\" data-created_by=\"avia_inline_auto\" id=\"style-css-av-av_hr-4474f20d2389e2e5ecf918a02da5132e\">\n#top .hr.hr-invisible.av-av_hr-4474f20d2389e2e5ecf918a02da5132e{\nheight:50px;\n}\n<\/style>\n<div  class='hr av-av_hr-4474f20d2389e2e5ecf918a02da5132e hr-invisible  avia-builder-el-18  el_after_av_one_half  el_before_av_heading '><span class='hr-inner '><span class=\"hr-inner-style\"><\/span><\/span><\/div>\n\n<style type=\"text\/css\" data-created_by=\"avia_inline_auto\" id=\"style-css-av-av_heading-33fbb89536dbfa743b0e1443dff3f20d\">\n#top .av-special-heading.av-av_heading-33fbb89536dbfa743b0e1443dff3f20d{\npadding-bottom:10px;\n}\nbody .av-special-heading.av-av_heading-33fbb89536dbfa743b0e1443dff3f20d .av-special-heading-tag .heading-char{\nfont-size:25px;\n}\n.av-special-heading.av-av_heading-33fbb89536dbfa743b0e1443dff3f20d .av-subheading{\nfont-size:15px;\n}\n<\/style>\n<div  class='av-special-heading av-av_heading-33fbb89536dbfa743b0e1443dff3f20d av-special-heading-h3  avia-builder-el-19  el_after_av_hr  el_before_av_hr '><h3 class='av-special-heading-tag'  itemprop=\"headline\"  >MINT-Adventskalender 2021<\/h3><div class=\"special-heading-border\"><div class=\"special-heading-inner-border\"><\/div><\/div><\/div>\n\n<style type=\"text\/css\" data-created_by=\"avia_inline_auto\" id=\"style-css-av-av_hr-4474f20d2389e2e5ecf918a02da5132e\">\n#top .hr.hr-invisible.av-av_hr-4474f20d2389e2e5ecf918a02da5132e{\nheight:50px;\n}\n<\/style>\n<div  class='hr av-av_hr-4474f20d2389e2e5ecf918a02da5132e hr-invisible  avia-builder-el-20  el_after_av_heading  el_before_av_one_half '><span class='hr-inner '><span class=\"hr-inner-style\"><\/span><\/span><\/div>\n\n<style type=\"text\/css\" data-created_by=\"avia_inline_auto\" id=\"style-css-av-av_one_half-15d750bd1b332b34c6e70b077ebbccdf\">\n.flex_column.av-av_one_half-15d750bd1b332b34c6e70b077ebbccdf{\n-webkit-border-radius:0px 0px 0px 0px;\n-moz-border-radius:0px 0px 0px 0px;\nborder-radius:0px 0px 0px 0px;\npadding:0px 0px 0px 0px;\n}\n<\/style>\n<div class='flex_column av-av_one_half-15d750bd1b332b34c6e70b077ebbccdf av_one_half  avia-builder-el-21  el_after_av_hr  el_before_av_one_half  first flex_column_div av-zero-column-padding '     ><section  class='av_textblock_section av-av_textblock-2de302bf1aa3cf4c9157dbe6f50ac7eb'  itemscope=\"itemscope\" itemtype=\"https:\/\/schema.org\/CreativeWork\" ><div class='avia_textblock'  itemprop=\"text\" ><div id=\"c1290\" class=\"csc-default\">\n<p><strong>Die Gewinner stehen fest &#8211; Adventskalender wurde sehr gut angenommen<\/strong><\/p>\n<p>2021 ging der MINT-Advent 2021 in die zweite Runde. Auch in diesem Jahr konnten wir durch die Hilfe vieler Partner aus der Region einen abwechslungsreichen Adventskalender rund um Naturwissenschaft und Technik gestalten. Knapp 100 Kinder haben sich beteiligt. Besonders erfreulich: Sogar Teilnehmende bis aus \u00d6sterreich und Baden-W\u00fcrttemberg waren dabei. Nun wurden die Gewinner per Losverfahren ermittelt.<\/p>\n<p>Zu gewinnen gab es drei Hauptpreise, je ein hochwertiger Bauk\u00e4sten aus den Bereichen Physik und Informatik im Wert von je ca. 80 Euro, sowie weitere Pakete rund um MINT im Landkreis. Da eine Preisverleihung in Pr\u00e4senz derzeit nicht m\u00f6glich ist, werden die Preise postalisch zugestellt.<\/p>\n<p>Wir bedanken uns bei allen Partnern und Teilnehmern, die sich am Projekt beteiligt haben und w\u00fcnschen den Gewinnern viel Spa\u00df!<\/p>\n<p>Foto: Hans Prechtl; Landrat Thomas Ebeling und MINT-Managerin Rebecca Zinkl mit den Hauptpreisen.<\/p>\n<\/div>\n<div id=\"c1290\" class=\"csc-default\"><\/div>\n<div id=\"c1288\" class=\"csc-default\">\n<h2><\/h2>\n<\/div>\n<\/div><\/section><\/div>\n\n<style type=\"text\/css\" data-created_by=\"avia_inline_auto\" id=\"style-css-av-av_one_half-c8fc129dc35fd1ae2a1e410224d39ea8\">\n.flex_column.av-av_one_half-c8fc129dc35fd1ae2a1e410224d39ea8{\n-webkit-border-radius:0px 0px 0px 0px;\n-moz-border-radius:0px 0px 0px 0px;\nborder-radius:0px 0px 0px 0px;\npadding:0px 0px 0px 0px;\n}\n<\/style>\n<div class='flex_column av-av_one_half-c8fc129dc35fd1ae2a1e410224d39ea8 av_one_half  avia-builder-el-23  el_after_av_one_half  el_before_av_hr  flex_column_div av-zero-column-padding '     ><style type=\"text\/css\" data-created_by=\"avia_inline_auto\" id=\"style-css-av-av_image-024a9dee8fa1e4af4f6ec55507b5e6f7\">\n.avia-image-container.av-av_image-024a9dee8fa1e4af4f6ec55507b5e6f7 img.avia_image{\nbox-shadow:none;\n}\n.avia-image-container.av-av_image-024a9dee8fa1e4af4f6ec55507b5e6f7 .av-image-caption-overlay-center{\ncolor:#ffffff;\n}\n<\/style>\n<div  class='avia-image-container av-av_image-024a9dee8fa1e4af4f6ec55507b5e6f7 av-styling- avia-align-center  avia-builder-el-24  avia-builder-el-no-sibling '   itemprop=\"image\" itemscope=\"itemscope\" itemtype=\"https:\/\/schema.org\/ImageObject\" ><div class=\"avia-image-container-inner\"><div class=\"avia-image-overlay-wrap\"><a href=\"https:\/\/tuerchen.com\/mintadvent\" class='avia_image' target=\"_blank\" rel=\"noopener noreferrer\"><img decoding=\"async\" class='wp-image-4845 avia-img-lazy-loading-not-4845 avia_image ' src=\"https:\/\/www.lernreg.de\/wp-content\/uploads\/2022\/02\/Foto-PM-300x200.jpg\" alt='' title='Foto PM'  height=\"200\" width=\"300\"  itemprop=\"thumbnailUrl\" srcset=\"https:\/\/www.lernreg.de\/wp-content\/uploads\/2022\/02\/Foto-PM-300x200.jpg 300w, https:\/\/www.lernreg.de\/wp-content\/uploads\/2022\/02\/Foto-PM-1030x687.jpg 1030w, https:\/\/www.lernreg.de\/wp-content\/uploads\/2022\/02\/Foto-PM-768x512.jpg 768w, https:\/\/www.lernreg.de\/wp-content\/uploads\/2022\/02\/Foto-PM-1536x1024.jpg 1536w, https:\/\/www.lernreg.de\/wp-content\/uploads\/2022\/02\/Foto-PM-2048x1365.jpg 2048w, https:\/\/www.lernreg.de\/wp-content\/uploads\/2022\/02\/Foto-PM-1500x1000.jpg 1500w, https:\/\/www.lernreg.de\/wp-content\/uploads\/2022\/02\/Foto-PM-705x470.jpg 705w, https:\/\/www.lernreg.de\/wp-content\/uploads\/2022\/02\/Foto-PM-450x300.jpg 450w\" sizes=\"(max-width: 300px) 100vw, 300px\" \/><\/a><\/div><\/div><\/div><\/div>\n\n<style type=\"text\/css\" data-created_by=\"avia_inline_auto\" id=\"style-css-av-av_hr-4474f20d2389e2e5ecf918a02da5132e\">\n#top .hr.hr-invisible.av-av_hr-4474f20d2389e2e5ecf918a02da5132e{\nheight:50px;\n}\n<\/style>\n<div  class='hr av-av_hr-4474f20d2389e2e5ecf918a02da5132e hr-invisible  avia-builder-el-25  el_after_av_one_half  el_before_av_one_full '><span class='hr-inner '><span class=\"hr-inner-style\"><\/span><\/span><\/div>\n\n<style type=\"text\/css\" data-created_by=\"avia_inline_auto\" id=\"style-css-av-av_one_full-15d750bd1b332b34c6e70b077ebbccdf\">\n.flex_column.av-av_one_full-15d750bd1b332b34c6e70b077ebbccdf{\n-webkit-border-radius:0px 0px 0px 0px;\n-moz-border-radius:0px 0px 0px 0px;\nborder-radius:0px 0px 0px 0px;\npadding:0px 0px 0px 0px;\n}\n<\/style>\n<div class='flex_column av-av_one_full-15d750bd1b332b34c6e70b077ebbccdf av_one_full  avia-builder-el-26  el_after_av_hr  el_before_av_hr  first flex_column_div av-zero-column-padding '     ><section  class='av_textblock_section av-av_textblock-2de302bf1aa3cf4c9157dbe6f50ac7eb'  itemscope=\"itemscope\" itemtype=\"https:\/\/schema.org\/CreativeWork\" ><div class='avia_textblock'  itemprop=\"text\" ><h3>Partner im Projekt MINT-Advent 2021<\/h3>\n<p>Wir m\u00f6chten uns herzlich bei den teilnehmenden Partnern aus Wirtschaft und Gesellschaft f\u00fcr die \u00dcbernahme einer T\u00fcrchenpatenschaft bedanken. Auf diese Weise konnten wir auch in diesem Jahr einen vielf\u00e4ltigen und spannenden Adventskalender anbieten. Ein gro\u00dfer Dank geht an<\/p>\n<p>Agentur f\u00fcr Arbeit, Schwandorf<\/p>\n<p>BayernLab, Nabburg<\/p>\n<p>Berufsbildungszentrum (BBZ), Schwandorf<\/p>\n<p>Deutsche Systemhaus GmbH, Schwandorf<\/p>\n<p>Freilandmuseum Oberpfalz, Neusath bei Nabburg<\/p>\n<p>Nabaltec AG, Schwandorf<\/p>\n<p>NABU Oberfl\u00e4chentechnik GmbH, Stulln<\/p>\n<p>Quadrus Metalltechnik GmbH, Schmidgaden<\/p>\n<p>Weinisch GmbH und Co. KG, Oberviechtach<\/p>\n<\/div><\/section><\/div>\n<div  class='hr av-av_hr-0ff602b3e980a3377077ff3c1c834df6 hr-default  avia-builder-el-28  el_after_av_one_full  el_before_av_one_half '><span class='hr-inner '><span class=\"hr-inner-style\"><\/span><\/span><\/div>\n\n<style type=\"text\/css\" data-created_by=\"avia_inline_auto\" id=\"style-css-av-av_one_half-15d750bd1b332b34c6e70b077ebbccdf\">\n.flex_column.av-av_one_half-15d750bd1b332b34c6e70b077ebbccdf{\n-webkit-border-radius:0px 0px 0px 0px;\n-moz-border-radius:0px 0px 0px 0px;\nborder-radius:0px 0px 0px 0px;\npadding:0px 0px 0px 0px;\n}\n<\/style>\n<div class='flex_column av-av_one_half-15d750bd1b332b34c6e70b077ebbccdf av_one_half  avia-builder-el-29  el_after_av_hr  el_before_av_one_half  first flex_column_div av-zero-column-padding '     ><section  class='av_textblock_section av-av_textblock-2de302bf1aa3cf4c9157dbe6f50ac7eb'  itemscope=\"itemscope\" itemtype=\"https:\/\/schema.org\/CreativeWork\" ><div class='avia_textblock'  itemprop=\"text\" ><div id=\"c1290\" class=\"csc-default\">\n<p>Themenmonat MINT und Lesen<\/p>\n<p>Im November fand der landkreisweite Themenmonat &#8222;Lesen, Forschen, Verstehen&#8220; in Kooperation mit Bibliotheken aus dem Landkreis Schwandorf statt. Auch wenn pandemiebedingt viele Veranstaltungen entfallen mussten, sind viele spannende Projekte und Ideen entstanden. Einige Projekte konnten auch durchgef\u00fchrt werden. So fanden beispielsweise Projekttage zum Hebelwirkung und Kraft statt. Dabei konnten die Kinder selbst ausprobieren und hautnah erleben, wie Kr\u00e4fte wirken. Dabei konnten die Kinder direkt unter Beweis stellen, wie stark sie sind.<\/p>\n<p>Soweit m\u00f6glich sollen entfallene Veranstaltungen im Fr\u00fchjahr nachgeholt werden. Neben den Projekten gab es auch Informationen und Tipps rund ums Lesen, Forschen und Verstehen. Alle Informationen und Berichte gibt es auch hier.<\/p>\n<p>Die MINT-Region dankt allen, die sich Beteiligt haben, und freut sich auf eine neue Auflage im Fr\u00fchjahr 2022!<\/p>\n<\/div>\n<div id=\"c1288\" class=\"csc-default\">\n<h2><\/h2>\n<\/div>\n<\/div><\/section><\/div>\n\n<style type=\"text\/css\" data-created_by=\"avia_inline_auto\" id=\"style-css-av-av_one_half-c8fc129dc35fd1ae2a1e410224d39ea8\">\n.flex_column.av-av_one_half-c8fc129dc35fd1ae2a1e410224d39ea8{\n-webkit-border-radius:0px 0px 0px 0px;\n-moz-border-radius:0px 0px 0px 0px;\nborder-radius:0px 0px 0px 0px;\npadding:0px 0px 0px 0px;\n}\n<\/style>\n<div class='flex_column av-av_one_half-c8fc129dc35fd1ae2a1e410224d39ea8 av_one_half  avia-builder-el-31  el_after_av_one_half  el_before_av_hr  flex_column_div av-zero-column-padding '     ><style type=\"text\/css\" data-created_by=\"avia_inline_auto\" id=\"style-css-av-av_image-9df3b36cb09fe4884e1883114a4d42c9\">\n.avia-image-container.av-av_image-9df3b36cb09fe4884e1883114a4d42c9 img.avia_image{\nbox-shadow:none;\n}\n.avia-image-container.av-av_image-9df3b36cb09fe4884e1883114a4d42c9 .av-image-caption-overlay-center{\ncolor:#ffffff;\n}\n<\/style>\n<div  class='avia-image-container av-av_image-9df3b36cb09fe4884e1883114a4d42c9 av-styling- avia-align-center  avia-builder-el-32  avia-builder-el-no-sibling '   itemprop=\"image\" itemscope=\"itemscope\" itemtype=\"https:\/\/schema.org\/ImageObject\" ><div class=\"avia-image-container-inner\"><div class=\"avia-image-overlay-wrap\"><img decoding=\"async\" class='wp-image-3524 avia-img-lazy-loading-not-3524 avia_image ' src=\"https:\/\/www.lernreg.de\/wp-content\/uploads\/2021\/09\/book-1283865-300x199.jpg\" alt='' title='book-1283865'  height=\"199\" width=\"300\"  itemprop=\"thumbnailUrl\" srcset=\"https:\/\/www.lernreg.de\/wp-content\/uploads\/2021\/09\/book-1283865-300x199.jpg 300w, https:\/\/www.lernreg.de\/wp-content\/uploads\/2021\/09\/book-1283865-1030x685.jpg 1030w, https:\/\/www.lernreg.de\/wp-content\/uploads\/2021\/09\/book-1283865-768x511.jpg 768w, https:\/\/www.lernreg.de\/wp-content\/uploads\/2021\/09\/book-1283865-1536x1021.jpg 1536w, https:\/\/www.lernreg.de\/wp-content\/uploads\/2021\/09\/book-1283865-2048x1362.jpg 2048w, https:\/\/www.lernreg.de\/wp-content\/uploads\/2021\/09\/book-1283865-1500x997.jpg 1500w, https:\/\/www.lernreg.de\/wp-content\/uploads\/2021\/09\/book-1283865-705x469.jpg 705w, https:\/\/www.lernreg.de\/wp-content\/uploads\/2021\/09\/book-1283865-450x299.jpg 450w\" sizes=\"(max-width: 300px) 100vw, 300px\" \/><\/div><\/div><\/div><\/div>\n<div  class='hr av-av_hr-0ff602b3e980a3377077ff3c1c834df6 hr-default  avia-builder-el-33  el_after_av_one_half  el_before_av_heading '><span class='hr-inner '><span class=\"hr-inner-style\"><\/span><\/span><\/div>\n\n<style type=\"text\/css\" data-created_by=\"avia_inline_auto\" id=\"style-css-av-av_heading-df4aa114af32c116c237789e35383605\">\n#top .av-special-heading.av-av_heading-df4aa114af32c116c237789e35383605{\npadding-bottom:10px;\n}\nbody .av-special-heading.av-av_heading-df4aa114af32c116c237789e35383605 .av-special-heading-tag .heading-char{\nfont-size:25px;\n}\n.av-special-heading.av-av_heading-df4aa114af32c116c237789e35383605 .av-subheading{\nfont-size:15px;\n}\n<\/style>\n<div  class='av-special-heading av-av_heading-df4aa114af32c116c237789e35383605 av-special-heading-h3  avia-builder-el-34  el_after_av_hr  el_before_av_three_fifth '><h3 class='av-special-heading-tag'  itemprop=\"headline\"  >MINTbyBike<\/h3><div class=\"special-heading-border\"><div class=\"special-heading-inner-border\"><\/div><\/div><\/div>\n\n<style type=\"text\/css\" data-created_by=\"avia_inline_auto\" id=\"style-css-av-av_three_fifth-15d750bd1b332b34c6e70b077ebbccdf\">\n.flex_column.av-av_three_fifth-15d750bd1b332b34c6e70b077ebbccdf{\n-webkit-border-radius:0px 0px 0px 0px;\n-moz-border-radius:0px 0px 0px 0px;\nborder-radius:0px 0px 0px 0px;\npadding:0px 0px 0px 0px;\n}\n<\/style>\n<div class='flex_column av-av_three_fifth-15d750bd1b332b34c6e70b077ebbccdf av_three_fifth  avia-builder-el-35  el_after_av_heading  el_before_av_two_fifth  first flex_column_div av-zero-column-padding '     ><section  class='av_textblock_section av-av_textblock-2de302bf1aa3cf4c9157dbe6f50ac7eb'  itemscope=\"itemscope\" itemtype=\"https:\/\/schema.org\/CreativeWork\" ><div class='avia_textblock'  itemprop=\"text\" ><div id=\"c1542\" class=\"csc-default\">\n<p>Spa\u00df, Bewegung und Neues lernen \u2013 Das ist das Konzept von \u201eMINTbyBike\u201c. Auf der Fahrradroute von Schwandorf \u00fcber Teublitz nach Burglengenfeld gilt es, spannende Aufgaben rund um Naturwissenschaft und Technik zu l\u00f6sen. Die Aufgaben eignen sich vor allem f\u00fcr Kinder zwischen 10 und 14 Jahren. Die Route hat etwa 25 Kilometer und f\u00fchrt \u00fcber vorwiegend flaches Gel\u00e4nde.<\/p>\n<p>Alle Teilnehmer werden dazu aufgefordert, sich an die Verkehrsregeln zu halten und aufmerksam zu bleiben. Kinder sollten vor der Teilnahme mit ihren Eltern sprechen und gemeinsam entscheiden, ob sie f\u00fcr die Radtour geeignet sind. Bitte beachten Sie auch die derzeit geltenden Abstands- und Hygieneregeln.<\/p>\n<p>Route:<\/p>\n<p>Tourismusb\u00fcro Schwandorf \u2013 Stadtpark Schwandorf \u2013 Kleeblattwerkst\u00e4tte Schwandorf \u2013 Hallenbad Dachelhofen \u2013 Klausensee \u2013 Spielplatz Klardorf \u2013 Tausendpfundsee Teublitz \u2013 Wild- und Freizeitparkt H\u00f6llohe \u2013 Eislaufplatz Burglengenfeld \u2013 Marktplatz Burglengenfeld<\/p>\n<p>Falls man nicht mehr die ganze Strecke zur\u00fcck radeln m\u00f6chte, besteht die M\u00f6glichkeit, mit dem Zug ab Maxh\u00fctte-Haidhof nach Schwandorf zur\u00fcckzufahren. Mehr Infos zu Tickets und Fahrpl\u00e4nen gibt es auf der Seite der\u00a0<a class=\"external-link-new-window\" title=\"Opens external link in new window\" href=\"http:\/\/www.bahn.de\/\" target=\"_blank\" rel=\"noopener\">Deutschen Bahn<\/a>.<\/p>\n<\/div>\n<div id=\"c1540\" class=\"csc-default\">\n<h2>SO FUNKTIONIERT\u2019S:<\/h2>\n<p>1. App \u201eActionbound\u201c kostenlos herunterladen.<\/p>\n<p>2. QR Code mit der App scannen.<\/p>\n<p>3. Strecke herunterladen, damit du auch in Funkl\u00f6chern alle Infos hast. (Vor dem Tourismusb\u00fcro Schwandorf gibt es offenes WLAN).<\/p>\n<p>4. Auf die Verkehrsregeln achten und los geht\u2019s.<\/p>\n<p>Falls du den QR-Code gerade nicht zur Hand hast, kannst du den Bound auch suchen. Gib dazu im Suchfeld der App Actionbound \u201eMINTbyBike\u201c ein.<\/p>\n<\/div>\n<\/div><\/section><\/div>\n\n<style type=\"text\/css\" data-created_by=\"avia_inline_auto\" id=\"style-css-av-av_two_fifth-c8fc129dc35fd1ae2a1e410224d39ea8\">\n.flex_column.av-av_two_fifth-c8fc129dc35fd1ae2a1e410224d39ea8{\n-webkit-border-radius:0px 0px 0px 0px;\n-moz-border-radius:0px 0px 0px 0px;\nborder-radius:0px 0px 0px 0px;\npadding:0px 0px 0px 0px;\n}\n<\/style>\n<div class='flex_column av-av_two_fifth-c8fc129dc35fd1ae2a1e410224d39ea8 av_two_fifth  avia-builder-el-37  el_after_av_three_fifth  el_before_av_hr  flex_column_div av-zero-column-padding '     ><style type=\"text\/css\" data-created_by=\"avia_inline_auto\" id=\"style-css-av-av_image-f690fac81a0404ef5129924bcf6ef5f4\">\n.avia-image-container.av-av_image-f690fac81a0404ef5129924bcf6ef5f4 img.avia_image{\nbox-shadow:none;\n}\n.avia-image-container.av-av_image-f690fac81a0404ef5129924bcf6ef5f4 .av-image-caption-overlay-center{\ncolor:#ffffff;\n}\n<\/style>\n<div  class='avia-image-container av-av_image-f690fac81a0404ef5129924bcf6ef5f4 av-styling- avia-align-center  avia-builder-el-38  avia-builder-el-no-sibling '   itemprop=\"image\" itemscope=\"itemscope\" itemtype=\"https:\/\/schema.org\/ImageObject\" ><div class=\"avia-image-container-inner\"><div class=\"avia-image-overlay-wrap\"><img decoding=\"async\" class='wp-image-3581 avia-img-lazy-loading-not-3581 avia_image ' src=\"https:\/\/www.lernreg.de\/wp-content\/uploads\/2021\/09\/cycling-1938927_1920-300x207.jpg\" alt='' title='cycling-1938927_1920'  height=\"207\" width=\"300\"  itemprop=\"thumbnailUrl\" srcset=\"https:\/\/www.lernreg.de\/wp-content\/uploads\/2021\/09\/cycling-1938927_1920-300x207.jpg 300w, https:\/\/www.lernreg.de\/wp-content\/uploads\/2021\/09\/cycling-1938927_1920-1030x711.jpg 1030w, https:\/\/www.lernreg.de\/wp-content\/uploads\/2021\/09\/cycling-1938927_1920-768x530.jpg 768w, https:\/\/www.lernreg.de\/wp-content\/uploads\/2021\/09\/cycling-1938927_1920-1536x1060.jpg 1536w, https:\/\/www.lernreg.de\/wp-content\/uploads\/2021\/09\/cycling-1938927_1920-1500x1035.jpg 1500w, https:\/\/www.lernreg.de\/wp-content\/uploads\/2021\/09\/cycling-1938927_1920-705x487.jpg 705w, https:\/\/www.lernreg.de\/wp-content\/uploads\/2021\/09\/cycling-1938927_1920-450x311.jpg 450w, https:\/\/www.lernreg.de\/wp-content\/uploads\/2021\/09\/cycling-1938927_1920.jpg 1920w\" sizes=\"(max-width: 300px) 100vw, 300px\" \/><\/div><\/div><\/div><\/div>\n\n<style type=\"text\/css\" data-created_by=\"avia_inline_auto\" id=\"style-css-av-av_hr-4474f20d2389e2e5ecf918a02da5132e\">\n#top .hr.hr-invisible.av-av_hr-4474f20d2389e2e5ecf918a02da5132e{\nheight:50px;\n}\n<\/style>\n<div  class='hr av-av_hr-4474f20d2389e2e5ecf918a02da5132e hr-invisible  avia-builder-el-39  el_after_av_two_fifth  el_before_av_heading '><span class='hr-inner '><span class=\"hr-inner-style\"><\/span><\/span><\/div>\n\n<style type=\"text\/css\" data-created_by=\"avia_inline_auto\" id=\"style-css-av-av_heading-3b03c27b26d2b68519403687a86a7f63\">\n#top .av-special-heading.av-av_heading-3b03c27b26d2b68519403687a86a7f63{\npadding-bottom:10px;\n}\nbody .av-special-heading.av-av_heading-3b03c27b26d2b68519403687a86a7f63 .av-special-heading-tag .heading-char{\nfont-size:25px;\n}\n.av-special-heading.av-av_heading-3b03c27b26d2b68519403687a86a7f63 .av-subheading{\nfont-size:15px;\n}\n<\/style>\n<div  class='av-special-heading av-av_heading-3b03c27b26d2b68519403687a86a7f63 av-special-heading-h3  avia-builder-el-40  el_after_av_hr  el_before_av_one_full '><h3 class='av-special-heading-tag'  itemprop=\"headline\"  >Fahrrad-Reparaturworkshops<\/h3><div class=\"special-heading-border\"><div class=\"special-heading-inner-border\"><\/div><\/div><\/div>\n\n<style type=\"text\/css\" data-created_by=\"avia_inline_auto\" id=\"style-css-av-av_one_full-15d750bd1b332b34c6e70b077ebbccdf\">\n.flex_column.av-av_one_full-15d750bd1b332b34c6e70b077ebbccdf{\n-webkit-border-radius:0px 0px 0px 0px;\n-moz-border-radius:0px 0px 0px 0px;\nborder-radius:0px 0px 0px 0px;\npadding:0px 0px 0px 0px;\n}\n<\/style>\n<div class='flex_column av-av_one_full-15d750bd1b332b34c6e70b077ebbccdf av_one_full  avia-builder-el-41  el_after_av_heading  el_before_av_hr  first flex_column_div av-zero-column-padding '     ><p><section  class='av_textblock_section av-av_textblock-2de302bf1aa3cf4c9157dbe6f50ac7eb'  itemscope=\"itemscope\" itemtype=\"https:\/\/schema.org\/CreativeWork\" ><div class='avia_textblock'  itemprop=\"text\" ><p>Bei einem Gemeinschaftsprojekt zusammen mit der Naabwerkst\u00e4tten GmbH, dem Jugendtreff Schwandorf und dem Jugendbeirat Schwandorf hatten Kinder und Jugendliche die M\u00f6glichkeit, die Technik rund ums Fahrrad kennen zu lernen und selbst mit Hand anzulegen. Erfahrene Mechaniker der Naabwerkst\u00e4tten erkl\u00e4rten, beantworteten Fragen und zeigten, was alles in einem Fahrrad steckt. Au\u00dferdem bekamen die Kids dort die M\u00f6glichkeit, selbst auszuprobieren und anzupacken. Dar\u00fcber hinaus stellten sich die Naabwerkst\u00e4tten vor und zeigen, was dort so alles angeboten wird.<\/p>\n<p>Die Kinder und Jugendlichen waren begeistert vom Angebot und hatten viel Spa\u00df. Auch die Kooperationspartner zeigten sich sehr zufrieden.<\/p>\n<\/div><\/section><br \/>\n\n<style type=\"text\/css\" data-created_by=\"avia_inline_auto\" id=\"style-css-av-av_gallery-1d1086d1ed61e90c8df052c9d281e480\">\n#top .avia-gallery.av-av_gallery-1d1086d1ed61e90c8df052c9d281e480 .avia-gallery-thumb a{\nwidth:20%;\n}\n<\/style>\n<div  class='avia-gallery av-av_gallery-1d1086d1ed61e90c8df052c9d281e480 avia_animate_when_visible  avia-builder-el-43  el_after_av_textblock  avia-builder-el-last  avia_lazyload avia-gallery-animate avia-gallery-1'  itemprop=\"image\" itemscope=\"itemscope\" itemtype=\"https:\/\/schema.org\/ImageObject\" ><meta itemprop=\"contentURL\" content=\"https:\/\/www.lernreg.de\/index.php\/mint-projekte\/\"><div class='avia-gallery-thumb'><a href=\"https:\/\/www.lernreg.de\/wp-content\/uploads\/2021\/11\/IMG_20210908_102453-1030x773.jpg\" data-srcset=\"https:\/\/www.lernreg.de\/wp-content\/uploads\/2021\/11\/IMG_20210908_102453-1030x773.jpg 1030w, https:\/\/www.lernreg.de\/wp-content\/uploads\/2021\/11\/IMG_20210908_102453-300x225.jpg 300w, https:\/\/www.lernreg.de\/wp-content\/uploads\/2021\/11\/IMG_20210908_102453-768x576.jpg 768w, https:\/\/www.lernreg.de\/wp-content\/uploads\/2021\/11\/IMG_20210908_102453-1536x1152.jpg 1536w, https:\/\/www.lernreg.de\/wp-content\/uploads\/2021\/11\/IMG_20210908_102453-1500x1125.jpg 1500w, https:\/\/www.lernreg.de\/wp-content\/uploads\/2021\/11\/IMG_20210908_102453-705x529.jpg 705w, https:\/\/www.lernreg.de\/wp-content\/uploads\/2021\/11\/IMG_20210908_102453-450x338.jpg 450w, https:\/\/www.lernreg.de\/wp-content\/uploads\/2021\/11\/IMG_20210908_102453.jpg 2000w\" data-sizes=\"(max-width: 1030px) 100vw, 1030px\" data-rel='gallery-1' data-prev-img='https:\/\/www.lernreg.de\/wp-content\/uploads\/2021\/11\/IMG_20210908_102453-495x400.jpg' class='first_thumb lightbox ' data-onclick='1' title='IMG_20210908_102453'  itemprop=\"thumbnailUrl\"  ><img decoding=\"async\" class=\"wp-image-4389 avia-img-lazy-loading-not-4389\"   src=\"https:\/\/www.lernreg.de\/wp-content\/uploads\/2021\/11\/IMG_20210908_102453-495x400.jpg\" width=\"495\" height=\"400\"  title='IMG_20210908_102453' alt='' srcset=\"https:\/\/www.lernreg.de\/wp-content\/uploads\/2021\/11\/IMG_20210908_102453-495x400.jpg 495w, https:\/\/www.lernreg.de\/wp-content\/uploads\/2021\/11\/IMG_20210908_102453-845x684.jpg 845w\" sizes=\"(max-width: 495px) 100vw, 495px\" \/><div class='big-prev-fake'><img loading=\"lazy\" decoding=\"async\" class=\"wp-image-4389 avia-img-lazy-loading-4389\"  width=\"495\" height=\"400\" src=\"https:\/\/www.lernreg.de\/wp-content\/uploads\/2021\/11\/IMG_20210908_102453-495x400.jpg\" title='IMG_20210908_102453' alt='' srcset=\"https:\/\/www.lernreg.de\/wp-content\/uploads\/2021\/11\/IMG_20210908_102453-495x400.jpg 495w, https:\/\/www.lernreg.de\/wp-content\/uploads\/2021\/11\/IMG_20210908_102453-845x684.jpg 845w\" sizes=\"auto, (max-width: 495px) 100vw, 495px\" \/><\/div><\/a><a href=\"https:\/\/www.lernreg.de\/wp-content\/uploads\/2021\/11\/IMG_20210908_103017-1030x773.jpg\" data-srcset=\"https:\/\/www.lernreg.de\/wp-content\/uploads\/2021\/11\/IMG_20210908_103017-1030x773.jpg 1030w, https:\/\/www.lernreg.de\/wp-content\/uploads\/2021\/11\/IMG_20210908_103017-300x225.jpg 300w, https:\/\/www.lernreg.de\/wp-content\/uploads\/2021\/11\/IMG_20210908_103017-768x576.jpg 768w, https:\/\/www.lernreg.de\/wp-content\/uploads\/2021\/11\/IMG_20210908_103017-1536x1152.jpg 1536w, https:\/\/www.lernreg.de\/wp-content\/uploads\/2021\/11\/IMG_20210908_103017-1500x1125.jpg 1500w, https:\/\/www.lernreg.de\/wp-content\/uploads\/2021\/11\/IMG_20210908_103017-705x529.jpg 705w, https:\/\/www.lernreg.de\/wp-content\/uploads\/2021\/11\/IMG_20210908_103017-450x338.jpg 450w, https:\/\/www.lernreg.de\/wp-content\/uploads\/2021\/11\/IMG_20210908_103017.jpg 2000w\" data-sizes=\"(max-width: 1030px) 100vw, 1030px\" data-rel='gallery-1' data-prev-img='https:\/\/www.lernreg.de\/wp-content\/uploads\/2021\/11\/IMG_20210908_103017-495x400.jpg' class='lightbox ' data-onclick='2' title='IMG_20210908_103017'  itemprop=\"thumbnailUrl\"  ><img decoding=\"async\" class=\"wp-image-4390 avia-img-lazy-loading-not-4390\"   src=\"https:\/\/www.lernreg.de\/wp-content\/uploads\/2021\/11\/IMG_20210908_103017-495x400.jpg\" width=\"495\" height=\"400\"  title='IMG_20210908_103017' alt='' srcset=\"https:\/\/www.lernreg.de\/wp-content\/uploads\/2021\/11\/IMG_20210908_103017-495x400.jpg 495w, https:\/\/www.lernreg.de\/wp-content\/uploads\/2021\/11\/IMG_20210908_103017-845x684.jpg 845w\" sizes=\"(max-width: 495px) 100vw, 495px\" \/><div class='big-prev-fake'><img loading=\"lazy\" decoding=\"async\" class=\"wp-image-4390 avia-img-lazy-loading-4390\"  width=\"495\" height=\"400\" src=\"https:\/\/www.lernreg.de\/wp-content\/uploads\/2021\/11\/IMG_20210908_103017-495x400.jpg\" title='IMG_20210908_103017' alt='' srcset=\"https:\/\/www.lernreg.de\/wp-content\/uploads\/2021\/11\/IMG_20210908_103017-495x400.jpg 495w, https:\/\/www.lernreg.de\/wp-content\/uploads\/2021\/11\/IMG_20210908_103017-845x684.jpg 845w\" sizes=\"auto, (max-width: 495px) 100vw, 495px\" \/><\/div><\/a><a href=\"https:\/\/www.lernreg.de\/wp-content\/uploads\/2021\/11\/IMG_20210908_103617-1030x773.jpg\" data-srcset=\"https:\/\/www.lernreg.de\/wp-content\/uploads\/2021\/11\/IMG_20210908_103617-1030x773.jpg 1030w, https:\/\/www.lernreg.de\/wp-content\/uploads\/2021\/11\/IMG_20210908_103617-300x225.jpg 300w, https:\/\/www.lernreg.de\/wp-content\/uploads\/2021\/11\/IMG_20210908_103617-768x576.jpg 768w, https:\/\/www.lernreg.de\/wp-content\/uploads\/2021\/11\/IMG_20210908_103617-1536x1152.jpg 1536w, https:\/\/www.lernreg.de\/wp-content\/uploads\/2021\/11\/IMG_20210908_103617-1500x1125.jpg 1500w, https:\/\/www.lernreg.de\/wp-content\/uploads\/2021\/11\/IMG_20210908_103617-705x529.jpg 705w, https:\/\/www.lernreg.de\/wp-content\/uploads\/2021\/11\/IMG_20210908_103617-450x338.jpg 450w, https:\/\/www.lernreg.de\/wp-content\/uploads\/2021\/11\/IMG_20210908_103617.jpg 2000w\" data-sizes=\"(max-width: 1030px) 100vw, 1030px\" data-rel='gallery-1' data-prev-img='https:\/\/www.lernreg.de\/wp-content\/uploads\/2021\/11\/IMG_20210908_103617-495x400.jpg' class='lightbox ' data-onclick='3' title='IMG_20210908_103617'  itemprop=\"thumbnailUrl\"  ><img decoding=\"async\" class=\"wp-image-4391 avia-img-lazy-loading-not-4391\"   src=\"https:\/\/www.lernreg.de\/wp-content\/uploads\/2021\/11\/IMG_20210908_103617-495x400.jpg\" width=\"495\" height=\"400\"  title='IMG_20210908_103617' alt='' srcset=\"https:\/\/www.lernreg.de\/wp-content\/uploads\/2021\/11\/IMG_20210908_103617-495x400.jpg 495w, https:\/\/www.lernreg.de\/wp-content\/uploads\/2021\/11\/IMG_20210908_103617-845x684.jpg 845w\" sizes=\"(max-width: 495px) 100vw, 495px\" \/><div class='big-prev-fake'><img loading=\"lazy\" decoding=\"async\" class=\"wp-image-4391 avia-img-lazy-loading-4391\"  width=\"495\" height=\"400\" src=\"https:\/\/www.lernreg.de\/wp-content\/uploads\/2021\/11\/IMG_20210908_103617-495x400.jpg\" title='IMG_20210908_103617' alt='' srcset=\"https:\/\/www.lernreg.de\/wp-content\/uploads\/2021\/11\/IMG_20210908_103617-495x400.jpg 495w, https:\/\/www.lernreg.de\/wp-content\/uploads\/2021\/11\/IMG_20210908_103617-845x684.jpg 845w\" sizes=\"auto, (max-width: 495px) 100vw, 495px\" \/><\/div><\/a><\/div><\/div><\/p><\/div>\n<div  class='hr av-av_hr-0ff602b3e980a3377077ff3c1c834df6 hr-default  avia-builder-el-44  el_after_av_one_full  el_before_av_heading '><span class='hr-inner '><span class=\"hr-inner-style\"><\/span><\/span><\/div>\n\n<style type=\"text\/css\" data-created_by=\"avia_inline_auto\" id=\"style-css-av-av_heading-930ab90362ce036cce7c616a45331e09\">\n#top .av-special-heading.av-av_heading-930ab90362ce036cce7c616a45331e09{\npadding-bottom:10px;\n}\nbody .av-special-heading.av-av_heading-930ab90362ce036cce7c616a45331e09 .av-special-heading-tag .heading-char{\nfont-size:25px;\n}\n.av-special-heading.av-av_heading-930ab90362ce036cce7c616a45331e09 .av-subheading{\nfont-size:15px;\n}\n<\/style>\n<div  class='av-special-heading av-av_heading-930ab90362ce036cce7c616a45331e09 av-special-heading-h3  avia-builder-el-45  el_after_av_hr  el_before_av_two_third '><h3 class='av-special-heading-tag'  itemprop=\"headline\"  >Komm M(I)NT durch den Landkreis &#8211; MINT-Rallye<\/h3><div class=\"special-heading-border\"><div class=\"special-heading-inner-border\"><\/div><\/div><\/div>\n\n<style type=\"text\/css\" data-created_by=\"avia_inline_auto\" id=\"style-css-av-av_two_third-15d750bd1b332b34c6e70b077ebbccdf\">\n.flex_column.av-av_two_third-15d750bd1b332b34c6e70b077ebbccdf{\n-webkit-border-radius:0px 0px 0px 0px;\n-moz-border-radius:0px 0px 0px 0px;\nborder-radius:0px 0px 0px 0px;\npadding:0px 0px 0px 0px;\n}\n<\/style>\n<div class='flex_column av-av_two_third-15d750bd1b332b34c6e70b077ebbccdf av_two_third  avia-builder-el-46  el_after_av_heading  el_before_av_one_third  first flex_column_div av-zero-column-padding '     ><section  class='av_textblock_section av-av_textblock-2de302bf1aa3cf4c9157dbe6f50ac7eb'  itemscope=\"itemscope\" itemtype=\"https:\/\/schema.org\/CreativeWork\" ><div class='avia_textblock'  itemprop=\"text\" ><p>MINT-Rallye \u2013 Komm MI(N)T durch den Landkreis!<\/p>\n<p>Du interessierst dich f\u00fcr alles rund um Mathematik, Informatik, Naturwissenschaft und Technik? Du willst den Landkreis von einer ganz neuen Seite kennenlernen? Dann: Komm MI(N)T durch den Landkreis und stelle dein Wissen bei der MINT-Rallye von Kreisjugendring Schwandorf, BayernLab Nabburg und Landkreis Schwandorf unter Beweis. Ob alleine, mit deiner Familie oder Freunden: L\u00f6se spannende R\u00e4tsel, finde Orte und sammle Punkte.<\/p>\n<p><strong>Und so geht\u2019s:<\/strong>\u00a0Lade dir kostenlos aus dem entsprechenden Store die App Actionbound herunter und scanne den QR-Code. Spiele dich von Station zu Station und teste dein MINT-Wissen.<\/p>\n<\/div><\/section><\/div>\n\n<style type=\"text\/css\" data-created_by=\"avia_inline_auto\" id=\"style-css-av-av_one_third-c8fc129dc35fd1ae2a1e410224d39ea8\">\n.flex_column.av-av_one_third-c8fc129dc35fd1ae2a1e410224d39ea8{\n-webkit-border-radius:0px 0px 0px 0px;\n-moz-border-radius:0px 0px 0px 0px;\nborder-radius:0px 0px 0px 0px;\npadding:0px 0px 0px 0px;\n}\n<\/style>\n<div class='flex_column av-av_one_third-c8fc129dc35fd1ae2a1e410224d39ea8 av_one_third  avia-builder-el-48  el_after_av_two_third  el_before_av_one_half  flex_column_div av-zero-column-padding '     ><style type=\"text\/css\" data-created_by=\"avia_inline_auto\" id=\"style-css-av-av_image-959c8f3fc1ab5e27575a425c78cf8d8f\">\n.avia-image-container.av-av_image-959c8f3fc1ab5e27575a425c78cf8d8f img.avia_image{\nbox-shadow:none;\n}\n.avia-image-container.av-av_image-959c8f3fc1ab5e27575a425c78cf8d8f .av-image-caption-overlay-center{\ncolor:#ffffff;\n}\n<\/style>\n<div  class='avia-image-container av-av_image-959c8f3fc1ab5e27575a425c78cf8d8f av-styling- avia-align-center  avia-builder-el-49  avia-builder-el-no-sibling '   itemprop=\"image\" itemscope=\"itemscope\" itemtype=\"https:\/\/schema.org\/ImageObject\" ><div class=\"avia-image-container-inner\"><div class=\"avia-image-overlay-wrap\"><img decoding=\"async\" class='wp-image-4393 avia-img-lazy-loading-not-4393 avia_image ' src=\"https:\/\/www.lernreg.de\/wp-content\/uploads\/2021\/11\/Logo_MINT-300x300.png\" alt='' title='Logo_MINT'  height=\"300\" width=\"300\"  itemprop=\"thumbnailUrl\" srcset=\"https:\/\/www.lernreg.de\/wp-content\/uploads\/2021\/11\/Logo_MINT-300x300.png 300w, https:\/\/www.lernreg.de\/wp-content\/uploads\/2021\/11\/Logo_MINT-1030x1030.png 1030w, https:\/\/www.lernreg.de\/wp-content\/uploads\/2021\/11\/Logo_MINT-80x80.png 80w, https:\/\/www.lernreg.de\/wp-content\/uploads\/2021\/11\/Logo_MINT-768x768.png 768w, https:\/\/www.lernreg.de\/wp-content\/uploads\/2021\/11\/Logo_MINT-36x36.png 36w, https:\/\/www.lernreg.de\/wp-content\/uploads\/2021\/11\/Logo_MINT-180x180.png 180w, https:\/\/www.lernreg.de\/wp-content\/uploads\/2021\/11\/Logo_MINT-705x705.png 705w, https:\/\/www.lernreg.de\/wp-content\/uploads\/2021\/11\/Logo_MINT-120x120.png 120w, https:\/\/www.lernreg.de\/wp-content\/uploads\/2021\/11\/Logo_MINT-450x450.png 450w, https:\/\/www.lernreg.de\/wp-content\/uploads\/2021\/11\/Logo_MINT.png 1080w\" sizes=\"(max-width: 300px) 100vw, 300px\" \/><\/div><\/div><\/div><\/div>\n\n<style type=\"text\/css\" data-created_by=\"avia_inline_auto\" id=\"style-css-av-av_one_half-15d750bd1b332b34c6e70b077ebbccdf\">\n.flex_column.av-av_one_half-15d750bd1b332b34c6e70b077ebbccdf{\n-webkit-border-radius:0px 0px 0px 0px;\n-moz-border-radius:0px 0px 0px 0px;\nborder-radius:0px 0px 0px 0px;\npadding:0px 0px 0px 0px;\n}\n<\/style>\n<div class='flex_column av-av_one_half-15d750bd1b332b34c6e70b077ebbccdf av_one_half  avia-builder-el-50  el_after_av_one_third  el_before_av_one_half  first flex_column_div av-zero-column-padding column-top-margin'     ><style type=\"text\/css\" data-created_by=\"avia_inline_auto\" id=\"style-css-av-av_image-469d54658b5730e940e3931db48d7f55\">\n.avia-image-container.av-av_image-469d54658b5730e940e3931db48d7f55 img.avia_image{\nbox-shadow:none;\n}\n.avia-image-container.av-av_image-469d54658b5730e940e3931db48d7f55 .av-image-caption-overlay-center{\ncolor:#ffffff;\n}\n<\/style>\n<div  class='avia-image-container av-av_image-469d54658b5730e940e3931db48d7f55 av-styling- avia-align-center  avia-builder-el-51  avia-builder-el-no-sibling '   itemprop=\"image\" itemscope=\"itemscope\" itemtype=\"https:\/\/schema.org\/ImageObject\" ><div class=\"avia-image-container-inner\"><div class=\"avia-image-overlay-wrap\"><img decoding=\"async\" class='wp-image-4396 avia-img-lazy-loading-not-4396 avia_image ' src=\"https:\/\/www.lernreg.de\/wp-content\/uploads\/2021\/11\/Plakat_MINT-213x300.png\" alt='' title='Plakat_MINT'  height=\"300\" width=\"213\"  itemprop=\"thumbnailUrl\" srcset=\"https:\/\/www.lernreg.de\/wp-content\/uploads\/2021\/11\/Plakat_MINT-213x300.png 213w, https:\/\/www.lernreg.de\/wp-content\/uploads\/2021\/11\/Plakat_MINT-733x1030.png 733w, https:\/\/www.lernreg.de\/wp-content\/uploads\/2021\/11\/Plakat_MINT-768x1080.png 768w, https:\/\/www.lernreg.de\/wp-content\/uploads\/2021\/11\/Plakat_MINT-1092x1536.png 1092w, https:\/\/www.lernreg.de\/wp-content\/uploads\/2021\/11\/Plakat_MINT-1457x2048.png 1457w, https:\/\/www.lernreg.de\/wp-content\/uploads\/2021\/11\/Plakat_MINT-1067x1500.png 1067w, https:\/\/www.lernreg.de\/wp-content\/uploads\/2021\/11\/Plakat_MINT-501x705.png 501w, https:\/\/www.lernreg.de\/wp-content\/uploads\/2021\/11\/Plakat_MINT-450x633.png 450w\" sizes=\"(max-width: 213px) 100vw, 213px\" \/><\/div><\/div><\/div><\/div>\n\n<style type=\"text\/css\" data-created_by=\"avia_inline_auto\" id=\"style-css-av-av_one_half-c8fc129dc35fd1ae2a1e410224d39ea8\">\n.flex_column.av-av_one_half-c8fc129dc35fd1ae2a1e410224d39ea8{\n-webkit-border-radius:0px 0px 0px 0px;\n-moz-border-radius:0px 0px 0px 0px;\nborder-radius:0px 0px 0px 0px;\npadding:0px 0px 0px 0px;\n}\n<\/style>\n<div class='flex_column av-av_one_half-c8fc129dc35fd1ae2a1e410224d39ea8 av_one_half  avia-builder-el-52  el_after_av_one_half  el_before_av_one_half  flex_column_div av-zero-column-padding column-top-margin'     ><div  class='avia-video av-av_video-0b83525c995e3a07cd73cb1aa3e05db7 avia-video-16-9 av-no-preview-image avia-video-load-always avia-video-html5'  itemprop=\"video\" itemtype=\"https:\/\/schema.org\/VideoObject\"  data-original_url='https:\/\/www.lernreg.de\/Neues%20Verzeichnis\/wordpress\/wp-content\/uploads\/2021\/11\/Film.mp4'><video class='avia_video' poster=\"https:\/\/www.lernreg.de\/Neues%20Verzeichnis\/wordpress\/wp-content\/uploads\/2021\/11\/Film.jpg\"   preload=\"auto\"  controls id='player_4002_1206384090_1868228842'><source src='https:\/\/www.lernreg.de\/Neues%20Verzeichnis\/wordpress\/wp-content\/uploads\/2021\/11\/Film.mp4' type='video\/mp4' \/><\/video><\/div><\/div>\n\n<style type=\"text\/css\" data-created_by=\"avia_inline_auto\" id=\"style-css-av-av_one_half-15d750bd1b332b34c6e70b077ebbccdf\">\n.flex_column.av-av_one_half-15d750bd1b332b34c6e70b077ebbccdf{\n-webkit-border-radius:0px 0px 0px 0px;\n-moz-border-radius:0px 0px 0px 0px;\nborder-radius:0px 0px 0px 0px;\npadding:0px 0px 0px 0px;\n}\n<\/style>\n<div class='flex_column av-av_one_half-15d750bd1b332b34c6e70b077ebbccdf av_one_half  avia-builder-el-54  el_after_av_one_half  avia-builder-el-last  first flex_column_div av-zero-column-padding column-top-margin'     ><\/div>\n","protected":false},"excerpt":{"rendered":"<p>Projekte<\/p>\n","protected":false},"author":1,"featured_media":0,"parent":0,"menu_order":0,"comment_status":"open","ping_status":"open","template":"","meta":{"footnotes":""},"class_list":["post-4002","page","type-page","status-publish","hentry"],"yoast_head":"<!-- This site is optimized with the Yoast SEO plugin v26.4 - https:\/\/yoast.com\/wordpress\/plugins\/seo\/ -->\n<title>Projekte - Lernende Region Schwandorf<\/title>\n<meta name=\"robots\" content=\"index, follow, max-snippet:-1, max-image-preview:large, max-video-preview:-1\" \/>\n<link rel=\"canonical\" href=\"https:\/\/www.lernreg.de\/index.php\/mint-projekte\/\" \/>\n<meta property=\"og:locale\" content=\"de_DE\" \/>\n<meta property=\"og:type\" content=\"article\" \/>\n<meta property=\"og:title\" content=\"Projekte - Lernende Region Schwandorf\" \/>\n<meta property=\"og:description\" content=\"Projekte\" \/>\n<meta property=\"og:url\" content=\"https:\/\/www.lernreg.de\/index.php\/mint-projekte\/\" \/>\n<meta property=\"og:site_name\" content=\"Lernende Region Schwandorf\" \/>\n<meta property=\"article:modified_time\" content=\"2023-03-08T09:33:24+00:00\" \/>\n<meta name=\"twitter:card\" content=\"summary_large_image\" \/>\n<meta name=\"twitter:label1\" content=\"Gesch\u00e4tzte Lesezeit\" \/>\n\t<meta name=\"twitter:data1\" content=\"21\u00a0Minuten\" \/>\n<script type=\"application\/ld+json\" class=\"yoast-schema-graph\">{\"@context\":\"https:\/\/schema.org\",\"@graph\":[{\"@type\":\"WebPage\",\"@id\":\"https:\/\/www.lernreg.de\/index.php\/mint-projekte\/\",\"url\":\"https:\/\/www.lernreg.de\/index.php\/mint-projekte\/\",\"name\":\"Projekte - Lernende Region Schwandorf\",\"isPartOf\":{\"@id\":\"https:\/\/www.lernreg.de\/#website\"},\"datePublished\":\"2023-02-07T09:21:55+00:00\",\"dateModified\":\"2023-03-08T09:33:24+00:00\",\"breadcrumb\":{\"@id\":\"https:\/\/www.lernreg.de\/index.php\/mint-projekte\/#breadcrumb\"},\"inLanguage\":\"de\",\"potentialAction\":[{\"@type\":\"ReadAction\",\"target\":[\"https:\/\/www.lernreg.de\/index.php\/mint-projekte\/\"]}]},{\"@type\":\"BreadcrumbList\",\"@id\":\"https:\/\/www.lernreg.de\/index.php\/mint-projekte\/#breadcrumb\",\"itemListElement\":[{\"@type\":\"ListItem\",\"position\":1,\"name\":\"Startseite\",\"item\":\"https:\/\/www.lernreg.de\/index.php\/homepage\/\"},{\"@type\":\"ListItem\",\"position\":2,\"name\":\"Projekte\"}]},{\"@type\":\"WebSite\",\"@id\":\"https:\/\/www.lernreg.de\/#website\",\"url\":\"https:\/\/www.lernreg.de\/\",\"name\":\"Lernende Region Schwandorf\",\"description\":\"Freiwilligenagentur, Bildung\",\"publisher\":{\"@id\":\"https:\/\/www.lernreg.de\/#organization\"},\"potentialAction\":[{\"@type\":\"SearchAction\",\"target\":{\"@type\":\"EntryPoint\",\"urlTemplate\":\"https:\/\/www.lernreg.de\/?s={search_term_string}\"},\"query-input\":{\"@type\":\"PropertyValueSpecification\",\"valueRequired\":true,\"valueName\":\"search_term_string\"}}],\"inLanguage\":\"de\"},{\"@type\":\"Organization\",\"@id\":\"https:\/\/www.lernreg.de\/#organization\",\"name\":\"Die Lernende Region Schwandorf e.V. ist ein regionales Netzwerk f\u00fcr den Landkreis Schwandorf mit den Schwerpunkten\u00a0Bildung\u00a0und\u00a0Ehrenamt: Im\u00a0Bildungsbereich\u00a0strebt die Lernende Region Schwandorf eine nachhaltige Verbesserung der Ausbildungs-, Besch\u00e4ftigungs- und Lebenssituation aller B\u00fcrgerinnen und B\u00fcrger\u00a0der Region an. Beispiele hierf\u00fcr sind die j\u00e4hrliche Bildungsmesse in Maxh\u00fctte-Haidhof sowie die Durchf\u00fchrung des Projekts \u201eMINT-Netzwerke Bayern\u201c.\",\"url\":\"https:\/\/www.lernreg.de\/\",\"logo\":{\"@type\":\"ImageObject\",\"inLanguage\":\"de\",\"@id\":\"https:\/\/www.lernreg.de\/#\/schema\/logo\/image\/\",\"url\":\"https:\/\/www.lernreg.de\/wp-content\/uploads\/2021\/08\/Logo-LernReg-transparent.png\",\"contentUrl\":\"https:\/\/www.lernreg.de\/wp-content\/uploads\/2021\/08\/Logo-LernReg-transparent.png\",\"width\":400,\"height\":228,\"caption\":\"Die Lernende Region Schwandorf e.V. ist ein regionales Netzwerk f\u00fcr den Landkreis Schwandorf mit den Schwerpunkten\u00a0Bildung\u00a0und\u00a0Ehrenamt: Im\u00a0Bildungsbereich\u00a0strebt die Lernende Region Schwandorf eine nachhaltige Verbesserung der Ausbildungs-, Besch\u00e4ftigungs- und Lebenssituation aller B\u00fcrgerinnen und B\u00fcrger\u00a0der Region an. Beispiele hierf\u00fcr sind die j\u00e4hrliche Bildungsmesse in Maxh\u00fctte-Haidhof sowie die Durchf\u00fchrung des Projekts \u201eMINT-Netzwerke Bayern\u201c.\"},\"image\":{\"@id\":\"https:\/\/www.lernreg.de\/#\/schema\/logo\/image\/\"}}]}<\/script>\n<!-- \/ Yoast SEO plugin. -->","yoast_head_json":{"title":"Projekte - Lernende Region Schwandorf","robots":{"index":"index","follow":"follow","max-snippet":"max-snippet:-1","max-image-preview":"max-image-preview:large","max-video-preview":"max-video-preview:-1"},"canonical":"https:\/\/www.lernreg.de\/index.php\/mint-projekte\/","og_locale":"de_DE","og_type":"article","og_title":"Projekte - Lernende Region Schwandorf","og_description":"Projekte","og_url":"https:\/\/www.lernreg.de\/index.php\/mint-projekte\/","og_site_name":"Lernende Region Schwandorf","article_modified_time":"2023-03-08T09:33:24+00:00","twitter_card":"summary_large_image","twitter_misc":{"Gesch\u00e4tzte Lesezeit":"21\u00a0Minuten"},"schema":{"@context":"https:\/\/schema.org","@graph":[{"@type":"WebPage","@id":"https:\/\/www.lernreg.de\/index.php\/mint-projekte\/","url":"https:\/\/www.lernreg.de\/index.php\/mint-projekte\/","name":"Projekte - Lernende Region Schwandorf","isPartOf":{"@id":"https:\/\/www.lernreg.de\/#website"},"datePublished":"2023-02-07T09:21:55+00:00","dateModified":"2023-03-08T09:33:24+00:00","breadcrumb":{"@id":"https:\/\/www.lernreg.de\/index.php\/mint-projekte\/#breadcrumb"},"inLanguage":"de","potentialAction":[{"@type":"ReadAction","target":["https:\/\/www.lernreg.de\/index.php\/mint-projekte\/"]}]},{"@type":"BreadcrumbList","@id":"https:\/\/www.lernreg.de\/index.php\/mint-projekte\/#breadcrumb","itemListElement":[{"@type":"ListItem","position":1,"name":"Startseite","item":"https:\/\/www.lernreg.de\/index.php\/homepage\/"},{"@type":"ListItem","position":2,"name":"Projekte"}]},{"@type":"WebSite","@id":"https:\/\/www.lernreg.de\/#website","url":"https:\/\/www.lernreg.de\/","name":"Lernende Region Schwandorf","description":"Freiwilligenagentur, Bildung","publisher":{"@id":"https:\/\/www.lernreg.de\/#organization"},"potentialAction":[{"@type":"SearchAction","target":{"@type":"EntryPoint","urlTemplate":"https:\/\/www.lernreg.de\/?s={search_term_string}"},"query-input":{"@type":"PropertyValueSpecification","valueRequired":true,"valueName":"search_term_string"}}],"inLanguage":"de"},{"@type":"Organization","@id":"https:\/\/www.lernreg.de\/#organization","name":"Die Lernende Region Schwandorf e.V. ist ein regionales Netzwerk f\u00fcr den Landkreis Schwandorf mit den Schwerpunkten\u00a0Bildung\u00a0und\u00a0Ehrenamt: Im\u00a0Bildungsbereich\u00a0strebt die Lernende Region Schwandorf eine nachhaltige Verbesserung der Ausbildungs-, Besch\u00e4ftigungs- und Lebenssituation aller B\u00fcrgerinnen und B\u00fcrger\u00a0der Region an. Beispiele hierf\u00fcr sind die j\u00e4hrliche Bildungsmesse in Maxh\u00fctte-Haidhof sowie die Durchf\u00fchrung des Projekts \u201eMINT-Netzwerke Bayern\u201c.","url":"https:\/\/www.lernreg.de\/","logo":{"@type":"ImageObject","inLanguage":"de","@id":"https:\/\/www.lernreg.de\/#\/schema\/logo\/image\/","url":"https:\/\/www.lernreg.de\/wp-content\/uploads\/2021\/08\/Logo-LernReg-transparent.png","contentUrl":"https:\/\/www.lernreg.de\/wp-content\/uploads\/2021\/08\/Logo-LernReg-transparent.png","width":400,"height":228,"caption":"Die Lernende Region Schwandorf e.V. ist ein regionales Netzwerk f\u00fcr den Landkreis Schwandorf mit den Schwerpunkten\u00a0Bildung\u00a0und\u00a0Ehrenamt: Im\u00a0Bildungsbereich\u00a0strebt die Lernende Region Schwandorf eine nachhaltige Verbesserung der Ausbildungs-, Besch\u00e4ftigungs- und Lebenssituation aller B\u00fcrgerinnen und B\u00fcrger\u00a0der Region an. Beispiele hierf\u00fcr sind die j\u00e4hrliche Bildungsmesse in Maxh\u00fctte-Haidhof sowie die Durchf\u00fchrung des Projekts \u201eMINT-Netzwerke Bayern\u201c."},"image":{"@id":"https:\/\/www.lernreg.de\/#\/schema\/logo\/image\/"}}]}},"_links":{"self":[{"href":"https:\/\/www.lernreg.de\/index.php\/wp-json\/wp\/v2\/pages\/4002","targetHints":{"allow":["GET"]}}],"collection":[{"href":"https:\/\/www.lernreg.de\/index.php\/wp-json\/wp\/v2\/pages"}],"about":[{"href":"https:\/\/www.lernreg.de\/index.php\/wp-json\/wp\/v2\/types\/page"}],"author":[{"embeddable":true,"href":"https:\/\/www.lernreg.de\/index.php\/wp-json\/wp\/v2\/users\/1"}],"replies":[{"embeddable":true,"href":"https:\/\/www.lernreg.de\/index.php\/wp-json\/wp\/v2\/comments?post=4002"}],"version-history":[{"count":19,"href":"https:\/\/www.lernreg.de\/index.php\/wp-json\/wp\/v2\/pages\/4002\/revisions"}],"predecessor-version":[{"id":5433,"href":"https:\/\/www.lernreg.de\/index.php\/wp-json\/wp\/v2\/pages\/4002\/revisions\/5433"}],"wp:attachment":[{"href":"https:\/\/www.lernreg.de\/index.php\/wp-json\/wp\/v2\/media?parent=4002"}],"curies":[{"name":"wp","href":"https:\/\/api.w.org\/{rel}","templated":true}]}}