{"id":3965,"date":"2021-10-05T13:16:05","date_gmt":"2021-10-05T11:16:05","guid":{"rendered":"https:\/\/www.lernreg.de\/Neues%20Verzeichnis\/wordpress\/?page_id=3965"},"modified":"2026-04-27T12:26:52","modified_gmt":"2026-04-27T10:26:52","slug":"aktuelles","status":"publish","type":"page","link":"https:\/\/www.lernreg.de\/index.php\/aktuelles\/","title":{"rendered":"Aktuelles"},"content":{"rendered":"<div id='layer_slider_1'  class='avia-layerslider main_color avia-shadow  avia-builder-el-0  el_before_av_one_half  avia-builder-el-first  container_wrap sidebar_right'  style='height: 471px;'  ><\/div><div id='after_layer_slider_1'  class='main_color av_default_container_wrap container_wrap sidebar_right'  ><div class='container av-section-cont-open' ><div class='template-page content  av-content-small alpha units'><div class='post-entry post-entry-type-page post-entry-3965'><div class='entry-content-wrapper clearfix'>\n\n<style type=\"text\/css\" data-created_by=\"avia_inline_auto\" id=\"style-css-av-9q5bn1-ed260250ade847e37bea36dda8709c38\">\n.flex_column.av-9q5bn1-ed260250ade847e37bea36dda8709c38{\n-webkit-border-radius:0px 0px 0px 0px;\n-moz-border-radius:0px 0px 0px 0px;\nborder-radius:0px 0px 0px 0px;\npadding:0px 0px 0px 0px;\n}\n<\/style>\n<div class='flex_column av-9q5bn1-ed260250ade847e37bea36dda8709c38 av_one_half  avia-builder-el-1  el_after_av_layerslider  el_before_av_one_half  avia-builder-el-first  first flex_column_div av-zero-column-padding '     ><section  class='av_textblock_section av-mh0dnv8l-31b19713acd5c514070e25640b86e488'  itemscope=\"itemscope\" itemtype=\"https:\/\/schema.org\/CreativeWork\" ><div class='avia_textblock'  itemprop=\"text\" ><h4><strong>Notebook-Beschaffung f\u00fcr das Projekt \u201eForscherwerkstatt\u201c im Landkreis Schwandorf<\/strong><\/h4>\n<p>Die Lernende Region Schwandorf e.V. plant in Bodenw\u00f6hr den Aufbau eines MINT-Zentrums mit dem Namen \u201eForscherwerkstatt\u201c. Ziel ist die Schaffung eines au\u00dferschulischen Lern- und Erlebnisortes f\u00fcr Kinder und Jugendliche im Bereich Mathematik, Informatik, Naturwissenschaften und Technik (MINT).<\/p>\n<p>Die Forscherwerkstatt soll modern ausgestattete R\u00e4umlichkeiten f\u00fcr Holz- und Metallbearbeitung, Elektrotechnik, Robotik\/IT sowie ein naturwissenschaftliches Labor umfassen. Schulklassen erhalten die M\u00f6glichkeit, im Rahmen gebuchter Kurse praxisorientiert zu arbeiten. Erg\u00e4nzend sind Ferienprogramme, Nachmittags-Intensivkurse sowie offene Werkstattformate geplant.<\/p>\n<p>F\u00fcr das Projekt ben\u00f6tigt der Verein eine moderne IT-Ausstattung. Im ersten Schritt sollen 35 Laptops angeschafft werden mit folgenden Spezifikationen:<\/p>\n<p><em>Notebooks f\u00fcr Schul- und Laborbetrieb (MINT-Unterricht, Programmierung, CAD, Ger\u00e4teansteuerung; die Ger\u00e4te sollen robust sowie einfach administier- und wartbar sein); Display ca. 15,6&#8220; Full-HD (1920&#215;1080), Prozessor: Intel Core i5 (oder vergleichbar, z.B. AMD Ryzen 5), mindestens 10 Threads, moderne Architektur; Arbeitsspeicher 16 GB RAM, Speicher: SSD mindestens 500 GB, Betriebssystem Windows, Anschl\u00fcsse mindestens USB-A, USB-C, WLAN und HDMI, Bauform: Business-\/Education-Notebook (kein reines Consumerger\u00e4t)<\/em><\/p>\n<p>R\u00fcckfragen sind bis zum <strong>27.05.2026<\/strong> m\u00f6glich, die Abgabefrist f\u00fcr Angebote endet am <strong>01.06.2026 (Angebote bitte per Mail an <\/strong><a href=\"mailto:veronika.grassmann@lernreg.de\">veronika.grassmann@lernreg.de<\/a>). Sp\u00e4ter abgegebene Angebote werden nicht ber\u00fccksichtigt. Abgegebene Angebote sollten bis 01.07.2026 g\u00fcltig sein.<\/p>\n<p>Die Aufw\u00e4nde sind in Form eines Festpreises auszuweisen.<\/p>\n<p><strong>\u00a0<\/strong><\/p>\n<p><strong>Ansprechpartner: <\/strong>Auftraggeber ist die Lernende Region Schwandorf e.V., Wackersdorfer Str. 80, 92421 Schwandorf<\/p>\n<p><strong>F\u00fcr R\u00fcckfragen steht Ihnen zur Verf\u00fcgung:<\/strong><\/p>\n<p>Dr. Veronika Gra\u00dfmann<br \/>\nveronika.grassmann@lernreg.de<br \/>\nTelefon: 09431- 471 971 (Mo-Do 8-13 Uhr)<\/p>\n<p>Telefax: 09431 \u2013 471 608<\/p>\n<\/div><\/section><\/div>\n<style type=\"text\/css\" data-created_by=\"avia_inline_auto\" id=\"style-css-av-3oi3ql-731a58856319ca1d9b8c85c5c440176d\">\n.flex_column.av-3oi3ql-731a58856319ca1d9b8c85c5c440176d{\n-webkit-border-radius:0px 0px 0px 0px;\n-moz-border-radius:0px 0px 0px 0px;\nborder-radius:0px 0px 0px 0px;\npadding:0px 0px 0px 0px;\n}\n<\/style>\n<div class='flex_column av-3oi3ql-731a58856319ca1d9b8c85c5c440176d av_one_half  avia-builder-el-3  el_after_av_one_half  el_before_av_one_half  flex_column_div av-zero-column-padding '     ><section  class='av_textblock_section av-1vo7od-2c4d0ab79b19c25e597e551884029591'  itemscope=\"itemscope\" itemtype=\"https:\/\/schema.org\/CreativeWork\" ><div class='avia_textblock'  itemprop=\"text\" ><h4><span style=\"color: #000080;\"><strong>Ausschreibung: Ausstattung der \u201eForscherwerkstatt\u201c im Landkreis Schwandorf<\/strong><\/span><\/h4>\n<p>Die Lernende Region Schwandorf e.V. plant den Aufbau eines MINT-Zentrums in Bodenw\u00f6hr (Themenschwerpunkt MINT: Mathematik, Informatik, Naturwissenschaften und Technik) mit dem Namen \u201eForscherwerkstatt\u201c. Dieses wird mit einer Holzwerkstatt, einem Raum f\u00fcr Elektrotechnik und Robotik\/IT und einem naturwissenschaftlichen Labor ausgestattet. Ziel ist es, Schulklassen mit einem breit gef\u00e4cherten Kursangebot Technik und Wissenschaft erlebbar zu machen, um Kinder und Jugendliche f\u00fcr MINT-Berufe zu begeistern. Des Weiteren sollen Ferienprogramme und Nachmittags-Intensivkurse angeboten und Unternehmen in die Gestaltung des Programms eingebunden werden.<\/p>\n<p>Hierf\u00fcr sucht der Verein Dienstleister f\u00fcr die <strong>Ausstattung der R\u00e4ume mit M\u00f6beln und Werkzeug<\/strong>. Ein Leistungsverzeichnis, Raumpl\u00e4ne und Vorbedingungen f\u00fcr die Teilnahme an der Ausschreibung sind separat angeh\u00e4ngt (<a href=\"https:\/\/www.lernreg.de\/wp-content\/uploads\/2026\/03\/Vorbemerkungen-1.pdf\">Vorbemerkungen<\/a>, <a href=\"https:\/\/www.lernreg.de\/wp-content\/uploads\/2026\/03\/Leistungsverzeichnis-komplett-1.xlsx\">Leistungsverzeichnis komplett<\/a>, <a href=\"https:\/\/www.lernreg.de\/wp-content\/uploads\/2026\/03\/Grundriss-Obergeschoss.pdf\">Grundriss Obergeschoss<\/a>, <a href=\"https:\/\/www.lernreg.de\/wp-content\/uploads\/2026\/03\/Grundrissplaene-Forscherwerkstatt-Bodenwoehr.pdf\">Grundrisspl\u00e4ne Forscherwerkstatt Bodenw\u00f6hr<\/a>).<\/p>\n<p>Die Teilbereiche M\u00f6blierung und Werkzeugausstattung k\u00f6nnen auch unabh\u00e4ngig voneinander angeboten werden (Nur M\u00f6blierung oder nur Werkzeug). Wertgelegt wird auf hohe Qualit\u00e4ts- sowie Sicherheitsstandards.<\/p>\n<p>R\u00fcckfragen sind bis zum <strong>06.05.2026<\/strong> m\u00f6glich, die Abgabefrist f\u00fcr Angebote endet am <strong>11.05.2026. Sp\u00e4ter abgegebene Angebote werden nicht ber\u00fccksichtigt. <\/strong><\/p>\n<p>Die Aufw\u00e4nde sind verbindlich in Form eines Gesamtfestpreises, inkl. aller Aufw\u00e4nde wie Planungskosten, Lieferkosten, Aufbau etc. auszuweisen.<\/p>\n<p><strong>\u00a0<\/strong><\/p>\n<p><strong>Zieltermin f\u00fcr Lieferung und Aufbau ist die KW 38 (14.-20. September 2026)<\/strong><\/p>\n<p><strong>\u00a0<\/strong><\/p>\n<p><strong>Ansprechpartner: <\/strong>Auftraggeber ist die Lernende Region Schwandorf e.V.<\/p>\n<p><strong>F\u00fcr R\u00fcckfragen steht Ihnen zur Verf\u00fcgung:<\/strong><\/p>\n<p>Dr. Veronika Gra\u00dfmann<br \/>\nveronika.grassmann@lernreg.de<br \/>\n09431-471 971<\/p>\n<p>Ver\u00f6ffentlicht am 31.03.2026<\/p>\n<\/div><\/section><\/div><\/p>\n\n<style type=\"text\/css\" data-created_by=\"avia_inline_auto\" id=\"style-css-av-1zndzx-c5742dfa29f490a6ec91a4691cf4d285\">\n.flex_column.av-1zndzx-c5742dfa29f490a6ec91a4691cf4d285{\n-webkit-border-radius:0px 0px 0px 0px;\n-moz-border-radius:0px 0px 0px 0px;\nborder-radius:0px 0px 0px 0px;\npadding:0px 0px 0px 0px;\n}\n<\/style>\n<div class='flex_column av-1zndzx-c5742dfa29f490a6ec91a4691cf4d285 av_one_half  avia-builder-el-5  el_after_av_one_half  el_before_av_one_full  first flex_column_div av-zero-column-padding column-top-margin'     ><section  class='av_textblock_section av-mnedboo2-44c484df556b7b41fba22fdf18f315fe'  itemscope=\"itemscope\" itemtype=\"https:\/\/schema.org\/CreativeWork\" ><div class='avia_textblock'  itemprop=\"text\" ><h4 style=\"text-align: center;\">Bei der\u00a0<strong>Lernenden Region Schwandorf e.V.<\/strong> sind <strong>ab dem 1.8.2026 <\/strong><\/h4>\n<h4 style=\"text-align: center;\"><strong>zwei Teilzeitstelle (<\/strong>19,5 Wochenstunden)<\/h4>\n<h4 style=\"text-align: center;\"><strong>in der \u201eForscherwerkstatt\u201c <\/strong>zu besetzen.<\/h4>\n<p>Die Anstellung erfolgt <strong>unbefristet<\/strong>.<\/p>\n<p>Wir er\u00f6ffnen in Bodenw\u00f6hr einen au\u00dferschulischen Lernort (\u201eForscherwerkstatt\u201c), der Kinder und Jugendliche aller Schularten f\u00fcr Wissenschaft und Technik begeistern soll. Angeboten werden Kurse rund um den MINT-Bereich (Mathematik, Informatik, Naturwissenschaften, Technik). So werden zum Beispiel Werkst\u00fccke aus Holz und Metall hergestellt, die Grundlagen der Elektronik erlernt, Roboter gebaut und programmiert und naturwissenschaftliche Experimente durchgef\u00fchrt.<\/p>\n<p>Zur Verst\u00e4rkung unseres Teams suchen wir<\/p>\n<ul>\n<li><strong>eine Teilzeitkraft f\u00fcr die Durchf\u00fchrung und Entwicklung der Kurse:<\/strong><\/li>\n<li><strong>eine Teilzeitkraft, die die Verwaltungsaufgaben \u00fcbernimmt, uns aber auch bei der Kursbetreuung unterst\u00fctzt<\/strong><\/li>\n<\/ul>\n<ul>\n<li style=\"list-style-type: none;\"><\/li>\n<\/ul>\n<p>N\u00e4here Informationen zu beiden Stellen finden Sie auf dem Karriereportal des Landratsamts Schwandorf (https:\/\/www.mein-check-in.de\/landkreis-schwandorf\/position-512494 und https:\/\/www.mein-check-in.de\/landkreis-schwandorf\/position-512497)<\/p>\n<p>Aussagekr\u00e4ftige Bewerbungsunterlagen senden Sie bitte bis <strong>sp\u00e4testens 19.04.2026 <\/strong>an die Lernende Region Schwandorf e.V., bevorzugt per E-Mail an <a href=\"mailto:info@lernreg.de\">info@lernreg.de<\/a> (pdf-Format, maximal 5 MB) oder postalisch an die Wackersdorfer Stra\u00dfe 80, 92421 Schwandorf. F\u00fcr Ausk\u00fcnfte zum Aufgabenbereich steht Ihnen Frau Dr. Gra\u00dfmann unter der Tel. 09431 471 971 \/ <a href=\"mailto:veronika.grassmann@lernreg.de\">veronika.grassmann@lernreg.de<\/a> von Montags \u2013 Donnerstags 8.30 bis 13.00 Uhr zur Verf\u00fcgung.<\/p>\n<p>Wir freuen uns auf Ihre Bewerbung!<\/p>\n<\/div><\/section><\/div>\n\n<style type=\"text\/css\" data-created_by=\"avia_inline_auto\" id=\"style-css-av-7uy4l9-187debf7fa0785c16e2e7c11cd732356\">\n.flex_column.av-7uy4l9-187debf7fa0785c16e2e7c11cd732356{\n-webkit-border-radius:0px 0px 0px 0px;\n-moz-border-radius:0px 0px 0px 0px;\nborder-radius:0px 0px 0px 0px;\npadding:0px 0px 0px 0px;\n}\n<\/style>\n<div class='flex_column av-7uy4l9-187debf7fa0785c16e2e7c11cd732356 av_one_full  avia-builder-el-7  el_after_av_one_half  el_before_av_one_half  first flex_column_div av-zero-column-padding column-top-margin'     ><p>\n<style type=\"text\/css\" data-created_by=\"avia_inline_auto\" id=\"style-css-av-5xxzkt-fab1b0c74dafbc8e0ae7d1261723f4d0\">\n#top .hr.hr-invisible.av-5xxzkt-fab1b0c74dafbc8e0ae7d1261723f4d0{\nheight:20px;\n}\n<\/style>\n<div  class='hr av-5xxzkt-fab1b0c74dafbc8e0ae7d1261723f4d0 hr-invisible  avia-builder-el-8  el_before_av_hr  avia-builder-el-first '><span class='hr-inner '><span class=\"hr-inner-style\"><\/span><\/span><\/div><br \/>\n<div  class='hr av-3v4np9-668f0c6478939760870a9baf492149b9 hr-short  avia-builder-el-9  el_after_av_hr  el_before_av_hr  hr-center'><span class='hr-inner '><span class=\"hr-inner-style\"><\/span><\/span><\/div><br \/>\n\n<style type=\"text\/css\" data-created_by=\"avia_inline_auto\" id=\"style-css-av-20owb1-4c98b4975fa9a0d7db7f3ceb8211814d\">\n#top .hr.hr-invisible.av-20owb1-4c98b4975fa9a0d7db7f3ceb8211814d{\nheight:20px;\n}\n<\/style>\n<div  class='hr av-20owb1-4c98b4975fa9a0d7db7f3ceb8211814d hr-invisible  avia-builder-el-10  el_after_av_hr  avia-builder-el-last '><span class='hr-inner '><span class=\"hr-inner-style\"><\/span><\/span><\/div><\/p><\/div>\n\n<style type=\"text\/css\" data-created_by=\"avia_inline_auto\" id=\"style-css-av-aw763h-52343f912502d654f1cf1868cdca6b92\">\n.flex_column.av-aw763h-52343f912502d654f1cf1868cdca6b92{\n-webkit-border-radius:0px 0px 0px 0px;\n-moz-border-radius:0px 0px 0px 0px;\nborder-radius:0px 0px 0px 0px;\npadding:0px 0px 0px 0px;\n}\n<\/style>\n<div class='flex_column av-aw763h-52343f912502d654f1cf1868cdca6b92 av_one_half  avia-builder-el-11  el_after_av_one_full  el_before_av_one_half  first flex_column_div av-zero-column-padding column-top-margin'     ><section  class='av_textblock_section av-lvam7zom-0a0845ff38654a0744656b1cfb84e8b3'  itemscope=\"itemscope\" itemtype=\"https:\/\/schema.org\/CreativeWork\" ><div class='avia_textblock'  itemprop=\"text\" ><h4>Inklusiver Spaziergang durch die H\u00f6llohe<\/h4>\n<p class=\"dw\">Lassen Sie uns am\u00a0<b class=\"dw\">17.05.2024<\/b>\u00a0einen gem\u00fctlichen Spaziergang durch die barrierefreie H\u00f6llohe machen. Zusammen mit dem Team der Lernenden Region Schwandorf e.V. erkunden Sie den wundersch\u00f6nen Wildpark. Das kostenlose Angebot ist Teil \u00a0der Familienwoche des Lokalen B\u00fcndnisses f\u00fcr Familien im Landkreis Schwandorf und richtet sich an alle, besonders aber an Menschen mit Behinderungen und deren Familien.<\/p>\n<p class=\"dw\">Eine Anmeldung ist erforderlich, diese ist bis zum 12.05.2024 m\u00f6glich. Zum Anmelden einfach auf das Plakat clicken.<\/p>\n<\/div><\/section><\/div>\n\n<style type=\"text\/css\" data-created_by=\"avia_inline_auto\" id=\"style-css-av-vgey5-3e7e4b2757b4b796d4c53b92324c5982\">\n.flex_column.av-vgey5-3e7e4b2757b4b796d4c53b92324c5982{\n-webkit-border-radius:0px 0px 0px 0px;\n-moz-border-radius:0px 0px 0px 0px;\nborder-radius:0px 0px 0px 0px;\npadding:0px 0px 0px 0px;\n}\n<\/style>\n<div class='flex_column av-vgey5-3e7e4b2757b4b796d4c53b92324c5982 av_one_half  avia-builder-el-13  el_after_av_one_half  el_before_av_one_full  flex_column_div av-zero-column-padding column-top-margin'     ><style type=\"text\/css\" data-created_by=\"avia_inline_auto\" id=\"style-css-av-lvam9n8j-d197a0e67f4040f496ee1391f3b8c0cd\">\n.avia-image-container.av-lvam9n8j-d197a0e67f4040f496ee1391f3b8c0cd img.avia_image{\nbox-shadow:none;\n}\n.avia-image-container.av-lvam9n8j-d197a0e67f4040f496ee1391f3b8c0cd .av-image-caption-overlay-center{\ncolor:#ffffff;\n}\n<\/style>\n<div  class='avia-image-container av-lvam9n8j-d197a0e67f4040f496ee1391f3b8c0cd av-styling- avia-align-center  avia-builder-el-14  avia-builder-el-no-sibling '   itemprop=\"image\" itemscope=\"itemscope\" itemtype=\"https:\/\/schema.org\/ImageObject\" ><div class=\"avia-image-container-inner\"><div class=\"avia-image-overlay-wrap\"><a href=\"https:\/\/www.oberpfaelzerwald.de\/erlebnisportal\/erlebnisse\/BAY\/04a9749d-e2d5-43c7-aa9e-477e401ba221\/inklusiver-spaziergang-durch-die-hoellohe\" class='avia_image' target=\"_blank\" rel=\"noopener noreferrer\"><img decoding=\"async\" class='wp-image-6283 avia-img-lazy-loading-not-6283 avia_image ' src=\"https:\/\/www.lernreg.de\/wp-content\/uploads\/2024\/04\/Inklusiver-300x300.png\" alt='' title='Inklusiver'  height=\"300\" width=\"300\"  itemprop=\"thumbnailUrl\" srcset=\"https:\/\/www.lernreg.de\/wp-content\/uploads\/2024\/04\/Inklusiver-300x300.png 300w, https:\/\/www.lernreg.de\/wp-content\/uploads\/2024\/04\/Inklusiver-80x80.png 80w, https:\/\/www.lernreg.de\/wp-content\/uploads\/2024\/04\/Inklusiver-768x768.png 768w, https:\/\/www.lernreg.de\/wp-content\/uploads\/2024\/04\/Inklusiver-36x36.png 36w, https:\/\/www.lernreg.de\/wp-content\/uploads\/2024\/04\/Inklusiver-180x180.png 180w, https:\/\/www.lernreg.de\/wp-content\/uploads\/2024\/04\/Inklusiver-705x705.png 705w, https:\/\/www.lernreg.de\/wp-content\/uploads\/2024\/04\/Inklusiver.png 1080w\" sizes=\"(max-width: 300px) 100vw, 300px\" \/><\/a><\/div><\/div><\/div><\/div>\n\n<style type=\"text\/css\" data-created_by=\"avia_inline_auto\" id=\"style-css-av-1f6xnh-da5ced04a48808f25cd30e49564ca7ac\">\n.flex_column.av-1f6xnh-da5ced04a48808f25cd30e49564ca7ac{\n-webkit-border-radius:0px 0px 0px 0px;\n-moz-border-radius:0px 0px 0px 0px;\nborder-radius:0px 0px 0px 0px;\npadding:0px 0px 0px 0px;\n}\n<\/style>\n<div class='flex_column av-1f6xnh-da5ced04a48808f25cd30e49564ca7ac av_one_full  avia-builder-el-15  el_after_av_one_half  el_before_av_one_half  first flex_column_div av-zero-column-padding column-top-margin'     ><p>\n<style type=\"text\/css\" data-created_by=\"avia_inline_auto\" id=\"style-css-av-bx2jl9-76cea45ce7bb6971109c1f67ed9eb64c\">\n#top .hr.hr-invisible.av-bx2jl9-76cea45ce7bb6971109c1f67ed9eb64c{\nheight:20px;\n}\n<\/style>\n<div  class='hr av-bx2jl9-76cea45ce7bb6971109c1f67ed9eb64c hr-invisible  avia-builder-el-16  el_before_av_hr  avia-builder-el-first '><span class='hr-inner '><span class=\"hr-inner-style\"><\/span><\/span><\/div><br \/>\n<div  class='hr av-aph6od-a7e2b7970441de7c45bd2e556c907e47 hr-short  avia-builder-el-17  el_after_av_hr  el_before_av_hr  hr-center'><span class='hr-inner '><span class=\"hr-inner-style\"><\/span><\/span><\/div><br \/>\n\n<style type=\"text\/css\" data-created_by=\"avia_inline_auto\" id=\"style-css-av-8g7ilp-c6ee7b876bb873c3a861993d835a14fc\">\n#top .hr.hr-invisible.av-8g7ilp-c6ee7b876bb873c3a861993d835a14fc{\nheight:20px;\n}\n<\/style>\n<div  class='hr av-8g7ilp-c6ee7b876bb873c3a861993d835a14fc hr-invisible  avia-builder-el-18  el_after_av_hr  avia-builder-el-last '><span class='hr-inner '><span class=\"hr-inner-style\"><\/span><\/span><\/div><\/p><\/div>\n\n<style type=\"text\/css\" data-created_by=\"avia_inline_auto\" id=\"style-css-av-b265al-ba98b16a4130f82a7a4fa8256cdd348c\">\n.flex_column.av-b265al-ba98b16a4130f82a7a4fa8256cdd348c{\n-webkit-border-radius:0px 0px 0px 0px;\n-moz-border-radius:0px 0px 0px 0px;\nborder-radius:0px 0px 0px 0px;\npadding:0px 0px 0px 0px;\n}\n<\/style>\n<div class='flex_column av-b265al-ba98b16a4130f82a7a4fa8256cdd348c av_one_half  avia-builder-el-19  el_after_av_one_full  el_before_av_one_half  first flex_column_div av-zero-column-padding column-top-margin'     ><style type=\"text\/css\" data-created_by=\"avia_inline_auto\" id=\"style-css-av-ltwqu2vb-59c7ba6d9d481c850dfcc4bba684d87b\">\n.avia-image-container.av-ltwqu2vb-59c7ba6d9d481c850dfcc4bba684d87b img.avia_image{\nbox-shadow:none;\n}\n.avia-image-container.av-ltwqu2vb-59c7ba6d9d481c850dfcc4bba684d87b .av-image-caption-overlay-center{\ncolor:#ffffff;\n}\n<\/style>\n<div  class='avia-image-container av-ltwqu2vb-59c7ba6d9d481c850dfcc4bba684d87b av-styling- avia-align-center  avia-builder-el-20  avia-builder-el-no-sibling '   itemprop=\"image\" itemscope=\"itemscope\" itemtype=\"https:\/\/schema.org\/ImageObject\" ><div class=\"avia-image-container-inner\"><div class=\"avia-image-overlay-wrap\"><img decoding=\"async\" class='wp-image-6230 avia-img-lazy-loading-not-6230 avia_image ' src=\"https:\/\/www.lernreg.de\/wp-content\/uploads\/2024\/03\/Silvia4-300x135.jpg\" alt='' title='Silvia4'  height=\"135\" width=\"300\"  itemprop=\"thumbnailUrl\" srcset=\"https:\/\/www.lernreg.de\/wp-content\/uploads\/2024\/03\/Silvia4-300x135.jpg 300w, https:\/\/www.lernreg.de\/wp-content\/uploads\/2024\/03\/Silvia4-1435x646.jpg 1435w, https:\/\/www.lernreg.de\/wp-content\/uploads\/2024\/03\/Silvia4-768x346.jpg 768w, https:\/\/www.lernreg.de\/wp-content\/uploads\/2024\/03\/Silvia4-1536x691.jpg 1536w, https:\/\/www.lernreg.de\/wp-content\/uploads\/2024\/03\/Silvia4-1500x675.jpg 1500w, https:\/\/www.lernreg.de\/wp-content\/uploads\/2024\/03\/Silvia4-705x317.jpg 705w, https:\/\/www.lernreg.de\/wp-content\/uploads\/2024\/03\/Silvia4.jpg 1600w\" sizes=\"(max-width: 300px) 100vw, 300px\" \/><\/div><\/div><\/div><\/div>\n\n<style type=\"text\/css\" data-created_by=\"avia_inline_auto\" id=\"style-css-av-9t84u5-073d2b0bb47636e22c2be6c375b0bd82\">\n.flex_column.av-9t84u5-073d2b0bb47636e22c2be6c375b0bd82{\n-webkit-border-radius:0px 0px 0px 0px;\n-moz-border-radius:0px 0px 0px 0px;\nborder-radius:0px 0px 0px 0px;\npadding:0px 0px 0px 0px;\n}\n<\/style>\n<div class='flex_column av-9t84u5-073d2b0bb47636e22c2be6c375b0bd82 av_one_half  avia-builder-el-21  el_after_av_one_half  el_before_av_one_full  flex_column_div av-zero-column-padding column-top-margin'     ><section  class='av_textblock_section av-ltwqwzu4-a54c18f06f702725cce9d6a678d57c06'  itemscope=\"itemscope\" itemtype=\"https:\/\/schema.org\/CreativeWork\" ><div class='avia_textblock'  itemprop=\"text\" ><h4>&#8222;Bildungsmesse&#8220; ein voller Erfolg!<\/h4>\n<p>Die Bildungsmesse in der Stadthalle Maxh\u00fctte-Haidhof war ein voller Erfolg f\u00fcr die Berufsorientierung! Die Halle war an den beiden Messetagen (03.\/04. M\u00e4rz) durchgehend sehr gut besucht. Es kamen viele Gespr\u00e4che zwischen den Ausstellern und Eltern, Sch\u00fclern und anderen &#8222;Bildungshungrigen&#8220; zustande. Auch bei der Er\u00f6ffnungsveranstaltung waren viele Bildungsakteure &#8211; Vertreter aus Poltik, Wirtschaft und Schule &#8211; vertreten. Dabei wurde auch heuer ein Spielh\u00e4uschen an einen Kindergarten im Landkreis verlost.<\/p>\n<p>Foto: Silvia Seitz<\/p>\n<\/div><\/section><\/div>\n\n<style type=\"text\/css\" data-created_by=\"avia_inline_auto\" id=\"style-css-av-872319-5f2779729fd3b4c2ead171a04f2882aa\">\n.flex_column.av-872319-5f2779729fd3b4c2ead171a04f2882aa{\n-webkit-border-radius:0px 0px 0px 0px;\n-moz-border-radius:0px 0px 0px 0px;\nborder-radius:0px 0px 0px 0px;\npadding:0px 0px 0px 0px;\n}\n<\/style>\n<div class='flex_column av-872319-5f2779729fd3b4c2ead171a04f2882aa av_one_full  avia-builder-el-23  el_after_av_one_half  el_before_av_one_half  first flex_column_div av-zero-column-padding column-top-margin'     ><p>\n<style type=\"text\/css\" data-created_by=\"avia_inline_auto\" id=\"style-css-av-58za6l-b4c48ac677fdbd4ed1151e5a62b920c0\">\n#top .hr.hr-invisible.av-58za6l-b4c48ac677fdbd4ed1151e5a62b920c0{\nheight:20px;\n}\n<\/style>\n<div  class='hr av-58za6l-b4c48ac677fdbd4ed1151e5a62b920c0 hr-invisible  avia-builder-el-24  el_before_av_hr  avia-builder-el-first '><span class='hr-inner '><span class=\"hr-inner-style\"><\/span><\/span><\/div><br \/>\n<div  class='hr av-fbkgd-a3dff74ace548175b863c27d2c9bcc84 hr-short  avia-builder-el-25  el_after_av_hr  el_before_av_hr  hr-center'><span class='hr-inner '><span class=\"hr-inner-style\"><\/span><\/span><\/div><br \/>\n\n<style type=\"text\/css\" data-created_by=\"avia_inline_auto\" id=\"style-css-av-2m6fj1-0561f2dd8c24ed7b94d39bb0ed8fc3fc\">\n#top .hr.hr-invisible.av-2m6fj1-0561f2dd8c24ed7b94d39bb0ed8fc3fc{\nheight:20px;\n}\n<\/style>\n<div  class='hr av-2m6fj1-0561f2dd8c24ed7b94d39bb0ed8fc3fc hr-invisible  avia-builder-el-26  el_after_av_hr  avia-builder-el-last '><span class='hr-inner '><span class=\"hr-inner-style\"><\/span><\/span><\/div><\/p><\/div>\n\n<style type=\"text\/css\" data-created_by=\"avia_inline_auto\" id=\"style-css-av-aetiy5-ff9a2e4e3afb0502a9c536f96bf657b4\">\n.flex_column.av-aetiy5-ff9a2e4e3afb0502a9c536f96bf657b4{\n-webkit-border-radius:0px 0px 0px 0px;\n-moz-border-radius:0px 0px 0px 0px;\nborder-radius:0px 0px 0px 0px;\npadding:0px 0px 0px 0px;\n}\n<\/style>\n<div class='flex_column av-aetiy5-ff9a2e4e3afb0502a9c536f96bf657b4 av_one_half  avia-builder-el-27  el_after_av_one_full  el_before_av_one_half  first flex_column_div av-zero-column-padding column-top-margin'     ><section  class='av_textblock_section av-lpkzb7bg-2fd67fd5559e03f469b138978f724ac9'  itemscope=\"itemscope\" itemtype=\"https:\/\/schema.org\/CreativeWork\" ><div class='avia_textblock'  itemprop=\"text\" ><h4>Martina Englhardt-Kopf anl\u00e4sslich des Vorlesetags an Ettmannsdorfer Grundschule<\/h4>\n<p>Vergangenen Donnerstag fand in der Turnhalle der Grundschule Ettmannsdorf eine besondere Vorleseaktion f\u00fcr die Sch\u00fclerinnen und Sch\u00fcler statt. Die Bundestagsabgeordnete Martina Englhardt-Kopf stattete der Schule einen Besuch ab \u2013 mit dem Buch \u201eDie kleine Eule\u201c von Jill Tomlinson im Gep\u00e4ck. In diesem Kinderbuch geht es um eine kleine Schleiereule, die ihre Angst vor der Dunkelheit verlieren soll. Rund 80 Kinder der Grundschule und ca. 15 Kinder des benachbarten Sonderp\u00e4dagogischen F\u00f6rderzentrums Schwandorf lauschten gebannt den Abenteuern des Nachtvogels. Die Bundestagsabgeordnete nahm sich an diesem Vormittag nicht nur viel Zeit zum Vorlesen, sondern beantwortete auch geduldig die zahlreichen Fragen der Sch\u00fclerinnen und Sch\u00fcler. Die Vorleseaktion war daher ein rundum gelungener Anlass, um auf die Bedeutung des Lesens aufmerksam zu machen.<\/p>\n<p>Die Aktion wurde von Bianka Vollath von der Lernenden Region Schwandorf e.V. anl\u00e4sslich des bundesweiten Vorlesetags organisiert und stand unter dem Motto \u201eLesen verbindet\u201c.<\/p>\n<p>Foto: Bianka Vollath<\/p>\n<\/div><\/section><\/div>\n\n<style type=\"text\/css\" data-created_by=\"avia_inline_auto\" id=\"style-css-av-8m6pil-aa22ef501fb4a051653c4c42445132fa\">\n.flex_column.av-8m6pil-aa22ef501fb4a051653c4c42445132fa{\n-webkit-border-radius:0px 0px 0px 0px;\n-moz-border-radius:0px 0px 0px 0px;\nborder-radius:0px 0px 0px 0px;\npadding:0px 0px 0px 0px;\n}\n<\/style>\n<div class='flex_column av-8m6pil-aa22ef501fb4a051653c4c42445132fa av_one_half  avia-builder-el-29  el_after_av_one_half  el_before_av_one_full  flex_column_div av-zero-column-padding column-top-margin'     ><style type=\"text\/css\" data-created_by=\"avia_inline_auto\" id=\"style-css-av-lpkzc1pz-a5c4951a5f5e45b4223a6cc7b3a37858\">\n.avia-image-container.av-lpkzc1pz-a5c4951a5f5e45b4223a6cc7b3a37858 img.avia_image{\nbox-shadow:none;\n}\n.avia-image-container.av-lpkzc1pz-a5c4951a5f5e45b4223a6cc7b3a37858 .av-image-caption-overlay-center{\ncolor:#ffffff;\n}\n<\/style>\n<div  class='avia-image-container av-lpkzc1pz-a5c4951a5f5e45b4223a6cc7b3a37858 av-styling- avia-align-center  avia-builder-el-30  avia-builder-el-no-sibling '   itemprop=\"image\" itemscope=\"itemscope\" itemtype=\"https:\/\/schema.org\/ImageObject\" ><div class=\"avia-image-container-inner\"><div class=\"avia-image-overlay-wrap\"><img decoding=\"async\" class='wp-image-6158 avia-img-lazy-loading-not-6158 avia_image ' src=\"https:\/\/www.lernreg.de\/wp-content\/uploads\/2023\/11\/Vorlesen-225x300.jpg\" alt='' title='Vorlesen'  height=\"300\" width=\"225\"  itemprop=\"thumbnailUrl\" srcset=\"https:\/\/www.lernreg.de\/wp-content\/uploads\/2023\/11\/Vorlesen-225x300.jpg 225w, https:\/\/www.lernreg.de\/wp-content\/uploads\/2023\/11\/Vorlesen-1076x1435.jpg 1076w, https:\/\/www.lernreg.de\/wp-content\/uploads\/2023\/11\/Vorlesen-768x1024.jpg 768w, https:\/\/www.lernreg.de\/wp-content\/uploads\/2023\/11\/Vorlesen-1152x1536.jpg 1152w, https:\/\/www.lernreg.de\/wp-content\/uploads\/2023\/11\/Vorlesen-1536x2048.jpg 1536w, https:\/\/www.lernreg.de\/wp-content\/uploads\/2023\/11\/Vorlesen-1125x1500.jpg 1125w, https:\/\/www.lernreg.de\/wp-content\/uploads\/2023\/11\/Vorlesen-529x705.jpg 529w, https:\/\/www.lernreg.de\/wp-content\/uploads\/2023\/11\/Vorlesen-scaled.jpg 1920w\" sizes=\"(max-width: 225px) 100vw, 225px\" \/><\/div><\/div><\/div><\/div>\n\n<style type=\"text\/css\" data-created_by=\"avia_inline_auto\" id=\"style-css-av-7w0x71-bb21fd4f37f81ad5e76eed6af27f1a66\">\n.flex_column.av-7w0x71-bb21fd4f37f81ad5e76eed6af27f1a66{\n-webkit-border-radius:0px 0px 0px 0px;\n-moz-border-radius:0px 0px 0px 0px;\nborder-radius:0px 0px 0px 0px;\npadding:0px 0px 0px 0px;\n}\n<\/style>\n<div class='flex_column av-7w0x71-bb21fd4f37f81ad5e76eed6af27f1a66 av_one_full  avia-builder-el-31  el_after_av_one_half  el_before_av_one_half  first flex_column_div av-zero-column-padding column-top-margin'     ><p>\n<style type=\"text\/css\" data-created_by=\"avia_inline_auto\" id=\"style-css-av-60kxsd-ff711f06970a1568f5bf81a4b8e34b8a\">\n#top .hr.hr-invisible.av-60kxsd-ff711f06970a1568f5bf81a4b8e34b8a{\nheight:20px;\n}\n<\/style>\n<div  class='hr av-60kxsd-ff711f06970a1568f5bf81a4b8e34b8a hr-invisible  avia-builder-el-32  el_before_av_hr  avia-builder-el-first '><span class='hr-inner '><span class=\"hr-inner-style\"><\/span><\/span><\/div><br \/>\n<div  class='hr av-3msdil-c844aaad415555e3ce94dcfc39d5270b hr-short  avia-builder-el-33  el_after_av_hr  el_before_av_hr  hr-center'><span class='hr-inner '><span class=\"hr-inner-style\"><\/span><\/span><\/div><br \/>\n\n<style type=\"text\/css\" data-created_by=\"avia_inline_auto\" id=\"style-css-av-21vril-4a29b46037d324bfd80237233f134fb1\">\n#top .hr.hr-invisible.av-21vril-4a29b46037d324bfd80237233f134fb1{\nheight:20px;\n}\n<\/style>\n<div  class='hr av-21vril-4a29b46037d324bfd80237233f134fb1 hr-invisible  avia-builder-el-34  el_after_av_hr  avia-builder-el-last '><span class='hr-inner '><span class=\"hr-inner-style\"><\/span><\/span><\/div><\/p><\/div>\n\n<style type=\"text\/css\" data-created_by=\"avia_inline_auto\" id=\"style-css-av-fhsgkt-cd53c471da9c712e2e588538f69adb73\">\n.flex_column.av-fhsgkt-cd53c471da9c712e2e588538f69adb73{\n-webkit-border-radius:0px 0px 0px 0px;\n-moz-border-radius:0px 0px 0px 0px;\nborder-radius:0px 0px 0px 0px;\npadding:0px 0px 0px 0px;\n}\n<\/style>\n<div class='flex_column av-fhsgkt-cd53c471da9c712e2e588538f69adb73 av_one_half  avia-builder-el-35  el_after_av_one_full  el_before_av_one_half  first flex_column_div av-zero-column-padding column-top-margin'     ><style type=\"text\/css\" data-created_by=\"avia_inline_auto\" id=\"style-css-av-lkqh3amt-f80e72032607c419c5c16d2a74bf8015\">\n.avia-image-container.av-lkqh3amt-f80e72032607c419c5c16d2a74bf8015 img.avia_image{\nbox-shadow:none;\n}\n.avia-image-container.av-lkqh3amt-f80e72032607c419c5c16d2a74bf8015 .av-image-caption-overlay-center{\ncolor:#ffffff;\n}\n<\/style>\n<div  class='avia-image-container av-lkqh3amt-f80e72032607c419c5c16d2a74bf8015 av-styling- avia-align-center  avia-builder-el-36  avia-builder-el-no-sibling '   itemprop=\"image\" itemscope=\"itemscope\" itemtype=\"https:\/\/schema.org\/ImageObject\" ><div class=\"avia-image-container-inner\"><div class=\"avia-image-overlay-wrap\"><img decoding=\"async\" class='wp-image-6086 avia-img-lazy-loading-not-6086 avia_image ' src=\"https:\/\/www.lernreg.de\/wp-content\/uploads\/2023\/10\/231024_Fachkraefte-qualifizieren_07-300x199.jpg\" alt='' title='231024_Fachkr\u00e4fte qualifizieren_07'  height=\"199\" width=\"300\"  itemprop=\"thumbnailUrl\" srcset=\"https:\/\/www.lernreg.de\/wp-content\/uploads\/2023\/10\/231024_Fachkraefte-qualifizieren_07-300x199.jpg 300w, https:\/\/www.lernreg.de\/wp-content\/uploads\/2023\/10\/231024_Fachkraefte-qualifizieren_07-1435x953.jpg 1435w, https:\/\/www.lernreg.de\/wp-content\/uploads\/2023\/10\/231024_Fachkraefte-qualifizieren_07-768x510.jpg 768w, https:\/\/www.lernreg.de\/wp-content\/uploads\/2023\/10\/231024_Fachkraefte-qualifizieren_07-1536x1020.jpg 1536w, https:\/\/www.lernreg.de\/wp-content\/uploads\/2023\/10\/231024_Fachkraefte-qualifizieren_07-2048x1360.jpg 2048w, https:\/\/www.lernreg.de\/wp-content\/uploads\/2023\/10\/231024_Fachkraefte-qualifizieren_07-1500x996.jpg 1500w, https:\/\/www.lernreg.de\/wp-content\/uploads\/2023\/10\/231024_Fachkraefte-qualifizieren_07-705x468.jpg 705w\" sizes=\"(max-width: 300px) 100vw, 300px\" \/><\/div><\/div><\/div><\/div>\n\n<style type=\"text\/css\" data-created_by=\"avia_inline_auto\" id=\"style-css-av-1dk7gd-684bed6fc4fa3fa9f53dd03316d94667\">\n.flex_column.av-1dk7gd-684bed6fc4fa3fa9f53dd03316d94667{\n-webkit-border-radius:0px 0px 0px 0px;\n-moz-border-radius:0px 0px 0px 0px;\nborder-radius:0px 0px 0px 0px;\npadding:0px 0px 0px 0px;\n}\n<\/style>\n<div class='flex_column av-1dk7gd-684bed6fc4fa3fa9f53dd03316d94667 av_one_half  avia-builder-el-37  el_after_av_one_half  el_before_av_one_full  flex_column_div av-zero-column-padding column-top-margin'     ><section  class='av_textblock_section av-buldpp-fafe54f3638a0436b569b0e2631ce1c0'  itemscope=\"itemscope\" itemtype=\"https:\/\/schema.org\/CreativeWork\" ><div class='avia_textblock'  itemprop=\"text\" ><p><strong>Lernende Region beteiligt sich an Weiterbildungs-Veranstaltung f\u00fcr Unternehmen<\/strong><\/p>\n<p>Am Dienstag, den 24.10.2023, fand in der Aula des Beruflichen Schulzentrums Schwandorf eine Veranstaltung zum Thema &#8222;Weiterbildung&#8220; f\u00fcr Arbeitsgeber aus dem Landkreis Schwandorf statt. Unter dem Titel &#8222;Fachkr\u00e4ftemangel: Mitarbeitende qualifizieren und halten&#8220; standen verschiedene Facetten zur Qualifizierung des eigenen Personals auf dem Programm. So ging es unter anderem um die Themen &#8222;Fachkr\u00e4fteeinwanderung&#8220;, Qualifizierung von Helfern, Aufstiegsweiterbildungen und F\u00f6rderm\u00f6glichkeiten sowie um Teilzeitausbildung und Teilzeitumschulung. Rund 50 TeilnehmerInnen aus regionalen Betrieben lauschten den Ausf\u00fchrungen der qualifizierten ReferentInnen. Zus\u00e4tzlich bestand auch die M\u00f6glichkeit des Austausches mit Bildungsanbietern, die mit einem Stand und Infomaterial an der Veranstaltung teilnahmen. Die Veranstaltung ist ein Gemeinschaftsprojekt der Weiterbildungsinitiatoren des Berufsf\u00f6rderungswerks N\u00fcrnberg gGmbH, der Berufsberatung f\u00fcr Erwachsene der Agentur f\u00fcr Arbeit Schwandorf und der Lernenden Region Schwandorf. Weitere Infos finden Sie <a href=\"https:\/\/www.lernreg.de\/index.php\/2023\/11\/03\/4-schwandorfer-bildungskonferenz-2\/\">hier<\/a>.<\/p>\n<p>Bild: Armin Erben, 2. Vorsitzender der Lernenden Region Schwandorf, war mit einem Gru\u00dfwort vertreten.<\/p>\n<p>Foto: Andre Stephan-Park, Agentur f\u00fcr Arbeit Schwandorf<\/p>\n<\/div><\/section><\/div>\n\n<style type=\"text\/css\" data-created_by=\"avia_inline_auto\" id=\"style-css-av-ta6l9-a4d186ec460858fc86899d3bb38e3239\">\n.flex_column.av-ta6l9-a4d186ec460858fc86899d3bb38e3239{\n-webkit-border-radius:0px 0px 0px 0px;\n-moz-border-radius:0px 0px 0px 0px;\nborder-radius:0px 0px 0px 0px;\npadding:0px 0px 0px 0px;\n}\n<\/style>\n<div class='flex_column av-ta6l9-a4d186ec460858fc86899d3bb38e3239 av_one_full  avia-builder-el-39  el_after_av_one_half  el_before_av_one_half  first flex_column_div av-zero-column-padding column-top-margin'     ><p>\n<style type=\"text\/css\" data-created_by=\"avia_inline_auto\" id=\"style-css-av-5oyzhp-5e1b16812572fea524dcfe593d7467fe\">\n#top .hr.hr-invisible.av-5oyzhp-5e1b16812572fea524dcfe593d7467fe{\nheight:20px;\n}\n<\/style>\n<div  class='hr av-5oyzhp-5e1b16812572fea524dcfe593d7467fe hr-invisible  avia-builder-el-40  el_before_av_hr  avia-builder-el-first '><span class='hr-inner '><span class=\"hr-inner-style\"><\/span><\/span><\/div><br \/>\n<div  class='hr av-3keut9-0378260344d5d08be209981910f14439 hr-short  avia-builder-el-41  el_after_av_hr  el_before_av_hr  hr-center'><span class='hr-inner '><span class=\"hr-inner-style\"><\/span><\/span><\/div><br \/>\n\n<style type=\"text\/css\" data-created_by=\"avia_inline_auto\" id=\"style-css-av-2u2uq5-8dedbb226ff39fb51e9e5fd0503893c3\">\n#top .hr.hr-invisible.av-2u2uq5-8dedbb226ff39fb51e9e5fd0503893c3{\nheight:20px;\n}\n<\/style>\n<div  class='hr av-2u2uq5-8dedbb226ff39fb51e9e5fd0503893c3 hr-invisible  avia-builder-el-42  el_after_av_hr  avia-builder-el-last '><span class='hr-inner '><span class=\"hr-inner-style\"><\/span><\/span><\/div><\/p><\/div>\n\n<style type=\"text\/css\" data-created_by=\"avia_inline_auto\" id=\"style-css-av-i3wvlp-97c6b08f40957a490b3bc06afceef30b\">\n.flex_column.av-i3wvlp-97c6b08f40957a490b3bc06afceef30b{\n-webkit-border-radius:0px 0px 0px 0px;\n-moz-border-radius:0px 0px 0px 0px;\nborder-radius:0px 0px 0px 0px;\npadding:0px 0px 0px 0px;\n}\n<\/style>\n<div class='flex_column av-i3wvlp-97c6b08f40957a490b3bc06afceef30b av_one_half  avia-builder-el-43  el_after_av_one_full  el_before_av_one_half  first flex_column_div av-zero-column-padding column-top-margin'     ><section  class='av_textblock_section av-lkqh3548-064b1cf5a84d74a43faa4f58c63cc1d8'  itemscope=\"itemscope\" itemtype=\"https:\/\/schema.org\/CreativeWork\" ><div class='avia_textblock'  itemprop=\"text\" ><p><strong>&#8222;Vorstandsf\u00fchrerschein&#8220; ein voller Erfolg<\/strong><\/p>\n<p>Mit knapp 40 Teilnehmern fand am 15.07. der Fortbildungstag zum &#8222;Vorstandsf\u00fchrerschein&#8220; statt. Neben den bew\u00e4hrten Abendterminen der Vereinsschule sollte dieser die Vorstandsarbeit ganzheitlich abdecken. Einen Samstag lang vermittelte Vereinsberater Karl Bosch den anwesenden Vereinsvertretern daher aktuelle Infos zu vielen Themen: Datenschutz, Satzungsrecht, Steuerrecht, Versicherungen und vieles mehr. Bei sommerlichen Temperaturen haben knapp 40 Ehrenamtliche den Ausf\u00fchrungen des Referenten gelauscht und viele eigene Fragen eingebracht. Am Ende war das Feedback \u00e4u\u00dferst positiv!<\/p>\n<\/div><\/section><\/div>\n\n<style type=\"text\/css\" data-created_by=\"avia_inline_auto\" id=\"style-css-av-ajqcot-18780464627f156e76eedfe056222bb5\">\n.flex_column.av-ajqcot-18780464627f156e76eedfe056222bb5{\n-webkit-border-radius:0px 0px 0px 0px;\n-moz-border-radius:0px 0px 0px 0px;\nborder-radius:0px 0px 0px 0px;\npadding:0px 0px 0px 0px;\n}\n<\/style>\n<div class='flex_column av-ajqcot-18780464627f156e76eedfe056222bb5 av_one_half  avia-builder-el-45  el_after_av_one_half  el_before_av_one_full  flex_column_div av-zero-column-padding column-top-margin'     ><style type=\"text\/css\" data-created_by=\"avia_inline_auto\" id=\"style-css-av-9qbbot-6861df55a0a758b9f1e59e8434580bbc\">\n.avia-image-container.av-9qbbot-6861df55a0a758b9f1e59e8434580bbc img.avia_image{\nbox-shadow:none;\n}\n.avia-image-container.av-9qbbot-6861df55a0a758b9f1e59e8434580bbc .av-image-caption-overlay-center{\ncolor:#ffffff;\n}\n<\/style>\n<div  class='avia-image-container av-9qbbot-6861df55a0a758b9f1e59e8434580bbc av-styling- avia-align-center  avia-builder-el-46  avia-builder-el-no-sibling '   itemprop=\"image\" itemscope=\"itemscope\" itemtype=\"https:\/\/schema.org\/ImageObject\" ><div class=\"avia-image-container-inner\"><div class=\"avia-image-overlay-wrap\"><img decoding=\"async\" class='wp-image-5956 avia-img-lazy-loading-not-5956 avia_image ' src=\"https:\/\/www.lernreg.de\/wp-content\/uploads\/2023\/07\/Vorstandsfuehrerschein-225x300.jpg\" alt='' title='Vorstandsf\u00fchrerschein'  height=\"300\" width=\"225\"  itemprop=\"thumbnailUrl\" srcset=\"https:\/\/www.lernreg.de\/wp-content\/uploads\/2023\/07\/Vorstandsfuehrerschein-225x300.jpg 225w, https:\/\/www.lernreg.de\/wp-content\/uploads\/2023\/07\/Vorstandsfuehrerschein-773x1030.jpg 773w, https:\/\/www.lernreg.de\/wp-content\/uploads\/2023\/07\/Vorstandsfuehrerschein-768x1024.jpg 768w, https:\/\/www.lernreg.de\/wp-content\/uploads\/2023\/07\/Vorstandsfuehrerschein-1152x1536.jpg 1152w, https:\/\/www.lernreg.de\/wp-content\/uploads\/2023\/07\/Vorstandsfuehrerschein-1536x2048.jpg 1536w, https:\/\/www.lernreg.de\/wp-content\/uploads\/2023\/07\/Vorstandsfuehrerschein-1125x1500.jpg 1125w, https:\/\/www.lernreg.de\/wp-content\/uploads\/2023\/07\/Vorstandsfuehrerschein-529x705.jpg 529w, https:\/\/www.lernreg.de\/wp-content\/uploads\/2023\/07\/Vorstandsfuehrerschein-scaled.jpg 1920w\" sizes=\"(max-width: 225px) 100vw, 225px\" \/><\/div><\/div><\/div><\/div>\n\n<style type=\"text\/css\" data-created_by=\"avia_inline_auto\" id=\"style-css-av-6st3kt-c8bafb14355e6f3136b9b9a3fc778351\">\n.flex_column.av-6st3kt-c8bafb14355e6f3136b9b9a3fc778351{\n-webkit-border-radius:0px 0px 0px 0px;\n-moz-border-radius:0px 0px 0px 0px;\nborder-radius:0px 0px 0px 0px;\npadding:0px 0px 0px 0px;\n}\n<\/style>\n<div class='flex_column av-6st3kt-c8bafb14355e6f3136b9b9a3fc778351 av_one_full  avia-builder-el-47  el_after_av_one_half  el_before_av_one_half  first flex_column_div av-zero-column-padding column-top-margin'     ><p>\n<style type=\"text\/css\" data-created_by=\"avia_inline_auto\" id=\"style-css-av-64q45p-e02336ba2c83dccbc00faa3065393ae8\">\n#top .hr.hr-invisible.av-64q45p-e02336ba2c83dccbc00faa3065393ae8{\nheight:20px;\n}\n<\/style>\n<div  class='hr av-64q45p-e02336ba2c83dccbc00faa3065393ae8 hr-invisible  avia-builder-el-48  el_before_av_hr  avia-builder-el-first '><span class='hr-inner '><span class=\"hr-inner-style\"><\/span><\/span><\/div><br \/>\n<div  class='hr av-4g9jod-277cd634e27a8f50ef9dc3048a80cbf4 hr-short  avia-builder-el-49  el_after_av_hr  el_before_av_hr  hr-center'><span class='hr-inner '><span class=\"hr-inner-style\"><\/span><\/span><\/div><br \/>\n\n<style type=\"text\/css\" data-created_by=\"avia_inline_auto\" id=\"style-css-av-2lecq5-29ac393db5d67d6b8545f39cb3f766a1\">\n#top .hr.hr-invisible.av-2lecq5-29ac393db5d67d6b8545f39cb3f766a1{\nheight:20px;\n}\n<\/style>\n<div  class='hr av-2lecq5-29ac393db5d67d6b8545f39cb3f766a1 hr-invisible  avia-builder-el-50  el_after_av_hr  avia-builder-el-last '><span class='hr-inner '><span class=\"hr-inner-style\"><\/span><\/span><\/div><\/p><\/div>\n\n<style type=\"text\/css\" data-created_by=\"avia_inline_auto\" id=\"style-css-av-6su65p-1774a6253fb59a483f7a7ffbf51449d6\">\n.flex_column.av-6su65p-1774a6253fb59a483f7a7ffbf51449d6{\n-webkit-border-radius:0px 0px 0px 0px;\n-moz-border-radius:0px 0px 0px 0px;\nborder-radius:0px 0px 0px 0px;\npadding:0px 0px 0px 0px;\n}\n<\/style>\n<div class='flex_column av-6su65p-1774a6253fb59a483f7a7ffbf51449d6 av_one_half  avia-builder-el-51  el_after_av_one_full  el_before_av_one_half  first flex_column_div av-zero-column-padding column-top-margin'     ><style type=\"text\/css\" data-created_by=\"avia_inline_auto\" id=\"style-css-av-ljzcxsjx-80857ab5ad2307a641da2cd5c6f0b49e\">\n.avia-image-container.av-ljzcxsjx-80857ab5ad2307a641da2cd5c6f0b49e img.avia_image{\nbox-shadow:none;\n}\n.avia-image-container.av-ljzcxsjx-80857ab5ad2307a641da2cd5c6f0b49e .av-image-caption-overlay-center{\ncolor:#ffffff;\n}\n<\/style>\n<div  class='avia-image-container av-ljzcxsjx-80857ab5ad2307a641da2cd5c6f0b49e av-styling- avia-align-center  avia-builder-el-52  avia-builder-el-no-sibling  av-has-copyright av-copyright-icon-reveal'   itemprop=\"image\" itemscope=\"itemscope\" itemtype=\"https:\/\/schema.org\/ImageObject\" ><div class=\"avia-image-container-inner\"><div class=\"avia-image-overlay-wrap\"><img decoding=\"async\" class='wp-image-5902 avia-img-lazy-loading-not-5902 avia_image ' src=\"https:\/\/www.lernreg.de\/wp-content\/uploads\/2023\/07\/Foto_12-225x300.jpg\" alt='' title='Foto_12'  height=\"300\" width=\"225\"  itemprop=\"thumbnailUrl\" srcset=\"https:\/\/www.lernreg.de\/wp-content\/uploads\/2023\/07\/Foto_12-225x300.jpg 225w, https:\/\/www.lernreg.de\/wp-content\/uploads\/2023\/07\/Foto_12-773x1030.jpg 773w, https:\/\/www.lernreg.de\/wp-content\/uploads\/2023\/07\/Foto_12-768x1024.jpg 768w, https:\/\/www.lernreg.de\/wp-content\/uploads\/2023\/07\/Foto_12-1152x1536.jpg 1152w, https:\/\/www.lernreg.de\/wp-content\/uploads\/2023\/07\/Foto_12-1125x1500.jpg 1125w, https:\/\/www.lernreg.de\/wp-content\/uploads\/2023\/07\/Foto_12-529x705.jpg 529w, https:\/\/www.lernreg.de\/wp-content\/uploads\/2023\/07\/Foto_12.jpg 1512w\" sizes=\"(max-width: 225px) 100vw, 225px\" \/><\/div><small class=\"avia-copyright\">Bianka Vollath<\/small><\/div><\/div><\/div>\n\n<style type=\"text\/css\" data-created_by=\"avia_inline_auto\" id=\"style-css-av-6d3gx9-d4fa2e0fad0dd797d0f6a060f73f2337\">\n.flex_column.av-6d3gx9-d4fa2e0fad0dd797d0f6a060f73f2337{\n-webkit-border-radius:0px 0px 0px 0px;\n-moz-border-radius:0px 0px 0px 0px;\nborder-radius:0px 0px 0px 0px;\npadding:0px 0px 0px 0px;\n}\n<\/style>\n<div class='flex_column av-6d3gx9-d4fa2e0fad0dd797d0f6a060f73f2337 av_one_half  avia-builder-el-53  el_after_av_one_half  el_before_av_one_full  flex_column_div av-zero-column-padding column-top-margin'     ><section  class='av_textblock_section av-ljzd3o30-a076200332e2cf007a40955e63ef0b4b'  itemscope=\"itemscope\" itemtype=\"https:\/\/schema.org\/CreativeWork\" ><div class='avia_textblock'  itemprop=\"text\" ><p>\u201eEHRENAMT ROCKT &#8211; GEMEINSAM STARK\u201c<\/p>\n<p>Dieses coole Graffiti haben 4 Sch\u00fclerinnen des Carl-Friedrich-Gau\u00df-Gymnasiums Schwandorf in einem Workshop entworfen und gestaltet. Angeleitet durch den Schwandorfer Streetartk\u00fcnstler, Markus Raab, und umgesetzt im wundersch\u00f6nen Garten der Kebbelvilla wurde es ein gelungener Event. Dieses Kunstwerk wird mit anderen Leinw\u00e4nden ab Herbst die Adenauerbr\u00fccke in Schwandorf zieren. Gelebtes jugendliches Engagement!<\/p>\n<\/div><\/section><\/div>\n\n<style type=\"text\/css\" data-created_by=\"avia_inline_auto\" id=\"style-css-av-84khq5-9f5e071466fdbe76f661e6dbb99acc2f\">\n.flex_column.av-84khq5-9f5e071466fdbe76f661e6dbb99acc2f{\n-webkit-border-radius:0px 0px 0px 0px;\n-moz-border-radius:0px 0px 0px 0px;\nborder-radius:0px 0px 0px 0px;\npadding:0px 0px 0px 0px;\n}\n<\/style>\n<div class='flex_column av-84khq5-9f5e071466fdbe76f661e6dbb99acc2f av_one_full  avia-builder-el-55  el_after_av_one_half  el_before_av_one_half  first flex_column_div av-zero-column-padding column-top-margin'     ><p>\n<style type=\"text\/css\" data-created_by=\"avia_inline_auto\" id=\"style-css-av-69q5n1-29495503a72d8e895079d91e741e46e0\">\n#top .hr.hr-invisible.av-69q5n1-29495503a72d8e895079d91e741e46e0{\nheight:20px;\n}\n<\/style>\n<div  class='hr av-69q5n1-29495503a72d8e895079d91e741e46e0 hr-invisible  avia-builder-el-56  el_before_av_hr  avia-builder-el-first '><span class='hr-inner '><span class=\"hr-inner-style\"><\/span><\/span><\/div><br \/>\n<div  class='hr av-3jvkd9-de70d7c5f3e59a861b0c73319802c3eb hr-short  avia-builder-el-57  el_after_av_hr  el_before_av_hr  hr-center'><span class='hr-inner '><span class=\"hr-inner-style\"><\/span><\/span><\/div><br \/>\n\n<style type=\"text\/css\" data-created_by=\"avia_inline_auto\" id=\"style-css-av-240hv1-0cb16c10434f93f5a532f867927374d2\">\n#top .hr.hr-invisible.av-240hv1-0cb16c10434f93f5a532f867927374d2{\nheight:20px;\n}\n<\/style>\n<div  class='hr av-240hv1-0cb16c10434f93f5a532f867927374d2 hr-invisible  avia-builder-el-58  el_after_av_hr  avia-builder-el-last '><span class='hr-inner '><span class=\"hr-inner-style\"><\/span><\/span><\/div><\/p><\/div>\n\n<style type=\"text\/css\" data-created_by=\"avia_inline_auto\" id=\"style-css-av-8rlrd0t-bebaba155c8e217d38ae225844f91bba\">\n.flex_column.av-8rlrd0t-bebaba155c8e217d38ae225844f91bba{\n-webkit-border-radius:0px 0px 0px 0px;\n-moz-border-radius:0px 0px 0px 0px;\nborder-radius:0px 0px 0px 0px;\npadding:0px 0px 0px 0px;\n}\n<\/style>\n<div class='flex_column av-8rlrd0t-bebaba155c8e217d38ae225844f91bba av_one_half  avia-builder-el-59  el_after_av_one_full  el_before_av_one_half  first flex_column_div av-zero-column-padding column-top-margin'     ><section  class='av_textblock_section av-8p273wd-0ab69c878faf86d04c882431d72a61df'  itemscope=\"itemscope\" itemtype=\"https:\/\/schema.org\/CreativeWork\" ><div class='avia_textblock'  itemprop=\"text\" ><p>\u201eWissensvermittlung statt Partnervermittlung\u201c<\/p>\n<p>Unter diesem Motto wurde f\u00fcr den 11.05.2023 im Mehrgenerationenhaus Wackersdorf eine Lehrerfortbildung und gleichzeitig ein v\u00f6llig neues Austausch-Format organisiert. Es trafen sich die Vertreter von f\u00fcnf Betrieben und insgesamt zehn Lehrkr\u00e4fte aus allen Schularten zu einem Berufsorientierungs-Speed-Dating. In f\u00fcnf Gespr\u00e4chen mit jeweils 15 Minuten Gespr\u00e4chszeit haben sich die Beteiligten zur Berufsorientierung und Berufsvorbereitung an den Schulen ausgetauscht. Auch die Ausbildungs- und Karrierem\u00f6glichkeiten in den Betrieben und die daf\u00fcr notwendigen F\u00e4higkeiten und Abschl\u00fcsse wurden besprochen. Weitere Infos finden Sie <a href=\"https:\/\/www.lernreg.de\/index.php\/speed-dating-schule-trifft-unternehmen\/\">hier<\/a>.<\/p>\n<\/div><\/section><\/div>\n\n<style type=\"text\/css\" data-created_by=\"avia_inline_auto\" id=\"style-css-av-8oapiwd-dafedabba87bce8c8a0b03cdbbb7d7f9\">\n.flex_column.av-8oapiwd-dafedabba87bce8c8a0b03cdbbb7d7f9{\n-webkit-border-radius:0px 0px 0px 0px;\n-moz-border-radius:0px 0px 0px 0px;\nborder-radius:0px 0px 0px 0px;\npadding:0px 0px 0px 0px;\n}\n<\/style>\n<div class='flex_column av-8oapiwd-dafedabba87bce8c8a0b03cdbbb7d7f9 av_one_half  avia-builder-el-61  el_after_av_one_half  el_before_av_one_full  flex_column_div av-zero-column-padding column-top-margin'     ><style type=\"text\/css\" data-created_by=\"avia_inline_auto\" id=\"style-css-av-8mg89hp-53a67c5a34f4db50c39920247a99a37d\">\n.avia-image-container.av-8mg89hp-53a67c5a34f4db50c39920247a99a37d img.avia_image{\nbox-shadow:none;\n}\n.avia-image-container.av-8mg89hp-53a67c5a34f4db50c39920247a99a37d .av-image-caption-overlay-center{\ncolor:#ffffff;\n}\n<\/style>\n<div  class='avia-image-container av-8mg89hp-53a67c5a34f4db50c39920247a99a37d av-styling- avia-align-center  avia-builder-el-62  avia-builder-el-no-sibling '   itemprop=\"image\" itemscope=\"itemscope\" itemtype=\"https:\/\/schema.org\/ImageObject\" ><div class=\"avia-image-container-inner\"><div class=\"avia-image-overlay-wrap\"><img decoding=\"async\" class='wp-image-5717 avia-img-lazy-loading-not-5717 avia_image ' src=\"https:\/\/www.lernreg.de\/wp-content\/uploads\/2023\/05\/IMG_2759-300x225.jpeg\" alt='' title='IMG_2759'  height=\"225\" width=\"300\"  itemprop=\"thumbnailUrl\" srcset=\"https:\/\/www.lernreg.de\/wp-content\/uploads\/2023\/05\/IMG_2759-300x225.jpeg 300w, https:\/\/www.lernreg.de\/wp-content\/uploads\/2023\/05\/IMG_2759-1030x773.jpeg 1030w, https:\/\/www.lernreg.de\/wp-content\/uploads\/2023\/05\/IMG_2759-768x576.jpeg 768w, https:\/\/www.lernreg.de\/wp-content\/uploads\/2023\/05\/IMG_2759-1536x1152.jpeg 1536w, https:\/\/www.lernreg.de\/wp-content\/uploads\/2023\/05\/IMG_2759-2048x1536.jpeg 2048w, https:\/\/www.lernreg.de\/wp-content\/uploads\/2023\/05\/IMG_2759-1500x1125.jpeg 1500w, https:\/\/www.lernreg.de\/wp-content\/uploads\/2023\/05\/IMG_2759-705x529.jpeg 705w, https:\/\/www.lernreg.de\/wp-content\/uploads\/2023\/05\/IMG_2759-450x338.jpeg 450w\" sizes=\"(max-width: 300px) 100vw, 300px\" \/><\/div><\/div><\/div><\/div>\n\n<style type=\"text\/css\" data-created_by=\"avia_inline_auto\" id=\"style-css-av-8ko7b3h-c3973e9ddeb625acbffc080776058908\">\n.flex_column.av-8ko7b3h-c3973e9ddeb625acbffc080776058908{\n-webkit-border-radius:0px 0px 0px 0px;\n-moz-border-radius:0px 0px 0px 0px;\nborder-radius:0px 0px 0px 0px;\npadding:0px 0px 0px 0px;\n}\n<\/style>\n<div class='flex_column av-8ko7b3h-c3973e9ddeb625acbffc080776058908 av_one_full  avia-builder-el-63  el_after_av_one_half  el_before_av_one_half  first flex_column_div av-zero-column-padding column-top-margin'     ><p>\n<style type=\"text\/css\" data-created_by=\"avia_inline_auto\" id=\"style-css-av-2vcxod-0cbe9e9ab648ba8a6038835577133325\">\n#top .hr.hr-invisible.av-2vcxod-0cbe9e9ab648ba8a6038835577133325{\nheight:20px;\n}\n<\/style>\n<div  class='hr av-2vcxod-0cbe9e9ab648ba8a6038835577133325 hr-invisible  avia-builder-el-64  el_before_av_hr  avia-builder-el-first '><span class='hr-inner '><span class=\"hr-inner-style\"><\/span><\/span><\/div><br \/>\n<div  class='hr av-8hj95x9-9069d0170a82eccd9b1442590458aa7f hr-short  avia-builder-el-65  el_after_av_hr  el_before_av_hr  hr-center'><span class='hr-inner '><span class=\"hr-inner-style\"><\/span><\/span><\/div><br \/>\n\n<style type=\"text\/css\" data-created_by=\"avia_inline_auto\" id=\"style-css-av-8g2snt9-cd88f508c1c2e8f7ffde205bfd592aa0\">\n#top .hr.hr-invisible.av-8g2snt9-cd88f508c1c2e8f7ffde205bfd592aa0{\nheight:20px;\n}\n<\/style>\n<div  class='hr av-8g2snt9-cd88f508c1c2e8f7ffde205bfd592aa0 hr-invisible  avia-builder-el-66  el_after_av_hr  avia-builder-el-last '><span class='hr-inner '><span class=\"hr-inner-style\"><\/span><\/span><\/div><\/p><\/div>\n\n<style type=\"text\/css\" data-created_by=\"avia_inline_auto\" id=\"style-css-av-8e3yajh-2c340b80ec880dea3e596c381c56dc83\">\n.flex_column.av-8e3yajh-2c340b80ec880dea3e596c381c56dc83{\n-webkit-border-radius:0px 0px 0px 0px;\n-moz-border-radius:0px 0px 0px 0px;\nborder-radius:0px 0px 0px 0px;\npadding:0px 0px 0px 0px;\n}\n<\/style>\n<div class='flex_column av-8e3yajh-2c340b80ec880dea3e596c381c56dc83 av_one_half  avia-builder-el-67  el_after_av_one_full  el_before_av_one_half  first flex_column_div av-zero-column-padding column-top-margin'     ><style type=\"text\/css\" data-created_by=\"avia_inline_auto\" id=\"style-css-av-8cbrrj1-802c41bacdcf279c50d4617b1b24bf6b\">\n.avia-image-container.av-8cbrrj1-802c41bacdcf279c50d4617b1b24bf6b img.avia_image{\nbox-shadow:none;\n}\n.avia-image-container.av-8cbrrj1-802c41bacdcf279c50d4617b1b24bf6b .av-image-caption-overlay-center{\ncolor:#ffffff;\n}\n<\/style>\n<div  class='avia-image-container av-8cbrrj1-802c41bacdcf279c50d4617b1b24bf6b av-styling- avia-align-center  avia-builder-el-68  avia-builder-el-no-sibling '   itemprop=\"image\" itemscope=\"itemscope\" itemtype=\"https:\/\/schema.org\/ImageObject\" ><div class=\"avia-image-container-inner\"><div class=\"avia-image-overlay-wrap\"><img decoding=\"async\" class='wp-image-5666 avia-img-lazy-loading-not-5666 avia_image ' src=\"https:\/\/www.lernreg.de\/wp-content\/uploads\/2023\/05\/Foto_Vereinsschule-300x200.jpg\" alt='' title='Foto_Vereinsschule'  height=\"200\" width=\"300\"  itemprop=\"thumbnailUrl\" srcset=\"https:\/\/www.lernreg.de\/wp-content\/uploads\/2023\/05\/Foto_Vereinsschule-300x200.jpg 300w, https:\/\/www.lernreg.de\/wp-content\/uploads\/2023\/05\/Foto_Vereinsschule-1030x687.jpg 1030w, https:\/\/www.lernreg.de\/wp-content\/uploads\/2023\/05\/Foto_Vereinsschule-768x512.jpg 768w, https:\/\/www.lernreg.de\/wp-content\/uploads\/2023\/05\/Foto_Vereinsschule-1536x1024.jpg 1536w, https:\/\/www.lernreg.de\/wp-content\/uploads\/2023\/05\/Foto_Vereinsschule-2048x1365.jpg 2048w, https:\/\/www.lernreg.de\/wp-content\/uploads\/2023\/05\/Foto_Vereinsschule-1500x1000.jpg 1500w, https:\/\/www.lernreg.de\/wp-content\/uploads\/2023\/05\/Foto_Vereinsschule-705x470.jpg 705w, https:\/\/www.lernreg.de\/wp-content\/uploads\/2023\/05\/Foto_Vereinsschule-450x300.jpg 450w\" sizes=\"(max-width: 300px) 100vw, 300px\" \/><\/div><\/div><\/div><\/div>\n\n<style type=\"text\/css\" data-created_by=\"avia_inline_auto\" id=\"style-css-av-8a5u4fx-f1ae5839198c9e799418dfd67ac2c11f\">\n.flex_column.av-8a5u4fx-f1ae5839198c9e799418dfd67ac2c11f{\n-webkit-border-radius:0px 0px 0px 0px;\n-moz-border-radius:0px 0px 0px 0px;\nborder-radius:0px 0px 0px 0px;\npadding:0px 0px 0px 0px;\n}\n<\/style>\n<div class='flex_column av-8a5u4fx-f1ae5839198c9e799418dfd67ac2c11f av_one_half  avia-builder-el-69  el_after_av_one_half  el_before_av_one_full  flex_column_div av-zero-column-padding column-top-margin'     ><section  class='av_textblock_section av-88f3w59-d6ef0ca594a15986abe2330f79620950'  itemscope=\"itemscope\" itemtype=\"https:\/\/schema.org\/CreativeWork\" ><div class='avia_textblock'  itemprop=\"text\" ><p>Die \u201eVereinsschule\u201c der Lernenden Region Schwandorf feiert in diesem Jahr f\u00fcnfj\u00e4hriges Bestehen. Zu diesem Anlass gibt es bei der beliebten und kostenfreien Fortbildungsreihe ein besonderes Highlight. Unter dem Namen \u201eVorstandsf\u00fchrerschein\u201c wurde ein Crashkurs f\u00fcr Vorst\u00e4nde organisiert, der einen Samstag lang die Vorstandsarbeit systematisch vermitteln soll. Gedacht ist dieser Kurs f\u00fcr angehende Vorst\u00e4nde und alle Vorst\u00e4nde, die sich weiterqualifizieren m\u00f6chten.<\/p>\n<p>F\u00fcr die Ehrenamtlichen der Vereine und Verb\u00e4nde des Landkreises Schwandorf werden daneben vier weitere Abendtermine angeboten: Kassenpr\u00fcfung in Theorie und Praxis, Social Media f\u00fcr Vereine, Haftungsrecht und Aufsichtspflicht und Jugendschutz.<\/p>\n<p>Alle Veranstaltungen der Vereinsschule sind kostenfrei. Die Anmeldung findet wie jedes Jahr \u00fcber die Volkshochschule im St\u00e4dtedreieck statt: <a class=\"csslink_extern\" title=\"Externer Link\" href=\"https:\/\/www.landkreis-schwandorf.de\/redirect.phtml?extlink=1&#038;La=1&#038;url_fid=3300.327.1\" target=\"_blank\" rel=\"noopener\">https:\/\/www.vhs-schwandorf-land.de\/<\/a> oder unter der 09471 30 22 333.<\/p>\n<p>Weitere Infos zu den Veranstaltungen und zur Anmeldung gibt es <a href=\"https:\/\/www.lernreg.de\/index.php\/vereinsschule-im-landkreis-schwandorf\/\">hier<\/a>.<\/p>\n<p>Foto: Hans Prechtl, Landratsamt Schwandorf<\/p>\n<\/div><\/section><\/div>\n\n<style type=\"text\/css\" data-created_by=\"avia_inline_auto\" id=\"style-css-av-thbtgd-6fbb96ca2e2f144400cf9f6406ae26c3\">\n.flex_column.av-thbtgd-6fbb96ca2e2f144400cf9f6406ae26c3{\n-webkit-border-radius:0px 0px 0px 0px;\n-moz-border-radius:0px 0px 0px 0px;\nborder-radius:0px 0px 0px 0px;\npadding:0px 0px 0px 0px;\n}\n<\/style>\n<div class='flex_column av-thbtgd-6fbb96ca2e2f144400cf9f6406ae26c3 av_one_full  avia-builder-el-71  el_after_av_one_half  el_before_av_one_half  first flex_column_div av-zero-column-padding column-top-margin'     ><p>\n<style type=\"text\/css\" data-created_by=\"avia_inline_auto\" id=\"style-css-av-85a6e4d-747a0452128913f22f431297703af668\">\n#top .hr.hr-invisible.av-85a6e4d-747a0452128913f22f431297703af668{\nheight:20px;\n}\n<\/style>\n<div  class='hr av-85a6e4d-747a0452128913f22f431297703af668 hr-invisible  avia-builder-el-72  el_before_av_hr  avia-builder-el-first '><span class='hr-inner '><span class=\"hr-inner-style\"><\/span><\/span><\/div><br \/>\n<div  class='hr av-83j88bx-95a87205329593bfffdb6a2f7e0a8ee1 hr-short  avia-builder-el-73  el_after_av_hr  el_before_av_hr  hr-center'><span class='hr-inner '><span class=\"hr-inner-style\"><\/span><\/span><\/div><br \/>\n\n<style type=\"text\/css\" data-created_by=\"avia_inline_auto\" id=\"style-css-av-82bkatp-0de315b7efabb666c31a455a4e4b9b12\">\n#top .hr.hr-invisible.av-82bkatp-0de315b7efabb666c31a455a4e4b9b12{\nheight:20px;\n}\n<\/style>\n<div  class='hr av-82bkatp-0de315b7efabb666c31a455a4e4b9b12 hr-invisible  avia-builder-el-74  el_after_av_hr  avia-builder-el-last '><span class='hr-inner '><span class=\"hr-inner-style\"><\/span><\/span><\/div><\/p><\/div>\n\n<style type=\"text\/css\" data-created_by=\"avia_inline_auto\" id=\"style-css-av-80aawu5-58ee2465b81f32e6e28d869575993614\">\n.flex_column.av-80aawu5-58ee2465b81f32e6e28d869575993614{\n-webkit-border-radius:0px 0px 0px 0px;\n-moz-border-radius:0px 0px 0px 0px;\nborder-radius:0px 0px 0px 0px;\npadding:0px 0px 0px 0px;\n}\n<\/style>\n<div class='flex_column av-80aawu5-58ee2465b81f32e6e28d869575993614 av_one_half  avia-builder-el-75  el_after_av_one_full  el_before_av_one_half  first flex_column_div av-zero-column-padding column-top-margin'     ><section  class='av_textblock_section av-7z6lasd-47b4916f6e05ed86399610e21c6ff3d3'  itemscope=\"itemscope\" itemtype=\"https:\/\/schema.org\/CreativeWork\" ><div class='avia_textblock'  itemprop=\"text\" ><p><b>Online-Seminar &#8222;Umgang mit pers\u00f6nlicher Belastung&#8220; am 18.04.2023<\/b><\/p>\n<p>Auf Krisen und Notf\u00e4lle treffen Ehrenamtliche im Engagement f\u00fcr Gefl\u00fcchtete nicht selten. Leicht k\u00f6nnen die Schicksale anderer zur eigenen Belastung werden. Deshalb dreht sich heute alles um die eigene Psychohygiene. Wie entlaste ich mich selbst? Wie grenze ich mich von den Schicksalen der Gefl\u00fcchteten ab und mit welchen Handlungsstrategien kann ich mich im Fall der F\u00e4lle stabilisieren? TRIGG nimmt Sie mit in die Welt von \u201cIch zuerst\u201d und unterst\u00fctzt Sie dabei eine eigene Haltung in Bezug auf N\u00e4he und Distanz zu erarbeiten.<\/p>\n<p>Diese Veranstaltung richtet sich explizit an alle, die im Asyl- und Fl\u00fcchtlingsbereich t\u00e4tig sind. Sie ist f\u00fcr Sie kostenfrei und ein Teil des Qualifizierungsprogramms &#8222;Kompetente Sprachbegleitung von Gefl\u00fcchteten. <a href=\"https:\/\/www.lernreg.de\/index.php\/2023\/04\/06\/umgang-mit-persoenlicher-belastung\/\">Mehr&#8230;<\/a><\/p>\n<p>Foto: Maria Dirnberger, Lernende Region<\/p>\n<\/div><\/section><\/div>\n\n<style type=\"text\/css\" data-created_by=\"avia_inline_auto\" id=\"style-css-av-7xvbp2l-bd0d44364fe259a4c2d539ad6da5f78a\">\n.flex_column.av-7xvbp2l-bd0d44364fe259a4c2d539ad6da5f78a{\n-webkit-border-radius:0px 0px 0px 0px;\n-moz-border-radius:0px 0px 0px 0px;\nborder-radius:0px 0px 0px 0px;\npadding:0px 0px 0px 0px;\n}\n<\/style>\n<div class='flex_column av-7xvbp2l-bd0d44364fe259a4c2d539ad6da5f78a av_one_half  avia-builder-el-77  el_after_av_one_half  el_before_av_one_full  flex_column_div av-zero-column-padding column-top-margin'     ><style type=\"text\/css\" data-created_by=\"avia_inline_auto\" id=\"style-css-av-7vo947x-ef94bae32c618c91695ebfa38c569dd9\">\n.avia-image-container.av-7vo947x-ef94bae32c618c91695ebfa38c569dd9 img.avia_image{\nbox-shadow:none;\n}\n.avia-image-container.av-7vo947x-ef94bae32c618c91695ebfa38c569dd9 .av-image-caption-overlay-center{\ncolor:#ffffff;\n}\n<\/style>\n<div  class='avia-image-container av-7vo947x-ef94bae32c618c91695ebfa38c569dd9 av-styling- avia-align-center  avia-builder-el-78  avia-builder-el-no-sibling '   itemprop=\"image\" itemscope=\"itemscope\" itemtype=\"https:\/\/schema.org\/ImageObject\" ><div class=\"avia-image-container-inner\"><div class=\"avia-image-overlay-wrap\"><img decoding=\"async\" class='wp-image-5577 avia-img-lazy-loading-not-5577 avia_image ' src=\"https:\/\/www.lernreg.de\/wp-content\/uploads\/2023\/04\/Onlineveranstaltung-im-LRA-Maerz-2023-1-300x225.jpg\" alt='' title='Onlineveranstaltung im LRA M\u00e4rz 2023 1'  height=\"225\" width=\"300\"  itemprop=\"thumbnailUrl\" srcset=\"https:\/\/www.lernreg.de\/wp-content\/uploads\/2023\/04\/Onlineveranstaltung-im-LRA-Maerz-2023-1-300x225.jpg 300w, https:\/\/www.lernreg.de\/wp-content\/uploads\/2023\/04\/Onlineveranstaltung-im-LRA-Maerz-2023-1-1030x773.jpg 1030w, https:\/\/www.lernreg.de\/wp-content\/uploads\/2023\/04\/Onlineveranstaltung-im-LRA-Maerz-2023-1-768x576.jpg 768w, https:\/\/www.lernreg.de\/wp-content\/uploads\/2023\/04\/Onlineveranstaltung-im-LRA-Maerz-2023-1-1536x1152.jpg 1536w, https:\/\/www.lernreg.de\/wp-content\/uploads\/2023\/04\/Onlineveranstaltung-im-LRA-Maerz-2023-1-1500x1125.jpg 1500w, https:\/\/www.lernreg.de\/wp-content\/uploads\/2023\/04\/Onlineveranstaltung-im-LRA-Maerz-2023-1-705x529.jpg 705w, https:\/\/www.lernreg.de\/wp-content\/uploads\/2023\/04\/Onlineveranstaltung-im-LRA-Maerz-2023-1-450x338.jpg 450w, https:\/\/www.lernreg.de\/wp-content\/uploads\/2023\/04\/Onlineveranstaltung-im-LRA-Maerz-2023-1.jpg 2048w\" sizes=\"(max-width: 300px) 100vw, 300px\" \/><\/div><\/div><\/div><\/div>\n\n<style type=\"text\/css\" data-created_by=\"avia_inline_auto\" id=\"style-css-av-7tr7owt-d5e8eadd7e11fa181fe9c5ccf1fffaf5\">\n.flex_column.av-7tr7owt-d5e8eadd7e11fa181fe9c5ccf1fffaf5{\n-webkit-border-radius:0px 0px 0px 0px;\n-moz-border-radius:0px 0px 0px 0px;\nborder-radius:0px 0px 0px 0px;\npadding:0px 0px 0px 0px;\n}\n<\/style>\n<div class='flex_column av-7tr7owt-d5e8eadd7e11fa181fe9c5ccf1fffaf5 av_one_full  avia-builder-el-79  el_after_av_one_half  el_before_av_one_half  first flex_column_div av-zero-column-padding column-top-margin'     ><p>\n<style type=\"text\/css\" data-created_by=\"avia_inline_auto\" id=\"style-css-av-s0kt99-c390c258907d7e68bb24e767c4aaac37\">\n#top .hr.hr-invisible.av-s0kt99-c390c258907d7e68bb24e767c4aaac37{\nheight:20px;\n}\n<\/style>\n<div  class='hr av-s0kt99-c390c258907d7e68bb24e767c4aaac37 hr-invisible  avia-builder-el-80  el_before_av_hr  avia-builder-el-first '><span class='hr-inner '><span class=\"hr-inner-style\"><\/span><\/span><\/div><br \/>\n<div  class='hr av-7q77pkd-441dd51768f810f80aa6bf52fb870955 hr-short  avia-builder-el-81  el_after_av_hr  el_before_av_hr  hr-center'><span class='hr-inner '><span class=\"hr-inner-style\"><\/span><\/span><\/div><br \/>\n\n<style type=\"text\/css\" data-created_by=\"avia_inline_auto\" id=\"style-css-av-7ozix71-0eb83471c57a0a5293d72b5e1aa9aa0f\">\n#top .hr.hr-invisible.av-7ozix71-0eb83471c57a0a5293d72b5e1aa9aa0f{\nheight:20px;\n}\n<\/style>\n<div  class='hr av-7ozix71-0eb83471c57a0a5293d72b5e1aa9aa0f hr-invisible  avia-builder-el-82  el_after_av_hr  avia-builder-el-last '><span class='hr-inner '><span class=\"hr-inner-style\"><\/span><\/span><\/div><\/p><\/div>\n\n<style type=\"text\/css\" data-created_by=\"avia_inline_auto\" id=\"style-css-av-7mrpz9p-0faeeabd24fba5d3a51d07b6a67ded74\">\n.flex_column.av-7mrpz9p-0faeeabd24fba5d3a51d07b6a67ded74{\n-webkit-border-radius:0px 0px 0px 0px;\n-moz-border-radius:0px 0px 0px 0px;\nborder-radius:0px 0px 0px 0px;\npadding:0px 0px 0px 0px;\n}\n<\/style>\n<div class='flex_column av-7mrpz9p-0faeeabd24fba5d3a51d07b6a67ded74 av_one_half  avia-builder-el-83  el_after_av_one_full  el_before_av_one_half  first flex_column_div av-zero-column-padding column-top-margin'     ><style type=\"text\/css\" data-created_by=\"avia_inline_auto\" id=\"style-css-av-rewmu5-7d44098f0271a394a6cd79c0a6767b5f\">\n.avia-image-container.av-rewmu5-7d44098f0271a394a6cd79c0a6767b5f img.avia_image{\nbox-shadow:none;\n}\n.avia-image-container.av-rewmu5-7d44098f0271a394a6cd79c0a6767b5f .av-image-caption-overlay-center{\ncolor:#ffffff;\n}\n<\/style>\n<div  class='avia-image-container av-rewmu5-7d44098f0271a394a6cd79c0a6767b5f av-styling- avia-align-center  avia-builder-el-84  avia-builder-el-no-sibling '   itemprop=\"image\" itemscope=\"itemscope\" itemtype=\"https:\/\/schema.org\/ImageObject\" ><div class=\"avia-image-container-inner\"><div class=\"avia-image-overlay-wrap\"><img decoding=\"async\" class='wp-image-5429 avia-img-lazy-loading-not-5429 avia_image ' src=\"https:\/\/www.lernreg.de\/wp-content\/uploads\/2023\/03\/Pressefoto-20230207_MINT_Projekt-300x200.jpg\" alt='' title='Pressefoto 20230207_MINT_Projekt'  height=\"200\" width=\"300\"  itemprop=\"thumbnailUrl\" srcset=\"https:\/\/www.lernreg.de\/wp-content\/uploads\/2023\/03\/Pressefoto-20230207_MINT_Projekt-300x200.jpg 300w, https:\/\/www.lernreg.de\/wp-content\/uploads\/2023\/03\/Pressefoto-20230207_MINT_Projekt-1030x687.jpg 1030w, https:\/\/www.lernreg.de\/wp-content\/uploads\/2023\/03\/Pressefoto-20230207_MINT_Projekt-768x512.jpg 768w, https:\/\/www.lernreg.de\/wp-content\/uploads\/2023\/03\/Pressefoto-20230207_MINT_Projekt-1536x1024.jpg 1536w, https:\/\/www.lernreg.de\/wp-content\/uploads\/2023\/03\/Pressefoto-20230207_MINT_Projekt-2048x1365.jpg 2048w, https:\/\/www.lernreg.de\/wp-content\/uploads\/2023\/03\/Pressefoto-20230207_MINT_Projekt-1500x1000.jpg 1500w, https:\/\/www.lernreg.de\/wp-content\/uploads\/2023\/03\/Pressefoto-20230207_MINT_Projekt-705x470.jpg 705w, https:\/\/www.lernreg.de\/wp-content\/uploads\/2023\/03\/Pressefoto-20230207_MINT_Projekt-450x300.jpg 450w\" sizes=\"(max-width: 300px) 100vw, 300px\" \/><\/div><\/div><\/div><\/div>\n\n<style type=\"text\/css\" data-created_by=\"avia_inline_auto\" id=\"style-css-av-r6zcrx-d5380e369ebcd8fe95ae403a2eee0f0b\">\n.flex_column.av-r6zcrx-d5380e369ebcd8fe95ae403a2eee0f0b{\n-webkit-border-radius:0px 0px 0px 0px;\n-moz-border-radius:0px 0px 0px 0px;\nborder-radius:0px 0px 0px 0px;\npadding:0px 0px 0px 0px;\n}\n<\/style>\n<div class='flex_column av-r6zcrx-d5380e369ebcd8fe95ae403a2eee0f0b av_one_half  avia-builder-el-85  el_after_av_one_half  el_before_av_one_full  flex_column_div av-zero-column-padding column-top-margin'     ><section  class='av_textblock_section av-r218ql-e88cde1b7babf5e38f3fec17ce8b1d36'  itemscope=\"itemscope\" itemtype=\"https:\/\/schema.org\/CreativeWork\" ><div class='avia_textblock'  itemprop=\"text\" ><p><strong>MINTerpol-Experimentierkoffer f\u00fcr die Grundschulen im Landkreis Schwandorf vorgestellt<\/strong><\/p>\n<p>2021 entwickelte das Gymnasium Burglengenfeld Experimentierkoffer f\u00fcr Grundschulen. Nun konnte die Lernende Region mit Hilfe von F\u00f6rdergeldern Koffer f\u00fcr alle interessierten Schulen zur Verf\u00fcgung stellen. <a href=\"https:\/\/www.lernreg.de\/index.php\/mint-projekte\/\">Mehr&#8230;<\/a><\/p>\n<\/div><\/section><\/div>\n\n<style type=\"text\/css\" data-created_by=\"avia_inline_auto\" id=\"style-css-av-7hcil5p-31d6cc2c8292c127d6881c428a50b697\">\n.flex_column.av-7hcil5p-31d6cc2c8292c127d6881c428a50b697{\n-webkit-border-radius:0px 0px 0px 0px;\n-moz-border-radius:0px 0px 0px 0px;\nborder-radius:0px 0px 0px 0px;\npadding:0px 0px 0px 0px;\n}\n<\/style>\n<div class='flex_column av-7hcil5p-31d6cc2c8292c127d6881c428a50b697 av_one_full  avia-builder-el-87  el_after_av_one_half  el_before_av_one_half  first flex_column_div av-zero-column-padding column-top-margin'     ><p>\n<style type=\"text\/css\" data-created_by=\"avia_inline_auto\" id=\"style-css-av-7ekqrlp-aa5f3af725c8a21d364d8a9f093b3974\">\n#top .hr.hr-invisible.av-7ekqrlp-aa5f3af725c8a21d364d8a9f093b3974{\nheight:20px;\n}\n<\/style>\n<div  class='hr av-7ekqrlp-aa5f3af725c8a21d364d8a9f093b3974 hr-invisible  avia-builder-el-88  el_before_av_hr  avia-builder-el-first '><span class='hr-inner '><span class=\"hr-inner-style\"><\/span><\/span><\/div><br \/>\n<div  class='hr av-7ctc3od-49a850754a9f0bd1e03688ec5af0f545 hr-short  avia-builder-el-89  el_after_av_hr  el_before_av_hr  hr-center'><span class='hr-inner '><span class=\"hr-inner-style\"><\/span><\/span><\/div><br \/>\n\n<style type=\"text\/css\" data-created_by=\"avia_inline_auto\" id=\"style-css-av-7b731ul-d15849f08f93998787002ab08aca707f\">\n#top .hr.hr-invisible.av-7b731ul-d15849f08f93998787002ab08aca707f{\nheight:20px;\n}\n<\/style>\n<div  class='hr av-7b731ul-d15849f08f93998787002ab08aca707f hr-invisible  avia-builder-el-90  el_after_av_hr  avia-builder-el-last '><span class='hr-inner '><span class=\"hr-inner-style\"><\/span><\/span><\/div><\/p><\/div>\n\n<style type=\"text\/css\" data-created_by=\"avia_inline_auto\" id=\"style-css-av-7aubqct-234478a94a8a6b3470a23db4feb1d9bc\">\n.flex_column.av-7aubqct-234478a94a8a6b3470a23db4feb1d9bc{\n-webkit-border-radius:0px 0px 0px 0px;\n-moz-border-radius:0px 0px 0px 0px;\nborder-radius:0px 0px 0px 0px;\npadding:0px 0px 0px 0px;\n}\n<\/style>\n<div class='flex_column av-7aubqct-234478a94a8a6b3470a23db4feb1d9bc av_one_half  avia-builder-el-91  el_after_av_one_full  el_before_av_one_half  first flex_column_div av-zero-column-padding column-top-margin'     ><section  class='av_textblock_section av-798jm3h-104eaaef73a7c023af5d63eec7cf4bf8'  itemscope=\"itemscope\" itemtype=\"https:\/\/schema.org\/CreativeWork\" ><div class='avia_textblock'  itemprop=\"text\" ><p><strong>Bildungsmesse 2023<\/strong><\/p>\n<p>Nach zwei rein virtuellen Messen findet die Bildungsmesse 2023 wieder in der Stadthalle Maxh\u00fctte-Haidhof statt. Jetzt schon den Termin vormerken: 26.\/27.03.2023<\/p>\n<p>Alle Infos auf unserer Messehomepage: <a href=\"http:\/\/www.bildungsmesse-schwandorf.de\">www.bildungsmesse-schwandorf.de<\/a><\/p>\n<p>PS: Unseren neuen Stand werden wir ebenfalls auf der Bildungsmesse pr\u00e4sentieren!<\/p>\n<\/div><\/section><\/div>\n\n<style type=\"text\/css\" data-created_by=\"avia_inline_auto\" id=\"style-css-av-777ckzh-d826edfbfcc35fb1a6068ae91387eb26\">\n.flex_column.av-777ckzh-d826edfbfcc35fb1a6068ae91387eb26{\n-webkit-border-radius:0px 0px 0px 0px;\n-moz-border-radius:0px 0px 0px 0px;\nborder-radius:0px 0px 0px 0px;\npadding:0px 0px 0px 0px;\n}\n<\/style>\n<div class='flex_column av-777ckzh-d826edfbfcc35fb1a6068ae91387eb26 av_one_half  avia-builder-el-93  el_after_av_one_half  el_before_av_one_full  flex_column_div av-zero-column-padding column-top-margin'     ><style type=\"text\/css\" data-created_by=\"avia_inline_auto\" id=\"style-css-av-po5z3x-1139dbdb41f4ebd20c8eacc961008857\">\n.avia-image-container.av-po5z3x-1139dbdb41f4ebd20c8eacc961008857 img.avia_image{\nbox-shadow:none;\n}\n.avia-image-container.av-po5z3x-1139dbdb41f4ebd20c8eacc961008857 .av-image-caption-overlay-center{\ncolor:#ffffff;\n}\n<\/style>\n<div  class='avia-image-container av-po5z3x-1139dbdb41f4ebd20c8eacc961008857 av-styling- avia-align-center  avia-builder-el-94  avia-builder-el-no-sibling '   itemprop=\"image\" itemscope=\"itemscope\" itemtype=\"https:\/\/schema.org\/ImageObject\" ><div class=\"avia-image-container-inner\"><div class=\"avia-image-overlay-wrap\"><img decoding=\"async\" class='wp-image-5358 avia-img-lazy-loading-not-5358 avia_image ' src=\"https:\/\/www.lernreg.de\/wp-content\/uploads\/2023\/01\/BM23-SvD-FB-300x251.png\" alt='' title='BM23 - SvD - FB'  height=\"251\" width=\"300\"  itemprop=\"thumbnailUrl\" srcset=\"https:\/\/www.lernreg.de\/wp-content\/uploads\/2023\/01\/BM23-SvD-FB-300x251.png 300w, https:\/\/www.lernreg.de\/wp-content\/uploads\/2023\/01\/BM23-SvD-FB-768x644.png 768w, https:\/\/www.lernreg.de\/wp-content\/uploads\/2023\/01\/BM23-SvD-FB-705x591.png 705w, https:\/\/www.lernreg.de\/wp-content\/uploads\/2023\/01\/BM23-SvD-FB-450x377.png 450w, https:\/\/www.lernreg.de\/wp-content\/uploads\/2023\/01\/BM23-SvD-FB.png 940w\" sizes=\"(max-width: 300px) 100vw, 300px\" \/><\/div><\/div><\/div><\/div>\n\n<style type=\"text\/css\" data-created_by=\"avia_inline_auto\" id=\"style-css-av-73dz0v1-e5b8ad75eef0543df83c8c099679e09f\">\n.flex_column.av-73dz0v1-e5b8ad75eef0543df83c8c099679e09f{\n-webkit-border-radius:0px 0px 0px 0px;\n-moz-border-radius:0px 0px 0px 0px;\nborder-radius:0px 0px 0px 0px;\npadding:0px 0px 0px 0px;\n}\n<\/style>\n<div class='flex_column av-73dz0v1-e5b8ad75eef0543df83c8c099679e09f av_one_full  avia-builder-el-95  el_after_av_one_half  el_before_av_one_half  first flex_column_div av-zero-column-padding column-top-margin'     ><p>\n<style type=\"text\/css\" data-created_by=\"avia_inline_auto\" id=\"style-css-av-72k3x5p-a43fbd02180c0514a4f5cb544f26e7b2\">\n#top .hr.hr-invisible.av-72k3x5p-a43fbd02180c0514a4f5cb544f26e7b2{\nheight:20px;\n}\n<\/style>\n<div  class='hr av-72k3x5p-a43fbd02180c0514a4f5cb544f26e7b2 hr-invisible  avia-builder-el-96  el_before_av_hr  avia-builder-el-first '><span class='hr-inner '><span class=\"hr-inner-style\"><\/span><\/span><\/div><br \/>\n<div  class='hr av-70enn2l-a0aefdc1452ad95f94b589386b2313d8 hr-short  avia-builder-el-97  el_after_av_hr  el_before_av_hr  hr-center'><span class='hr-inner '><span class=\"hr-inner-style\"><\/span><\/span><\/div><br \/>\n\n<style type=\"text\/css\" data-created_by=\"avia_inline_auto\" id=\"style-css-av-6z6puml-906219a85b6f42e0dd3275a3bfbe366c\">\n#top .hr.hr-invisible.av-6z6puml-906219a85b6f42e0dd3275a3bfbe366c{\nheight:20px;\n}\n<\/style>\n<div  class='hr av-6z6puml-906219a85b6f42e0dd3275a3bfbe366c hr-invisible  avia-builder-el-98  el_after_av_hr  avia-builder-el-last '><span class='hr-inner '><span class=\"hr-inner-style\"><\/span><\/span><\/div><\/p><\/div>\n\n<style type=\"text\/css\" data-created_by=\"avia_inline_auto\" id=\"style-css-av-6w8sme5-2d3cbc7ec8c08b50635fd36c3b6e8cc2\">\n.flex_column.av-6w8sme5-2d3cbc7ec8c08b50635fd36c3b6e8cc2{\n-webkit-border-radius:0px 0px 0px 0px;\n-moz-border-radius:0px 0px 0px 0px;\nborder-radius:0px 0px 0px 0px;\npadding:0px 0px 0px 0px;\n}\n<\/style>\n<div class='flex_column av-6w8sme5-2d3cbc7ec8c08b50635fd36c3b6e8cc2 av_one_half  avia-builder-el-99  el_after_av_one_full  el_before_av_one_half  first flex_column_div av-zero-column-padding column-top-margin'     ><style type=\"text\/css\" data-created_by=\"avia_inline_auto\" id=\"style-css-av-6uy660d-66f5df357dfc2c3909be99ac99729b45\">\n.avia-image-container.av-6uy660d-66f5df357dfc2c3909be99ac99729b45 img.avia_image{\nbox-shadow:none;\n}\n.avia-image-container.av-6uy660d-66f5df357dfc2c3909be99ac99729b45 .av-image-caption-overlay-center{\ncolor:#ffffff;\n}\n<\/style>\n<div  class='avia-image-container av-6uy660d-66f5df357dfc2c3909be99ac99729b45 av-styling- avia-align-center  avia-builder-el-100  avia-builder-el-no-sibling '   itemprop=\"image\" itemscope=\"itemscope\" itemtype=\"https:\/\/schema.org\/ImageObject\" ><div class=\"avia-image-container-inner\"><div class=\"avia-image-overlay-wrap\"><img decoding=\"async\" class='wp-image-5352 avia-img-lazy-loading-not-5352 avia_image ' src=\"https:\/\/www.lernreg.de\/wp-content\/uploads\/2022\/12\/Weihnachtsgruss-300x300.png\" alt='' title='Weihnachtsgru\u00df'  height=\"300\" width=\"300\"  itemprop=\"thumbnailUrl\" srcset=\"https:\/\/www.lernreg.de\/wp-content\/uploads\/2022\/12\/Weihnachtsgruss-300x300.png 300w, https:\/\/www.lernreg.de\/wp-content\/uploads\/2022\/12\/Weihnachtsgruss-1030x1030.png 1030w, https:\/\/www.lernreg.de\/wp-content\/uploads\/2022\/12\/Weihnachtsgruss-80x80.png 80w, https:\/\/www.lernreg.de\/wp-content\/uploads\/2022\/12\/Weihnachtsgruss-768x768.png 768w, https:\/\/www.lernreg.de\/wp-content\/uploads\/2022\/12\/Weihnachtsgruss-36x36.png 36w, https:\/\/www.lernreg.de\/wp-content\/uploads\/2022\/12\/Weihnachtsgruss-180x180.png 180w, https:\/\/www.lernreg.de\/wp-content\/uploads\/2022\/12\/Weihnachtsgruss-705x705.png 705w, https:\/\/www.lernreg.de\/wp-content\/uploads\/2022\/12\/Weihnachtsgruss-120x120.png 120w, https:\/\/www.lernreg.de\/wp-content\/uploads\/2022\/12\/Weihnachtsgruss-450x450.png 450w, https:\/\/www.lernreg.de\/wp-content\/uploads\/2022\/12\/Weihnachtsgruss.png 1080w\" sizes=\"(max-width: 300px) 100vw, 300px\" \/><\/div><\/div><\/div><\/div>\n\n<style type=\"text\/css\" data-created_by=\"avia_inline_auto\" id=\"style-css-av-6tsj3yl-dcdf809c86f0ec24ca17d92ebcd308c3\">\n.flex_column.av-6tsj3yl-dcdf809c86f0ec24ca17d92ebcd308c3{\n-webkit-border-radius:0px 0px 0px 0px;\n-moz-border-radius:0px 0px 0px 0px;\nborder-radius:0px 0px 0px 0px;\npadding:0px 0px 0px 0px;\n}\n<\/style>\n<div class='flex_column av-6tsj3yl-dcdf809c86f0ec24ca17d92ebcd308c3 av_one_half  avia-builder-el-101  el_after_av_one_half  el_before_av_one_full  flex_column_div av-zero-column-padding column-top-margin'     ><section  class='av_textblock_section av-6s524cd-dc8e4201cd4059d12c16430d93fb9596'  itemscope=\"itemscope\" itemtype=\"https:\/\/schema.org\/CreativeWork\" ><div class='avia_textblock'  itemprop=\"text\" ><p><b>Weihnachtsgr\u00fc\u00dfe<\/b><\/p>\n<p>Das Jahr 2022 geht zu Ende. Nach vielen unerwarteten Ereignissen, gro\u00dfen und kleinen Herausforderungen und vielen gro\u00dfartigen Momenten ist es an der Zeit, sich eine Pause zu g\u00f6nnen. Wir bedanken uns bei allen Partnern, Unterst\u00fctzern, Ehrenamtlichen und Interessierten, dass Sie auch dieses Jahr wieder mit uns zusammengearbeitet haben. Wir w\u00fcnschen Ihnen und uns allen gl\u00fcckliche Weihnachtstage mit den Liebsten und f\u00fcr das neue Jahr 2023 viel Gesundheit, Gl\u00fcck und viele gute Ideen.<\/p>\n<p>Wir freuen uns darauf, auch in 2023 wieder zusammen mit Ihnen gro\u00dfartige Projekte zu gestalten und Ideen zu verwirklichen. Wir verabschieden uns damit in eine kleine Winterpause und sind ab 02. Januar wieder f\u00fcr Sie da.<\/p>\n<p>Ihr Team der Lernenden Region Schwandorf e.V.<\/p>\n<\/div><\/section><\/div>\n\n<style type=\"text\/css\" data-created_by=\"avia_inline_auto\" id=\"style-css-av-6px1w2l-1f4093241e0a928e4c131b457f3130cf\">\n.flex_column.av-6px1w2l-1f4093241e0a928e4c131b457f3130cf{\n-webkit-border-radius:0px 0px 0px 0px;\n-moz-border-radius:0px 0px 0px 0px;\nborder-radius:0px 0px 0px 0px;\npadding:0px 0px 0px 0px;\n}\n<\/style>\n<div class='flex_column av-6px1w2l-1f4093241e0a928e4c131b457f3130cf av_one_full  avia-builder-el-103  el_after_av_one_half  el_before_av_one_half  first flex_column_div av-zero-column-padding column-top-margin'     ><p>\n<style type=\"text\/css\" data-created_by=\"avia_inline_auto\" id=\"style-css-av-6p2vn4t-147317bf37a253b701dc565373c34947\">\n#top .hr.hr-invisible.av-6p2vn4t-147317bf37a253b701dc565373c34947{\nheight:20px;\n}\n<\/style>\n<div  class='hr av-6p2vn4t-147317bf37a253b701dc565373c34947 hr-invisible  avia-builder-el-104  el_before_av_hr  avia-builder-el-first '><span class='hr-inner '><span class=\"hr-inner-style\"><\/span><\/span><\/div><br \/>\n<div  class='hr av-6mz0l8d-6398b91ea47eb7d33e5d1c83708b82e3 hr-short  avia-builder-el-105  el_after_av_hr  el_before_av_hr  hr-center'><span class='hr-inner '><span class=\"hr-inner-style\"><\/span><\/span><\/div><br \/>\n\n<style type=\"text\/css\" data-created_by=\"avia_inline_auto\" id=\"style-css-av-6kt40q5-dafc779aa95786f8502d63fe0b9f3b0d\">\n#top .hr.hr-invisible.av-6kt40q5-dafc779aa95786f8502d63fe0b9f3b0d{\nheight:20px;\n}\n<\/style>\n<div  class='hr av-6kt40q5-dafc779aa95786f8502d63fe0b9f3b0d hr-invisible  avia-builder-el-106  el_after_av_hr  avia-builder-el-last '><span class='hr-inner '><span class=\"hr-inner-style\"><\/span><\/span><\/div><\/p><\/div>\n\n<style type=\"text\/css\" data-created_by=\"avia_inline_auto\" id=\"style-css-av-nmk5l9-cfc66abd505a2d2f9c609d80867d0f06\">\n.flex_column.av-nmk5l9-cfc66abd505a2d2f9c609d80867d0f06{\n-webkit-border-radius:0px 0px 0px 0px;\n-moz-border-radius:0px 0px 0px 0px;\nborder-radius:0px 0px 0px 0px;\npadding:0px 0px 0px 0px;\n}\n<\/style>\n<div class='flex_column av-nmk5l9-cfc66abd505a2d2f9c609d80867d0f06 av_one_half  avia-builder-el-107  el_after_av_one_full  el_before_av_one_half  first flex_column_div av-zero-column-padding column-top-margin'     ><section  class='av_textblock_section av-6ikj7pp-74f0e396f6f74b8b0738e2855acc2bc8'  itemscope=\"itemscope\" itemtype=\"https:\/\/schema.org\/CreativeWork\" ><div class='avia_textblock'  itemprop=\"text\" ><p><strong>Vorleseaktion an der Kreuzberg Grundschule in Schwandorf<\/strong><\/p>\n<p>Anl\u00e4sslich des Bundesweiten Vorlesetags hat Landrat Thomas Ebeling am 17.11.2022 Sch\u00fclerinnen und Sch\u00fclern der Kreuzberg Grundschule in Schwandorf aus zwei B\u00fcchern vorgelesen.<\/p>\n<p>Die Vorleseaktion ist auf Initiative des Lesepatenprojekts der Lernenden Region Schwandorf e.V. entstanden und sollte auch die Bedeutung des Vorlesens hervorheben.<\/p>\n<\/div><\/section><\/div>\n\n<style type=\"text\/css\" data-created_by=\"avia_inline_auto\" id=\"style-css-av-6gc59m5-8e16f7704e99f9727d25baa66e447d22\">\n.flex_column.av-6gc59m5-8e16f7704e99f9727d25baa66e447d22{\n-webkit-border-radius:0px 0px 0px 0px;\n-moz-border-radius:0px 0px 0px 0px;\nborder-radius:0px 0px 0px 0px;\npadding:0px 0px 0px 0px;\n}\n<\/style>\n<div class='flex_column av-6gc59m5-8e16f7704e99f9727d25baa66e447d22 av_one_half  avia-builder-el-109  el_after_av_one_half  el_before_av_one_full  flex_column_div av-zero-column-padding column-top-margin'     ><style type=\"text\/css\" data-created_by=\"avia_inline_auto\" id=\"style-css-av-n1tub1-f8a1e7a54a7379e8dd0ff5559e81da5b\">\n.avia-image-container.av-n1tub1-f8a1e7a54a7379e8dd0ff5559e81da5b img.avia_image{\nbox-shadow:none;\n}\n.avia-image-container.av-n1tub1-f8a1e7a54a7379e8dd0ff5559e81da5b .av-image-caption-overlay-center{\ncolor:#ffffff;\n}\n<\/style>\n<div  class='avia-image-container av-n1tub1-f8a1e7a54a7379e8dd0ff5559e81da5b av-styling- avia-align-center  avia-builder-el-110  avia-builder-el-no-sibling '   itemprop=\"image\" itemscope=\"itemscope\" itemtype=\"https:\/\/schema.org\/ImageObject\" ><div class=\"avia-image-container-inner\"><div class=\"avia-image-overlay-wrap\"><img decoding=\"async\" class='wp-image-5338 avia-img-lazy-loading-not-5338 avia_image ' src=\"https:\/\/www.lernreg.de\/wp-content\/uploads\/2022\/11\/Foto-2-17112022-300x225.png\" alt='' title='Foto 2 17112022'  height=\"225\" width=\"300\"  itemprop=\"thumbnailUrl\" srcset=\"https:\/\/www.lernreg.de\/wp-content\/uploads\/2022\/11\/Foto-2-17112022-300x225.png 300w, https:\/\/www.lernreg.de\/wp-content\/uploads\/2022\/11\/Foto-2-17112022-768x576.png 768w, https:\/\/www.lernreg.de\/wp-content\/uploads\/2022\/11\/Foto-2-17112022-705x529.png 705w, https:\/\/www.lernreg.de\/wp-content\/uploads\/2022\/11\/Foto-2-17112022-450x338.png 450w, https:\/\/www.lernreg.de\/wp-content\/uploads\/2022\/11\/Foto-2-17112022.png 1024w\" sizes=\"(max-width: 300px) 100vw, 300px\" \/><\/div><\/div><\/div><\/div>\n\n<style type=\"text\/css\" data-created_by=\"avia_inline_auto\" id=\"style-css-av-6ckmd6l-d1aabd34c7613d8434451a9d559d9c70\">\n.flex_column.av-6ckmd6l-d1aabd34c7613d8434451a9d559d9c70{\n-webkit-border-radius:0px 0px 0px 0px;\n-moz-border-radius:0px 0px 0px 0px;\nborder-radius:0px 0px 0px 0px;\npadding:0px 0px 0px 0px;\n}\n<\/style>\n<div class='flex_column av-6ckmd6l-d1aabd34c7613d8434451a9d559d9c70 av_one_full  avia-builder-el-111  el_after_av_one_half  el_before_av_one_half  first flex_column_div av-zero-column-padding column-top-margin'     ><p>\n<style type=\"text\/css\" data-created_by=\"avia_inline_auto\" id=\"style-css-av-6bmndel-1205dcea2518fa1c8cb06e5fbd7f11a9\">\n#top .hr.hr-invisible.av-6bmndel-1205dcea2518fa1c8cb06e5fbd7f11a9{\nheight:20px;\n}\n<\/style>\n<div  class='hr av-6bmndel-1205dcea2518fa1c8cb06e5fbd7f11a9 hr-invisible  avia-builder-el-112  el_before_av_hr  avia-builder-el-first '><span class='hr-inner '><span class=\"hr-inner-style\"><\/span><\/span><\/div><br \/>\n<div  class='hr av-6aeiam5-2f0c26011873b097fb588f435b7db17d hr-short  avia-builder-el-113  el_after_av_hr  el_before_av_hr  hr-center'><span class='hr-inner '><span class=\"hr-inner-style\"><\/span><\/span><\/div><br \/>\n\n<style type=\"text\/css\" data-created_by=\"avia_inline_auto\" id=\"style-css-av-684xp0t-6ec1f15e6bb705339537cab02ba2c184\">\n#top .hr.hr-invisible.av-684xp0t-6ec1f15e6bb705339537cab02ba2c184{\nheight:20px;\n}\n<\/style>\n<div  class='hr av-684xp0t-6ec1f15e6bb705339537cab02ba2c184 hr-invisible  avia-builder-el-114  el_after_av_hr  avia-builder-el-last '><span class='hr-inner '><span class=\"hr-inner-style\"><\/span><\/span><\/div><\/p><\/div>\n\n<style type=\"text\/css\" data-created_by=\"avia_inline_auto\" id=\"style-css-av-677bzn1-e40560e7c2835f878e65ed6f30792dab\">\n.flex_column.av-677bzn1-e40560e7c2835f878e65ed6f30792dab{\n-webkit-border-radius:0px 0px 0px 0px;\n-moz-border-radius:0px 0px 0px 0px;\nborder-radius:0px 0px 0px 0px;\npadding:0px 0px 0px 0px;\n}\n<\/style>\n<div class='flex_column av-677bzn1-e40560e7c2835f878e65ed6f30792dab av_one_half  avia-builder-el-115  el_after_av_one_full  el_before_av_one_half  first flex_column_div av-zero-column-padding column-top-margin'     ><style type=\"text\/css\" data-created_by=\"avia_inline_auto\" id=\"style-css-av-64rd70d-96c6878ce2e5a8d207738fba8332f7d8\">\n.avia-image-container.av-64rd70d-96c6878ce2e5a8d207738fba8332f7d8 img.avia_image{\nbox-shadow:none;\n}\n.avia-image-container.av-64rd70d-96c6878ce2e5a8d207738fba8332f7d8 .av-image-caption-overlay-center{\ncolor:#ffffff;\n}\n<\/style>\n<div  class='avia-image-container av-64rd70d-96c6878ce2e5a8d207738fba8332f7d8 av-styling- avia-align-center  avia-builder-el-116  avia-builder-el-no-sibling '   itemprop=\"image\" itemscope=\"itemscope\" itemtype=\"https:\/\/schema.org\/ImageObject\" ><div class=\"avia-image-container-inner\"><div class=\"avia-image-overlay-wrap\"><img decoding=\"async\" class='wp-image-5275 avia-img-lazy-loading-not-5275 avia_image ' src=\"https:\/\/www.lernreg.de\/wp-content\/uploads\/2022\/11\/Ehrenamtspreis-146x300.png\" alt='' title='Ehrenamtspreis'  height=\"300\" width=\"146\"  itemprop=\"thumbnailUrl\" srcset=\"https:\/\/www.lernreg.de\/wp-content\/uploads\/2022\/11\/Ehrenamtspreis-146x300.png 146w, https:\/\/www.lernreg.de\/wp-content\/uploads\/2022\/11\/Ehrenamtspreis-344x705.png 344w, https:\/\/www.lernreg.de\/wp-content\/uploads\/2022\/11\/Ehrenamtspreis.png 426w\" sizes=\"(max-width: 146px) 100vw, 146px\" \/><\/div><\/div><\/div><\/div>\n\n<style type=\"text\/css\" data-created_by=\"avia_inline_auto\" id=\"style-css-av-63retsd-0770fc5291ac49135716a5111ede6a8c\">\n.flex_column.av-63retsd-0770fc5291ac49135716a5111ede6a8c{\n-webkit-border-radius:0px 0px 0px 0px;\n-moz-border-radius:0px 0px 0px 0px;\nborder-radius:0px 0px 0px 0px;\npadding:0px 0px 0px 0px;\n}\n<\/style>\n<div class='flex_column av-63retsd-0770fc5291ac49135716a5111ede6a8c av_one_half  avia-builder-el-117  el_after_av_one_half  el_before_av_one_full  flex_column_div av-zero-column-padding column-top-margin'     ><section  class='av_textblock_section av-61sl3nx-5be6b21b928d7fbf723724a1a0bc7b70'  itemscope=\"itemscope\" itemtype=\"https:\/\/schema.org\/CreativeWork\" ><div class='avia_textblock'  itemprop=\"text\" ><p><strong>Bewerbung auf den Ehrenamtspreis der Versicherungskammer Stiftung ab jetzt m\u00f6glich<\/strong><\/p>\n<p>Der Ehrenamtspreis der Versicherungskammer Stiftung m\u00f6chte herausragendes gemeinn\u00fctziges Engagement in Bayern und der Pfalz sichtbar machen und finanziell unterst\u00fctzen. Der Preis wird j\u00e4hrlich mit neuem Schwerpunkt \u2013 passend zum Jahresmotto der Stiftung \u2013 ausgeschrieben. Das aktuelle Jahresthema lautet &#8222;Gesellschaft im Wandel <-> Ehrenamt im Wandel&#8220; und ist mit insgesamt 43.000 Euro dotiert. Genauere Informationen gibt es <a href=\"https:\/\/versicherungskammer-stiftung.de\/preise\/ehrenamtspreis\/ehrenamtspreis-2023\/ausschreibung\/\">hier<\/a>.<\/p>\n<\/div><\/section><\/div>\n\n<style type=\"text\/css\" data-created_by=\"avia_inline_auto\" id=\"style-css-av-609kfnh-23f56cafebd5459b63f73bbfcf792355\">\n.flex_column.av-609kfnh-23f56cafebd5459b63f73bbfcf792355{\n-webkit-border-radius:0px 0px 0px 0px;\n-moz-border-radius:0px 0px 0px 0px;\nborder-radius:0px 0px 0px 0px;\npadding:0px 0px 0px 0px;\n}\n<\/style>\n<div class='flex_column av-609kfnh-23f56cafebd5459b63f73bbfcf792355 av_one_full  avia-builder-el-119  el_after_av_one_half  el_before_av_one_half  first flex_column_div av-zero-column-padding column-top-margin'     ><p>\n<style type=\"text\/css\" data-created_by=\"avia_inline_auto\" id=\"style-css-av-5xn6del-085390481e4456e3d1fb348ed40ca8a5\">\n#top .hr.hr-invisible.av-5xn6del-085390481e4456e3d1fb348ed40ca8a5{\nheight:20px;\n}\n<\/style>\n<div  class='hr av-5xn6del-085390481e4456e3d1fb348ed40ca8a5 hr-invisible  avia-builder-el-120  el_before_av_hr  avia-builder-el-first '><span class='hr-inner '><span class=\"hr-inner-style\"><\/span><\/span><\/div><br \/>\n<div  class='hr av-5wiy425-839d81f141a09f531b7a16803df96507 hr-short  avia-builder-el-121  el_after_av_hr  el_before_av_hr  hr-center'><span class='hr-inner '><span class=\"hr-inner-style\"><\/span><\/span><\/div><br \/>\n\n<style type=\"text\/css\" data-created_by=\"avia_inline_auto\" id=\"style-css-av-5v15ljx-b1cd346b0be602ca06f93228dc008f50\">\n#top .hr.hr-invisible.av-5v15ljx-b1cd346b0be602ca06f93228dc008f50{\nheight:20px;\n}\n<\/style>\n<div  class='hr av-5v15ljx-b1cd346b0be602ca06f93228dc008f50 hr-invisible  avia-builder-el-122  el_after_av_hr  avia-builder-el-last '><span class='hr-inner '><span class=\"hr-inner-style\"><\/span><\/span><\/div><\/p><\/div>\n\n<style type=\"text\/css\" data-created_by=\"avia_inline_auto\" id=\"style-css-av-5th4ht9-c454ac32b0cc9ddf57712afca66d81f3\">\n.flex_column.av-5th4ht9-c454ac32b0cc9ddf57712afca66d81f3{\n-webkit-border-radius:0px 0px 0px 0px;\n-moz-border-radius:0px 0px 0px 0px;\nborder-radius:0px 0px 0px 0px;\npadding:0px 0px 0px 0px;\n}\n<\/style>\n<div class='flex_column av-5th4ht9-c454ac32b0cc9ddf57712afca66d81f3 av_one_half  avia-builder-el-123  el_after_av_one_full  el_before_av_one_half  first flex_column_div av-zero-column-padding column-top-margin'     ><section  class='av_textblock_section av-5rhsz99-c00408f9f9971c80fb6abbdaa3b73bd5'  itemscope=\"itemscope\" itemtype=\"https:\/\/schema.org\/CreativeWork\" ><div class='avia_textblock'  itemprop=\"text\" ><p><b>Informationsveranstaltung f\u00fcr Lehrkr\u00e4fte: Bionik<\/b><\/p>\n<p>Was k\u00f6nnen wir uns von der Natur abschauen? Was haben wir uns bereits zu Nutze gemacht? Und wie kann man Dinge vielleicht sogar noch optimieren? Diese Fragen stellt sich die Bionik. Natur und moderne Technik umgeben Kinder von klein auf. Umso mehr sind sie fasziniert, wenn ihnen aufgezeigt wird, wo es Parallelen zwischen den beiden gibt. Gerade Kinder im Grundschulalter werden sich solchen Zusammenh\u00e4ngen immer mehr bewusst. Bei einer Informationsveranstaltung f\u00fcr Lehrkr\u00e4fte bekamen 12 Lehrerinnen und Lehrer von verschiedenen Grundschulen im Landkreis die M\u00f6glichkeit, sich Input zu dem Thema zu holen. Referentin Angela Jonen von der Initiative Junge Forscherinnen und Forscher aus W\u00fcrzburg vermittelte an der Lindenschule in Schwandorf theoretische Zusammenh\u00e4nge und leitet die Teilnehmenden dabei an, wie sie an verschiedenen Stationen praktische Ideen f\u00fcr den eigenen Unterricht ausprobieren und kennenlernen k\u00f6nnen. Dar\u00fcber hinaus gab es Informationen zu Materialien, Buchtipps und Themen, die die Kinder begeistern und leicht im Unterrichtsalltag integrierbar sind.<\/p>\n<p>Die Veranstaltung fand im Rahmen eines Kooperationsprojektes zwischen MINT-Management und Regionalmanagement statt. Ziel des Projektes ist es, Multiplikatoren f\u00fcr das Thema MINT zu gewinnen und darin zu f\u00f6rdern. Auf diese Weise sollen m\u00f6glichst viele Kinder im Landkreis davon profitieren. Gef\u00f6rdert wurde die Veranstaltung vom Bayerischen Staatsministerium f\u00fcr Wirtschaft, Landesentwicklung und Energie.<\/p>\n<\/div><\/section><\/div>\n\n<style type=\"text\/css\" data-created_by=\"avia_inline_auto\" id=\"style-css-av-5pyzll9-9acbcd3d2fbc5589005d6da7902dd26c\">\n.flex_column.av-5pyzll9-9acbcd3d2fbc5589005d6da7902dd26c{\n-webkit-border-radius:0px 0px 0px 0px;\n-moz-border-radius:0px 0px 0px 0px;\nborder-radius:0px 0px 0px 0px;\npadding:0px 0px 0px 0px;\n}\n<\/style>\n<div class='flex_column av-5pyzll9-9acbcd3d2fbc5589005d6da7902dd26c av_one_half  avia-builder-el-125  el_after_av_one_half  el_before_av_one_full  flex_column_div av-zero-column-padding column-top-margin'     ><style type=\"text\/css\" data-created_by=\"avia_inline_auto\" id=\"style-css-av-5oxjnct-6f9e04fffc467f8ce05e6e1737eda1bb\">\n.avia-image-container.av-5oxjnct-6f9e04fffc467f8ce05e6e1737eda1bb img.avia_image{\nbox-shadow:none;\n}\n.avia-image-container.av-5oxjnct-6f9e04fffc467f8ce05e6e1737eda1bb .av-image-caption-overlay-center{\ncolor:#ffffff;\n}\n<\/style>\n<div  class='avia-image-container av-5oxjnct-6f9e04fffc467f8ce05e6e1737eda1bb av-styling- avia-align-center  avia-builder-el-126  avia-builder-el-no-sibling '   itemprop=\"image\" itemscope=\"itemscope\" itemtype=\"https:\/\/schema.org\/ImageObject\" ><div class=\"avia-image-container-inner\"><div class=\"avia-image-overlay-wrap\"><a href=\"https:\/\/www.lernreg.de\/index.php\/vereinsschule-im-landkreis-schwandorf\/\" class='avia_image' ><img decoding=\"async\" class='wp-image-5242 avia-img-lazy-loading-not-5242 avia_image ' src=\"https:\/\/www.lernreg.de\/wp-content\/uploads\/2022\/10\/IMG_6548-300x200.jpg\" alt='' title='IMG_6548'  height=\"200\" width=\"300\"  itemprop=\"thumbnailUrl\" srcset=\"https:\/\/www.lernreg.de\/wp-content\/uploads\/2022\/10\/IMG_6548-300x200.jpg 300w, https:\/\/www.lernreg.de\/wp-content\/uploads\/2022\/10\/IMG_6548-1030x687.jpg 1030w, https:\/\/www.lernreg.de\/wp-content\/uploads\/2022\/10\/IMG_6548-768x512.jpg 768w, https:\/\/www.lernreg.de\/wp-content\/uploads\/2022\/10\/IMG_6548-1536x1024.jpg 1536w, https:\/\/www.lernreg.de\/wp-content\/uploads\/2022\/10\/IMG_6548-2048x1365.jpg 2048w, https:\/\/www.lernreg.de\/wp-content\/uploads\/2022\/10\/IMG_6548-1500x1000.jpg 1500w, https:\/\/www.lernreg.de\/wp-content\/uploads\/2022\/10\/IMG_6548-705x470.jpg 705w, https:\/\/www.lernreg.de\/wp-content\/uploads\/2022\/10\/IMG_6548-450x300.jpg 450w\" sizes=\"(max-width: 300px) 100vw, 300px\" \/><\/a><\/div><\/div><\/div><\/div>\n\n<style type=\"text\/css\" data-created_by=\"avia_inline_auto\" id=\"style-css-av-5mjy5pp-56774a50644031f6a3aebfd6b86416d9\">\n.flex_column.av-5mjy5pp-56774a50644031f6a3aebfd6b86416d9{\n-webkit-border-radius:0px 0px 0px 0px;\n-moz-border-radius:0px 0px 0px 0px;\nborder-radius:0px 0px 0px 0px;\npadding:0px 0px 0px 0px;\n}\n<\/style>\n<div class='flex_column av-5mjy5pp-56774a50644031f6a3aebfd6b86416d9 av_one_full  avia-builder-el-127  el_after_av_one_half  el_before_av_one_half  first flex_column_div av-zero-column-padding column-top-margin'     ><p>\n<style type=\"text\/css\" data-created_by=\"avia_inline_auto\" id=\"style-css-av-5kicjwt-dd8d14b6dae79f46101b372a1927b55a\">\n#top .hr.hr-invisible.av-5kicjwt-dd8d14b6dae79f46101b372a1927b55a{\nheight:20px;\n}\n<\/style>\n<div  class='hr av-5kicjwt-dd8d14b6dae79f46101b372a1927b55a hr-invisible  avia-builder-el-128  el_before_av_hr  avia-builder-el-first '><span class='hr-inner '><span class=\"hr-inner-style\"><\/span><\/span><\/div><br \/>\n<div  class='hr av-5jp4t99-3ba8ab28eabc1c107b57ac2e7f783c63 hr-short  avia-builder-el-129  el_after_av_hr  el_before_av_hr  hr-center'><span class='hr-inner '><span class=\"hr-inner-style\"><\/span><\/span><\/div><br \/>\n\n<style type=\"text\/css\" data-created_by=\"avia_inline_auto\" id=\"style-css-av-5hhk899-2149d69072ed9e83cf7651c9cda83343\">\n#top .hr.hr-invisible.av-5hhk899-2149d69072ed9e83cf7651c9cda83343{\nheight:20px;\n}\n<\/style>\n<div  class='hr av-5hhk899-2149d69072ed9e83cf7651c9cda83343 hr-invisible  avia-builder-el-130  el_after_av_hr  avia-builder-el-last '><span class='hr-inner '><span class=\"hr-inner-style\"><\/span><\/span><\/div><\/p><\/div>\n\n<style type=\"text\/css\" data-created_by=\"avia_inline_auto\" id=\"style-css-av-5glnly5-f16da64ef65cb97d49499e3e333f1e94\">\n.flex_column.av-5glnly5-f16da64ef65cb97d49499e3e333f1e94{\n-webkit-border-radius:0px 0px 0px 0px;\n-moz-border-radius:0px 0px 0px 0px;\nborder-radius:0px 0px 0px 0px;\npadding:0px 0px 0px 0px;\n}\n<\/style>\n<div class='flex_column av-5glnly5-f16da64ef65cb97d49499e3e333f1e94 av_one_half  avia-builder-el-131  el_after_av_one_full  el_before_av_one_half  first flex_column_div av-zero-column-padding column-top-margin'     ><style type=\"text\/css\" data-created_by=\"avia_inline_auto\" id=\"style-css-av-5dwgt5p-9637c9ad66256997e9a41cce9bfcb666\">\n.avia-image-container.av-5dwgt5p-9637c9ad66256997e9a41cce9bfcb666 img.avia_image{\nbox-shadow:none;\n}\n.avia-image-container.av-5dwgt5p-9637c9ad66256997e9a41cce9bfcb666 .av-image-caption-overlay-center{\ncolor:#ffffff;\n}\n<\/style>\n<div  class='avia-image-container av-5dwgt5p-9637c9ad66256997e9a41cce9bfcb666 av-styling- avia-align-center  avia-builder-el-132  avia-builder-el-no-sibling '   itemprop=\"image\" itemscope=\"itemscope\" itemtype=\"https:\/\/schema.org\/ImageObject\" ><div class=\"avia-image-container-inner\"><div class=\"avia-image-overlay-wrap\"><a href=\"https:\/\/www.lernreg.de\/index.php\/vereinsschule-im-landkreis-schwandorf\/\" class='avia_image' ><img decoding=\"async\" class='wp-image-5226 avia-img-lazy-loading-not-5226 avia_image ' src=\"https:\/\/www.lernreg.de\/wp-content\/uploads\/2022\/10\/Pressefoto-Vorstellung-MINT-Video-300x200.jpg\" alt='' title='Pressefoto Vorstellung MINT-Video'  height=\"200\" width=\"300\"  itemprop=\"thumbnailUrl\" srcset=\"https:\/\/www.lernreg.de\/wp-content\/uploads\/2022\/10\/Pressefoto-Vorstellung-MINT-Video-300x200.jpg 300w, https:\/\/www.lernreg.de\/wp-content\/uploads\/2022\/10\/Pressefoto-Vorstellung-MINT-Video-1030x687.jpg 1030w, https:\/\/www.lernreg.de\/wp-content\/uploads\/2022\/10\/Pressefoto-Vorstellung-MINT-Video-768x512.jpg 768w, https:\/\/www.lernreg.de\/wp-content\/uploads\/2022\/10\/Pressefoto-Vorstellung-MINT-Video-1536x1024.jpg 1536w, https:\/\/www.lernreg.de\/wp-content\/uploads\/2022\/10\/Pressefoto-Vorstellung-MINT-Video-2048x1365.jpg 2048w, https:\/\/www.lernreg.de\/wp-content\/uploads\/2022\/10\/Pressefoto-Vorstellung-MINT-Video-1500x1000.jpg 1500w, https:\/\/www.lernreg.de\/wp-content\/uploads\/2022\/10\/Pressefoto-Vorstellung-MINT-Video-705x470.jpg 705w, https:\/\/www.lernreg.de\/wp-content\/uploads\/2022\/10\/Pressefoto-Vorstellung-MINT-Video-450x300.jpg 450w\" sizes=\"(max-width: 300px) 100vw, 300px\" \/><\/a><\/div><\/div><\/div><\/div>\n\n<style type=\"text\/css\" data-created_by=\"avia_inline_auto\" id=\"style-css-av-5c93ofh-c604fcbad36783959d67c5ea2054335a\">\n.flex_column.av-5c93ofh-c604fcbad36783959d67c5ea2054335a{\n-webkit-border-radius:0px 0px 0px 0px;\n-moz-border-radius:0px 0px 0px 0px;\nborder-radius:0px 0px 0px 0px;\npadding:0px 0px 0px 0px;\n}\n<\/style>\n<div class='flex_column av-5c93ofh-c604fcbad36783959d67c5ea2054335a av_one_half  avia-builder-el-133  el_after_av_one_half  el_before_av_one_full  flex_column_div av-zero-column-padding column-top-margin'     ><section  class='av_textblock_section av-5b1lqz1-82186b528aaedf74a2f38f76d2b27c31'  itemscope=\"itemscope\" itemtype=\"https:\/\/schema.org\/CreativeWork\" ><div class='avia_textblock'  itemprop=\"text\" ><p><strong>MINT-Region und Regionalmanagement pr\u00e4sentieren den neuen MINT-Imagefilm<\/strong><\/p>\n<p>Zusammen mit dem Regionalmanagement hat das MINT-Management in den letzten Wochen an einem Imagefilm rund um das Thema MINT im Landkreis gearbeitet. Nun wurde der Film, f\u00fcr den im Sommer an verschiedenen Orten im Landkreis gedreht wurde, pr\u00e4sentiert. Den Film finden Sie <a href=\"https:\/\/www.lernreg.de\/index.php\/mint-filme\/\">hier<\/a>.<\/p>\n<\/div><\/section><\/div>\n\n<style type=\"text\/css\" data-created_by=\"avia_inline_auto\" id=\"style-css-av-59apawt-3b3a9d3f290dd7478d288a7b07b7094e\">\n.flex_column.av-59apawt-3b3a9d3f290dd7478d288a7b07b7094e{\n-webkit-border-radius:0px 0px 0px 0px;\n-moz-border-radius:0px 0px 0px 0px;\nborder-radius:0px 0px 0px 0px;\npadding:0px 0px 0px 0px;\n}\n<\/style>\n<div class='flex_column av-59apawt-3b3a9d3f290dd7478d288a7b07b7094e av_one_full  avia-builder-el-135  el_after_av_one_half  el_before_av_one_half  first flex_column_div av-zero-column-padding column-top-margin'     ><p>\n<style type=\"text\/css\" data-created_by=\"avia_inline_auto\" id=\"style-css-av-57ysrkt-d71038582db1db53704badcf2505af5c\">\n#top .hr.hr-invisible.av-57ysrkt-d71038582db1db53704badcf2505af5c{\nheight:20px;\n}\n<\/style>\n<div  class='hr av-57ysrkt-d71038582db1db53704badcf2505af5c hr-invisible  avia-builder-el-136  el_before_av_hr  avia-builder-el-first '><span class='hr-inner '><span class=\"hr-inner-style\"><\/span><\/span><\/div><br \/>\n<div  class='hr av-55ly2fx-a2468bb58b5b6bd3b746b47535927fe6 hr-short  avia-builder-el-137  el_after_av_hr  el_before_av_hr  hr-center'><span class='hr-inner '><span class=\"hr-inner-style\"><\/span><\/span><\/div><br \/>\n\n<style type=\"text\/css\" data-created_by=\"avia_inline_auto\" id=\"style-css-av-53vrcb1-2e3ac81b9a4b57f45afd895415eeb353\">\n#top .hr.hr-invisible.av-53vrcb1-2e3ac81b9a4b57f45afd895415eeb353{\nheight:20px;\n}\n<\/style>\n<div  class='hr av-53vrcb1-2e3ac81b9a4b57f45afd895415eeb353 hr-invisible  avia-builder-el-138  el_after_av_hr  avia-builder-el-last '><span class='hr-inner '><span class=\"hr-inner-style\"><\/span><\/span><\/div><\/p><\/div>\n\n<style type=\"text\/css\" data-created_by=\"avia_inline_auto\" id=\"style-css-av-52669hp-d2bd993cab9cbe628afe6c915adace81\">\n.flex_column.av-52669hp-d2bd993cab9cbe628afe6c915adace81{\n-webkit-border-radius:0px 0px 0px 0px;\n-moz-border-radius:0px 0px 0px 0px;\nborder-radius:0px 0px 0px 0px;\npadding:0px 0px 0px 0px;\n}\n<\/style>\n<div class='flex_column av-52669hp-d2bd993cab9cbe628afe6c915adace81 av_one_half  avia-builder-el-139  el_after_av_one_full  el_before_av_one_half  first flex_column_div av-zero-column-padding column-top-margin'     ><section  class='av_textblock_section av-50xqgwd-a7316f1de927fd98e97dce8a9a18cb0e'  itemscope=\"itemscope\" itemtype=\"https:\/\/schema.org\/CreativeWork\" ><div class='avia_textblock'  itemprop=\"text\" ><p><strong>Lernende Region feiert 20j\u00e4hriges Jubil\u00e4um<\/strong><\/p>\n<p>Bei der Mitgliederversammlung am 05.10.2022 wurde gro\u00df gefeiert: Der Verein feierte 20. Geburtstag! Bei einer kleinen Feierlichkeit im Rahmen der Mitgliederversammlung im Berufsschulzentrum Schwandorf wurden Erinnerungen aber auch Ideen ausgetauscht. <a href=\"https:\/\/www.lernreg.de\/index.php\/vereinsjubilaeum\/\">Mehr&#8230;<\/a><\/p>\n<\/div><\/section><\/div>\n\n<style type=\"text\/css\" data-created_by=\"avia_inline_auto\" id=\"style-css-av-4zelaul-509243d183d52e2d0ffb30b5fd5d6c61\">\n.flex_column.av-4zelaul-509243d183d52e2d0ffb30b5fd5d6c61{\n-webkit-border-radius:0px 0px 0px 0px;\n-moz-border-radius:0px 0px 0px 0px;\nborder-radius:0px 0px 0px 0px;\npadding:0px 0px 0px 0px;\n}\n<\/style>\n<div class='flex_column av-4zelaul-509243d183d52e2d0ffb30b5fd5d6c61 av_one_half  avia-builder-el-141  el_after_av_one_half  el_before_av_one_full  flex_column_div av-zero-column-padding column-top-margin'     ><style type=\"text\/css\" data-created_by=\"avia_inline_auto\" id=\"style-css-av-4xbcjf1-dc67f026de3e6f98461634ab704152e5\">\n.avia-image-container.av-4xbcjf1-dc67f026de3e6f98461634ab704152e5 img.avia_image{\nbox-shadow:none;\n}\n.avia-image-container.av-4xbcjf1-dc67f026de3e6f98461634ab704152e5 .av-image-caption-overlay-center{\ncolor:#ffffff;\n}\n<\/style>\n<div  class='avia-image-container av-4xbcjf1-dc67f026de3e6f98461634ab704152e5 av-styling- avia-align-center  avia-builder-el-142  avia-builder-el-no-sibling '   itemprop=\"image\" itemscope=\"itemscope\" itemtype=\"https:\/\/schema.org\/ImageObject\" ><div class=\"avia-image-container-inner\"><div class=\"avia-image-overlay-wrap\"><a href=\"https:\/\/www.lernreg.de\/index.php\/vereinsschule-im-landkreis-schwandorf\/\" class='avia_image' ><img decoding=\"async\" class='wp-image-5204 avia-img-lazy-loading-not-5204 avia_image ' src=\"https:\/\/www.lernreg.de\/wp-content\/uploads\/2022\/10\/IMG_2-300x225.jpeg\" alt='' title='IMG_2'  height=\"225\" width=\"300\"  itemprop=\"thumbnailUrl\" srcset=\"https:\/\/www.lernreg.de\/wp-content\/uploads\/2022\/10\/IMG_2-300x225.jpeg 300w, https:\/\/www.lernreg.de\/wp-content\/uploads\/2022\/10\/IMG_2-1030x773.jpeg 1030w, https:\/\/www.lernreg.de\/wp-content\/uploads\/2022\/10\/IMG_2-768x576.jpeg 768w, https:\/\/www.lernreg.de\/wp-content\/uploads\/2022\/10\/IMG_2-1536x1152.jpeg 1536w, https:\/\/www.lernreg.de\/wp-content\/uploads\/2022\/10\/IMG_2-2048x1536.jpeg 2048w, https:\/\/www.lernreg.de\/wp-content\/uploads\/2022\/10\/IMG_2-1500x1125.jpeg 1500w, https:\/\/www.lernreg.de\/wp-content\/uploads\/2022\/10\/IMG_2-705x529.jpeg 705w, https:\/\/www.lernreg.de\/wp-content\/uploads\/2022\/10\/IMG_2-450x338.jpeg 450w\" sizes=\"(max-width: 300px) 100vw, 300px\" \/><\/a><\/div><\/div><\/div><\/div>\n\n<style type=\"text\/css\" data-created_by=\"avia_inline_auto\" id=\"style-css-av-4vpys4t-85de630efced2087588f4c4a91845685\">\n.flex_column.av-4vpys4t-85de630efced2087588f4c4a91845685{\n-webkit-border-radius:0px 0px 0px 0px;\n-moz-border-radius:0px 0px 0px 0px;\nborder-radius:0px 0px 0px 0px;\npadding:0px 0px 0px 0px;\n}\n<\/style>\n<div class='flex_column av-4vpys4t-85de630efced2087588f4c4a91845685 av_one_full  avia-builder-el-143  el_after_av_one_half  el_before_av_one_half  first flex_column_div av-zero-column-padding column-top-margin'     ><p>\n<style type=\"text\/css\" data-created_by=\"avia_inline_auto\" id=\"style-css-av-hewvwt-c05d528cd78f4cf24c477dacbcf45778\">\n#top .hr.hr-invisible.av-hewvwt-c05d528cd78f4cf24c477dacbcf45778{\nheight:20px;\n}\n<\/style>\n<div  class='hr av-hewvwt-c05d528cd78f4cf24c477dacbcf45778 hr-invisible  avia-builder-el-144  el_before_av_hr  avia-builder-el-first '><span class='hr-inner '><span class=\"hr-inner-style\"><\/span><\/span><\/div><br \/>\n<div  class='hr av-4slb51p-eefcf89ebfac700819bbf1528fd977cf hr-short  avia-builder-el-145  el_after_av_hr  el_before_av_hr  hr-center'><span class='hr-inner '><span class=\"hr-inner-style\"><\/span><\/span><\/div><br \/>\n\n<style type=\"text\/css\" data-created_by=\"avia_inline_auto\" id=\"style-css-av-4rxg34d-c264ebb6701642765aa83e61fe437e37\">\n#top .hr.hr-invisible.av-4rxg34d-c264ebb6701642765aa83e61fe437e37{\nheight:20px;\n}\n<\/style>\n<div  class='hr av-4rxg34d-c264ebb6701642765aa83e61fe437e37 hr-invisible  avia-builder-el-146  el_after_av_hr  avia-builder-el-last '><span class='hr-inner '><span class=\"hr-inner-style\"><\/span><\/span><\/div><\/p><\/div>\n\n<style type=\"text\/css\" data-created_by=\"avia_inline_auto\" id=\"style-css-av-4oyvhu5-0edfcdcc8de15a91c0ecaa5d2fca500f\">\n.flex_column.av-4oyvhu5-0edfcdcc8de15a91c0ecaa5d2fca500f{\n-webkit-border-radius:0px 0px 0px 0px;\n-moz-border-radius:0px 0px 0px 0px;\nborder-radius:0px 0px 0px 0px;\npadding:0px 0px 0px 0px;\n}\n<\/style>\n<div class='flex_column av-4oyvhu5-0edfcdcc8de15a91c0ecaa5d2fca500f av_one_half  avia-builder-el-147  el_after_av_one_full  el_before_av_one_half  first flex_column_div av-zero-column-padding column-top-margin'     ><style type=\"text\/css\" data-created_by=\"avia_inline_auto\" id=\"style-css-av-4ontoul-940a9e92c35bab4fb7bbb0b44fae85a0\">\n.avia-image-container.av-4ontoul-940a9e92c35bab4fb7bbb0b44fae85a0 img.avia_image{\nbox-shadow:none;\n}\n.avia-image-container.av-4ontoul-940a9e92c35bab4fb7bbb0b44fae85a0 .av-image-caption-overlay-center{\ncolor:#ffffff;\n}\n<\/style>\n<div  class='avia-image-container av-4ontoul-940a9e92c35bab4fb7bbb0b44fae85a0 av-styling- avia-align-center  avia-builder-el-148  avia-builder-el-no-sibling '   itemprop=\"image\" itemscope=\"itemscope\" itemtype=\"https:\/\/schema.org\/ImageObject\" ><div class=\"avia-image-container-inner\"><div class=\"avia-image-overlay-wrap\"><a href=\"https:\/\/www.lernreg.de\/index.php\/vereinsschule-im-landkreis-schwandorf\/\" class='avia_image' ><img decoding=\"async\" class='wp-image-5031 avia-img-lazy-loading-not-5031 avia_image ' src=\"https:\/\/www.lernreg.de\/wp-content\/uploads\/2022\/06\/Forschertag-BUL-Plakat-212x300.png\" alt='' title='Forschertag BUL Plakat'  height=\"300\" width=\"212\"  itemprop=\"thumbnailUrl\" srcset=\"https:\/\/www.lernreg.de\/wp-content\/uploads\/2022\/06\/Forschertag-BUL-Plakat-212x300.png 212w, https:\/\/www.lernreg.de\/wp-content\/uploads\/2022\/06\/Forschertag-BUL-Plakat-728x1030.png 728w, https:\/\/www.lernreg.de\/wp-content\/uploads\/2022\/06\/Forschertag-BUL-Plakat-768x1086.png 768w, https:\/\/www.lernreg.de\/wp-content\/uploads\/2022\/06\/Forschertag-BUL-Plakat-1086x1536.png 1086w, https:\/\/www.lernreg.de\/wp-content\/uploads\/2022\/06\/Forschertag-BUL-Plakat-1448x2048.png 1448w, https:\/\/www.lernreg.de\/wp-content\/uploads\/2022\/06\/Forschertag-BUL-Plakat-1060x1500.png 1060w, https:\/\/www.lernreg.de\/wp-content\/uploads\/2022\/06\/Forschertag-BUL-Plakat-498x705.png 498w, https:\/\/www.lernreg.de\/wp-content\/uploads\/2022\/06\/Forschertag-BUL-Plakat-450x637.png 450w, https:\/\/www.lernreg.de\/wp-content\/uploads\/2022\/06\/Forschertag-BUL-Plakat.png 1587w\" sizes=\"(max-width: 212px) 100vw, 212px\" \/><\/a><\/div><\/div><\/div><\/div>\n\n<style type=\"text\/css\" data-created_by=\"avia_inline_auto\" id=\"style-css-av-4mbds4d-7fc9a2ba98dccdbf5b465b5bdcdcf77b\">\n.flex_column.av-4mbds4d-7fc9a2ba98dccdbf5b465b5bdcdcf77b{\n-webkit-border-radius:0px 0px 0px 0px;\n-moz-border-radius:0px 0px 0px 0px;\nborder-radius:0px 0px 0px 0px;\npadding:0px 0px 0px 0px;\n}\n<\/style>\n<div class='flex_column av-4mbds4d-7fc9a2ba98dccdbf5b465b5bdcdcf77b av_one_half  avia-builder-el-149  el_after_av_one_half  el_before_av_one_full  flex_column_div av-zero-column-padding column-top-margin'     ><section  class='av_textblock_section av-4l246zx-fa28eadcc1f2c1f56d6a608b8758c8cf'  itemscope=\"itemscope\" itemtype=\"https:\/\/schema.org\/CreativeWork\" ><div class='avia_textblock'  itemprop=\"text\" ><p><strong>Forschertag in Burglengenfeld<\/strong><\/p>\n<p>Am 09.07.2022 findet erstmals ein Forschertag in der Stadtbibliothek in Burglengenfeld statt. Von 10 &#8211; 12:30 Uhr haben Kinder von ca. 6 bis 11 Jahren sowie ihre Eltern die M\u00f6glichkeit, sich am Forschen und Experimentieren zu versuchen. An verschiedenen Stationen erleben die Kids Naturwissenschaft und Technik zum Anfassen. N\u00e4here Informationen finden Sie <a href=\"https:\/\/www.lernreg.de\/index.php\/mint-projekte\/\">hier<\/a>.<\/p>\n<\/div><\/section><\/div>\n\n<style type=\"text\/css\" data-created_by=\"avia_inline_auto\" id=\"style-css-av-4iuy6ot-ab085cc1802cc9571437eefa30136652\">\n.flex_column.av-4iuy6ot-ab085cc1802cc9571437eefa30136652{\n-webkit-border-radius:0px 0px 0px 0px;\n-moz-border-radius:0px 0px 0px 0px;\nborder-radius:0px 0px 0px 0px;\npadding:0px 0px 0px 0px;\n}\n<\/style>\n<div class='flex_column av-4iuy6ot-ab085cc1802cc9571437eefa30136652 av_one_full  avia-builder-el-151  el_after_av_one_half  el_before_av_one_half  first flex_column_div av-zero-column-padding column-top-margin'     ><p>\n<style type=\"text\/css\" data-created_by=\"avia_inline_auto\" id=\"style-css-av-4h91cod-98b436f8c9ddf22bffae7c057b31724f\">\n#top .hr.hr-invisible.av-4h91cod-98b436f8c9ddf22bffae7c057b31724f{\nheight:20px;\n}\n<\/style>\n<div  class='hr av-4h91cod-98b436f8c9ddf22bffae7c057b31724f hr-invisible  avia-builder-el-152  el_before_av_hr  avia-builder-el-first '><span class='hr-inner '><span class=\"hr-inner-style\"><\/span><\/span><\/div><br \/>\n<div  class='hr av-fz33p9-0fdbaa987ed2a0a302ca6e3bfae79ec2 hr-short  avia-builder-el-153  el_after_av_hr  el_before_av_hr  hr-center'><span class='hr-inner '><span class=\"hr-inner-style\"><\/span><\/span><\/div><br \/>\n\n<style type=\"text\/css\" data-created_by=\"avia_inline_auto\" id=\"style-css-av-4eragy5-f244211e2494588a4169a4cecafc69a2\">\n#top .hr.hr-invisible.av-4eragy5-f244211e2494588a4169a4cecafc69a2{\nheight:20px;\n}\n<\/style>\n<div  class='hr av-4eragy5-f244211e2494588a4169a4cecafc69a2 hr-invisible  avia-builder-el-154  el_after_av_hr  avia-builder-el-last '><span class='hr-inner '><span class=\"hr-inner-style\"><\/span><\/span><\/div><\/p><\/div>\n\n<style type=\"text\/css\" data-created_by=\"avia_inline_auto\" id=\"style-css-av-4bpxzzh-d3fbf6fd1429d3b5cc344525551ff8b3\">\n.flex_column.av-4bpxzzh-d3fbf6fd1429d3b5cc344525551ff8b3{\n-webkit-border-radius:0px 0px 0px 0px;\n-moz-border-radius:0px 0px 0px 0px;\nborder-radius:0px 0px 0px 0px;\npadding:0px 0px 0px 0px;\n}\n<\/style>\n<div class='flex_column av-4bpxzzh-d3fbf6fd1429d3b5cc344525551ff8b3 av_one_half  avia-builder-el-155  el_after_av_one_full  el_before_av_one_half  first flex_column_div av-zero-column-padding column-top-margin'     ><section  class='av_textblock_section av-4arrxkt-f744cbbde5421d9237484f6789609081'  itemscope=\"itemscope\" itemtype=\"https:\/\/schema.org\/CreativeWork\" ><div class='avia_textblock'  itemprop=\"text\" ><p><strong>Vereinsschule 2022<\/strong><\/p>\n<p>Wir bieten wieder kostenfreie Fortbildungsabende f\u00fcr Vereine und Verb\u00e4nde im Landkreis Schwandorf an.<\/p>\n<p>Los geht&#8217;s mit einem Grundlagenseminar zur Arbeit des Kassiers am 01.06. Bis Ende Juli folgen weitere drei Workshops.<\/p>\n<p>Alle Infos finden Sie <a href=\"https:\/\/www.lernreg.de\/index.php\/vereinsschule-im-landkreis-schwandorf\/\">hier<\/a>.<\/p>\n<p>Alle Veranstaltungen sind kostenfrei. Die Anmeldung erfolgt \u00fcber den Verbund der Volkshochschulen unter <a href=\"http:\/\/www.vhs-schwandorf-land.de\">www.vhs-schwandorf-land.de<\/a> oder unter der 09471 30 22 333.<\/p>\n<\/div><\/section><\/div>\n\n<style type=\"text\/css\" data-created_by=\"avia_inline_auto\" id=\"style-css-av-48ofb99-cf9ddeb6a16bdc744031afdbf56dabab\">\n.flex_column.av-48ofb99-cf9ddeb6a16bdc744031afdbf56dabab{\n-webkit-border-radius:0px 0px 0px 0px;\n-moz-border-radius:0px 0px 0px 0px;\nborder-radius:0px 0px 0px 0px;\npadding:0px 0px 0px 0px;\n}\n<\/style>\n<div class='flex_column av-48ofb99-cf9ddeb6a16bdc744031afdbf56dabab av_one_half  avia-builder-el-157  el_after_av_one_half  el_before_av_one_full  flex_column_div av-zero-column-padding column-top-margin'     ><style type=\"text\/css\" data-created_by=\"avia_inline_auto\" id=\"style-css-av-47pr0zh-994af157bf92c1469e8f362d702dfaf5\">\n.avia-image-container.av-47pr0zh-994af157bf92c1469e8f362d702dfaf5 img.avia_image{\nbox-shadow:none;\n}\n.avia-image-container.av-47pr0zh-994af157bf92c1469e8f362d702dfaf5 .av-image-caption-overlay-center{\ncolor:#ffffff;\n}\n<\/style>\n<div  class='avia-image-container av-47pr0zh-994af157bf92c1469e8f362d702dfaf5 av-styling- avia-align-center  avia-builder-el-158  avia-builder-el-no-sibling '   itemprop=\"image\" itemscope=\"itemscope\" itemtype=\"https:\/\/schema.org\/ImageObject\" ><div class=\"avia-image-container-inner\"><div class=\"avia-image-overlay-wrap\"><a href=\"https:\/\/www.lernreg.de\/index.php\/vereinsschule-im-landkreis-schwandorf\/\" class='avia_image' ><img decoding=\"async\" class='wp-image-4976 avia-img-lazy-loading-not-4976 avia_image ' src=\"https:\/\/www.lernreg.de\/wp-content\/uploads\/2022\/05\/Einladung-300x300.png\" alt='' title='Einladung'  height=\"300\" width=\"300\"  itemprop=\"thumbnailUrl\" srcset=\"https:\/\/www.lernreg.de\/wp-content\/uploads\/2022\/05\/Einladung-300x300.png 300w, https:\/\/www.lernreg.de\/wp-content\/uploads\/2022\/05\/Einladung-1030x1030.png 1030w, https:\/\/www.lernreg.de\/wp-content\/uploads\/2022\/05\/Einladung-80x80.png 80w, https:\/\/www.lernreg.de\/wp-content\/uploads\/2022\/05\/Einladung-768x768.png 768w, https:\/\/www.lernreg.de\/wp-content\/uploads\/2022\/05\/Einladung-36x36.png 36w, https:\/\/www.lernreg.de\/wp-content\/uploads\/2022\/05\/Einladung-180x180.png 180w, https:\/\/www.lernreg.de\/wp-content\/uploads\/2022\/05\/Einladung-705x705.png 705w, https:\/\/www.lernreg.de\/wp-content\/uploads\/2022\/05\/Einladung-120x120.png 120w, https:\/\/www.lernreg.de\/wp-content\/uploads\/2022\/05\/Einladung-450x450.png 450w, https:\/\/www.lernreg.de\/wp-content\/uploads\/2022\/05\/Einladung.png 1080w\" sizes=\"(max-width: 300px) 100vw, 300px\" \/><\/a><\/div><\/div><\/div><\/div>\n\n<style type=\"text\/css\" data-created_by=\"avia_inline_auto\" id=\"style-css-av-45g553h-bdb88c6fc2b9c7b8aa08a73b055ea685\">\n.flex_column.av-45g553h-bdb88c6fc2b9c7b8aa08a73b055ea685{\n-webkit-border-radius:0px 0px 0px 0px;\n-moz-border-radius:0px 0px 0px 0px;\nborder-radius:0px 0px 0px 0px;\npadding:0px 0px 0px 0px;\n}\n<\/style>\n<div class='flex_column av-45g553h-bdb88c6fc2b9c7b8aa08a73b055ea685 av_one_full  avia-builder-el-159  el_after_av_one_half  el_before_av_one_half  first flex_column_div av-zero-column-padding column-top-margin'     ><p>\n<style type=\"text\/css\" data-created_by=\"avia_inline_auto\" id=\"style-css-av-43ynce5-43a9c62fa59a43f02d0e1291f193aff8\">\n#top .hr.hr-invisible.av-43ynce5-43a9c62fa59a43f02d0e1291f193aff8{\nheight:20px;\n}\n<\/style>\n<div  class='hr av-43ynce5-43a9c62fa59a43f02d0e1291f193aff8 hr-invisible  avia-builder-el-160  el_before_av_hr  avia-builder-el-first '><span class='hr-inner '><span class=\"hr-inner-style\"><\/span><\/span><\/div><br \/>\n<div  class='hr av-434po3h-b41038daf33c9ea6837e585f46826f8d hr-short  avia-builder-el-161  el_after_av_hr  el_before_av_hr  hr-center'><span class='hr-inner '><span class=\"hr-inner-style\"><\/span><\/span><\/div><br \/>\n\n<style type=\"text\/css\" data-created_by=\"avia_inline_auto\" id=\"style-css-av-41a3oxp-8119a69307a0c58b658657edba4b38c3\">\n#top .hr.hr-invisible.av-41a3oxp-8119a69307a0c58b658657edba4b38c3{\nheight:20px;\n}\n<\/style>\n<div  class='hr av-41a3oxp-8119a69307a0c58b658657edba4b38c3 hr-invisible  avia-builder-el-162  el_after_av_hr  avia-builder-el-last '><span class='hr-inner '><span class=\"hr-inner-style\"><\/span><\/span><\/div><\/p><\/div>\n\n<style type=\"text\/css\" data-created_by=\"avia_inline_auto\" id=\"style-css-av-3z7wv8t-d628f00054ed006214971b764fb68a50\">\n.flex_column.av-3z7wv8t-d628f00054ed006214971b764fb68a50{\n-webkit-border-radius:0px 0px 0px 0px;\n-moz-border-radius:0px 0px 0px 0px;\nborder-radius:0px 0px 0px 0px;\npadding:0px 0px 0px 0px;\n}\n<\/style>\n<div class='flex_column av-3z7wv8t-d628f00054ed006214971b764fb68a50 av_one_half  avia-builder-el-163  el_after_av_one_full  el_before_av_one_half  first flex_column_div av-zero-column-padding column-top-margin'     ><style type=\"text\/css\" data-created_by=\"avia_inline_auto\" id=\"style-css-av-3x0but9-36240d43aaea6fe51ebff8050f5ff3f3\">\n.avia-image-container.av-3x0but9-36240d43aaea6fe51ebff8050f5ff3f3 img.avia_image{\nbox-shadow:none;\n}\n.avia-image-container.av-3x0but9-36240d43aaea6fe51ebff8050f5ff3f3 .av-image-caption-overlay-center{\ncolor:#ffffff;\n}\n<\/style>\n<div  class='avia-image-container av-3x0but9-36240d43aaea6fe51ebff8050f5ff3f3 av-styling- avia-align-center  avia-builder-el-164  avia-builder-el-no-sibling '   itemprop=\"image\" itemscope=\"itemscope\" itemtype=\"https:\/\/schema.org\/ImageObject\" ><div class=\"avia-image-container-inner\"><div class=\"avia-image-overlay-wrap\"><a href=\"http:\/\/www.bildungsmesse-schwandorf.de\" class='avia_image' ><img decoding=\"async\" class='wp-image-4922 avia-img-lazy-loading-not-4922 avia_image ' src=\"https:\/\/www.lernreg.de\/wp-content\/uploads\/2022\/03\/BM2022_Bild_Foyer_high_quality-1030x655.jpg\" alt='' title='BM2022_Bild_Foyer_high_quality'  height=\"655\" width=\"1030\"  itemprop=\"thumbnailUrl\" srcset=\"https:\/\/www.lernreg.de\/wp-content\/uploads\/2022\/03\/BM2022_Bild_Foyer_high_quality-1030x655.jpg 1030w, https:\/\/www.lernreg.de\/wp-content\/uploads\/2022\/03\/BM2022_Bild_Foyer_high_quality-300x191.jpg 300w, https:\/\/www.lernreg.de\/wp-content\/uploads\/2022\/03\/BM2022_Bild_Foyer_high_quality-768x489.jpg 768w, https:\/\/www.lernreg.de\/wp-content\/uploads\/2022\/03\/BM2022_Bild_Foyer_high_quality-1536x977.jpg 1536w, https:\/\/www.lernreg.de\/wp-content\/uploads\/2022\/03\/BM2022_Bild_Foyer_high_quality-2048x1303.jpg 2048w, https:\/\/www.lernreg.de\/wp-content\/uploads\/2022\/03\/BM2022_Bild_Foyer_high_quality-1500x954.jpg 1500w, https:\/\/www.lernreg.de\/wp-content\/uploads\/2022\/03\/BM2022_Bild_Foyer_high_quality-705x449.jpg 705w, https:\/\/www.lernreg.de\/wp-content\/uploads\/2022\/03\/BM2022_Bild_Foyer_high_quality-450x286.jpg 450w\" sizes=\"(max-width: 1030px) 100vw, 1030px\" \/><\/a><\/div><\/div><\/div><\/div>\n\n<style type=\"text\/css\" data-created_by=\"avia_inline_auto\" id=\"style-css-av-3vzdhal-f55b4bd65408a814a89bbec4f98e7ad1\">\n.flex_column.av-3vzdhal-f55b4bd65408a814a89bbec4f98e7ad1{\n-webkit-border-radius:0px 0px 0px 0px;\n-moz-border-radius:0px 0px 0px 0px;\nborder-radius:0px 0px 0px 0px;\npadding:0px 0px 0px 0px;\n}\n<\/style>\n<div class='flex_column av-3vzdhal-f55b4bd65408a814a89bbec4f98e7ad1 av_one_half  avia-builder-el-165  el_after_av_one_half  el_before_av_one_full  flex_column_div av-zero-column-padding column-top-margin'     ><section  class='av_textblock_section av-3uuxpvx-9fbbf50d96a13105d70c41af484d2ccd'  itemscope=\"itemscope\" itemtype=\"https:\/\/schema.org\/CreativeWork\" ><div class='avia_textblock'  itemprop=\"text\" ><p><strong>20. Bildungsmesse findet statt<\/strong><\/p>\n<div class=\"kvgmc6g5 cxmmr5t8 oygrvhab hcukyx3x c1et5uql ii04i59q\">\n<div dir=\"auto\">In dieser Woche 04. &#8211; 10. April findet unsere Digitale Bildungsmesse 2022 statt. Der Messebesuch ist in dieser Zeit unter <a class=\"oajrlxb2 g5ia77u1 qu0x051f esr5mh6w e9989ue4 r7d6kgcz rq0escxv nhd2j8a9 nc684nl6 p7hjln8o kvgmc6g5 cxmmr5t8 oygrvhab hcukyx3x jb3vyjys rz4wbd8a qt6c0cv9 a8nywdso i1ao9s8h esuyzwwr f1sip0of lzcic4wl gpro0wi8 py34i1dx\" tabindex=\"0\" role=\"link\" href=\"http:\/\/www.bildungsmesse-schwandorf.de\/?fbclid=IwAR3FAliDJl6gmFY3tnHa3kc7FhRXLP_SJ3Z7pWwaBhyBv_2kVPWR6QMEWwg\" target=\"_blank\" rel=\"nofollow noopener\">www.bildungsmesse-schwandorf.de<\/a> durchgehend, ohne Anmeldung und vor allem kostenfrei m\u00f6glich. Auf virtuellen St\u00e4nden pr\u00e4sentieren sich mehr als 75 Aussteller aus der Region. Zudem gibt es ein buntes Rahmenprogramm: Karriereecke, Vortragsprogramm, Jobwall etc. Machen Sie au\u00dferdem mit bei unserem Gewinnspiel. Es winken attraktive Preise.<\/div>\n<div dir=\"auto\"><\/div>\n<\/div>\n<div class=\"cxmmr5t8 oygrvhab hcukyx3x c1et5uql o9v6fnle ii04i59q\">\n<div dir=\"auto\"><\/div>\n<div dir=\"auto\">Das LernReg-Team freut sich auf Ihr Kommen!<\/div>\n<\/div>\n<\/div><\/section><\/div>\n\n<style type=\"text\/css\" data-created_by=\"avia_inline_auto\" id=\"style-css-av-3s1p66l-62a25922be82e214c5bf29034d66b01a\">\n.flex_column.av-3s1p66l-62a25922be82e214c5bf29034d66b01a{\n-webkit-border-radius:0px 0px 0px 0px;\n-moz-border-radius:0px 0px 0px 0px;\nborder-radius:0px 0px 0px 0px;\npadding:0px 0px 0px 0px;\n}\n<\/style>\n<div class='flex_column av-3s1p66l-62a25922be82e214c5bf29034d66b01a av_one_full  avia-builder-el-167  el_after_av_one_half  el_before_av_one_half  first flex_column_div av-zero-column-padding column-top-margin'     ><p>\n<style type=\"text\/css\" data-created_by=\"avia_inline_auto\" id=\"style-css-av-3r9nfvh-c42fd543584bb6c641e4e69e2380bb62\">\n#top .hr.hr-invisible.av-3r9nfvh-c42fd543584bb6c641e4e69e2380bb62{\nheight:20px;\n}\n<\/style>\n<div  class='hr av-3r9nfvh-c42fd543584bb6c641e4e69e2380bb62 hr-invisible  avia-builder-el-168  el_before_av_hr  avia-builder-el-first '><span class='hr-inner '><span class=\"hr-inner-style\"><\/span><\/span><\/div><br \/>\n<div  class='hr av-3pqacbx-098396c4bb6306e347c675e5190832fe hr-short  avia-builder-el-169  el_after_av_hr  el_before_av_hr  hr-center'><span class='hr-inner '><span class=\"hr-inner-style\"><\/span><\/span><\/div><br \/>\n\n<style type=\"text\/css\" data-created_by=\"avia_inline_auto\" id=\"style-css-av-3n4bpn1-dde93e3c73acf9c29ae03bf7991f1f6f\">\n#top .hr.hr-invisible.av-3n4bpn1-dde93e3c73acf9c29ae03bf7991f1f6f{\nheight:20px;\n}\n<\/style>\n<div  class='hr av-3n4bpn1-dde93e3c73acf9c29ae03bf7991f1f6f hr-invisible  avia-builder-el-170  el_after_av_hr  avia-builder-el-last '><span class='hr-inner '><span class=\"hr-inner-style\"><\/span><\/span><\/div><\/p><\/div>\n\n<style type=\"text\/css\" data-created_by=\"avia_inline_auto\" id=\"style-css-av-3lnpmwt-85505021a2bef44a2258da50040fcae2\">\n.flex_column.av-3lnpmwt-85505021a2bef44a2258da50040fcae2{\n-webkit-border-radius:0px 0px 0px 0px;\n-moz-border-radius:0px 0px 0px 0px;\nborder-radius:0px 0px 0px 0px;\npadding:0px 0px 0px 0px;\n}\n<\/style>\n<div class='flex_column av-3lnpmwt-85505021a2bef44a2258da50040fcae2 av_one_half  avia-builder-el-171  el_after_av_one_full  el_before_av_one_half  first flex_column_div av-zero-column-padding column-top-margin'     ><section  class='av_textblock_section av-3jjckv1-d57c69f7e2870ece1f154c7e590f30f4'  itemscope=\"itemscope\" itemtype=\"https:\/\/schema.org\/CreativeWork\" ><div class='avia_textblock'  itemprop=\"text\" ><p><strong>MINTeinander entdecken und erleben<\/strong><\/p>\n<p>P\u00fcnktlich zum neuen Jahr gibt es auch etwas Neues f\u00fcr alle Eltern, Gro\u00dfeltern und Familien im Landkreis. Mit der Brosch\u00fcre &#8222;MINTeinander entdecken und erleben &#8211; regionale Tipps f\u00fcr Eltern&#8220;, die zusammen mit der MINT-Region Neumarkt i. d. OPf. entstanden ist, gibt es ab jetzt auch spannende Tipps und Unterst\u00fctzung f\u00fcr Eltern. Wenn es darum geht, Kinder die Welt rund um MINT zu erkl\u00e4ren, spielen Eltern eine wichtige Rolle. Grunds\u00e4tzlich gilt: Daf\u00fcr muss man keine Fachkraft sein. Wie das geht und wo MINT in der Region vorkommt? Dazu reicht ein Blick in das neue Angebot. <a href=\"https:\/\/www.lernreg.de\/index.php\/mint-und-eltern\/\">Mehr&#8230;<\/a><\/p>\n<\/div><\/section><\/div>\n\n<style type=\"text\/css\" data-created_by=\"avia_inline_auto\" id=\"style-css-av-3iqf4kt-665108e8804057601747e8d907017051\">\n.flex_column.av-3iqf4kt-665108e8804057601747e8d907017051{\n-webkit-border-radius:0px 0px 0px 0px;\n-moz-border-radius:0px 0px 0px 0px;\nborder-radius:0px 0px 0px 0px;\npadding:0px 0px 0px 0px;\n}\n<\/style>\n<div class='flex_column av-3iqf4kt-665108e8804057601747e8d907017051 av_one_half  avia-builder-el-173  el_after_av_one_half  el_before_av_one_full  flex_column_div av-zero-column-padding column-top-margin'     ><style type=\"text\/css\" data-created_by=\"avia_inline_auto\" id=\"style-css-av-3gq5qvx-2a90f23ddbcee579aefc7936e07f532b\">\n.avia-image-container.av-3gq5qvx-2a90f23ddbcee579aefc7936e07f532b img.avia_image{\nbox-shadow:none;\n}\n.avia-image-container.av-3gq5qvx-2a90f23ddbcee579aefc7936e07f532b .av-image-caption-overlay-center{\ncolor:#ffffff;\n}\n<\/style>\n<div  class='avia-image-container av-3gq5qvx-2a90f23ddbcee579aefc7936e07f532b av-styling- avia-align-center  avia-builder-el-174  avia-builder-el-no-sibling '   itemprop=\"image\" itemscope=\"itemscope\" itemtype=\"https:\/\/schema.org\/ImageObject\" ><div class=\"avia-image-container-inner\"><div class=\"avia-image-overlay-wrap\"><a href=\"https:\/\/www.lernreg.de\/index.php\/mint-projekte\/\" class='avia_image' ><img decoding=\"async\" class='wp-image-4791 avia-img-lazy-loading-not-4791 avia_image ' src=\"https:\/\/www.lernreg.de\/wp-content\/uploads\/2022\/01\/Foto-Social-Media-300x225.jpg\" alt='' title='Foto Social Media'  height=\"225\" width=\"300\"  itemprop=\"thumbnailUrl\" srcset=\"https:\/\/www.lernreg.de\/wp-content\/uploads\/2022\/01\/Foto-Social-Media-300x225.jpg 300w, https:\/\/www.lernreg.de\/wp-content\/uploads\/2022\/01\/Foto-Social-Media-1030x773.jpg 1030w, https:\/\/www.lernreg.de\/wp-content\/uploads\/2022\/01\/Foto-Social-Media-768x576.jpg 768w, https:\/\/www.lernreg.de\/wp-content\/uploads\/2022\/01\/Foto-Social-Media-1536x1152.jpg 1536w, https:\/\/www.lernreg.de\/wp-content\/uploads\/2022\/01\/Foto-Social-Media-1500x1125.jpg 1500w, https:\/\/www.lernreg.de\/wp-content\/uploads\/2022\/01\/Foto-Social-Media-705x529.jpg 705w, https:\/\/www.lernreg.de\/wp-content\/uploads\/2022\/01\/Foto-Social-Media-450x338.jpg 450w, https:\/\/www.lernreg.de\/wp-content\/uploads\/2022\/01\/Foto-Social-Media.jpg 2000w\" sizes=\"(max-width: 300px) 100vw, 300px\" \/><\/a><\/div><\/div><\/div><\/div>\n\n<style type=\"text\/css\" data-created_by=\"avia_inline_auto\" id=\"style-css-av-3f1bgkt-425cbc0bd602bd8921589054c3c8f904\">\n.flex_column.av-3f1bgkt-425cbc0bd602bd8921589054c3c8f904{\n-webkit-border-radius:0px 0px 0px 0px;\n-moz-border-radius:0px 0px 0px 0px;\nborder-radius:0px 0px 0px 0px;\npadding:0px 0px 0px 0px;\n}\n<\/style>\n<div class='flex_column av-3f1bgkt-425cbc0bd602bd8921589054c3c8f904 av_one_full  avia-builder-el-175  el_after_av_one_half  el_before_av_one_half  first flex_column_div av-zero-column-padding column-top-margin'     ><p>\n<style type=\"text\/css\" data-created_by=\"avia_inline_auto\" id=\"style-css-av-3eckood-5e21cc0643851f379e45c962c2fe939c\">\n#top .hr.hr-invisible.av-3eckood-5e21cc0643851f379e45c962c2fe939c{\nheight:20px;\n}\n<\/style>\n<div  class='hr av-3eckood-5e21cc0643851f379e45c962c2fe939c hr-invisible  avia-builder-el-176  el_before_av_hr  avia-builder-el-first '><span class='hr-inner '><span class=\"hr-inner-style\"><\/span><\/span><\/div><br \/>\n<div  class='hr av-byfmkd-67af9c4353359504a3336592c08f5b15 hr-short  avia-builder-el-177  el_after_av_hr  el_before_av_hr  hr-center'><span class='hr-inner '><span class=\"hr-inner-style\"><\/span><\/span><\/div><br \/>\n\n<style type=\"text\/css\" data-created_by=\"avia_inline_auto\" id=\"style-css-av-3akhmxp-f77b477a5c69dc9cffc362edd3eeb670\">\n#top .hr.hr-invisible.av-3akhmxp-f77b477a5c69dc9cffc362edd3eeb670{\nheight:20px;\n}\n<\/style>\n<div  class='hr av-3akhmxp-f77b477a5c69dc9cffc362edd3eeb670 hr-invisible  avia-builder-el-178  el_after_av_hr  avia-builder-el-last '><span class='hr-inner '><span class=\"hr-inner-style\"><\/span><\/span><\/div><\/p><\/div>\n\n<style type=\"text\/css\" data-created_by=\"avia_inline_auto\" id=\"style-css-av-38j0bgd-c6cbf02c2f17879cef5a53d85b285bac\">\n.flex_column.av-38j0bgd-c6cbf02c2f17879cef5a53d85b285bac{\n-webkit-border-radius:0px 0px 0px 0px;\n-moz-border-radius:0px 0px 0px 0px;\nborder-radius:0px 0px 0px 0px;\npadding:0px 0px 0px 0px;\n}\n<\/style>\n<div class='flex_column av-38j0bgd-c6cbf02c2f17879cef5a53d85b285bac av_one_half  avia-builder-el-179  el_after_av_one_full  el_before_av_one_half  first flex_column_div av-zero-column-padding column-top-margin'     ><style type=\"text\/css\" data-created_by=\"avia_inline_auto\" id=\"style-css-av-376vf71-f8df6f268210b043d216b95c9b6f5beb\">\n.avia-image-container.av-376vf71-f8df6f268210b043d216b95c9b6f5beb img.avia_image{\nbox-shadow:none;\n}\n.avia-image-container.av-376vf71-f8df6f268210b043d216b95c9b6f5beb .av-image-caption-overlay-center{\ncolor:#ffffff;\n}\n<\/style>\n<div  class='avia-image-container av-376vf71-f8df6f268210b043d216b95c9b6f5beb av-styling- avia-align-center  avia-builder-el-180  avia-builder-el-no-sibling '   itemprop=\"image\" itemscope=\"itemscope\" itemtype=\"https:\/\/schema.org\/ImageObject\" ><div class=\"avia-image-container-inner\"><div class=\"avia-image-overlay-wrap\"><a href=\"https:\/\/www.lernreg.de\/index.php\/mint-projekte\/\" class='avia_image' ><img decoding=\"async\" class='wp-image-4663 avia-img-lazy-loading-not-4663 avia_image ' src=\"https:\/\/www.lernreg.de\/wp-content\/uploads\/2021\/11\/Bild-Social-Media-300x300.jpg\" alt='' title='Bild Social Media'  height=\"300\" width=\"300\"  itemprop=\"thumbnailUrl\" srcset=\"https:\/\/www.lernreg.de\/wp-content\/uploads\/2021\/11\/Bild-Social-Media-300x300.jpg 300w, https:\/\/www.lernreg.de\/wp-content\/uploads\/2021\/11\/Bild-Social-Media-1030x1030.jpg 1030w, https:\/\/www.lernreg.de\/wp-content\/uploads\/2021\/11\/Bild-Social-Media-80x80.jpg 80w, https:\/\/www.lernreg.de\/wp-content\/uploads\/2021\/11\/Bild-Social-Media-768x768.jpg 768w, https:\/\/www.lernreg.de\/wp-content\/uploads\/2021\/11\/Bild-Social-Media-36x36.jpg 36w, https:\/\/www.lernreg.de\/wp-content\/uploads\/2021\/11\/Bild-Social-Media-180x180.jpg 180w, https:\/\/www.lernreg.de\/wp-content\/uploads\/2021\/11\/Bild-Social-Media-705x705.jpg 705w, https:\/\/www.lernreg.de\/wp-content\/uploads\/2021\/11\/Bild-Social-Media-120x120.jpg 120w, https:\/\/www.lernreg.de\/wp-content\/uploads\/2021\/11\/Bild-Social-Media-450x450.jpg 450w, https:\/\/www.lernreg.de\/wp-content\/uploads\/2021\/11\/Bild-Social-Media.jpg 1080w\" sizes=\"(max-width: 300px) 100vw, 300px\" \/><\/a><\/div><\/div><\/div><\/div>\n\n<style type=\"text\/css\" data-created_by=\"avia_inline_auto\" id=\"style-css-av-34w58ot-111445eb284815acfc365631255290cf\">\n.flex_column.av-34w58ot-111445eb284815acfc365631255290cf{\n-webkit-border-radius:0px 0px 0px 0px;\n-moz-border-radius:0px 0px 0px 0px;\nborder-radius:0px 0px 0px 0px;\npadding:0px 0px 0px 0px;\n}\n<\/style>\n<div class='flex_column av-34w58ot-111445eb284815acfc365631255290cf av_one_half  avia-builder-el-181  el_after_av_one_half  el_before_av_one_full  flex_column_div av-zero-column-padding column-top-margin'     ><section  class='av_textblock_section av-33vunnh-a2bcc77c415fa5359cf916cbe7329cf8'  itemscope=\"itemscope\" itemtype=\"https:\/\/schema.org\/CreativeWork\" ><div class='avia_textblock'  itemprop=\"text\" ><p><b>MINT-Advent 2021 &#8211; Adventskalender verk\u00fcrzt die Wartezeit auf Weihnachten<\/b><\/p>\n<p>Jeden Tag ein T\u00fcrchen, jeden Tag etwas Spannendes aus der Welt rund um Naturwissenschaft und Technik &#8211; das ist das Ziel des MINT-Advents 2021. Auch im zweiten Jahr haben die Lernende Region, der Landkreis Schwandorf und viele regionale Partner aus Wirtschaft und Gesellschaft versucht, den jungen Menschen eine abwechslungsreichen Adventskalender anzubieten. Eine Mischung aus Erkl\u00e4rungen, Quizfragen, Aufgaben und Ideen zum Nachmachen bringt jeden Tag ein bisschen MINT in die Familien und bietet Ideen f\u00fcr eine Abwechslungsreiche (Vor-)Ferienzeit. Und zu gewinnen gibt es nat\u00fcrlich auch was!<\/p>\n<p>Den Link zum Adventskalender sowie weitere Infos gibt es <a href=\"https:\/\/www.lernreg.de\/index.php\/mint-projekte\/\">hier<\/a>.<\/p>\n<\/div><\/section><\/div>\n\n<style type=\"text\/css\" data-created_by=\"avia_inline_auto\" id=\"style-css-av-b0vmwt-907d72d7baf9b7cf390d6a16042c062d\">\n.flex_column.av-b0vmwt-907d72d7baf9b7cf390d6a16042c062d{\n-webkit-border-radius:0px 0px 0px 0px;\n-moz-border-radius:0px 0px 0px 0px;\nborder-radius:0px 0px 0px 0px;\npadding:0px 0px 0px 0px;\n}\n<\/style>\n<div class='flex_column av-b0vmwt-907d72d7baf9b7cf390d6a16042c062d av_one_full  avia-builder-el-183  el_after_av_one_half  el_before_av_one_half  first flex_column_div av-zero-column-padding column-top-margin'     ><p>\n<style type=\"text\/css\" data-created_by=\"avia_inline_auto\" id=\"style-css-av-304aon1-d17af6617dd2a2fb64959eb09cf0cf22\">\n#top .hr.hr-invisible.av-304aon1-d17af6617dd2a2fb64959eb09cf0cf22{\nheight:20px;\n}\n<\/style>\n<div  class='hr av-304aon1-d17af6617dd2a2fb64959eb09cf0cf22 hr-invisible  avia-builder-el-184  el_before_av_hr  avia-builder-el-first '><span class='hr-inner '><span class=\"hr-inner-style\"><\/span><\/span><\/div><br \/>\n<div  class='hr av-2zggpal-6964fab7bbbaff01b32239133bf66804 hr-short  avia-builder-el-185  el_after_av_hr  el_before_av_hr  hr-center'><span class='hr-inner '><span class=\"hr-inner-style\"><\/span><\/span><\/div><br \/>\n\n<style type=\"text\/css\" data-created_by=\"avia_inline_auto\" id=\"style-css-av-2wxl3il-4bf5c6aaa84bcf927febc6d371ed971a\">\n#top .hr.hr-invisible.av-2wxl3il-4bf5c6aaa84bcf927febc6d371ed971a{\nheight:20px;\n}\n<\/style>\n<div  class='hr av-2wxl3il-4bf5c6aaa84bcf927febc6d371ed971a hr-invisible  avia-builder-el-186  el_after_av_hr  avia-builder-el-last '><span class='hr-inner '><span class=\"hr-inner-style\"><\/span><\/span><\/div><\/p><\/div>\n\n<style type=\"text\/css\" data-created_by=\"avia_inline_auto\" id=\"style-css-av-2vvja8t-c1ae05648dbf76a9055fc66164229b7c\">\n.flex_column.av-2vvja8t-c1ae05648dbf76a9055fc66164229b7c{\n-webkit-border-radius:0px 0px 0px 0px;\n-moz-border-radius:0px 0px 0px 0px;\nborder-radius:0px 0px 0px 0px;\npadding:0px 0px 0px 0px;\n}\n<\/style>\n<div class='flex_column av-2vvja8t-c1ae05648dbf76a9055fc66164229b7c av_one_half  avia-builder-el-187  el_after_av_one_full  el_before_av_one_half  first flex_column_div av-zero-column-padding column-top-margin'     ><section  class='av_textblock_section av-2udz4nx-fd858f3f649c49f091a2b48697ed66aa'  itemscope=\"itemscope\" itemtype=\"https:\/\/schema.org\/CreativeWork\" ><div class='avia_textblock'  itemprop=\"text\" ><p><strong>Lernende Region mit neuer Homepage<\/strong><\/p>\n<p>Seit kurzem ist unsere neue Homepage online geschaltet und im Vergleich zu unserer bisherigen Homepage hat sich nicht nur optisch einiges ver\u00e4ndert. Die neue Homepage passt sich beispielsweise an die verschiedenen Ger\u00e4te wie Smartphone, Tablet oder PC automatisch an und bietet dar\u00fcber hinaus weitere Funktionen. So wurde etwa auf der Startseite eine Leiste f\u00fcr die Schnellsuche eingef\u00fcgt. Unsere Angebote wie die &#8222;Ehrenamtskarte&#8220;, die &#8222;Vereinsschule&#8220; oder auch die &#8222;Engagementberatung&#8220; k\u00f6nnen nun mit einem Klick gefunden werden. Zudem gibt es eine \u00fcbersichtliche Men\u00fcleiste, mit der Sie auch z\u00fcgig zu unseren Projekten gelangen. Unter dem Punkt &#8222;Aktuelles&#8220; berichten wir au\u00dferdem laufend \u00fcber unsere Aktivit\u00e4ten aus den Bereichen &#8222;Bildung&#8220; und &#8222;Ehrenamt&#8220;.<\/p>\n<p>Sie haben einen Fehler gefunden oder etwas funktioniert nicht? Bitte melden Sie sich bei uns, dann k\u00f6nnen wir dies umgehend beheben.<\/p>\n<p>Ansonsten w\u00fcnschen wir Ihnen viel Spa\u00df beim Durchst\u00f6bern unserer Homepage.<\/p>\n<\/div><\/section><\/div>\n\n<style type=\"text\/css\" data-created_by=\"avia_inline_auto\" id=\"style-css-av-2rvto8t-1cf59bc467bda82482f61fc9910729b9\">\n.flex_column.av-2rvto8t-1cf59bc467bda82482f61fc9910729b9{\n-webkit-border-radius:0px 0px 0px 0px;\n-moz-border-radius:0px 0px 0px 0px;\nborder-radius:0px 0px 0px 0px;\npadding:0px 0px 0px 0px;\n}\n<\/style>\n<div class='flex_column av-2rvto8t-1cf59bc467bda82482f61fc9910729b9 av_one_half  avia-builder-el-189  el_after_av_one_half  el_before_av_one_full  flex_column_div av-zero-column-padding column-top-margin'     ><style type=\"text\/css\" data-created_by=\"avia_inline_auto\" id=\"style-css-av-2qz5ma5-e1caa1690234e610de481293d365a6b7\">\n.avia-image-container.av-2qz5ma5-e1caa1690234e610de481293d365a6b7 img.avia_image{\nbox-shadow:none;\n}\n.avia-image-container.av-2qz5ma5-e1caa1690234e610de481293d365a6b7 .av-image-caption-overlay-center{\ncolor:#ffffff;\n}\n<\/style>\n<div  class='avia-image-container av-2qz5ma5-e1caa1690234e610de481293d365a6b7 av-styling- avia-align-center  avia-builder-el-190  avia-builder-el-no-sibling '   itemprop=\"image\" itemscope=\"itemscope\" itemtype=\"https:\/\/schema.org\/ImageObject\" ><div class=\"avia-image-container-inner\"><div class=\"avia-image-overlay-wrap\"><a href=\"https:\/\/www.lernreg.de\/index.php\/mint-projekte\/\" class='avia_image' ><img decoding=\"async\" class='wp-image-4601 avia-img-lazy-loading-not-4601 avia_image ' src=\"https:\/\/www.lernreg.de\/wp-content\/uploads\/2021\/11\/Screenshot_neue_Homepage-1030x491.png\" alt='' title='Screenshot_neue_Homepage'  height=\"491\" width=\"1030\"  itemprop=\"thumbnailUrl\" srcset=\"https:\/\/www.lernreg.de\/wp-content\/uploads\/2021\/11\/Screenshot_neue_Homepage-1030x491.png 1030w, https:\/\/www.lernreg.de\/wp-content\/uploads\/2021\/11\/Screenshot_neue_Homepage-300x143.png 300w, https:\/\/www.lernreg.de\/wp-content\/uploads\/2021\/11\/Screenshot_neue_Homepage-768x366.png 768w, https:\/\/www.lernreg.de\/wp-content\/uploads\/2021\/11\/Screenshot_neue_Homepage-1536x732.png 1536w, https:\/\/www.lernreg.de\/wp-content\/uploads\/2021\/11\/Screenshot_neue_Homepage-1500x715.png 1500w, https:\/\/www.lernreg.de\/wp-content\/uploads\/2021\/11\/Screenshot_neue_Homepage-705x336.png 705w, https:\/\/www.lernreg.de\/wp-content\/uploads\/2021\/11\/Screenshot_neue_Homepage-450x214.png 450w, https:\/\/www.lernreg.de\/wp-content\/uploads\/2021\/11\/Screenshot_neue_Homepage.png 1878w\" sizes=\"(max-width: 1030px) 100vw, 1030px\" \/><\/a><\/div><\/div><\/div><\/div>\n\n<style type=\"text\/css\" data-created_by=\"avia_inline_auto\" id=\"style-css-av-yqihp-58bcbef779148533907870df8dbd3101\">\n.flex_column.av-yqihp-58bcbef779148533907870df8dbd3101{\n-webkit-border-radius:0px 0px 0px 0px;\n-moz-border-radius:0px 0px 0px 0px;\nborder-radius:0px 0px 0px 0px;\npadding:0px 0px 0px 0px;\n}\n<\/style>\n<div class='flex_column av-yqihp-58bcbef779148533907870df8dbd3101 av_one_full  avia-builder-el-191  el_after_av_one_half  el_before_av_one_half  first flex_column_div av-zero-column-padding column-top-margin'     ><p>\n<style type=\"text\/css\" data-created_by=\"avia_inline_auto\" id=\"style-css-av-2msfy7h-ea6d4b332bd37d6dede96422dab796ce\">\n#top .hr.hr-invisible.av-2msfy7h-ea6d4b332bd37d6dede96422dab796ce{\nheight:20px;\n}\n<\/style>\n<div  class='hr av-2msfy7h-ea6d4b332bd37d6dede96422dab796ce hr-invisible  avia-builder-el-192  el_before_av_hr  avia-builder-el-first '><span class='hr-inner '><span class=\"hr-inner-style\"><\/span><\/span><\/div><br \/>\n<div  class='hr av-2ldzoel-bfa159ae8f4ed0469cea7173d198f15c hr-short  avia-builder-el-193  el_after_av_hr  el_before_av_hr  hr-center'><span class='hr-inner '><span class=\"hr-inner-style\"><\/span><\/span><\/div><br \/>\n\n<style type=\"text\/css\" data-created_by=\"avia_inline_auto\" id=\"style-css-av-2kggz1p-038676c59760bbedb807d9d2519c9ad6\">\n#top .hr.hr-invisible.av-2kggz1p-038676c59760bbedb807d9d2519c9ad6{\nheight:20px;\n}\n<\/style>\n<div  class='hr av-2kggz1p-038676c59760bbedb807d9d2519c9ad6 hr-invisible  avia-builder-el-194  el_after_av_hr  avia-builder-el-last '><span class='hr-inner '><span class=\"hr-inner-style\"><\/span><\/span><\/div><\/p><\/div>\n\n<style type=\"text\/css\" data-created_by=\"avia_inline_auto\" id=\"style-css-av-2issp31-d245c8bbb342604a0158f1faa6d9d894\">\n.flex_column.av-2issp31-d245c8bbb342604a0158f1faa6d9d894{\n-webkit-border-radius:0px 0px 0px 0px;\n-moz-border-radius:0px 0px 0px 0px;\nborder-radius:0px 0px 0px 0px;\npadding:0px 0px 0px 0px;\n}\n<\/style>\n<div class='flex_column av-2issp31-d245c8bbb342604a0158f1faa6d9d894 av_one_half  avia-builder-el-195  el_after_av_one_full  el_before_av_one_half  first flex_column_div av-zero-column-padding column-top-margin'     ><section  class='av_textblock_section av-2gk8qxp-50d30a925797abe765778c8502daab4f'  itemscope=\"itemscope\" itemtype=\"https:\/\/schema.org\/CreativeWork\" ><div class='avia_textblock'  itemprop=\"text\" ><p>Die Lernende Region Schwandorf hat erfolgreich am Ausbildungsprogramm GENERATIONEN gemeinsam aktiv teilgenommen.<br \/>\nDamit unterstreicht es die Wichtigkeit generationen\u00fcbergreifender Begegnungen im B\u00fcrgerschaftlichen Engagement und hat f\u00fcr sich ein Generationenbewusstsein f\u00fcr alle Handlungsfelder entwickelt. Das Ausbildungsprogramm umfasste 18 Unterrichtseinheiten und ein Praxismodul.<\/p>\n<\/div><\/section><\/div>\n\n<style type=\"text\/css\" data-created_by=\"avia_inline_auto\" id=\"style-css-av-2fhdzzx-1c805086afdd7777add0ec5983d2d581\">\n.flex_column.av-2fhdzzx-1c805086afdd7777add0ec5983d2d581{\n-webkit-border-radius:0px 0px 0px 0px;\n-moz-border-radius:0px 0px 0px 0px;\nborder-radius:0px 0px 0px 0px;\npadding:0px 0px 0px 0px;\n}\n<\/style>\n<div class='flex_column av-2fhdzzx-1c805086afdd7777add0ec5983d2d581 av_one_half  avia-builder-el-197  el_after_av_one_half  el_before_av_hr  flex_column_div av-zero-column-padding column-top-margin'     ><style type=\"text\/css\" data-created_by=\"avia_inline_auto\" id=\"style-css-av-2ds2kel-216218a02fd5baa0f079f143312acd9f\">\n.avia-image-container.av-2ds2kel-216218a02fd5baa0f079f143312acd9f img.avia_image{\nbox-shadow:none;\n}\n.avia-image-container.av-2ds2kel-216218a02fd5baa0f079f143312acd9f .av-image-caption-overlay-center{\ncolor:#ffffff;\n}\n<\/style>\n<div  class='avia-image-container av-2ds2kel-216218a02fd5baa0f079f143312acd9f av-styling- avia-align-center  avia-builder-el-198  avia-builder-el-no-sibling '   itemprop=\"image\" itemscope=\"itemscope\" itemtype=\"https:\/\/schema.org\/ImageObject\" ><div class=\"avia-image-container-inner\"><div class=\"avia-image-overlay-wrap\"><a href=\"https:\/\/www.lernreg.de\/Neues%20Verzeichnis\/wordpress\/wp-content\/uploads\/2021\/10\/Zertifikate-Generationen-gemeinsam-aktiv.pdf\" class='avia_image' ><img decoding=\"async\" class='wp-image-3974 avia-img-lazy-loading-not-3974 avia_image ' src=\"https:\/\/www.lernreg.de\/wp-content\/uploads\/2021\/10\/lagfa-Generationen-Logo_ohne-Zusatz.png\" alt='' title='lagfa-Generationen-Logo_ohne-Zusatz'  height=\"1124\" width=\"2000\"  itemprop=\"thumbnailUrl\" srcset=\"https:\/\/www.lernreg.de\/wp-content\/uploads\/2021\/10\/lagfa-Generationen-Logo_ohne-Zusatz.png 2000w, https:\/\/www.lernreg.de\/wp-content\/uploads\/2021\/10\/lagfa-Generationen-Logo_ohne-Zusatz-300x169.png 300w, https:\/\/www.lernreg.de\/wp-content\/uploads\/2021\/10\/lagfa-Generationen-Logo_ohne-Zusatz-1030x579.png 1030w, https:\/\/www.lernreg.de\/wp-content\/uploads\/2021\/10\/lagfa-Generationen-Logo_ohne-Zusatz-768x432.png 768w, https:\/\/www.lernreg.de\/wp-content\/uploads\/2021\/10\/lagfa-Generationen-Logo_ohne-Zusatz-1536x863.png 1536w, https:\/\/www.lernreg.de\/wp-content\/uploads\/2021\/10\/lagfa-Generationen-Logo_ohne-Zusatz-1500x843.png 1500w, https:\/\/www.lernreg.de\/wp-content\/uploads\/2021\/10\/lagfa-Generationen-Logo_ohne-Zusatz-705x396.png 705w, https:\/\/www.lernreg.de\/wp-content\/uploads\/2021\/10\/lagfa-Generationen-Logo_ohne-Zusatz-450x253.png 450w\" sizes=\"(max-width: 2000px) 100vw, 2000px\" \/><\/a><\/div><\/div><\/div><\/div>\n\n<style type=\"text\/css\" data-created_by=\"avia_inline_auto\" id=\"style-css-av-2bw1sjh-d5e6be91dbcefb3c2ce97b007b427eb2\">\n#top .hr.hr-invisible.av-2bw1sjh-d5e6be91dbcefb3c2ce97b007b427eb2{\nheight:20px;\n}\n<\/style>\n<div  class='hr av-2bw1sjh-d5e6be91dbcefb3c2ce97b007b427eb2 hr-invisible  avia-builder-el-199  el_after_av_one_half  el_before_av_hr '><span class='hr-inner '><span class=\"hr-inner-style\"><\/span><\/span><\/div>\n<div  class='hr av-2a7g2vh-c32e85005d9a0756d5059d3b0b1b4800 hr-short  avia-builder-el-200  el_after_av_hr  el_before_av_hr  hr-center'><span class='hr-inner '><span class=\"hr-inner-style\"><\/span><\/span><\/div>\n\n<style type=\"text\/css\" data-created_by=\"avia_inline_auto\" id=\"style-css-av-282i8d9-8da65f438bb27aff7a6cef46acbf0edd\">\n#top .hr.hr-invisible.av-282i8d9-8da65f438bb27aff7a6cef46acbf0edd{\nheight:20px;\n}\n<\/style>\n<div  class='hr av-282i8d9-8da65f438bb27aff7a6cef46acbf0edd hr-invisible  avia-builder-el-201  el_after_av_hr  el_before_av_one_half '><span class='hr-inner '><span class=\"hr-inner-style\"><\/span><\/span><\/div>\n<div class='flex_column av-26qp4hp-41dc8340386af45c7eedcc42c9f9b4c3 av_one_half  avia-builder-el-202  el_after_av_hr  el_before_av_one_half  first flex_column_div '     ><style type=\"text\/css\" data-created_by=\"avia_inline_auto\" id=\"style-css-av-24q03j1-d4bfdee0b192332d7ca58f56f347863d\">\n.avia-image-container.av-24q03j1-d4bfdee0b192332d7ca58f56f347863d img.avia_image{\nbox-shadow:none;\n}\n.avia-image-container.av-24q03j1-d4bfdee0b192332d7ca58f56f347863d .av-image-caption-overlay-center{\ncolor:#ffffff;\n}\n<\/style>\n<div  class='avia-image-container av-24q03j1-d4bfdee0b192332d7ca58f56f347863d av-styling- avia-align-center  avia-builder-el-203  avia-builder-el-no-sibling '   itemprop=\"image\" itemscope=\"itemscope\" itemtype=\"https:\/\/schema.org\/ImageObject\" ><div class=\"avia-image-container-inner\"><div class=\"avia-image-overlay-wrap\"><img decoding=\"async\" class='wp-image-3578 avia-img-lazy-loading-not-3578 avia_image ' src=\"https:\/\/www.lernreg.de\/wp-content\/uploads\/2021\/09\/laptop-3087585-845x684.jpg\" alt='' title='laptop-3087585'  height=\"684\" width=\"845\"  itemprop=\"thumbnailUrl\" srcset=\"https:\/\/www.lernreg.de\/wp-content\/uploads\/2021\/09\/laptop-3087585-845x684.jpg 845w, https:\/\/www.lernreg.de\/wp-content\/uploads\/2021\/09\/laptop-3087585-495x400.jpg 495w\" sizes=\"(max-width: 845px) 100vw, 845px\" \/><\/div><\/div><\/div><\/div>\n\n<style type=\"text\/css\" data-created_by=\"avia_inline_auto\" id=\"style-css-av-r3qil-2c6741d817371cd45c51600cf3833100\">\n.flex_column.av-r3qil-2c6741d817371cd45c51600cf3833100{\n-webkit-border-radius:0px 0px 0px 0px;\n-moz-border-radius:0px 0px 0px 0px;\nborder-radius:0px 0px 0px 0px;\npadding:0px 0px 0px 0px;\n}\n<\/style>\n<div class='flex_column av-r3qil-2c6741d817371cd45c51600cf3833100 av_one_half  avia-builder-el-204  el_after_av_one_half  el_before_av_hr  flex_column_div av-zero-column-padding '     ><section  class='av_textblock_section av-21c18jh-922730cbfdc6658fdc33057a9e4a9a70'  itemscope=\"itemscope\" itemtype=\"https:\/\/schema.org\/CreativeWork\" ><div class='avia_textblock'  itemprop=\"text\" ><p><b>Unterst\u00fctzung f\u00fcr Sch\u00fclerinnen und Sch\u00fcler<\/b><\/p>\n<p>Die Initiative Junge Forscherinnen und Forscher bietet f\u00fcr Sch\u00fcler:innen s\u00e4mtlicher Schularten die MINT-Wand an. Hier k\u00f6nnen die\u00a0Jugendlichen\u00a0Fragen zum Schulstoff aus den verschiedenen Bereichen stellen, die im Anschluss beantwortet\u00a0werden.\u00a0<a class=\"external-link-new-window\" title=\"Opens external link in new window\" href=\"https:\/\/www.initiative-junge-forscher.de\/schueler\/mint-wand\/\" target=\"_blank\" rel=\"noopener\">Hier entlang!<\/a><\/p>\n<\/div><\/section><\/div>\n\n<style type=\"text\/css\" data-created_by=\"avia_inline_auto\" id=\"style-css-av-1zjvke5-f1bd98737b35fd4d01fac5c196e8febc\">\n#top .hr.hr-invisible.av-1zjvke5-f1bd98737b35fd4d01fac5c196e8febc{\nheight:20px;\n}\n<\/style>\n<div  class='hr av-1zjvke5-f1bd98737b35fd4d01fac5c196e8febc hr-invisible  avia-builder-el-206  el_after_av_one_half  el_before_av_hr '><span class='hr-inner '><span class=\"hr-inner-style\"><\/span><\/span><\/div>\n<div  class='hr av-1ywpsyl-b55704f8117bd5da5676ef6d0a15a321 hr-short  avia-builder-el-207  el_after_av_hr  el_before_av_hr  hr-center'><span class='hr-inner '><span class=\"hr-inner-style\"><\/span><\/span><\/div>\n\n<style type=\"text\/css\" data-created_by=\"avia_inline_auto\" id=\"style-css-av-1w06aul-0cbe03bf942feffb1d8bca9042c9b696\">\n#top .hr.hr-invisible.av-1w06aul-0cbe03bf942feffb1d8bca9042c9b696{\nheight:20px;\n}\n<\/style>\n<div  class='hr av-1w06aul-0cbe03bf942feffb1d8bca9042c9b696 hr-invisible  avia-builder-el-208  el_after_av_hr  el_before_av_one_half '><span class='hr-inner '><span class=\"hr-inner-style\"><\/span><\/span><\/div>\n\n<style type=\"text\/css\" data-created_by=\"avia_inline_auto\" id=\"style-css-av-1vscg8t-b01522297d4aca91a68ad660801580f6\">\n.flex_column.av-1vscg8t-b01522297d4aca91a68ad660801580f6{\n-webkit-border-radius:0px 0px 0px 0px;\n-moz-border-radius:0px 0px 0px 0px;\nborder-radius:0px 0px 0px 0px;\npadding:0px 0px 0px 0px;\n}\n<\/style>\n<div class='flex_column av-1vscg8t-b01522297d4aca91a68ad660801580f6 av_one_half  avia-builder-el-209  el_after_av_hr  el_before_av_one_half  first flex_column_div av-zero-column-padding '     ><section  class='av_textblock_section av-1tp9ov1-7e7a54c743fa194967e54d075610be7f'  itemscope=\"itemscope\" itemtype=\"https:\/\/schema.org\/CreativeWork\" ><div class='avia_textblock'  itemprop=\"text\" ><p><b>Meldung von Angeboten und Veranstaltungen rund um Digitales, Technik, Natur und Co.<\/b><\/p>\n<p>Sie f\u00fchren ein Unternehmen im Landkreis, sind ein Verein oder zeigen privat Initiative? Sie bieten spannende Projekte und Angebote aus dem Bereich MINT f\u00fcr junge Menschen aus der Region? Gerne ver\u00f6ffentlichen wir Ihr Angebot auf unserer Webseite.<\/p>\n<\/div><\/section><\/div>\n\n<style type=\"text\/css\" data-created_by=\"avia_inline_auto\" id=\"style-css-av-1s0245p-7c233c43bac9b4c2e50bfdebf2b322da\">\n.flex_column.av-1s0245p-7c233c43bac9b4c2e50bfdebf2b322da{\n-webkit-border-radius:0px 0px 0px 0px;\n-moz-border-radius:0px 0px 0px 0px;\nborder-radius:0px 0px 0px 0px;\npadding:0px 0px 0px 0px;\n}\n<\/style>\n<div class='flex_column av-1s0245p-7c233c43bac9b4c2e50bfdebf2b322da av_one_half  avia-builder-el-211  el_after_av_one_half  el_before_av_hr  flex_column_div av-zero-column-padding '     ><style type=\"text\/css\" data-created_by=\"avia_inline_auto\" id=\"style-css-av-1pl3r99-b0aa295cc00de12119f9bb4d3076fdbb\">\n.avia-image-container.av-1pl3r99-b0aa295cc00de12119f9bb4d3076fdbb img.avia_image{\nbox-shadow:none;\n}\n.avia-image-container.av-1pl3r99-b0aa295cc00de12119f9bb4d3076fdbb .av-image-caption-overlay-center{\ncolor:#ffffff;\n}\n<\/style>\n<div  class='avia-image-container av-1pl3r99-b0aa295cc00de12119f9bb4d3076fdbb av-styling- avia-align-center  avia-builder-el-212  avia-builder-el-no-sibling '   itemprop=\"image\" itemscope=\"itemscope\" itemtype=\"https:\/\/schema.org\/ImageObject\" ><div class=\"avia-image-container-inner\"><div class=\"avia-image-overlay-wrap\"><img decoding=\"async\" class='wp-image-3579 avia-img-lazy-loading-not-3579 avia_image ' src=\"https:\/\/www.lernreg.de\/wp-content\/uploads\/2021\/09\/analysis-2030265_1920-845x684.jpg\" alt='' title='analysis-2030265_1920'  height=\"684\" width=\"845\"  itemprop=\"thumbnailUrl\" srcset=\"https:\/\/www.lernreg.de\/wp-content\/uploads\/2021\/09\/analysis-2030265_1920-845x684.jpg 845w, https:\/\/www.lernreg.de\/wp-content\/uploads\/2021\/09\/analysis-2030265_1920-495x400.jpg 495w\" sizes=\"(max-width: 845px) 100vw, 845px\" \/><\/div><\/div><\/div><\/div>\n\n<style type=\"text\/css\" data-created_by=\"avia_inline_auto\" id=\"style-css-av-1oy9khp-c1adb0a400c0e9c0f6e1d614bbb3fbdc\">\n#top .hr.hr-invisible.av-1oy9khp-c1adb0a400c0e9c0f6e1d614bbb3fbdc{\nheight:50px;\n}\n<\/style>\n<div  class='hr av-1oy9khp-c1adb0a400c0e9c0f6e1d614bbb3fbdc hr-invisible  avia-builder-el-213  el_after_av_one_half  el_before_av_hr '><span class='hr-inner '><span class=\"hr-inner-style\"><\/span><\/span><\/div>\n<div  class='hr av-1n93a31-870bad9849cacf37f7078975466acd54 hr-short  avia-builder-el-214  el_after_av_hr  el_before_av_hr  hr-center'><span class='hr-inner '><span class=\"hr-inner-style\"><\/span><\/span><\/div>\n\n<style type=\"text\/css\" data-created_by=\"avia_inline_auto\" id=\"style-css-av-1lel5t9-460a80e64a56429e16d99493dfffe007\">\n#top .hr.hr-invisible.av-1lel5t9-460a80e64a56429e16d99493dfffe007{\nheight:50px;\n}\n<\/style>\n<div  class='hr av-1lel5t9-460a80e64a56429e16d99493dfffe007 hr-invisible  avia-builder-el-215  el_after_av_hr  el_before_av_one_half '><span class='hr-inner '><span class=\"hr-inner-style\"><\/span><\/span><\/div>\n\n<style type=\"text\/css\" data-created_by=\"avia_inline_auto\" id=\"style-css-av-1j6m04d-8873c2a71ed536263f8dd2a2bb692f9d\">\n.flex_column.av-1j6m04d-8873c2a71ed536263f8dd2a2bb692f9d{\n-webkit-border-radius:0px 0px 0px 0px;\n-moz-border-radius:0px 0px 0px 0px;\nborder-radius:0px 0px 0px 0px;\npadding:0px 0px 0px 0px;\n}\n<\/style>\n<div class='flex_column av-1j6m04d-8873c2a71ed536263f8dd2a2bb692f9d av_one_half  avia-builder-el-216  el_after_av_hr  el_before_av_one_half  first flex_column_div av-zero-column-padding '     ><style type=\"text\/css\" data-created_by=\"avia_inline_auto\" id=\"style-css-av-1hvuejx-4bb4e05ab2d678827f5dc92151fea984\">\n.avia-image-container.av-1hvuejx-4bb4e05ab2d678827f5dc92151fea984 img.avia_image{\nbox-shadow:none;\n}\n.avia-image-container.av-1hvuejx-4bb4e05ab2d678827f5dc92151fea984 .av-image-caption-overlay-center{\ncolor:#ffffff;\n}\n<\/style>\n<div  class='avia-image-container av-1hvuejx-4bb4e05ab2d678827f5dc92151fea984 av-styling- avia-align-center  avia-builder-el-217  avia-builder-el-no-sibling '   itemprop=\"image\" itemscope=\"itemscope\" itemtype=\"https:\/\/schema.org\/ImageObject\" ><div class=\"avia-image-container-inner\"><div class=\"avia-image-overlay-wrap\"><img decoding=\"async\" class='wp-image-3580 avia-img-lazy-loading-not-3580 avia_image ' src=\"https:\/\/www.lernreg.de\/wp-content\/uploads\/2021\/09\/bicycle-407215_1920-845x684.jpg\" alt='' title='bicycle-407215_1920'  height=\"684\" width=\"845\"  itemprop=\"thumbnailUrl\" srcset=\"https:\/\/www.lernreg.de\/wp-content\/uploads\/2021\/09\/bicycle-407215_1920-845x684.jpg 845w, https:\/\/www.lernreg.de\/wp-content\/uploads\/2021\/09\/bicycle-407215_1920-495x400.jpg 495w\" sizes=\"(max-width: 845px) 100vw, 845px\" \/><\/div><\/div><\/div><\/div>\n\n<style type=\"text\/css\" data-created_by=\"avia_inline_auto\" id=\"style-css-av-1gan2r1-b330e4eb9904b41bcae0a7006bea54c3\">\n.flex_column.av-1gan2r1-b330e4eb9904b41bcae0a7006bea54c3{\n-webkit-border-radius:0px 0px 0px 0px;\n-moz-border-radius:0px 0px 0px 0px;\nborder-radius:0px 0px 0px 0px;\npadding:0px 0px 0px 0px;\n}\n<\/style>\n<div class='flex_column av-1gan2r1-b330e4eb9904b41bcae0a7006bea54c3 av_one_half  avia-builder-el-218  el_after_av_one_half  el_before_av_hr  flex_column_div av-zero-column-padding '     ><section  class='av_textblock_section av-1ehhtql-116f22abf205b0570919e3c8c6a47467'  itemscope=\"itemscope\" itemtype=\"https:\/\/schema.org\/CreativeWork\" ><div class='avia_textblock'  itemprop=\"text\" ><div id=\"c1543\" class=\"csc-default\">\n<h3>Radreparatur-Workshops<\/h3>\n<\/div>\n<div id=\"c1544\" class=\"csc-default\">\n<p>Bei einem Gemeinschaftsprojekt zusammen mit der Naabwerkst\u00e4tten GmbH, dem Jugendtreff Schwandorf und dem Jugendbeirat Schwandorf bieten wir Kindern und Jugendlichen die M\u00f6glichkeit, die Technik rund ums Fahrrad kennen zu lernen und selbst mit Hand anzulegen. Erfahrene Mechaniker der Naabwerkst\u00e4tten erkl\u00e4ren, beantworten Fragen und zeigen, was alles in einem Fahrrad steckt. Au\u00dferdem bekommen die Kids dort die M\u00f6glichkeit, selbst auszuprobieren und anzupacken. Dar\u00fcber hinaus stellen sich die Naabwerkst\u00e4tten vor und zeigen, was dort so alles angeboten wird.<\/p>\n<p>Zus\u00e4tzlich bieten wir allen, die ein technisches Problem mit ihrem Fahrrad haben, am 09.09.2021 mit ihrem Rad vorbeizukommen und es reparieren zu lassen oder es selbst zu versuchen. Die Rechnung f\u00fcr kleinere Reparaturen \u00fcbernimmt der Jugendbeirat.<\/p>\n<p>Wann? 07.09.2021 und 08.09.2021 jeweils von 10 bis 12 Uhr; 09.09.2021 von 10 bis 16 Uhr<\/p>\n<p>Wo? Kleeblatt-Werkstatt der Naabwerkst\u00e4tten GmbH, Dachelhofer Stra\u00dfe 89, 92421 Schwandorf<\/p>\n<p>Zur Anmeldung geht es\u00a0<a class=\"external-link-new-window\" title=\"Opens external link in new window\" href=\"https:\/\/termine.schwandorf.de\/jugendtreff\" target=\"_blank\" rel=\"noopener\">hier\u00a0<\/a>entlang!<\/p>\n<\/div>\n<\/div><\/section><\/div>\n\n<style type=\"text\/css\" data-created_by=\"avia_inline_auto\" id=\"style-css-av-1cufmj1-f5f373f49d24daa77a52314529bb2218\">\n#top .hr.hr-invisible.av-1cufmj1-f5f373f49d24daa77a52314529bb2218{\nheight:50px;\n}\n<\/style>\n<div  class='hr av-1cufmj1-f5f373f49d24daa77a52314529bb2218 hr-invisible  avia-builder-el-220  el_after_av_one_half  el_before_av_hr '><span class='hr-inner '><span class=\"hr-inner-style\"><\/span><\/span><\/div>\n<div  class='hr av-1b1uitp-6c7d96848c546570e49e723b99a2823c hr-short  avia-builder-el-221  el_after_av_hr  el_before_av_hr  hr-center'><span class='hr-inner '><span class=\"hr-inner-style\"><\/span><\/span><\/div>\n\n<style type=\"text\/css\" data-created_by=\"avia_inline_auto\" id=\"style-css-av-19hlx0t-30d77cb8c28fbffdc6dcbdb1057509e0\">\n#top .hr.hr-invisible.av-19hlx0t-30d77cb8c28fbffdc6dcbdb1057509e0{\nheight:50px;\n}\n<\/style>\n<div  class='hr av-19hlx0t-30d77cb8c28fbffdc6dcbdb1057509e0 hr-invisible  avia-builder-el-222  el_after_av_hr  el_before_av_one_half '><span class='hr-inner '><span class=\"hr-inner-style\"><\/span><\/span><\/div>\n\n<style type=\"text\/css\" data-created_by=\"avia_inline_auto\" id=\"style-css-av-4gbh4d-b5294158c4cbbbe933512a3a099fee42\">\n.flex_column.av-4gbh4d-b5294158c4cbbbe933512a3a099fee42{\n-webkit-border-radius:0px 0px 0px 0px;\n-moz-border-radius:0px 0px 0px 0px;\nborder-radius:0px 0px 0px 0px;\npadding:0px 0px 0px 0px;\n}\n<\/style>\n<div class='flex_column av-4gbh4d-b5294158c4cbbbe933512a3a099fee42 av_one_half  avia-builder-el-223  el_after_av_hr  el_before_av_one_half  first flex_column_div av-zero-column-padding '     ><section  class='av_textblock_section av-162bh2l-b6283b107d0d5610457155b471e5f5b3'  itemscope=\"itemscope\" itemtype=\"https:\/\/schema.org\/CreativeWork\" ><div class='avia_textblock'  itemprop=\"text\" ><div id=\"c1543\" class=\"csc-default\">\n<div id=\"c1538\" class=\"csc-default\">\n<h3>Erste Ergebnisse zur Umfrage &#8222;MINT in Kitas&#8220;<\/h3>\n<p>Im Januar 2020 hat das MINT-Management eine Befragung zum Thema MINT in Kitas bei den Einrichtungen des Landkreises durchgef\u00fchrt. Von den 92 Einrichtungen des Landkreises haben sich 47 an der Umfrage beteiligt. Damit ergibt sich eine mehr als erfreuliche R\u00fccklaufquote von 58,7%.<\/p>\n<p>Die Umfrage erfragte unter anderem die Ausgangslage in den Kitas, wie Anzahl und Alter der Kinder, behandelte Themenbereiche und Projekte, Kooperationspartner sowie Herausforderungen und Schwierigkeiten. Beleuchtet wurde au\u00dferdem auch die Einstellung von P\u00e4dagogen und Eltern zu den Themen MINT und digitale Bildung in der Fr\u00fchkindheit.<\/p>\n<p><b>Folgende Ergebnisse lassen sich nach einer ersten Analyse feststellen:<\/b><\/p>\n<ul>\n<li style=\"list-style-type: none;\">\n<ul>\n<li><strong>Projekte<\/strong>: Die Kitas bieten bereits sehr viel zu diesem Thema an, vieles dabei sogar ohne Bewusstsein dar\u00fcber, dass es sich dabei um MINT-Bildung handelt. Die meisten Angebote gibt es f\u00fcr Vorschulkinder. Mathematik und Natur spielen eine wesentliche Rolle, Technik und Informatik spielen eher eine nachrangige Rolle. Vor allem Informatik wird eher vernachl\u00e4ssigt.<\/li>\n<li><strong>Projektkooperationen<\/strong>: Partnerschaften in Projekten finden statt, am h\u00e4ufigsten\u00a0wurden F\u00f6rster, Imker, der Naturpark Oberpf\u00e4lzer Wald oder andere genannt. Eine Zusammenarbeit mit Unternehmen oder Schulen kommt weit weniger oft vor, Projekte zwischen mehreren Kitas sind nicht genannt worden.<\/li>\n<li><strong>Weiterbildung und Fachpersonal<\/strong>: Etwa die H\u00e4lfte der Kitas gab an, \u00fcber Besch\u00e4ftigte mit einer speziellen MINT-Weiterbildung zu verf\u00fcgen. Allerdings gibt es keinen spezifischen Zusammenhang zwischen ausgebildetem Personal und der Anzahl an durchgef\u00fchrten Projekten.<\/li>\n<li><strong>Bedeutung von MINT und digitaler Bildung<\/strong>: Generell wird es als wichtig eingestuft, Kinder bereits in diesem Alter mit MINT in Kontakt zu bringen. Allerdings ist eine Differenzierung zwischen MINT und digitaler Bildung zu erkennen, d.h. MINT soll gef\u00f6rdert werden, digitale Bildung soll dabei aber eher eine zur\u00fcckhaltende Rolle spielen.<\/li>\n<li><strong>Eltern<\/strong>: Eltern werden bei Projekten zwar informiert, allerdings nur sehr selten aktiv eingebunden. Generell sch\u00e4tzen die Einrichtungen die Eltern so ein, dass\u00a0ihnen\u00a0MINT-F\u00f6rderung wichtig ist, allerdings auch hier unter der Pr\u00e4misse, dass digitale Bildung eher skeptisch gesehen wird.<\/li>\n<li><strong>Ausstattung<\/strong>: Zur F\u00f6rderung der digitalen Bildung sind viele Kitas nicht mit entsprechenden Ger\u00e4ten ausgestattet oder nutzen diese nicht im erzieherischen Alltag.<\/li>\n<li><strong>Herausforderungen und W\u00fcnsche<\/strong>: Viele Kitas w\u00fcnschen sich Unterst\u00fctzung in der MINT-Bildung. Eine wesentliche Rolle spielen dabei lokale Weiterbildungsangebote oder Informationen \u00fcber Best-Practice-Beispiele.<\/li>\n<\/ul>\n<\/li>\n<\/ul>\n<p>Die Ergebnisse der Umfrage sollen Grundlage f\u00fcr die Erarbeitung geeigneter Ma\u00dfnahmen sein, um die Einrichtungen besser zu unterst\u00fctzen und so die MINT-Bildung f\u00fcr die j\u00fcngsten in der Gesellschaft zu verbessern. In diesen Prozess sollen mehrere Akteure beteiligt werden.<\/p>\n<\/div>\n<div id=\"c1540\" class=\"csc-default\"><\/div>\n<\/div>\n<div id=\"c1544\" class=\"csc-default\"><\/div>\n<\/div><\/section><\/div>\n\n<style type=\"text\/css\" data-created_by=\"avia_inline_auto\" id=\"style-css-av-43pij1-a6ae8b017c206113cb413cdc5c9057fb\">\n.flex_column.av-43pij1-a6ae8b017c206113cb413cdc5c9057fb{\n-webkit-border-radius:0px 0px 0px 0px;\n-moz-border-radius:0px 0px 0px 0px;\nborder-radius:0px 0px 0px 0px;\npadding:0px 0px 0px 0px;\n}\n<\/style>\n<div class='flex_column av-43pij1-a6ae8b017c206113cb413cdc5c9057fb av_one_half  avia-builder-el-225  el_after_av_one_half  el_before_av_hr  flex_column_div av-zero-column-padding '     ><style type=\"text\/css\" data-created_by=\"avia_inline_auto\" id=\"style-css-av-3uh2xp-fbfb064c05530c44a205fd3a494ae578\">\n.avia-image-container.av-3uh2xp-fbfb064c05530c44a205fd3a494ae578 img.avia_image{\nbox-shadow:none;\n}\n.avia-image-container.av-3uh2xp-fbfb064c05530c44a205fd3a494ae578 .av-image-caption-overlay-center{\ncolor:#ffffff;\n}\n<\/style>\n<div  class='avia-image-container av-3uh2xp-fbfb064c05530c44a205fd3a494ae578 av-styling- avia-align-center  avia-builder-el-226  avia-builder-el-no-sibling '   itemprop=\"image\" itemscope=\"itemscope\" itemtype=\"https:\/\/schema.org\/ImageObject\" ><div class=\"avia-image-container-inner\"><div class=\"avia-image-overlay-wrap\"><img decoding=\"async\" class='wp-image-3582 avia-img-lazy-loading-not-3582 avia_image ' src=\"https:\/\/www.lernreg.de\/wp-content\/uploads\/2021\/09\/child-1864718_1920-845x684.jpg\" alt='' title='child-1864718_1920'  height=\"684\" width=\"845\"  itemprop=\"thumbnailUrl\" srcset=\"https:\/\/www.lernreg.de\/wp-content\/uploads\/2021\/09\/child-1864718_1920-845x684.jpg 845w, https:\/\/www.lernreg.de\/wp-content\/uploads\/2021\/09\/child-1864718_1920-495x400.jpg 495w\" sizes=\"(max-width: 845px) 100vw, 845px\" \/><\/div><\/div><\/div><\/div>\n\n<style type=\"text\/css\" data-created_by=\"avia_inline_auto\" id=\"style-css-av-10umsbx-4a032afdf531adccbe6a717bc13e0c1f\">\n#top .hr.hr-invisible.av-10umsbx-4a032afdf531adccbe6a717bc13e0c1f{\nheight:50px;\n}\n<\/style>\n<div  class='hr av-10umsbx-4a032afdf531adccbe6a717bc13e0c1f hr-invisible  avia-builder-el-227  el_after_av_one_half  el_before_av_hr '><span class='hr-inner '><span class=\"hr-inner-style\"><\/span><\/span><\/div>\n<div  class='hr av-10b8wvh-777ede3f0a6cac112a620183b539ee9d hr-short  avia-builder-el-228  el_after_av_hr  el_before_av_hr  hr-center'><span class='hr-inner '><span class=\"hr-inner-style\"><\/span><\/span><\/div>\n\n<style type=\"text\/css\" data-created_by=\"avia_inline_auto\" id=\"style-css-av-yo7kj1-16e29f6531b0f4bbffb1c69fb183da61\">\n#top .hr.hr-invisible.av-yo7kj1-16e29f6531b0f4bbffb1c69fb183da61{\nheight:50px;\n}\n<\/style>\n<div  class='hr av-yo7kj1-16e29f6531b0f4bbffb1c69fb183da61 hr-invisible  avia-builder-el-229  el_after_av_hr  el_before_av_one_half '><span class='hr-inner '><span class=\"hr-inner-style\"><\/span><\/span><\/div>\n\n<style type=\"text\/css\" data-created_by=\"avia_inline_auto\" id=\"style-css-av-3a5ccd-1945d58dd5d62b4f21e14f841feaabaf\">\n.flex_column.av-3a5ccd-1945d58dd5d62b4f21e14f841feaabaf{\n-webkit-border-radius:0px 0px 0px 0px;\n-moz-border-radius:0px 0px 0px 0px;\nborder-radius:0px 0px 0px 0px;\npadding:0px 0px 0px 0px;\n}\n<\/style>\n<div class='flex_column av-3a5ccd-1945d58dd5d62b4f21e14f841feaabaf av_one_half  avia-builder-el-230  el_after_av_hr  el_before_av_one_half  first flex_column_div av-zero-column-padding '     ><style type=\"text\/css\" data-created_by=\"avia_inline_auto\" id=\"style-css-av-uyq6p9-b114787ec109d3332f0fe7e254e9a698\">\n.avia-image-container.av-uyq6p9-b114787ec109d3332f0fe7e254e9a698 img.avia_image{\nbox-shadow:none;\n}\n.avia-image-container.av-uyq6p9-b114787ec109d3332f0fe7e254e9a698 .av-image-caption-overlay-center{\ncolor:#ffffff;\n}\n<\/style>\n<div  class='avia-image-container av-uyq6p9-b114787ec109d3332f0fe7e254e9a698 av-styling- avia-align-center  avia-builder-el-231  avia-builder-el-no-sibling '   itemprop=\"image\" itemscope=\"itemscope\" itemtype=\"https:\/\/schema.org\/ImageObject\" ><div class=\"avia-image-container-inner\"><div class=\"avia-image-overlay-wrap\"><img decoding=\"async\" class='wp-image-3581 avia-img-lazy-loading-not-3581 avia_image ' src=\"https:\/\/www.lernreg.de\/wp-content\/uploads\/2021\/09\/cycling-1938927_1920-845x684.jpg\" alt='' title='cycling-1938927_1920'  height=\"684\" width=\"845\"  itemprop=\"thumbnailUrl\" srcset=\"https:\/\/www.lernreg.de\/wp-content\/uploads\/2021\/09\/cycling-1938927_1920-845x684.jpg 845w, https:\/\/www.lernreg.de\/wp-content\/uploads\/2021\/09\/cycling-1938927_1920-495x400.jpg 495w\" sizes=\"(max-width: 845px) 100vw, 845px\" \/><\/div><\/div><\/div><\/div>\n\n<style type=\"text\/css\" data-created_by=\"avia_inline_auto\" id=\"style-css-av-2tz7jx-2adbb72b5ca7082ed1e83635495a5ed7\">\n.flex_column.av-2tz7jx-2adbb72b5ca7082ed1e83635495a5ed7{\n-webkit-border-radius:0px 0px 0px 0px;\n-moz-border-radius:0px 0px 0px 0px;\nborder-radius:0px 0px 0px 0px;\npadding:0px 0px 0px 0px;\n}\n<\/style>\n<div class='flex_column av-2tz7jx-2adbb72b5ca7082ed1e83635495a5ed7 av_one_half  avia-builder-el-232  el_after_av_one_half  el_before_av_section  avia-builder-el-last  flex_column_div av-zero-column-padding '     ><section  class='av_textblock_section av-r70n2l-12ff61cc9177fa083c41a1eb70337512'  itemscope=\"itemscope\" itemtype=\"https:\/\/schema.org\/CreativeWork\" ><div class='avia_textblock'  itemprop=\"text\" ><div id=\"c1543\" class=\"csc-default\">\n<div id=\"c1538\" class=\"csc-default\">\n<h3>MINTbyBike<\/h3>\n<\/div>\n<div id=\"c1542\" class=\"csc-default\">\n<p>Spa\u00df, Bewegung und Neues lernen &#8211; Das ist das Konzept von &#8222;MINTbyBike&#8220;. Auf der Fahrradroute von Schwandorf \u00fcber Teublitz nach Burglengenfeld gilt es, spannende Aufgaben rund um Naturwissenschaft und Technik zu l\u00f6sen. Die Aufgaben eignen sich vor allem f\u00fcr Kinder zwischen 10 und 14 Jahren. Die Route hat etwa 25 Kilometer und f\u00fchrt \u00fcber vorwiegend flaches Gel\u00e4nde.<\/p>\n<p>Alle Teilnehmer werden dazu aufgefordert, sich an die Verkehrsregeln zu halten und aufmerksam zu bleiben. Kinder sollten vor der Teilnahme mit ihren Eltern sprechen und gemeinsam entscheiden, ob sie f\u00fcr die Radtour geeignet sind. Bitte beachten Sie auch die derzeit geltenden Abstands- und Hygieneregeln.<\/p>\n<p>Route:<\/p>\n<p>Tourismusb\u00fcro Schwandorf &#8211; Stadtpark Schwandorf &#8211; Kleeblattwerkst\u00e4tte Schwandorf &#8211; Hallenbad Dachelhofen &#8211; Klausensee &#8211; Spielplatz Klardorf &#8211; Tausendpfundsee Teublitz &#8211; Wild- und Freizeitparkt H\u00f6llohe &#8211; Eislaufplatz Burglengenfeld &#8211; Marktplatz Burglengenfeld<\/p>\n<p>Falls man nicht mehr die ganze Strecke zur\u00fcck radeln m\u00f6chte, besteht die M\u00f6glichkeit, mit dem Zug ab Maxh\u00fctte-Haidhof nach Schwandorf zur\u00fcckzufahren. Mehr Infos zu Tickets und Fahrpl\u00e4nen gibt es auf der Seite der\u00a0<a class=\"external-link-new-window\" title=\"Opens external link in new window\" href=\"http:\/\/www.bahn.de\/\" target=\"_blank\" rel=\"noopener\">Deutschen Bahn<\/a>.<\/p>\n<\/div>\n<div id=\"c1540\" class=\"csc-default\">\n<h2>So funktioniert&#8217;s:<\/h2>\n<p>1. App &#8222;Actionbound&#8220; kostenlos herunterladen.<\/p>\n<p>2. QR Code mit der App scannen.<\/p>\n<p>3. Strecke herunterladen, damit du auch in Funkl\u00f6chern alle Infos hast. (Vor dem Tourismusb\u00fcro Schwandorf gibt es offenes WLAN).<\/p>\n<p>4. Auf die Verkehrsregeln achten und los geht&#8217;s.<\/p>\n<p>Falls du den QR-Code gerade nicht zur Hand hast, kannst du den Bound auch suchen. Gib dazu im Suchfeld der App Actionbound &#8222;MINTbyBike&#8220; ein.<\/p>\n<\/div>\n<\/div>\n<div id=\"c1544\" class=\"csc-default\"><\/div>\n<\/div><\/section><\/div>\n<\/div><\/div><\/div><!-- close content main div --><\/div><\/div>\n<style type=\"text\/css\" data-created_by=\"avia_inline_auto\" id=\"style-css-av-poyp25-c0aacb1efa82c5edb048035dc0257a8c\">\n.avia-section.av-poyp25-c0aacb1efa82c5edb048035dc0257a8c{\nbackground-repeat:no-repeat;\nbackground-image:url(https:\/\/www.lernreg.de\/wp-content\/uploads\/2021\/09\/banner-904884-scaled.jpg);\nbackground-position:50% 100%;\nbackground-attachment:fixed;\n}\n.avia-section.av-poyp25-c0aacb1efa82c5edb048035dc0257a8c .av-section-color-overlay{\nopacity:0.9;\nbackground-color:#1a437d;\n}\n<\/style>\n<div id='av_section_1'  class='avia-section av-poyp25-c0aacb1efa82c5edb048035dc0257a8c main_color avia-section-default avia-no-shadow  avia-builder-el-234  el_after_av_one_half  el_before_av_one_half  avia-full-stretch avia-bg-style-fixed av-section-color-overlay-active container_wrap sidebar_right'  data-section-bg-repeat='stretch'><div class=\"av-section-color-overlay-wrap\"><div class=\"av-section-color-overlay\"><\/div><div class='container av-section-cont-open' ><div class='template-page content  av-content-small alpha units'><div class='post-entry post-entry-type-page post-entry-3965'><div class='entry-content-wrapper clearfix'>\n\n<style type=\"text\/css\" data-created_by=\"avia_inline_auto\" id=\"style-css-av-njcmn1-0fd3388756e70f6d793e5a7124fe904d\">\n#top .hr.hr-invisible.av-njcmn1-0fd3388756e70f6d793e5a7124fe904d{\nheight:70px;\n}\n<\/style>\n<div  class='hr av-njcmn1-0fd3388756e70f6d793e5a7124fe904d hr-invisible  avia-builder-el-235  el_before_av_textblock  avia-builder-el-first '><span class='hr-inner '><span class=\"hr-inner-style\"><\/span><\/span><\/div>\n\n<style type=\"text\/css\" data-created_by=\"avia_inline_auto\" id=\"style-css-av-ls8oil-a32682280121327ab2b474377a2ec05d\">\n#top .av_textblock_section.av-ls8oil-a32682280121327ab2b474377a2ec05d .avia_textblock{\ncolor:#ffffff;\n}\n<\/style>\n<section  class='av_textblock_section av-ls8oil-a32682280121327ab2b474377a2ec05d'  itemscope=\"itemscope\" itemtype=\"https:\/\/schema.org\/CreativeWork\" ><div class='avia_textblock av_inherit_color'  itemprop=\"text\" ><h2 style=\"text-align: center;\">MINT-K\u00d6PFE GESUCHT!<\/h2>\n<p style=\"text-align: center;\">\n<\/div><\/section>\n\n<style type=\"text\/css\" data-created_by=\"avia_inline_auto\" id=\"style-css-av-kv69kt-d78dec9bfabe1975f7bca27ff96321b1\">\n#top .av_textblock_section.av-kv69kt-d78dec9bfabe1975f7bca27ff96321b1 .avia_textblock{\ncolor:#ffffff;\n}\n<\/style>\n<section  class='av_textblock_section av-kv69kt-d78dec9bfabe1975f7bca27ff96321b1'  itemscope=\"itemscope\" itemtype=\"https:\/\/schema.org\/CreativeWork\" ><div class='avia_textblock av_inherit_color'  itemprop=\"text\" ><p>Im Rahmen eines Partnerprogramms, sollen MINT-Begeisterte mit Interessierten zusammengebracht werden. Dazu suchen wir Menschen aus der Region, die einen Bezug zum Thema MINT haben und gerne dar\u00fcber reden oder andere bei Fragen zur Berufswahl, Herausforderungen oder rund um die Begeisterung an MINT unterst\u00fctzen wollen.<\/p>\n<p>Gefragt ist jeder, der etwas zur MINT-Begeisterung\u00a0beisteuern kann. Engagierte und begeisterte Sch\u00fcler:innen, die auch au\u00dferhalb des Unterrichts Spa\u00df an MINT haben, Studierende, Azubis\u00a0und Absolvent:innen, die \u00fcber ihre Ausbildung und Erfahrungen berichten k\u00f6nnen oder auch erfahrenere MINT-K\u00f6pfe, die im Berufsleben stehen und gerne Tipps zu Berufswahl, Arbeitsfeldern\u00a0oder Zukunftsperspektiven geben. Gesucht sind Menschen aller Ausbildungsrichtungen, Akademiker und Fachkr\u00e4fte, Frauen und M\u00e4nner, Eltern, Lehrer oder Ausbilder jeglichen Alters.<\/p>\n<p style=\"text-align: center;\">Bei Interesse oder weiteren Fragen k\u00f6nnen Sie sich jederzeit an das MINT-Management wenden unter 09431 471601 oder unter\u00a0<a>Rebecca.Zinkl@lernreg.de<\/a>.<\/p>\n<p style=\"text-align: center;\">\n<\/div><\/section>\n\n<style type=\"text\/css\" data-created_by=\"avia_inline_auto\" id=\"style-css-av-jjdl4t-9adf23e94ec0cac2083f6c4a688cc4da\">\n#top .hr.hr-invisible.av-jjdl4t-9adf23e94ec0cac2083f6c4a688cc4da{\nheight:70px;\n}\n<\/style>\n<div  class='hr av-jjdl4t-9adf23e94ec0cac2083f6c4a688cc4da hr-invisible  avia-builder-el-238  el_after_av_textblock  el_before_av_contact '><span class='hr-inner '><span class=\"hr-inner-style\"><\/span><\/span><\/div>\n<form action=\"https:\/\/www.lernreg.de\/index.php\/aktuelles\/\" method=\"post\"  class=\"avia_ajax_form av-form-labels-visible   avia-builder-el-239  el_after_av_hr  avia-builder-el-last  av-centered-form  av-custom-form-color av-light-form \" data-avia-form-id=\"1\" data-avia-redirect='' ><h3 class=''>Ehrenamt gesucht?<\/h3><fieldset><p class='  first_form  form_element form_element_half' id='element_avia_1_1'><label for=\"avia_1_1\">Name <abbr class=\"required\" title=\"ben\u00f6tigt\">*<\/abbr><\/label> <input name=\"avia_1_1\" class=\"text_input is_empty\" type=\"text\" id=\"avia_1_1\" value=\"\" \/><\/p><p class='  form_element form_element_half' id='element_avia_2_1'><label for=\"avia_2_1\">E-Mail <abbr class=\"required\" title=\"ben\u00f6tigt\">*<\/abbr><\/label> <input name=\"avia_2_1\" class=\"text_input is_email\" type=\"text\" id=\"avia_2_1\" value=\"\" \/><\/p><p class='  first_form  form_element form_fullwidth' id='element_avia_3_1'><label for=\"avia_3_1\">Unverbindlicher Terminvorschlag<\/label> <input name=\"avia_3_1\" class=\"avia_datepicker text_input \" type=\"text\" id=\"avia_3_1\" value=\"\" placeholder=\"DD \/ MM \/ YY\" \/><\/p><p class='  first_form  form_element form_fullwidth' id='element_avia_4_1'><label for=\"avia_4_1\" class=\"textare_label hidden textare_label_avia_4_1\">Nachricht <abbr class=\"required\" title=\"ben\u00f6tigt\">*<\/abbr><\/label><textarea  name=\"avia_4_1\" class=\"text_area is_empty\" cols=\"40\" rows=\"7\" id=\"avia_4_1\" ><\/textarea><\/p><p class='  first_form  form_element form_element_half' id='element_avia_5_1'><input  name=\"avia_5_1\" class=\"input_checkbox is_empty\" type=\"checkbox\" id=\"avia_5_1\" value=\"true\"\/><label class=\"input_checkbox_label\" for=\"avia_5_1\">Ich habe die Datenschutzerkl\u00e4rung gelesen und zur Kenntnis genommen <abbr class=\"required\" title=\"ben\u00f6tigt\">*<\/abbr><\/label><\/p><p class=\"hidden\"><input type=\"text\" name=\"avia_6_1\" class=\"hidden \" id=\"avia_6_1\" value=\"\" \/><\/p><p class=' form_element_half  form_element form_fullwidth' id='element_avia_7_1'><span class='value_verifier_label'>1 + 6 = ?<\/span><input name=\"avia_7_1_verifier\" type=\"hidden\" id=\"avia_7_1_verifier\" value=\"617773434\"\/><label for=\"avia_7_1\">Bitte l\u00f6se die Gleichung. Diese Ma\u00dfnahme dient der Abwehr von Spam <abbr class=\"required\" title=\"ben\u00f6tigt\">*<\/abbr><\/label><input name=\"avia_7_1\" class=\"text_input captcha\" type=\"text\" id=\"avia_7_1\" value=\"\"\/><\/p><p class=\"form_element \"><input type=\"hidden\" value=\"1\" name=\"avia_generated_form1\" \/><input type=\"submit\" value=\"Senden\" class=\"button\"  data-sending-label=\"Sende\"\/><\/p><\/fieldset><\/form><div id=\"ajaxresponse_1\" class=\"ajaxresponse ajaxresponse_1 hidden\"><\/div>\n<\/div><\/div><\/div><!-- close content main div --><\/div><\/div><\/div><div id='after_section_1'  class='main_color av_default_container_wrap container_wrap sidebar_right'  ><div class='container av-section-cont-open' ><div class='template-page content  av-content-small alpha units'><div class='post-entry post-entry-type-page post-entry-3965'><div class='entry-content-wrapper clearfix'>\n\n<style type=\"text\/css\" data-created_by=\"avia_inline_auto\" id=\"style-css-av-72yyvh-5a840e735e1cc8582265ea42bc771b10\">\n.flex_column.av-72yyvh-5a840e735e1cc8582265ea42bc771b10{\n-webkit-border-radius:0px 0px 0px 0px;\n-moz-border-radius:0px 0px 0px 0px;\nborder-radius:0px 0px 0px 0px;\npadding:0px 0px 0px 0px;\n}\n<\/style>\n<div class='flex_column av-72yyvh-5a840e735e1cc8582265ea42bc771b10 av_one_half  avia-builder-el-240  el_after_av_section  el_before_av_one_half  avia-builder-el-first  first flex_column_div av-zero-column-padding '     ><section  class='av_textblock_section av-6dbtul-da1f204f30773bba3cd2fe3f8c665c9e'  itemscope=\"itemscope\" itemtype=\"https:\/\/schema.org\/CreativeWork\" ><div class='avia_textblock'  itemprop=\"text\" ><h1>Tipps in der Pandemie<\/h1>\n<p>Die Coronapandemie fordert vor allem Sch\u00fcler:innen und ihre Familien. Um den Alltag etwas leichter zu machen und MINT-Bildung auch au\u00dferhalb zu erm\u00f6glichen, sammeln wir hier verschiedene Initiativen und Angebote.<\/p>\n<p><a class=\"external-link-new-window\" title=\"Opens external link in new window\" href=\"https:\/\/www.bildung-forschung.digital\/de\/alle-mint-angebote-eltern-und-lehrer-aufgepasst-2916.html\" target=\"_blank\" rel=\"noopener\">&#8222;Wir bleiben schlau! &#8211; Die Allianz f\u00fcr MINT-Bildung zuhause&#8220; (BMBF)<\/a><\/p>\n<p><a class=\"external-link-new-window\" title=\"Opens external link in new window\" href=\"https:\/\/schul-cloud.de\/\" target=\"_blank\" rel=\"noopener\">Die Schulcloud des Hasso-Plattner-Instituts f\u00fcr alle ge\u00f6ffnet<\/a><\/p>\n<p><a class=\"external-link-new-window\" title=\"Opens external link in new window\" href=\"https:\/\/www.corona-school.de\/\" target=\"_blank\" rel=\"noopener\">Hilfe f\u00fcr Sch\u00fclerinnen und Sch\u00fcler: Das Projekt &#8222;Corona School e.V.&#8220;<\/a><\/p>\n<\/div><\/section><\/div>\n\n<style type=\"text\/css\" data-created_by=\"avia_inline_auto\" id=\"style-css-av-49mckd-4a168af2f93bd92d80f92223e6009ca2\">\n.flex_column.av-49mckd-4a168af2f93bd92d80f92223e6009ca2{\n-webkit-border-radius:0px 0px 0px 0px;\n-moz-border-radius:0px 0px 0px 0px;\nborder-radius:0px 0px 0px 0px;\npadding:0px 0px 0px 0px;\n}\n<\/style>\n<div class='flex_column av-49mckd-4a168af2f93bd92d80f92223e6009ca2 av_one_half  avia-builder-el-242  el_after_av_one_half  avia-builder-el-last  flex_column_div av-zero-column-padding '     ><style type=\"text\/css\" data-created_by=\"avia_inline_auto\" id=\"style-css-av-26ddf1-d70ee5e57078ae7ab667fe1cb2cc4707\">\n.avia-image-container.av-26ddf1-d70ee5e57078ae7ab667fe1cb2cc4707 img.avia_image{\nbox-shadow:none;\n}\n.avia-image-container.av-26ddf1-d70ee5e57078ae7ab667fe1cb2cc4707 .av-image-caption-overlay-center{\ncolor:#ffffff;\n}\n<\/style>\n<div  class='avia-image-container av-26ddf1-d70ee5e57078ae7ab667fe1cb2cc4707 av-styling- avia-align-center  avia-builder-el-243  avia-builder-el-no-sibling '   itemprop=\"image\" itemscope=\"itemscope\" itemtype=\"https:\/\/schema.org\/ImageObject\" ><div class=\"avia-image-container-inner\"><div class=\"avia-image-overlay-wrap\"><img decoding=\"async\" class='wp-image-3444 avia-img-lazy-loading-not-3444 avia_image ' src=\"https:\/\/www.lernreg.de\/wp-content\/uploads\/2021\/09\/a-book-4126483_1920-845x684.jpg\" alt='' title='a-book-4126483_1920'  height=\"684\" width=\"845\"  itemprop=\"thumbnailUrl\" srcset=\"https:\/\/www.lernreg.de\/wp-content\/uploads\/2021\/09\/a-book-4126483_1920-845x684.jpg 845w, https:\/\/www.lernreg.de\/wp-content\/uploads\/2021\/09\/a-book-4126483_1920-495x400.jpg 495w\" sizes=\"(max-width: 845px) 100vw, 845px\" \/><\/div><\/div><\/div><\/div>\n","protected":false},"excerpt":{"rendered":"<p>Aktuelles<\/p>\n","protected":false},"author":1,"featured_media":0,"parent":0,"menu_order":0,"comment_status":"open","ping_status":"open","template":"","meta":{"footnotes":""},"class_list":["post-3965","page","type-page","status-publish","hentry"],"yoast_head":"<!-- This site is optimized with the Yoast SEO plugin v26.4 - https:\/\/yoast.com\/wordpress\/plugins\/seo\/ -->\n<title>Aktuelles - Lernende Region Schwandorf<\/title>\n<meta name=\"robots\" content=\"index, follow, max-snippet:-1, max-image-preview:large, max-video-preview:-1\" \/>\n<link rel=\"canonical\" href=\"https:\/\/www.lernreg.de\/index.php\/aktuelles\/\" \/>\n<meta property=\"og:locale\" content=\"de_DE\" \/>\n<meta property=\"og:type\" content=\"article\" \/>\n<meta property=\"og:title\" content=\"Aktuelles - Lernende Region Schwandorf\" \/>\n<meta property=\"og:description\" content=\"Aktuelles\" \/>\n<meta property=\"og:url\" content=\"https:\/\/www.lernreg.de\/index.php\/aktuelles\/\" \/>\n<meta property=\"og:site_name\" content=\"Lernende Region Schwandorf\" \/>\n<meta property=\"article:modified_time\" content=\"2026-04-27T10:26:52+00:00\" \/>\n<meta name=\"twitter:card\" content=\"summary_large_image\" \/>\n<meta name=\"twitter:label1\" content=\"Gesch\u00e4tzte Lesezeit\" \/>\n\t<meta name=\"twitter:data1\" content=\"95\u00a0Minuten\" \/>\n<script type=\"application\/ld+json\" class=\"yoast-schema-graph\">{\"@context\":\"https:\/\/schema.org\",\"@graph\":[{\"@type\":\"WebPage\",\"@id\":\"https:\/\/www.lernreg.de\/index.php\/aktuelles\/\",\"url\":\"https:\/\/www.lernreg.de\/index.php\/aktuelles\/\",\"name\":\"Aktuelles - Lernende Region Schwandorf\",\"isPartOf\":{\"@id\":\"https:\/\/www.lernreg.de\/#website\"},\"datePublished\":\"2021-10-05T11:16:05+00:00\",\"dateModified\":\"2026-04-27T10:26:52+00:00\",\"breadcrumb\":{\"@id\":\"https:\/\/www.lernreg.de\/index.php\/aktuelles\/#breadcrumb\"},\"inLanguage\":\"de\",\"potentialAction\":[{\"@type\":\"ReadAction\",\"target\":[\"https:\/\/www.lernreg.de\/index.php\/aktuelles\/\"]}]},{\"@type\":\"BreadcrumbList\",\"@id\":\"https:\/\/www.lernreg.de\/index.php\/aktuelles\/#breadcrumb\",\"itemListElement\":[{\"@type\":\"ListItem\",\"position\":1,\"name\":\"Startseite\",\"item\":\"https:\/\/www.lernreg.de\/index.php\/homepage\/\"},{\"@type\":\"ListItem\",\"position\":2,\"name\":\"Aktuelles\"}]},{\"@type\":\"WebSite\",\"@id\":\"https:\/\/www.lernreg.de\/#website\",\"url\":\"https:\/\/www.lernreg.de\/\",\"name\":\"Lernende Region Schwandorf\",\"description\":\"Freiwilligenagentur, Bildung\",\"publisher\":{\"@id\":\"https:\/\/www.lernreg.de\/#organization\"},\"potentialAction\":[{\"@type\":\"SearchAction\",\"target\":{\"@type\":\"EntryPoint\",\"urlTemplate\":\"https:\/\/www.lernreg.de\/?s={search_term_string}\"},\"query-input\":{\"@type\":\"PropertyValueSpecification\",\"valueRequired\":true,\"valueName\":\"search_term_string\"}}],\"inLanguage\":\"de\"},{\"@type\":\"Organization\",\"@id\":\"https:\/\/www.lernreg.de\/#organization\",\"name\":\"Die Lernende Region Schwandorf e.V. ist ein regionales Netzwerk f\u00fcr den Landkreis Schwandorf mit den Schwerpunkten\u00a0Bildung\u00a0und\u00a0Ehrenamt: Im\u00a0Bildungsbereich\u00a0strebt die Lernende Region Schwandorf eine nachhaltige Verbesserung der Ausbildungs-, Besch\u00e4ftigungs- und Lebenssituation aller B\u00fcrgerinnen und B\u00fcrger\u00a0der Region an. Beispiele hierf\u00fcr sind die j\u00e4hrliche Bildungsmesse in Maxh\u00fctte-Haidhof sowie die Durchf\u00fchrung des Projekts \u201eMINT-Netzwerke Bayern\u201c.\",\"url\":\"https:\/\/www.lernreg.de\/\",\"logo\":{\"@type\":\"ImageObject\",\"inLanguage\":\"de\",\"@id\":\"https:\/\/www.lernreg.de\/#\/schema\/logo\/image\/\",\"url\":\"https:\/\/www.lernreg.de\/wp-content\/uploads\/2021\/08\/Logo-LernReg-transparent.png\",\"contentUrl\":\"https:\/\/www.lernreg.de\/wp-content\/uploads\/2021\/08\/Logo-LernReg-transparent.png\",\"width\":400,\"height\":228,\"caption\":\"Die Lernende Region Schwandorf e.V. ist ein regionales Netzwerk f\u00fcr den Landkreis Schwandorf mit den Schwerpunkten\u00a0Bildung\u00a0und\u00a0Ehrenamt: Im\u00a0Bildungsbereich\u00a0strebt die Lernende Region Schwandorf eine nachhaltige Verbesserung der Ausbildungs-, Besch\u00e4ftigungs- und Lebenssituation aller B\u00fcrgerinnen und B\u00fcrger\u00a0der Region an. Beispiele hierf\u00fcr sind die j\u00e4hrliche Bildungsmesse in Maxh\u00fctte-Haidhof sowie die Durchf\u00fchrung des Projekts \u201eMINT-Netzwerke Bayern\u201c.\"},\"image\":{\"@id\":\"https:\/\/www.lernreg.de\/#\/schema\/logo\/image\/\"}}]}<\/script>\n<!-- \/ Yoast SEO plugin. -->","yoast_head_json":{"title":"Aktuelles - Lernende Region Schwandorf","robots":{"index":"index","follow":"follow","max-snippet":"max-snippet:-1","max-image-preview":"max-image-preview:large","max-video-preview":"max-video-preview:-1"},"canonical":"https:\/\/www.lernreg.de\/index.php\/aktuelles\/","og_locale":"de_DE","og_type":"article","og_title":"Aktuelles - Lernende Region Schwandorf","og_description":"Aktuelles","og_url":"https:\/\/www.lernreg.de\/index.php\/aktuelles\/","og_site_name":"Lernende Region Schwandorf","article_modified_time":"2026-04-27T10:26:52+00:00","twitter_card":"summary_large_image","twitter_misc":{"Gesch\u00e4tzte Lesezeit":"95\u00a0Minuten"},"schema":{"@context":"https:\/\/schema.org","@graph":[{"@type":"WebPage","@id":"https:\/\/www.lernreg.de\/index.php\/aktuelles\/","url":"https:\/\/www.lernreg.de\/index.php\/aktuelles\/","name":"Aktuelles - Lernende Region Schwandorf","isPartOf":{"@id":"https:\/\/www.lernreg.de\/#website"},"datePublished":"2021-10-05T11:16:05+00:00","dateModified":"2026-04-27T10:26:52+00:00","breadcrumb":{"@id":"https:\/\/www.lernreg.de\/index.php\/aktuelles\/#breadcrumb"},"inLanguage":"de","potentialAction":[{"@type":"ReadAction","target":["https:\/\/www.lernreg.de\/index.php\/aktuelles\/"]}]},{"@type":"BreadcrumbList","@id":"https:\/\/www.lernreg.de\/index.php\/aktuelles\/#breadcrumb","itemListElement":[{"@type":"ListItem","position":1,"name":"Startseite","item":"https:\/\/www.lernreg.de\/index.php\/homepage\/"},{"@type":"ListItem","position":2,"name":"Aktuelles"}]},{"@type":"WebSite","@id":"https:\/\/www.lernreg.de\/#website","url":"https:\/\/www.lernreg.de\/","name":"Lernende Region Schwandorf","description":"Freiwilligenagentur, Bildung","publisher":{"@id":"https:\/\/www.lernreg.de\/#organization"},"potentialAction":[{"@type":"SearchAction","target":{"@type":"EntryPoint","urlTemplate":"https:\/\/www.lernreg.de\/?s={search_term_string}"},"query-input":{"@type":"PropertyValueSpecification","valueRequired":true,"valueName":"search_term_string"}}],"inLanguage":"de"},{"@type":"Organization","@id":"https:\/\/www.lernreg.de\/#organization","name":"Die Lernende Region Schwandorf e.V. ist ein regionales Netzwerk f\u00fcr den Landkreis Schwandorf mit den Schwerpunkten\u00a0Bildung\u00a0und\u00a0Ehrenamt: Im\u00a0Bildungsbereich\u00a0strebt die Lernende Region Schwandorf eine nachhaltige Verbesserung der Ausbildungs-, Besch\u00e4ftigungs- und Lebenssituation aller B\u00fcrgerinnen und B\u00fcrger\u00a0der Region an. Beispiele hierf\u00fcr sind die j\u00e4hrliche Bildungsmesse in Maxh\u00fctte-Haidhof sowie die Durchf\u00fchrung des Projekts \u201eMINT-Netzwerke Bayern\u201c.","url":"https:\/\/www.lernreg.de\/","logo":{"@type":"ImageObject","inLanguage":"de","@id":"https:\/\/www.lernreg.de\/#\/schema\/logo\/image\/","url":"https:\/\/www.lernreg.de\/wp-content\/uploads\/2021\/08\/Logo-LernReg-transparent.png","contentUrl":"https:\/\/www.lernreg.de\/wp-content\/uploads\/2021\/08\/Logo-LernReg-transparent.png","width":400,"height":228,"caption":"Die Lernende Region Schwandorf e.V. ist ein regionales Netzwerk f\u00fcr den Landkreis Schwandorf mit den Schwerpunkten\u00a0Bildung\u00a0und\u00a0Ehrenamt: Im\u00a0Bildungsbereich\u00a0strebt die Lernende Region Schwandorf eine nachhaltige Verbesserung der Ausbildungs-, Besch\u00e4ftigungs- und Lebenssituation aller B\u00fcrgerinnen und B\u00fcrger\u00a0der Region an. Beispiele hierf\u00fcr sind die j\u00e4hrliche Bildungsmesse in Maxh\u00fctte-Haidhof sowie die Durchf\u00fchrung des Projekts \u201eMINT-Netzwerke Bayern\u201c."},"image":{"@id":"https:\/\/www.lernreg.de\/#\/schema\/logo\/image\/"}}]}},"_links":{"self":[{"href":"https:\/\/www.lernreg.de\/index.php\/wp-json\/wp\/v2\/pages\/3965","targetHints":{"allow":["GET"]}}],"collection":[{"href":"https:\/\/www.lernreg.de\/index.php\/wp-json\/wp\/v2\/pages"}],"about":[{"href":"https:\/\/www.lernreg.de\/index.php\/wp-json\/wp\/v2\/types\/page"}],"author":[{"embeddable":true,"href":"https:\/\/www.lernreg.de\/index.php\/wp-json\/wp\/v2\/users\/1"}],"replies":[{"embeddable":true,"href":"https:\/\/www.lernreg.de\/index.php\/wp-json\/wp\/v2\/comments?post=3965"}],"version-history":[{"count":85,"href":"https:\/\/www.lernreg.de\/index.php\/wp-json\/wp\/v2\/pages\/3965\/revisions"}],"predecessor-version":[{"id":6617,"href":"https:\/\/www.lernreg.de\/index.php\/wp-json\/wp\/v2\/pages\/3965\/revisions\/6617"}],"wp:attachment":[{"href":"https:\/\/www.lernreg.de\/index.php\/wp-json\/wp\/v2\/media?parent=3965"}],"curies":[{"name":"wp","href":"https:\/\/api.w.org\/{rel}","templated":true}]}}