{"id":3776,"date":"2021-09-10T10:51:24","date_gmt":"2021-09-10T08:51:24","guid":{"rendered":"https:\/\/www.lernreg.de\/Neues%20Verzeichnis\/wordpress\/?page_id=3776"},"modified":"2025-01-27T08:29:01","modified_gmt":"2025-01-27T07:29:01","slug":"andere-ueber-uns","status":"publish","type":"page","link":"https:\/\/www.lernreg.de\/index.php\/andere-ueber-uns\/","title":{"rendered":"Andere \u00dcber Uns"},"content":{"rendered":"<div id='layer_slider_1'  class='avia-layerslider main_color avia-shadow  avia-builder-el-0  el_before_av_section  avia-builder-el-first  container_wrap sidebar_right'  style='height: 351px;'  ><\/div>\n<div id='av_section_1'  class='avia-section av-pfo45s-d8166e08d1b8d503e85af4627bbd8a1e alternate_color avia-section-large avia-shadow  avia-builder-el-1  el_after_av_layerslider  avia-builder-el-last  avia-bg-style-scroll container_wrap sidebar_right'  ><div class='container av-section-cont-open' ><div class='template-page content  av-content-small alpha units'><div class='post-entry post-entry-type-page post-entry-3776'><div class='entry-content-wrapper clearfix'>\n<section  class='av_textblock_section av-nhs968-d41b32e67bc1a26e1489c34312c6bb0a'  itemscope=\"itemscope\" itemtype=\"https:\/\/schema.org\/CreativeWork\" ><div class='avia_textblock'  itemprop=\"text\" ><h2 style=\"text-align: center;\">Andere \u00dcber Uns<\/h2>\n<\/div><\/section>\n<div  class='hr av-msa9c0-f9682b89e2ef6a3d89b9ad05141f921a hr-default  avia-builder-el-3  el_after_av_textblock  el_before_av_textblock '><span class='hr-inner '><span class=\"hr-inner-style\"><\/span><\/span><\/div>\n<section  class='av_textblock_section av-ldncc0-a91cd1e2665a96584caf85f75dec5ff6'  itemscope=\"itemscope\" itemtype=\"https:\/\/schema.org\/CreativeWork\" ><div class='avia_textblock'  itemprop=\"text\" ><p>Hier finden Sie Ver\u00f6ffentlichungen zu unserer Arbeit und unseren Projekten:<\/p>\n<\/div><\/section>\n<div  class='avia-testimonial-wrapper av-ja8kuo-4622cd4b8e5b5a247f822791f8f754ee avia-grid-testimonials avia-grid-2-testimonials avia_animate_when_almost_visible av-minimal-grid-style av-boxed-grid-style' >\n<section class=\"avia-testimonial-row\"><div class='avia-testimonial av-2lvpkw-5d7ae7ea55c0f2c87250c622af65cd1a avia-testimonial-row-1 avia-first-testimonial flex_column no_margin av_one_half'><div class='avia-testimonial_inner'  itemscope=\"itemscope\" itemtype=\"https:\/\/schema.org\/CreativeWork\" ><div class='avia-testimonial-content '><div class='avia-testimonial-markup-entry-content'  itemprop=\"text\" ><h2><\/h2>\n<div id=\"c1365\" class=\"csc-default\">\n<div id=\"c1348\" class=\"csc-default\"><a href=\"https:\/\/www.lernreg.de\/wp-content\/uploads\/2025\/01\/MZ-Artikel-2.pdf\">MZ Artikel 2<\/a><\/div>\n<div id=\"c1328\" class=\"csc-default\"><\/div>\n<\/div>\n<div id=\"c1366\" class=\"csc-default\"><\/div>\n<\/div><\/div><div class=\"avia-testimonial-meta\"><div class=\"avia-testimonial-arrow-wrap\"><div class=\"avia-arrow\"><\/div><\/div><div class='avia-testimonial-meta-mini'  itemprop=\"author\" itemscope=\"itemscope\" itemtype=\"https:\/\/schema.org\/Person\" ><strong  class='avia-testimonial-name'  itemprop=\"name\" >Mittelbayerische Zeitung vom 28.08.2024<\/strong><span  class='avia-testimonial-subtitle '  itemprop=\"jobTitle\" >Rampenbau<\/span><\/div><\/div><\/div><\/div>\n<div class='avia-testimonial av-esa15s-b2c6afa9e3709c5d38d6e9f73c597801 avia-testimonial-row-1 avia-last-testimonial flex_column no_margin av_one_half'><div class='avia-testimonial_inner'  itemscope=\"itemscope\" itemtype=\"https:\/\/schema.org\/CreativeWork\" ><div class='avia-testimonial-content '><div class='avia-testimonial-markup-entry-content'  itemprop=\"text\" ><h2><\/h2>\n<div id=\"c1365\" class=\"csc-default\">\n<div id=\"c1348\" class=\"csc-default\">\n<h5><a href=\"https:\/\/www.lernreg.de\/wp-content\/uploads\/2025\/01\/MZ-Artikel-1.pdf\">MZ Artikel<\/a><\/h5>\n<\/div>\n<div id=\"c1328\" class=\"csc-default\"><\/div>\n<\/div>\n<div id=\"c1366\" class=\"csc-default\"><\/div>\n<\/div><\/div><div class=\"avia-testimonial-meta\"><div class=\"avia-testimonial-arrow-wrap\"><div class=\"avia-arrow\"><\/div><\/div><div class='avia-testimonial-meta-mini'  itemprop=\"author\" itemscope=\"itemscope\" itemtype=\"https:\/\/schema.org\/Person\" ><strong  class='avia-testimonial-name'  itemprop=\"name\" >Mittelbayerische Zeitung vom 08.05.2024<\/strong><span  class='avia-testimonial-subtitle '  itemprop=\"jobTitle\" >Legorampenprojekt<\/span><\/div><\/div><\/div><\/div><\/section>\n<section class=\"avia-testimonial-row\"><div class='avia-testimonial av-hxt6i8-626e351da1efe1bb04597a75db114509 avia-testimonial-row-2 avia-first-testimonial flex_column no_margin av_one_half'><div class='avia-testimonial_inner'  itemscope=\"itemscope\" itemtype=\"https:\/\/schema.org\/CreativeWork\" ><div class='avia-testimonial-content '><div class='avia-testimonial-markup-entry-content'  itemprop=\"text\" ><h2><\/h2>\n<div id=\"c1365\" class=\"csc-default\">\n<h5>MINT-Adventskalender verk\u00fcrzen Wartezeit<\/h5>\n<p><a class=\"external-link-new-window\" title=\"Opens external link in new window\" href=\"https:\/\/www.mittelbayerische.de\/region\/schwandorf-nachrichten\/mint-adventskalender-verkuerzen-wartezeit-21416-art1961235.html\" target=\"_blank\" rel=\"noopener\">Mittelbayerische Zeitung vom 01.12.2020<\/a><\/p>\n<\/div>\n<div id=\"c1366\" class=\"csc-default\">\n<h5>Die MINT-Adventskalender verk\u00fcrzen das Warten aufs Christkind<\/h5>\n<p><a class=\"external-link-new-window\" title=\"Opens external link in new window\" href=\"https:\/\/www.wochenblatt.de\/bildung\/schwandorf\/artikel\/344937\/die-mint-adventskalender-verkuerzen-das-warten-aufs-christkind\" target=\"_blank\" rel=\"noopener\">Wochenblatt vom 30.11.2020<\/a><\/p>\n<p><a class=\"external-link-new-window\" title=\"Opens external link in new window\" href=\"https:\/\/www.ostbayern-kurier.de\/mint-adventskalender-verkuerzen-das-warten-aufs-christkind.html\" target=\"_blank\" rel=\"noopener\">Der Ostbayernkurier vom 27.11.2020<\/a><\/p>\n<\/div>\n<\/div><\/div><div class=\"avia-testimonial-meta\"><div class=\"avia-testimonial-arrow-wrap\"><div class=\"avia-arrow\"><\/div><\/div><div class='avia-testimonial-meta-mini'  itemprop=\"author\" itemscope=\"itemscope\" itemtype=\"https:\/\/schema.org\/Person\" ><strong  class='avia-testimonial-name'  itemprop=\"name\" >MINT-Adventskalender <\/strong><\/div><\/div><\/div><\/div>\n<div class='avia-testimonial av-fd59ww-60feb79ee5b80a497a61307c9ae2dd75 avia-testimonial-row-2 avia-last-testimonial flex_column no_margin av_one_half'><div class='avia-testimonial_inner'  itemscope=\"itemscope\" itemtype=\"https:\/\/schema.org\/CreativeWork\" ><div class='avia-testimonial-content '><div class='avia-testimonial-markup-entry-content'  itemprop=\"text\" ><h2><\/h2>\n<div id=\"c1365\" class=\"csc-default\">\n<div id=\"c1348\" class=\"csc-default\">\n<h5>Kreis Schwandorf befragte 15.500 Eltern<\/h5>\n<p><a class=\"external-link-new-window\" title=\"Opens external link in new window\" href=\"https:\/\/www.mittelbayerische.de\/region\/schwandorf-nachrichten\/kreis-schwandorf-befragte-15500-eltern-21416-art1956846.html\" target=\"_blank\" rel=\"noopener\">Mittelbayerische Zeitung vom 14.11.2020<\/a><\/p>\n<\/div>\n<div id=\"c1329\" class=\"csc-default\">\n<h5>Schwandorf: Familienbildung wenig bekannt<\/h5>\n<p><a class=\"external-link-new-window\" title=\"Opens external link in new window\" href=\"https:\/\/www.otv.de\/schwandorf-familienbildung-wenig-bekannt-461363\/\" target=\"_blank\" rel=\"noopener\">OTV vom 12.11.2020<\/a><\/p>\n<\/div>\n<div id=\"c1330\" class=\"csc-default\">\n<h5>Familienbildung ist Zukunftsthema im Landkreis<\/h5>\n<p><a class=\"external-link-new-window\" title=\"Opens external link in new window\" href=\"https:\/\/www.ostbayern-kurier.de\/familienbildung-ist-zukunftsthema-im-landkreis.html\" target=\"_blank\" rel=\"noopener\">Ostbayern Kurier 12.11.2020<\/a><\/p>\n<\/div>\n<div id=\"c1328\" class=\"csc-default\">\n<h5>Bildungsangebote f\u00fcr junge Familien<\/h5>\n<p><a class=\"external-link-new-window\" title=\"Opens external link in new window\" href=\"https:\/\/www.onetz.de\/oberpfalz\/schwandorf\/bildungsangebote-fuer-junge-familien-id3133312.html\" target=\"_blank\" rel=\"noopener\">Onetz vom 12.11.2020<\/a><\/p>\n<\/div>\n<\/div>\n<div id=\"c1366\" class=\"csc-default\"><\/div>\n<\/div><\/div><div class=\"avia-testimonial-meta\"><div class=\"avia-testimonial-arrow-wrap\"><div class=\"avia-arrow\"><\/div><\/div><div class='avia-testimonial-meta-mini'  itemprop=\"author\" itemscope=\"itemscope\" itemtype=\"https:\/\/schema.org\/Person\" ><strong  class='avia-testimonial-name'  itemprop=\"name\" >Familienbildung<\/strong><\/div><\/div><\/div><\/div><\/section>\n<section class=\"avia-testimonial-row\"><div class='avia-testimonial av-1aoogg-6aeb202393120cbb448748ee5a4fceae avia-testimonial-row-3 avia-first-testimonial flex_column no_margin av_one_half'><div class='avia-testimonial_inner'  itemscope=\"itemscope\" itemtype=\"https:\/\/schema.org\/CreativeWork\" ><div class='avia-testimonial-content '><div class='avia-testimonial-markup-entry-content'  itemprop=\"text\" ><h2><\/h2>\n<div id=\"c1365\" class=\"csc-default\">\n<div id=\"c1348\" class=\"csc-default\">\n<h5>Fachkr\u00e4fte auch im Ausland finden<\/h5>\n<p><a class=\"external-link-new-window\" title=\"Opens external link in new window\" href=\"https:\/\/www.mittelbayerische.de\/region\/schwandorf-nachrichten\/fachkraefte-auch-im-ausland-finden-21416-art1880652.html\" target=\"_blank\" rel=\"noopener\">Mittelbayerische Zeitung vom 13.02.2020<\/a><\/p>\n<\/div>\n<div id=\"c1328\" class=\"csc-default\"><\/div>\n<\/div>\n<div id=\"c1366\" class=\"csc-default\"><\/div>\n<\/div><\/div><div class=\"avia-testimonial-meta\"><div class=\"avia-testimonial-arrow-wrap\"><div class=\"avia-arrow\"><\/div><\/div><div class='avia-testimonial-meta-mini'  itemprop=\"author\" itemscope=\"itemscope\" itemtype=\"https:\/\/schema.org\/Person\" ><\/div><\/div><\/div><\/div>\n<div class='avia-testimonial av-asykf4-5a7066833466d1b642bb9088ba82cca4 avia-testimonial-row-3 avia-last-testimonial flex_column no_margin av_one_half'><div class='avia-testimonial_inner'  itemscope=\"itemscope\" itemtype=\"https:\/\/schema.org\/CreativeWork\" ><div class='avia-testimonial-content '><div class='avia-testimonial-markup-entry-content'  itemprop=\"text\" ><h2><\/h2>\n<div id=\"c1365\" class=\"csc-default\">\n<div id=\"c1348\" class=\"csc-default\">\n<h5>Ohne Fachkr\u00e4fte geht nichts vorw\u00e4rts<\/h5>\n<p><a class=\"external-link-new-window\" title=\"Opens external link in new window\" href=\"https:\/\/www.onetz.de\/oberpfalz\/neunburg-vorm-wald\/ohne-fachkraefte-geht-nichts-vorwaerts-id2970255.html\" target=\"_blank\" rel=\"noopener\">Neuer Tag vom 14.02.2020<\/a><\/p>\n<\/div>\n<div id=\"c1328\" class=\"csc-default\"><\/div>\n<\/div>\n<div id=\"c1366\" class=\"csc-default\"><\/div>\n<\/div><\/div><div class=\"avia-testimonial-meta\"><div class=\"avia-testimonial-arrow-wrap\"><div class=\"avia-arrow\"><\/div><\/div><div class='avia-testimonial-meta-mini'  itemprop=\"author\" itemscope=\"itemscope\" itemtype=\"https:\/\/schema.org\/Person\" ><\/div><\/div><\/div><\/div><\/section>\n<section class=\"avia-testimonial-row\"><div class='avia-testimonial av-8qlb8w-f437cb3adf2c044b1b5c998a46fe6acd avia-testimonial-row-4 avia-first-testimonial flex_column no_margin av_one_half'><div class='avia-testimonial_inner'  itemscope=\"itemscope\" itemtype=\"https:\/\/schema.org\/CreativeWork\" ><div class='avia-testimonial-content '><div class='avia-testimonial-markup-entry-content'  itemprop=\"text\" ><h2><\/h2>\n<div id=\"c1365\" class=\"csc-default\">\n<div id=\"c1348\" class=\"csc-default\">\n<h5>Wegweiser f\u00fcr die Berufskarriere<\/h5>\n<p><a class=\"external-link-new-window\" title=\"Opens external link in new window\" href=\"https:\/\/www.onetz.de\/oberpfalz\/maxhuette-haidhof\/wegweiser-fuer-berufskarriere-id2965916.html\" target=\"_blank\" rel=\"noopener\">Neuer Tag vom 09.02.2020<\/a><\/p>\n<\/div>\n<div id=\"c1328\" class=\"csc-default\"><\/div>\n<\/div>\n<div id=\"c1366\" class=\"csc-default\"><\/div>\n<\/div><\/div><div class=\"avia-testimonial-meta\"><div class=\"avia-testimonial-arrow-wrap\"><div class=\"avia-arrow\"><\/div><\/div><div class='avia-testimonial-meta-mini'  itemprop=\"author\" itemscope=\"itemscope\" itemtype=\"https:\/\/schema.org\/Person\" ><\/div><\/div><\/div><\/div>\n<div class='avia-testimonial av-70l8b4-e39de533c7735728f4fb4bac627be8cb avia-testimonial-row-4 avia-last-testimonial flex_column no_margin av_one_half'><div class='avia-testimonial_inner'  itemscope=\"itemscope\" itemtype=\"https:\/\/schema.org\/CreativeWork\" ><div class='avia-testimonial-content '><div class='avia-testimonial-markup-entry-content'  itemprop=\"text\" ><h2><\/h2>\n<div id=\"c1365\" class=\"csc-default\">\n<div id=\"c1348\" class=\"csc-default\">\n<h5>Aussteller-Rekord bei Bildungsmesse<\/h5>\n<p><a class=\"external-link-new-window\" title=\"Opens external link in new window\" href=\"https:\/\/www.mittelbayerische.de\/region\/schwandorf-nachrichten\/aussteller-rekord-bei-bildungsmesse-21416-art1877352.html\" target=\"_blank\" rel=\"noopener\">Mittelbayerische Zeitung vom 04.02.2020<\/a><\/p>\n<\/div>\n<div id=\"c1328\" class=\"csc-default\"><\/div>\n<\/div>\n<div id=\"c1366\" class=\"csc-default\"><\/div>\n<\/div><\/div><div class=\"avia-testimonial-meta\"><div class=\"avia-testimonial-arrow-wrap\"><div class=\"avia-arrow\"><\/div><\/div><div class='avia-testimonial-meta-mini'  itemprop=\"author\" itemscope=\"itemscope\" itemtype=\"https:\/\/schema.org\/Person\" ><\/div><\/div><\/div><\/div><\/section>\n<section class=\"avia-testimonial-row\"><div class='avia-testimonial av-5nm434-c0c4385f045a6d17ae6221bab0ad7ff9 avia-testimonial-row-5 avia-first-testimonial flex_column no_margin av_one_half'><div class='avia-testimonial_inner'  itemscope=\"itemscope\" itemtype=\"https:\/\/schema.org\/CreativeWork\" ><div class='avia-testimonial-content '><div class='avia-testimonial-markup-entry-content'  itemprop=\"text\" ><h2><\/h2>\n<div id=\"c1365\" class=\"csc-default\">\n<div id=\"c1348\" class=\"csc-default\">\n<h5>Wo Kinder zu Fachkr\u00e4ften werden<\/h5>\n<p><a class=\"external-link-new-window\" title=\"Opens external link in new window\" href=\"https:\/\/www.mittelbayerische.de\/region\/schwandorf-nachrichten\/wo-kinder-zu-fachkraeften-werden-21416-art1875621.html\" target=\"_blank\" rel=\"noopener\">Mittelbayerische Zeitung vom 30.01.2020<\/a><\/p>\n<\/div>\n<div id=\"c1328\" class=\"csc-default\"><\/div>\n<\/div>\n<div id=\"c1366\" class=\"csc-default\"><\/div>\n<\/div><\/div><div class=\"avia-testimonial-meta\"><div class=\"avia-testimonial-arrow-wrap\"><div class=\"avia-arrow\"><\/div><\/div><div class='avia-testimonial-meta-mini'  itemprop=\"author\" itemscope=\"itemscope\" itemtype=\"https:\/\/schema.org\/Person\" ><\/div><\/div><\/div><\/div>\n<div class='avia-testimonial av-4nhj3k-c243eb402d2e20c2b6a489cd9a86b789 avia-testimonial-row-5 avia-last-testimonial flex_column no_margin av_one_half'><div class='avia-testimonial_inner'  itemscope=\"itemscope\" itemtype=\"https:\/\/schema.org\/CreativeWork\" ><div class='avia-testimonial-content '><div class='avia-testimonial-markup-entry-content'  itemprop=\"text\" ><h2><\/h2>\n<div id=\"c1365\" class=\"csc-default\">\n<div id=\"c1348\" class=\"csc-default\">\n<h5>Familien Appetit auf Bildung machen<\/h5>\n<p><a class=\"external-link-new-window\" title=\"Opens external link in new window\" href=\"https:\/\/www.onetz.de\/oberpfalz\/schwandorf\/familien-appetit-bildung-id2937059.html\" target=\"_blank\" rel=\"noopener\">Neuer Tag vom 07.01.2020<\/a><\/p>\n<\/div>\n<div id=\"c1328\" class=\"csc-default\"><\/div>\n<\/div>\n<div id=\"c1366\" class=\"csc-default\"><\/div>\n<\/div><\/div><div class=\"avia-testimonial-meta\"><div class=\"avia-testimonial-arrow-wrap\"><div class=\"avia-arrow\"><\/div><\/div><div class='avia-testimonial-meta-mini'  itemprop=\"author\" itemscope=\"itemscope\" itemtype=\"https:\/\/schema.org\/Person\" ><\/div><\/div><\/div><\/div><\/section>\n<section class=\"avia-testimonial-row\"><div class='avia-testimonial av-2lvpkw-f1fb0f5a4fc02f503a2102047cd92d32 avia-testimonial-row-6 avia-first-testimonial flex_column no_margin av_one_half'><div class='avia-testimonial_inner'  itemscope=\"itemscope\" itemtype=\"https:\/\/schema.org\/CreativeWork\" ><div class='avia-testimonial-content '><div class='avia-testimonial-markup-entry-content'  itemprop=\"text\" ><h2><\/h2>\n<div id=\"c1365\" class=\"csc-default\">\n<div id=\"c1348\" class=\"csc-default\">\n<h5>Bildungsatlas mit Handschrift der Sch\u00fcler<\/h5>\n<p><a class=\"external-link-new-window\" title=\"Opens external link in new window\" href=\"https:\/\/www.onetz.de\/oberpfalz\/oberviechtach\/bildungsatlas-handschrift-schueler-id2927667.html\" target=\"_blank\" rel=\"noopener\">Neuer Tag vom 20.12.2019<\/a><\/p>\n<\/div>\n<div id=\"c1328\" class=\"csc-default\"><\/div>\n<\/div>\n<div id=\"c1366\" class=\"csc-default\"><\/div>\n<\/div><\/div><div class=\"avia-testimonial-meta\"><div class=\"avia-testimonial-arrow-wrap\"><div class=\"avia-arrow\"><\/div><\/div><div class='avia-testimonial-meta-mini'  itemprop=\"author\" itemscope=\"itemscope\" itemtype=\"https:\/\/schema.org\/Person\" ><\/div><\/div><\/div><\/div>\n<\/section><\/div>\n<\/div><\/div><\/div><!-- close content main div --><\/div><\/div><div id='after_section_1'  class='main_color av_default_container_wrap container_wrap sidebar_right'  ><div class='container av-section-cont-open' ><div class='template-page content  av-content-small alpha units'><div class='post-entry post-entry-type-page post-entry-3776'><div class='entry-content-wrapper clearfix'>\n","protected":false},"excerpt":{"rendered":"<p>Hier finden Sie Ver\u00f6ffentlichungen zu unserer Arbeit und unseren Projekten<\/p>\n","protected":false},"author":1,"featured_media":0,"parent":0,"menu_order":0,"comment_status":"open","ping_status":"open","template":"","meta":{"footnotes":""},"class_list":["post-3776","page","type-page","status-publish","hentry"],"yoast_head":"<!-- This site is optimized with the Yoast SEO plugin v26.4 - https:\/\/yoast.com\/wordpress\/plugins\/seo\/ -->\n<title>Andere \u00dcber Uns - Lernende Region Schwandorf<\/title>\n<meta name=\"robots\" content=\"index, follow, max-snippet:-1, max-image-preview:large, max-video-preview:-1\" \/>\n<link rel=\"canonical\" href=\"https:\/\/www.lernreg.de\/index.php\/andere-ueber-uns\/\" \/>\n<meta property=\"og:locale\" content=\"de_DE\" \/>\n<meta property=\"og:type\" content=\"article\" \/>\n<meta property=\"og:title\" content=\"Andere \u00dcber Uns - Lernende Region Schwandorf\" \/>\n<meta property=\"og:description\" content=\"Hier finden Sie Ver\u00f6ffentlichungen zu unserer Arbeit und unseren Projekten\" \/>\n<meta property=\"og:url\" content=\"https:\/\/www.lernreg.de\/index.php\/andere-ueber-uns\/\" \/>\n<meta property=\"og:site_name\" content=\"Lernende Region Schwandorf\" \/>\n<meta property=\"article:modified_time\" content=\"2025-01-27T07:29:01+00:00\" \/>\n<meta name=\"twitter:card\" content=\"summary_large_image\" \/>\n<meta name=\"twitter:label1\" content=\"Gesch\u00e4tzte Lesezeit\" \/>\n\t<meta name=\"twitter:data1\" content=\"3\u00a0Minuten\" \/>\n<script type=\"application\/ld+json\" class=\"yoast-schema-graph\">{\"@context\":\"https:\/\/schema.org\",\"@graph\":[{\"@type\":\"WebPage\",\"@id\":\"https:\/\/www.lernreg.de\/index.php\/andere-ueber-uns\/\",\"url\":\"https:\/\/www.lernreg.de\/index.php\/andere-ueber-uns\/\",\"name\":\"Andere \u00dcber Uns - Lernende Region Schwandorf\",\"isPartOf\":{\"@id\":\"https:\/\/www.lernreg.de\/#website\"},\"datePublished\":\"2021-09-10T08:51:24+00:00\",\"dateModified\":\"2025-01-27T07:29:01+00:00\",\"breadcrumb\":{\"@id\":\"https:\/\/www.lernreg.de\/index.php\/andere-ueber-uns\/#breadcrumb\"},\"inLanguage\":\"de\",\"potentialAction\":[{\"@type\":\"ReadAction\",\"target\":[\"https:\/\/www.lernreg.de\/index.php\/andere-ueber-uns\/\"]}]},{\"@type\":\"BreadcrumbList\",\"@id\":\"https:\/\/www.lernreg.de\/index.php\/andere-ueber-uns\/#breadcrumb\",\"itemListElement\":[{\"@type\":\"ListItem\",\"position\":1,\"name\":\"Startseite\",\"item\":\"https:\/\/www.lernreg.de\/index.php\/homepage\/\"},{\"@type\":\"ListItem\",\"position\":2,\"name\":\"Andere \u00dcber Uns\"}]},{\"@type\":\"WebSite\",\"@id\":\"https:\/\/www.lernreg.de\/#website\",\"url\":\"https:\/\/www.lernreg.de\/\",\"name\":\"Lernende Region Schwandorf\",\"description\":\"Freiwilligenagentur, Bildung\",\"publisher\":{\"@id\":\"https:\/\/www.lernreg.de\/#organization\"},\"potentialAction\":[{\"@type\":\"SearchAction\",\"target\":{\"@type\":\"EntryPoint\",\"urlTemplate\":\"https:\/\/www.lernreg.de\/?s={search_term_string}\"},\"query-input\":{\"@type\":\"PropertyValueSpecification\",\"valueRequired\":true,\"valueName\":\"search_term_string\"}}],\"inLanguage\":\"de\"},{\"@type\":\"Organization\",\"@id\":\"https:\/\/www.lernreg.de\/#organization\",\"name\":\"Die Lernende Region Schwandorf e.V. ist ein regionales Netzwerk f\u00fcr den Landkreis Schwandorf mit den Schwerpunkten\u00a0Bildung\u00a0und\u00a0Ehrenamt: Im\u00a0Bildungsbereich\u00a0strebt die Lernende Region Schwandorf eine nachhaltige Verbesserung der Ausbildungs-, Besch\u00e4ftigungs- und Lebenssituation aller B\u00fcrgerinnen und B\u00fcrger\u00a0der Region an. Beispiele hierf\u00fcr sind die j\u00e4hrliche Bildungsmesse in Maxh\u00fctte-Haidhof sowie die Durchf\u00fchrung des Projekts \u201eMINT-Netzwerke Bayern\u201c.\",\"url\":\"https:\/\/www.lernreg.de\/\",\"logo\":{\"@type\":\"ImageObject\",\"inLanguage\":\"de\",\"@id\":\"https:\/\/www.lernreg.de\/#\/schema\/logo\/image\/\",\"url\":\"https:\/\/www.lernreg.de\/wp-content\/uploads\/2021\/08\/Logo-LernReg-transparent.png\",\"contentUrl\":\"https:\/\/www.lernreg.de\/wp-content\/uploads\/2021\/08\/Logo-LernReg-transparent.png\",\"width\":400,\"height\":228,\"caption\":\"Die Lernende Region Schwandorf e.V. ist ein regionales Netzwerk f\u00fcr den Landkreis Schwandorf mit den Schwerpunkten\u00a0Bildung\u00a0und\u00a0Ehrenamt: Im\u00a0Bildungsbereich\u00a0strebt die Lernende Region Schwandorf eine nachhaltige Verbesserung der Ausbildungs-, Besch\u00e4ftigungs- und Lebenssituation aller B\u00fcrgerinnen und B\u00fcrger\u00a0der Region an. Beispiele hierf\u00fcr sind die j\u00e4hrliche Bildungsmesse in Maxh\u00fctte-Haidhof sowie die Durchf\u00fchrung des Projekts \u201eMINT-Netzwerke Bayern\u201c.\"},\"image\":{\"@id\":\"https:\/\/www.lernreg.de\/#\/schema\/logo\/image\/\"}}]}<\/script>\n<!-- \/ Yoast SEO plugin. -->","yoast_head_json":{"title":"Andere \u00dcber Uns - Lernende Region Schwandorf","robots":{"index":"index","follow":"follow","max-snippet":"max-snippet:-1","max-image-preview":"max-image-preview:large","max-video-preview":"max-video-preview:-1"},"canonical":"https:\/\/www.lernreg.de\/index.php\/andere-ueber-uns\/","og_locale":"de_DE","og_type":"article","og_title":"Andere \u00dcber Uns - Lernende Region Schwandorf","og_description":"Hier finden Sie Ver\u00f6ffentlichungen zu unserer Arbeit und unseren Projekten","og_url":"https:\/\/www.lernreg.de\/index.php\/andere-ueber-uns\/","og_site_name":"Lernende Region Schwandorf","article_modified_time":"2025-01-27T07:29:01+00:00","twitter_card":"summary_large_image","twitter_misc":{"Gesch\u00e4tzte Lesezeit":"3\u00a0Minuten"},"schema":{"@context":"https:\/\/schema.org","@graph":[{"@type":"WebPage","@id":"https:\/\/www.lernreg.de\/index.php\/andere-ueber-uns\/","url":"https:\/\/www.lernreg.de\/index.php\/andere-ueber-uns\/","name":"Andere \u00dcber Uns - Lernende Region Schwandorf","isPartOf":{"@id":"https:\/\/www.lernreg.de\/#website"},"datePublished":"2021-09-10T08:51:24+00:00","dateModified":"2025-01-27T07:29:01+00:00","breadcrumb":{"@id":"https:\/\/www.lernreg.de\/index.php\/andere-ueber-uns\/#breadcrumb"},"inLanguage":"de","potentialAction":[{"@type":"ReadAction","target":["https:\/\/www.lernreg.de\/index.php\/andere-ueber-uns\/"]}]},{"@type":"BreadcrumbList","@id":"https:\/\/www.lernreg.de\/index.php\/andere-ueber-uns\/#breadcrumb","itemListElement":[{"@type":"ListItem","position":1,"name":"Startseite","item":"https:\/\/www.lernreg.de\/index.php\/homepage\/"},{"@type":"ListItem","position":2,"name":"Andere \u00dcber Uns"}]},{"@type":"WebSite","@id":"https:\/\/www.lernreg.de\/#website","url":"https:\/\/www.lernreg.de\/","name":"Lernende Region Schwandorf","description":"Freiwilligenagentur, Bildung","publisher":{"@id":"https:\/\/www.lernreg.de\/#organization"},"potentialAction":[{"@type":"SearchAction","target":{"@type":"EntryPoint","urlTemplate":"https:\/\/www.lernreg.de\/?s={search_term_string}"},"query-input":{"@type":"PropertyValueSpecification","valueRequired":true,"valueName":"search_term_string"}}],"inLanguage":"de"},{"@type":"Organization","@id":"https:\/\/www.lernreg.de\/#organization","name":"Die Lernende Region Schwandorf e.V. ist ein regionales Netzwerk f\u00fcr den Landkreis Schwandorf mit den Schwerpunkten\u00a0Bildung\u00a0und\u00a0Ehrenamt: Im\u00a0Bildungsbereich\u00a0strebt die Lernende Region Schwandorf eine nachhaltige Verbesserung der Ausbildungs-, Besch\u00e4ftigungs- und Lebenssituation aller B\u00fcrgerinnen und B\u00fcrger\u00a0der Region an. Beispiele hierf\u00fcr sind die j\u00e4hrliche Bildungsmesse in Maxh\u00fctte-Haidhof sowie die Durchf\u00fchrung des Projekts \u201eMINT-Netzwerke Bayern\u201c.","url":"https:\/\/www.lernreg.de\/","logo":{"@type":"ImageObject","inLanguage":"de","@id":"https:\/\/www.lernreg.de\/#\/schema\/logo\/image\/","url":"https:\/\/www.lernreg.de\/wp-content\/uploads\/2021\/08\/Logo-LernReg-transparent.png","contentUrl":"https:\/\/www.lernreg.de\/wp-content\/uploads\/2021\/08\/Logo-LernReg-transparent.png","width":400,"height":228,"caption":"Die Lernende Region Schwandorf e.V. ist ein regionales Netzwerk f\u00fcr den Landkreis Schwandorf mit den Schwerpunkten\u00a0Bildung\u00a0und\u00a0Ehrenamt: Im\u00a0Bildungsbereich\u00a0strebt die Lernende Region Schwandorf eine nachhaltige Verbesserung der Ausbildungs-, Besch\u00e4ftigungs- und Lebenssituation aller B\u00fcrgerinnen und B\u00fcrger\u00a0der Region an. Beispiele hierf\u00fcr sind die j\u00e4hrliche Bildungsmesse in Maxh\u00fctte-Haidhof sowie die Durchf\u00fchrung des Projekts \u201eMINT-Netzwerke Bayern\u201c."},"image":{"@id":"https:\/\/www.lernreg.de\/#\/schema\/logo\/image\/"}}]}},"_links":{"self":[{"href":"https:\/\/www.lernreg.de\/index.php\/wp-json\/wp\/v2\/pages\/3776","targetHints":{"allow":["GET"]}}],"collection":[{"href":"https:\/\/www.lernreg.de\/index.php\/wp-json\/wp\/v2\/pages"}],"about":[{"href":"https:\/\/www.lernreg.de\/index.php\/wp-json\/wp\/v2\/types\/page"}],"author":[{"embeddable":true,"href":"https:\/\/www.lernreg.de\/index.php\/wp-json\/wp\/v2\/users\/1"}],"replies":[{"embeddable":true,"href":"https:\/\/www.lernreg.de\/index.php\/wp-json\/wp\/v2\/comments?post=3776"}],"version-history":[{"count":6,"href":"https:\/\/www.lernreg.de\/index.php\/wp-json\/wp\/v2\/pages\/3776\/revisions"}],"predecessor-version":[{"id":6410,"href":"https:\/\/www.lernreg.de\/index.php\/wp-json\/wp\/v2\/pages\/3776\/revisions\/6410"}],"wp:attachment":[{"href":"https:\/\/www.lernreg.de\/index.php\/wp-json\/wp\/v2\/media?parent=3776"}],"curies":[{"name":"wp","href":"https:\/\/api.w.org\/{rel}","templated":true}]}}