{"id":3667,"date":"2021-09-07T21:42:39","date_gmt":"2021-09-07T19:42:39","guid":{"rendered":"https:\/\/www.lernreg.de\/Neues%20Verzeichnis\/wordpress\/?page_id=3667"},"modified":"2025-04-24T11:17:09","modified_gmt":"2025-04-24T09:17:09","slug":"mietangebote-asyl","status":"publish","type":"page","link":"https:\/\/www.lernreg.de\/index.php\/mietangebote-asyl\/","title":{"rendered":"Mietangebote Asyl"},"content":{"rendered":"<div id='layer_slider_1'  class='avia-layerslider main_color avia-shadow  avia-builder-el-0  el_before_av_hr  avia-builder-el-first  container_wrap sidebar_right'  style='height: 351px;'  ><\/div><div id='after_layer_slider_1'  class='main_color av_default_container_wrap container_wrap sidebar_right'  ><div class='container av-section-cont-open' ><div class='template-page content  av-content-small alpha units'><div class='post-entry post-entry-type-page post-entry-3667'><div class='entry-content-wrapper clearfix'>\n\n<style type=\"text\/css\" data-created_by=\"avia_inline_auto\" id=\"style-css-av-r4m1k3-a8fe136a084c31f31cde692c3b3e0756\">\n#top .hr.hr-invisible.av-r4m1k3-a8fe136a084c31f31cde692c3b3e0756{\nheight:50px;\n}\n<\/style>\n<div  class='hr av-r4m1k3-a8fe136a084c31f31cde692c3b3e0756 hr-invisible  avia-builder-el-1  el_after_av_layerslider  el_before_av_one_half  avia-builder-el-first '><span class='hr-inner '><span class=\"hr-inner-style\"><\/span><\/span><\/div>\n<div class='flex_column av-prbs3n-d2e2cde74fbaed87a2e080fc91e7b637 av_one_half  avia-builder-el-2  el_after_av_hr  el_before_av_one_half  first flex_column_div '     ><style type=\"text\/css\" data-created_by=\"avia_inline_auto\" id=\"style-css-av-nyu3ur-24a9dc82b1b1b77b8ed1e0f67671b971\">\n.avia-image-container.av-nyu3ur-24a9dc82b1b1b77b8ed1e0f67671b971 img.avia_image{\nbox-shadow:none;\n}\n.avia-image-container.av-nyu3ur-24a9dc82b1b1b77b8ed1e0f67671b971 .av-image-caption-overlay-center{\ncolor:#ffffff;\n}\n<\/style>\n<div  class='avia-image-container av-nyu3ur-24a9dc82b1b1b77b8ed1e0f67671b971 av-styling- avia-align-center  avia-builder-el-3  avia-builder-el-no-sibling '   itemprop=\"image\" itemscope=\"itemscope\" itemtype=\"https:\/\/schema.org\/ImageObject\" ><div class=\"avia-image-container-inner\"><div class=\"avia-image-overlay-wrap\"><img decoding=\"async\" class='wp-image-3668 avia-img-lazy-loading-not-3668 avia_image ' src=\"https:\/\/www.lernreg.de\/wp-content\/uploads\/2021\/09\/house-1407562_1920-845x684.jpg\" alt='' title='house-1407562_1920'  height=\"684\" width=\"845\"  itemprop=\"thumbnailUrl\" srcset=\"https:\/\/www.lernreg.de\/wp-content\/uploads\/2021\/09\/house-1407562_1920-845x684.jpg 845w, https:\/\/www.lernreg.de\/wp-content\/uploads\/2021\/09\/house-1407562_1920-495x400.jpg 495w\" sizes=\"(max-width: 845px) 100vw, 845px\" \/><\/div><\/div><\/div><\/div>\n\n<style type=\"text\/css\" data-created_by=\"avia_inline_auto\" id=\"style-css-av-lxmflf-60c8ef01dfa15fea7e02ab8843c900a3\">\n.flex_column.av-lxmflf-60c8ef01dfa15fea7e02ab8843c900a3{\n-webkit-border-radius:0px 0px 0px 0px;\n-moz-border-radius:0px 0px 0px 0px;\nborder-radius:0px 0px 0px 0px;\npadding:0px 0px 0px 0px;\n}\n<\/style>\n<div class='flex_column av-lxmflf-60c8ef01dfa15fea7e02ab8843c900a3 av_one_half  avia-builder-el-4  el_after_av_one_half  el_before_av_hr  flex_column_div av-zero-column-padding '     ><section  class='av_textblock_section av-kqm2ur-04ea41de27c47675a4193bd4b69ca525'  itemscope=\"itemscope\" itemtype=\"https:\/\/schema.org\/CreativeWork\" ><div class='avia_textblock'  itemprop=\"text\" ><h3>Mietangebote f\u00fcr Kunden des Landkreises und des Jobcenters gesucht!<\/h3>\n<div class=\"csc-textpic-text\">\n<p><b>Die Lernende Region Schwandorf e. V. bietet im Landkreis Schwandorf mit einer sogenannten Online-Wohnraumb\u00f6rse eine Vermittlungsplattform f\u00fcr die Vermietung von Wohnraum an anerkannte Fl\u00fcchtlinge an.<\/b><\/p>\n<p>Aufgrund fehlender Wohnangebote m\u00fcssen viele anerkannte Fl\u00fcchtlinge weiterhin als sogenannte Fehlbeleger in den Gemeinschaftsunterk\u00fcnften bleiben. Eine eigene Wohnung au\u00dferhalb von staatlichen Unterk\u00fcnften ist jedoch neben Sprache und Arbeit ein zentraler Schl\u00fcssel zur Integration.<\/p>\n<\/div>\n<\/div><\/section><\/div>\n\n<style type=\"text\/css\" data-created_by=\"avia_inline_auto\" id=\"style-css-av-ihu77n-d3c13f5d898b09bd0e5ca515c1bacfa8\">\n#top .hr.hr-invisible.av-ihu77n-d3c13f5d898b09bd0e5ca515c1bacfa8{\nheight:50px;\n}\n<\/style>\n<div  class='hr av-ihu77n-d3c13f5d898b09bd0e5ca515c1bacfa8 hr-invisible  avia-builder-el-6  el_after_av_one_half  el_before_av_one_full '><span class='hr-inner '><span class=\"hr-inner-style\"><\/span><\/span><\/div>\n\n<style type=\"text\/css\" data-created_by=\"avia_inline_auto\" id=\"style-css-av-i0p4pf-030d0bb8eb06c4b07a264e326f6c123e\">\n.flex_column.av-i0p4pf-030d0bb8eb06c4b07a264e326f6c123e{\n-webkit-border-radius:0px 0px 0px 0px;\n-moz-border-radius:0px 0px 0px 0px;\nborder-radius:0px 0px 0px 0px;\npadding:0px 0px 0px 0px;\n}\n<\/style>\n<div class='flex_column av-i0p4pf-030d0bb8eb06c4b07a264e326f6c123e av_one_full  avia-builder-el-7  el_after_av_hr  el_before_av_one_half  first flex_column_div av-zero-column-padding '     ><section  class='av_textblock_section av-fps3ab-6824ea398695d11488e61fb690f46be6'  itemscope=\"itemscope\" itemtype=\"https:\/\/schema.org\/CreativeWork\" ><div class='avia_textblock'  itemprop=\"text\" ><h3>Sie m\u00f6chten helfen?<\/h3>\n<p>Wenn Sie Wohnraum zur Verf\u00fcgung stellen wollen, freuen wir uns \u00fcber Ihr Mietangebot.<\/p>\n<p>F\u00fcr R\u00fcckfragen erreichen Sie uns per E-Mail an <a>Mietangebote-Asyl@landkreis-Schwandorf.de<\/a>\u00a0oder telefonisch unter der Telefonnummer \u00a009431 471-605 oder 606.<\/p>\n<\/div><\/section><\/div>\n\n<style type=\"text\/css\" data-created_by=\"avia_inline_auto\" id=\"style-css-av-dt93k3-16b0a0c707a18953d7971f5220812551\">\n.flex_column.av-dt93k3-16b0a0c707a18953d7971f5220812551{\n-webkit-border-radius:0px 0px 0px 0px;\n-moz-border-radius:0px 0px 0px 0px;\nborder-radius:0px 0px 0px 0px;\npadding:0px 0px 0px 0px;\n}\n<\/style>\n<div class='flex_column av-dt93k3-16b0a0c707a18953d7971f5220812551 av_one_half  avia-builder-el-9  el_after_av_one_full  el_before_av_one_half  first flex_column_div av-zero-column-padding column-top-margin'     ><p>\n<style type=\"text\/css\" data-created_by=\"avia_inline_auto\" id=\"style-css-av-cua3hf-5689e661f8b99819eacaf6c9b210a95b\">\n.av_font_icon.av-cua3hf-5689e661f8b99819eacaf6c9b210a95b .av-icon-char{\nfont-size:40px;\nline-height:40px;\nwidth:40px;\n}\n<\/style>\n<span  class='av_font_icon av-cua3hf-5689e661f8b99819eacaf6c9b210a95b avia_animate_when_visible av-icon-style-border avia-icon-pos-center av-no-color avia-icon-animate'><span class='av-icon-char' aria-hidden='true' data-av_icon='\ue81f' data-av_iconfont='entypo-fontello' ><\/span><span class='av_icon_caption av-special-font'>Informationen \u00fcber die Rahmenbedingungen f\u00fcr die Vermietung<\/span><\/span><br \/>\n\n<style type=\"text\/css\" data-created_by=\"avia_inline_auto\" id=\"style-css-av-auxq2b-d0b71ed057235cf349b8a099cad79580\">\n#top .hr.hr-invisible.av-auxq2b-d0b71ed057235cf349b8a099cad79580{\nheight:30px;\n}\n<\/style>\n<div  class='hr av-auxq2b-d0b71ed057235cf349b8a099cad79580 hr-invisible  avia-builder-el-11  el_after_av_font_icon  el_before_av_textblock '><span class='hr-inner '><span class=\"hr-inner-style\"><\/span><\/span><\/div><br \/>\n<section  class='av_textblock_section av-9bu20z-3c8393c8923eb7651c9dead91ad2382b'  itemscope=\"itemscope\" itemtype=\"https:\/\/schema.org\/CreativeWork\" ><div class='avia_textblock'  itemprop=\"text\" ><div id=\"c893\" class=\"csc-default\">\n<p>M\u00f6gliche Mieter m\u00fcssen\u00a0<b>vor Abschluss des Mietvertrages\u00a0<\/b>die Angemessenheit der Unterkunftskosten und Heizungskosten vom Jobcenter Schwandorf pr\u00fcfen lassen.<\/p>\n<p>Die Angemessenheit ist abh\u00e4ngig von der Personenzahl, der Gesamtfl\u00e4che, des Heizenergietr\u00e4gers und der\u00a0 Region. Nachfolgende Ausf\u00fchrungen gelten daher nur f\u00fcr den Landkreis Schwandorf.<\/p>\n<p>Details erfahren Sie auf folgendem Hinweisblatt:<\/p>\n<\/div>\n<div id=\"c893\" class=\"csc-default\"><\/div>\n<p><a href=\"https:\/\/www.lernreg.de\/wp-content\/uploads\/2025\/04\/Hinweisblatt_zur_Angemessenheit_von_Unterkunfts-_und_Heizkosten_beim_Bezug_von_Buergergeld_und_Sozialhilfe_Stand_01.01.2025.pdf\">Hinweisblatt_zur_Angemessenheit_von_Unterkunfts-_und_Heizkosten_beim_Bezug_von_Buergergeld_und_Sozialhilfe_Stand_01.01.2025<\/a><\/p>\n<div id=\"c893\" class=\"csc-default\"><\/div>\n<\/div><\/section><\/p><\/div>\n\n<style type=\"text\/css\" data-created_by=\"avia_inline_auto\" id=\"style-css-av-78vkyr-1406a7a2aff075c82a9f008eac279dbb\">\n.flex_column.av-78vkyr-1406a7a2aff075c82a9f008eac279dbb{\n-webkit-border-radius:0px 0px 0px 0px;\n-moz-border-radius:0px 0px 0px 0px;\nborder-radius:0px 0px 0px 0px;\npadding:0px 0px 0px 0px;\n}\n<\/style>\n<div class='flex_column av-78vkyr-1406a7a2aff075c82a9f008eac279dbb av_one_half  avia-builder-el-13  el_after_av_one_half  avia-builder-el-last  flex_column_div av-zero-column-padding column-top-margin'     ><p>\n<style type=\"text\/css\" data-created_by=\"avia_inline_auto\" id=\"style-css-av-6305zn-9be7a437be2fd7237fef024c9b3753b4\">\n.av_font_icon.av-6305zn-9be7a437be2fd7237fef024c9b3753b4 .av-icon-char{\nfont-size:40px;\nline-height:40px;\nwidth:40px;\n}\n<\/style>\n<span  class='av_font_icon av-6305zn-9be7a437be2fd7237fef024c9b3753b4 avia_animate_when_visible av-icon-style-border avia-icon-pos-center av-no-color avia-icon-animate'><span class='av-icon-char' aria-hidden='true' data-av_icon='\ue821' data-av_iconfont='entypo-fontello' ><\/span><span class='av_icon_caption av-special-font'>Formular f\u00fcr Angaben \u00fcber ihr Mietobjekt<\/span><\/span><br \/>\n\n<style type=\"text\/css\" data-created_by=\"avia_inline_auto\" id=\"style-css-av-3sok6b-bde17112ac0220f20bd252bf37fc0f81\">\n#top .hr.hr-invisible.av-3sok6b-bde17112ac0220f20bd252bf37fc0f81{\nheight:30px;\n}\n<\/style>\n<div  class='hr av-3sok6b-bde17112ac0220f20bd252bf37fc0f81 hr-invisible  avia-builder-el-15  el_after_av_font_icon  el_before_av_textblock '><span class='hr-inner '><span class=\"hr-inner-style\"><\/span><\/span><\/div><br \/>\n<section  class='av_textblock_section av-2vfi1f-f81f68fcbc57da19798b87119fbb2271'  itemscope=\"itemscope\" itemtype=\"https:\/\/schema.org\/CreativeWork\" ><div class='avia_textblock'  itemprop=\"text\" ><p>Um die Angemessenheit Ihres Mietangebots f\u00fcr Asylbewerber und Fl\u00fcchtlinge pr\u00fcfen zu k\u00f6nnen, bitten wir Sie nachfolgendes Formular (PDF) auszuf\u00fcllen. Sie k\u00f6nnen es anschlie\u00dfend direkt an das Landratsamt Schwandorf senden. Zum \u00d6ffnen dieses Dokuments ben\u00f6tigen Sie Acrobat Reader.<\/p>\n<p><a href=\"https:\/\/www.lernreg.de\/wp-content\/uploads\/2025\/04\/Formular-Mietangebot.pdf\">Formular Mietangebot<\/a><\/p>\n<\/div><\/section><\/p><\/div>\n","protected":false},"excerpt":{"rendered":"<p>Mietangebote Asyl<\/p>\n","protected":false},"author":1,"featured_media":0,"parent":0,"menu_order":0,"comment_status":"open","ping_status":"open","template":"","meta":{"footnotes":""},"class_list":["post-3667","page","type-page","status-publish","hentry"],"yoast_head":"<!-- This site is optimized with the Yoast SEO plugin v26.4 - https:\/\/yoast.com\/wordpress\/plugins\/seo\/ -->\n<title>Mietangebote Asyl - Lernende Region Schwandorf<\/title>\n<meta name=\"robots\" content=\"index, follow, max-snippet:-1, max-image-preview:large, max-video-preview:-1\" \/>\n<link rel=\"canonical\" href=\"https:\/\/www.lernreg.de\/index.php\/mietangebote-asyl\/\" \/>\n<meta property=\"og:locale\" content=\"de_DE\" \/>\n<meta property=\"og:type\" content=\"article\" \/>\n<meta property=\"og:title\" content=\"Mietangebote Asyl - Lernende Region Schwandorf\" \/>\n<meta property=\"og:description\" content=\"Mietangebote Asyl\" \/>\n<meta property=\"og:url\" content=\"https:\/\/www.lernreg.de\/index.php\/mietangebote-asyl\/\" \/>\n<meta property=\"og:site_name\" content=\"Lernende Region Schwandorf\" \/>\n<meta property=\"article:modified_time\" content=\"2025-04-24T09:17:09+00:00\" \/>\n<meta name=\"twitter:card\" content=\"summary_large_image\" \/>\n<meta name=\"twitter:label1\" content=\"Gesch\u00e4tzte Lesezeit\" \/>\n\t<meta name=\"twitter:data1\" content=\"5\u00a0Minuten\" \/>\n<script type=\"application\/ld+json\" class=\"yoast-schema-graph\">{\"@context\":\"https:\/\/schema.org\",\"@graph\":[{\"@type\":\"WebPage\",\"@id\":\"https:\/\/www.lernreg.de\/index.php\/mietangebote-asyl\/\",\"url\":\"https:\/\/www.lernreg.de\/index.php\/mietangebote-asyl\/\",\"name\":\"Mietangebote Asyl - Lernende Region Schwandorf\",\"isPartOf\":{\"@id\":\"https:\/\/www.lernreg.de\/#website\"},\"datePublished\":\"2021-09-07T19:42:39+00:00\",\"dateModified\":\"2025-04-24T09:17:09+00:00\",\"breadcrumb\":{\"@id\":\"https:\/\/www.lernreg.de\/index.php\/mietangebote-asyl\/#breadcrumb\"},\"inLanguage\":\"de\",\"potentialAction\":[{\"@type\":\"ReadAction\",\"target\":[\"https:\/\/www.lernreg.de\/index.php\/mietangebote-asyl\/\"]}]},{\"@type\":\"BreadcrumbList\",\"@id\":\"https:\/\/www.lernreg.de\/index.php\/mietangebote-asyl\/#breadcrumb\",\"itemListElement\":[{\"@type\":\"ListItem\",\"position\":1,\"name\":\"Startseite\",\"item\":\"https:\/\/www.lernreg.de\/index.php\/homepage\/\"},{\"@type\":\"ListItem\",\"position\":2,\"name\":\"Mietangebote Asyl\"}]},{\"@type\":\"WebSite\",\"@id\":\"https:\/\/www.lernreg.de\/#website\",\"url\":\"https:\/\/www.lernreg.de\/\",\"name\":\"Lernende Region Schwandorf\",\"description\":\"Freiwilligenagentur, Bildung\",\"publisher\":{\"@id\":\"https:\/\/www.lernreg.de\/#organization\"},\"potentialAction\":[{\"@type\":\"SearchAction\",\"target\":{\"@type\":\"EntryPoint\",\"urlTemplate\":\"https:\/\/www.lernreg.de\/?s={search_term_string}\"},\"query-input\":{\"@type\":\"PropertyValueSpecification\",\"valueRequired\":true,\"valueName\":\"search_term_string\"}}],\"inLanguage\":\"de\"},{\"@type\":\"Organization\",\"@id\":\"https:\/\/www.lernreg.de\/#organization\",\"name\":\"Die Lernende Region Schwandorf e.V. ist ein regionales Netzwerk f\u00fcr den Landkreis Schwandorf mit den Schwerpunkten\u00a0Bildung\u00a0und\u00a0Ehrenamt: Im\u00a0Bildungsbereich\u00a0strebt die Lernende Region Schwandorf eine nachhaltige Verbesserung der Ausbildungs-, Besch\u00e4ftigungs- und Lebenssituation aller B\u00fcrgerinnen und B\u00fcrger\u00a0der Region an. Beispiele hierf\u00fcr sind die j\u00e4hrliche Bildungsmesse in Maxh\u00fctte-Haidhof sowie die Durchf\u00fchrung des Projekts \u201eMINT-Netzwerke Bayern\u201c.\",\"url\":\"https:\/\/www.lernreg.de\/\",\"logo\":{\"@type\":\"ImageObject\",\"inLanguage\":\"de\",\"@id\":\"https:\/\/www.lernreg.de\/#\/schema\/logo\/image\/\",\"url\":\"https:\/\/www.lernreg.de\/wp-content\/uploads\/2021\/08\/Logo-LernReg-transparent.png\",\"contentUrl\":\"https:\/\/www.lernreg.de\/wp-content\/uploads\/2021\/08\/Logo-LernReg-transparent.png\",\"width\":400,\"height\":228,\"caption\":\"Die Lernende Region Schwandorf e.V. ist ein regionales Netzwerk f\u00fcr den Landkreis Schwandorf mit den Schwerpunkten\u00a0Bildung\u00a0und\u00a0Ehrenamt: Im\u00a0Bildungsbereich\u00a0strebt die Lernende Region Schwandorf eine nachhaltige Verbesserung der Ausbildungs-, Besch\u00e4ftigungs- und Lebenssituation aller B\u00fcrgerinnen und B\u00fcrger\u00a0der Region an. Beispiele hierf\u00fcr sind die j\u00e4hrliche Bildungsmesse in Maxh\u00fctte-Haidhof sowie die Durchf\u00fchrung des Projekts \u201eMINT-Netzwerke Bayern\u201c.\"},\"image\":{\"@id\":\"https:\/\/www.lernreg.de\/#\/schema\/logo\/image\/\"}}]}<\/script>\n<!-- \/ Yoast SEO plugin. -->","yoast_head_json":{"title":"Mietangebote Asyl - Lernende Region Schwandorf","robots":{"index":"index","follow":"follow","max-snippet":"max-snippet:-1","max-image-preview":"max-image-preview:large","max-video-preview":"max-video-preview:-1"},"canonical":"https:\/\/www.lernreg.de\/index.php\/mietangebote-asyl\/","og_locale":"de_DE","og_type":"article","og_title":"Mietangebote Asyl - Lernende Region Schwandorf","og_description":"Mietangebote Asyl","og_url":"https:\/\/www.lernreg.de\/index.php\/mietangebote-asyl\/","og_site_name":"Lernende Region Schwandorf","article_modified_time":"2025-04-24T09:17:09+00:00","twitter_card":"summary_large_image","twitter_misc":{"Gesch\u00e4tzte Lesezeit":"5\u00a0Minuten"},"schema":{"@context":"https:\/\/schema.org","@graph":[{"@type":"WebPage","@id":"https:\/\/www.lernreg.de\/index.php\/mietangebote-asyl\/","url":"https:\/\/www.lernreg.de\/index.php\/mietangebote-asyl\/","name":"Mietangebote Asyl - Lernende Region Schwandorf","isPartOf":{"@id":"https:\/\/www.lernreg.de\/#website"},"datePublished":"2021-09-07T19:42:39+00:00","dateModified":"2025-04-24T09:17:09+00:00","breadcrumb":{"@id":"https:\/\/www.lernreg.de\/index.php\/mietangebote-asyl\/#breadcrumb"},"inLanguage":"de","potentialAction":[{"@type":"ReadAction","target":["https:\/\/www.lernreg.de\/index.php\/mietangebote-asyl\/"]}]},{"@type":"BreadcrumbList","@id":"https:\/\/www.lernreg.de\/index.php\/mietangebote-asyl\/#breadcrumb","itemListElement":[{"@type":"ListItem","position":1,"name":"Startseite","item":"https:\/\/www.lernreg.de\/index.php\/homepage\/"},{"@type":"ListItem","position":2,"name":"Mietangebote Asyl"}]},{"@type":"WebSite","@id":"https:\/\/www.lernreg.de\/#website","url":"https:\/\/www.lernreg.de\/","name":"Lernende Region Schwandorf","description":"Freiwilligenagentur, Bildung","publisher":{"@id":"https:\/\/www.lernreg.de\/#organization"},"potentialAction":[{"@type":"SearchAction","target":{"@type":"EntryPoint","urlTemplate":"https:\/\/www.lernreg.de\/?s={search_term_string}"},"query-input":{"@type":"PropertyValueSpecification","valueRequired":true,"valueName":"search_term_string"}}],"inLanguage":"de"},{"@type":"Organization","@id":"https:\/\/www.lernreg.de\/#organization","name":"Die Lernende Region Schwandorf e.V. ist ein regionales Netzwerk f\u00fcr den Landkreis Schwandorf mit den Schwerpunkten\u00a0Bildung\u00a0und\u00a0Ehrenamt: Im\u00a0Bildungsbereich\u00a0strebt die Lernende Region Schwandorf eine nachhaltige Verbesserung der Ausbildungs-, Besch\u00e4ftigungs- und Lebenssituation aller B\u00fcrgerinnen und B\u00fcrger\u00a0der Region an. Beispiele hierf\u00fcr sind die j\u00e4hrliche Bildungsmesse in Maxh\u00fctte-Haidhof sowie die Durchf\u00fchrung des Projekts \u201eMINT-Netzwerke Bayern\u201c.","url":"https:\/\/www.lernreg.de\/","logo":{"@type":"ImageObject","inLanguage":"de","@id":"https:\/\/www.lernreg.de\/#\/schema\/logo\/image\/","url":"https:\/\/www.lernreg.de\/wp-content\/uploads\/2021\/08\/Logo-LernReg-transparent.png","contentUrl":"https:\/\/www.lernreg.de\/wp-content\/uploads\/2021\/08\/Logo-LernReg-transparent.png","width":400,"height":228,"caption":"Die Lernende Region Schwandorf e.V. ist ein regionales Netzwerk f\u00fcr den Landkreis Schwandorf mit den Schwerpunkten\u00a0Bildung\u00a0und\u00a0Ehrenamt: Im\u00a0Bildungsbereich\u00a0strebt die Lernende Region Schwandorf eine nachhaltige Verbesserung der Ausbildungs-, Besch\u00e4ftigungs- und Lebenssituation aller B\u00fcrgerinnen und B\u00fcrger\u00a0der Region an. Beispiele hierf\u00fcr sind die j\u00e4hrliche Bildungsmesse in Maxh\u00fctte-Haidhof sowie die Durchf\u00fchrung des Projekts \u201eMINT-Netzwerke Bayern\u201c."},"image":{"@id":"https:\/\/www.lernreg.de\/#\/schema\/logo\/image\/"}}]}},"_links":{"self":[{"href":"https:\/\/www.lernreg.de\/index.php\/wp-json\/wp\/v2\/pages\/3667","targetHints":{"allow":["GET"]}}],"collection":[{"href":"https:\/\/www.lernreg.de\/index.php\/wp-json\/wp\/v2\/pages"}],"about":[{"href":"https:\/\/www.lernreg.de\/index.php\/wp-json\/wp\/v2\/types\/page"}],"author":[{"embeddable":true,"href":"https:\/\/www.lernreg.de\/index.php\/wp-json\/wp\/v2\/users\/1"}],"replies":[{"embeddable":true,"href":"https:\/\/www.lernreg.de\/index.php\/wp-json\/wp\/v2\/comments?post=3667"}],"version-history":[{"count":15,"href":"https:\/\/www.lernreg.de\/index.php\/wp-json\/wp\/v2\/pages\/3667\/revisions"}],"predecessor-version":[{"id":6424,"href":"https:\/\/www.lernreg.de\/index.php\/wp-json\/wp\/v2\/pages\/3667\/revisions\/6424"}],"wp:attachment":[{"href":"https:\/\/www.lernreg.de\/index.php\/wp-json\/wp\/v2\/media?parent=3667"}],"curies":[{"name":"wp","href":"https:\/\/api.w.org\/{rel}","templated":true}]}}