{"id":3568,"date":"2021-09-07T14:43:05","date_gmt":"2021-09-07T12:43:05","guid":{"rendered":"https:\/\/www.lernreg.de\/Neues%20Verzeichnis\/wordpress\/?page_id=3568"},"modified":"2025-06-04T12:15:20","modified_gmt":"2025-06-04T10:15:20","slug":"mint-management","status":"publish","type":"page","link":"https:\/\/www.lernreg.de\/index.php\/mint-management\/","title":{"rendered":"MINT-Management"},"content":{"rendered":"<div id='layer_slider_1'  class='avia-layerslider main_color avia-shadow  avia-builder-el-0  el_before_av_hr  avia-builder-el-first  container_wrap sidebar_right'  style='height: 371px;'  ><\/div><div id='after_layer_slider_1'  class='main_color av_default_container_wrap container_wrap sidebar_right'  ><div class='container av-section-cont-open' ><div class='template-page content  av-content-small alpha units'><div class='post-entry post-entry-type-page post-entry-3568'><div class='entry-content-wrapper clearfix'>\n\n<style type=\"text\/css\" data-created_by=\"avia_inline_auto\" id=\"style-css-av-3f2ew0w-a883ebc0195d2b55c9008aeffdd1c78e\">\n#top .hr.hr-invisible.av-3f2ew0w-a883ebc0195d2b55c9008aeffdd1c78e{\nheight:50px;\n}\n<\/style>\n<div  class='hr av-3f2ew0w-a883ebc0195d2b55c9008aeffdd1c78e hr-invisible  avia-builder-el-1  el_after_av_layerslider  el_before_av_one_half  avia-builder-el-first '><span class='hr-inner '><span class=\"hr-inner-style\"><\/span><\/span><\/div>\n<div class='flex_column av-3d4yglc-767ff6a37d63efba38ae7d2496d18164 av_one_half  avia-builder-el-2  el_after_av_hr  el_before_av_one_half  first flex_column_div '     ><style type=\"text\/css\" data-created_by=\"avia_inline_auto\" id=\"style-css-av-3c46xzk-7be137a1b5a0fb1101230b7451d4166d\">\n.avia-image-container.av-3c46xzk-7be137a1b5a0fb1101230b7451d4166d img.avia_image{\nbox-shadow:none;\n}\n.avia-image-container.av-3c46xzk-7be137a1b5a0fb1101230b7451d4166d .av-image-caption-overlay-center{\ncolor:#ffffff;\n}\n<\/style>\n<div  class='avia-image-container av-3c46xzk-7be137a1b5a0fb1101230b7451d4166d av-styling- avia-align-center  avia-builder-el-3  avia-builder-el-no-sibling '   itemprop=\"image\" itemscope=\"itemscope\" itemtype=\"https:\/\/schema.org\/ImageObject\" ><div class=\"avia-image-container-inner\"><div class=\"avia-image-overlay-wrap\"><img decoding=\"async\" class='wp-image-3570 avia-img-lazy-loading-not-3570 avia_image ' src=\"https:\/\/www.lernreg.de\/wp-content\/uploads\/2021\/09\/artificial-intelligence-3382507-845x684.jpg\" alt='' title='artificial-intelligence-3382507'  height=\"684\" width=\"845\"  itemprop=\"thumbnailUrl\" srcset=\"https:\/\/www.lernreg.de\/wp-content\/uploads\/2021\/09\/artificial-intelligence-3382507-845x684.jpg 845w, https:\/\/www.lernreg.de\/wp-content\/uploads\/2021\/09\/artificial-intelligence-3382507-495x400.jpg 495w\" sizes=\"(max-width: 845px) 100vw, 845px\" \/><\/div><\/div><\/div><\/div>\n\n<style type=\"text\/css\" data-created_by=\"avia_inline_auto\" id=\"style-css-av-39ndxe8-0bb562a798dca154317abafe2e4af090\">\n.flex_column.av-39ndxe8-0bb562a798dca154317abafe2e4af090{\n-webkit-border-radius:0px 0px 0px 0px;\n-moz-border-radius:0px 0px 0px 0px;\nborder-radius:0px 0px 0px 0px;\npadding:0px 0px 0px 0px;\n}\n<\/style>\n<div class='flex_column av-39ndxe8-0bb562a798dca154317abafe2e4af090 av_one_half  avia-builder-el-4  el_after_av_one_half  el_before_av_hr  flex_column_div av-zero-column-padding '     ><section  class='av_textblock_section av-3990iuo-4370e89975585838c05ac05bfbe11e04'  itemscope=\"itemscope\" itemtype=\"https:\/\/schema.org\/CreativeWork\" ><div class='avia_textblock'  itemprop=\"text\" ><h3>MINT-Management<\/h3>\n<p>Zum 01. Mai 2019 wurde im Zuge des Projektes &#8222;MINT-Netz Bayern&#8220;, einer Initiative der Bay. Staatsregierung, das sogenannte MINT-Management f\u00fcr den Landkreis eingerichtet. Dies hat dabei vielf\u00e4ltige Aufgaben. Wichtigste Aufgabe ist es, Kindern aller Altersstufen Spa\u00df und Begeisterung rund um Mathematik, Informatik, Naturwissenschaft und Technik zu vermitteln. Durch eigene Projekte, Koordination und F\u00f6rderung von Zusammenarbeit in der Region soll es gelingen, ein breites Angebot f\u00fcr Kinder, Jugendliche und Familien zu schaffen!<\/p>\n<\/div><\/section><\/div>\n\n<style type=\"text\/css\" data-created_by=\"avia_inline_auto\" id=\"style-css-av-37l2tds-0e2216f778effd73f39c05600206d5c1\">\n#top .hr.hr-invisible.av-37l2tds-0e2216f778effd73f39c05600206d5c1{\nheight:50px;\n}\n<\/style>\n<div  class='hr av-37l2tds-0e2216f778effd73f39c05600206d5c1 hr-invisible  avia-builder-el-6  el_after_av_one_half  el_before_av_textblock '><span class='hr-inner '><span class=\"hr-inner-style\"><\/span><\/span><\/div>\n<section  class='av_textblock_section av-35zhk1c-ea83719618f897e7e95b97ec9b3c6202'  itemscope=\"itemscope\" itemtype=\"https:\/\/schema.org\/CreativeWork\" ><div class='avia_textblock'  itemprop=\"text\" ><h3>Projekte, Themen und Angebote der MINT-Region:<\/h3>\n<\/div><\/section>\n\n<style type=\"text\/css\" data-created_by=\"avia_inline_auto\" id=\"style-css-av-33o3l1s-63073c138d6704aee68ae35a1e3158b7\">\n.flex_column.av-33o3l1s-63073c138d6704aee68ae35a1e3158b7{\n-webkit-border-radius:0px 0px 0px 0px;\n-moz-border-radius:0px 0px 0px 0px;\nborder-radius:0px 0px 0px 0px;\npadding:0px 0px 0px 0px;\n}\n<\/style>\n<div class='flex_column av-33o3l1s-63073c138d6704aee68ae35a1e3158b7 av_one_fifth  avia-builder-el-8  el_after_av_textblock  el_before_av_one_fifth  first flex_column_div av-zero-column-padding column-top-margin'     ><style type=\"text\/css\" data-created_by=\"avia_inline_auto\" id=\"style-css-av-axobdc-ad81968f52ee186358d52ca0eb80b915\">\n.av_font_icon.av-axobdc-ad81968f52ee186358d52ca0eb80b915 .av-icon-char{\nfont-size:40px;\nline-height:40px;\nwidth:40px;\n}\n<\/style>\n<span  class='av_font_icon av-axobdc-ad81968f52ee186358d52ca0eb80b915 avia_animate_when_visible av-icon-style-border avia-icon-pos-center av-no-color avia-icon-animate'><a href='https:\/\/www.lernreg.de\/index.php\/mint-projekte\/'  target=\"_blank\"  rel=\"noopener noreferrer\" class='av-icon-char' aria-hidden='true' data-av_icon='\ue856' data-av_iconfont='entypo-fontello' ><\/a><span class='av_icon_caption av-special-font'>Projekte<\/span><\/span><\/div>\n\n<style type=\"text\/css\" data-created_by=\"avia_inline_auto\" id=\"style-css-av-313v40g-036989f2b7765f0a5ea42c0085bf66bb\">\n.flex_column.av-313v40g-036989f2b7765f0a5ea42c0085bf66bb{\n-webkit-border-radius:0px 0px 0px 0px;\n-moz-border-radius:0px 0px 0px 0px;\nborder-radius:0px 0px 0px 0px;\npadding:0px 0px 0px 0px;\n}\n<\/style>\n<div class='flex_column av-313v40g-036989f2b7765f0a5ea42c0085bf66bb av_one_fifth  avia-builder-el-10  el_after_av_one_fifth  el_before_av_one_fifth  flex_column_div av-zero-column-padding column-top-margin'     ><style type=\"text\/css\" data-created_by=\"avia_inline_auto\" id=\"style-css-av-2z8aua8-d31f83eee6fcc8d447f5a7bd87a3b0be\">\n.av_font_icon.av-2z8aua8-d31f83eee6fcc8d447f5a7bd87a3b0be .av-icon-char{\nfont-size:40px;\nline-height:40px;\nwidth:40px;\n}\n<\/style>\n<span  class='av_font_icon av-2z8aua8-d31f83eee6fcc8d447f5a7bd87a3b0be avia_animate_when_visible av-icon-style-border avia-icon-pos-center av-no-color avia-icon-animate'><a href='https:\/\/www.lernreg.de\/index.php\/mint-und-eltern\/'  target=\"_blank\"  rel=\"noopener noreferrer\" class='av-icon-char' aria-hidden='true' data-av_icon='\ueaf0' data-av_iconfont='icofont' ><\/a><span class='av_icon_caption av-special-font'>MINT und Eltern<\/span><\/span><\/div>\n\n<style type=\"text\/css\" data-created_by=\"avia_inline_auto\" id=\"style-css-av-2xrk1sw-fdea2ee9e219eb446bc627ab5189ee2b\">\n.flex_column.av-2xrk1sw-fdea2ee9e219eb446bc627ab5189ee2b{\n-webkit-border-radius:0px 0px 0px 0px;\n-moz-border-radius:0px 0px 0px 0px;\nborder-radius:0px 0px 0px 0px;\npadding:0px 0px 0px 0px;\n}\n<\/style>\n<div class='flex_column av-2xrk1sw-fdea2ee9e219eb446bc627ab5189ee2b av_one_fifth  avia-builder-el-12  el_after_av_one_fifth  el_before_av_one_fifth  flex_column_div av-zero-column-padding column-top-margin'     ><style type=\"text\/css\" data-created_by=\"avia_inline_auto\" id=\"style-css-av-2vvj9xs-3e11ac5e6dc4c018db53ae35d81db681\">\n.av_font_icon.av-2vvj9xs-3e11ac5e6dc4c018db53ae35d81db681 .av-icon-char{\nfont-size:40px;\nline-height:40px;\nwidth:40px;\n}\n<\/style>\n<span  class='av_font_icon av-2vvj9xs-3e11ac5e6dc4c018db53ae35d81db681 avia_animate_when_visible av-icon-style-border avia-icon-pos-center av-no-color avia-icon-animate'><a href='https:\/\/www.lernreg.de\/index.php\/themenmonat-mint\/'  target=\"_blank\"  rel=\"noopener noreferrer\" class='av-icon-char' aria-hidden='true' data-av_icon='\ue84f' data-av_iconfont='entypo-fontello' ><\/a><span class='av_icon_caption av-special-font'>Themenmonat MINT und Lesen<\/span><\/span><\/div>\n\n<style type=\"text\/css\" data-created_by=\"avia_inline_auto\" id=\"style-css-av-2tygkc0-639cb55640014282d1351726e0249e9c\">\n.flex_column.av-2tygkc0-639cb55640014282d1351726e0249e9c{\n-webkit-border-radius:0px 0px 0px 0px;\n-moz-border-radius:0px 0px 0px 0px;\nborder-radius:0px 0px 0px 0px;\npadding:0px 0px 0px 0px;\n}\n<\/style>\n<div class='flex_column av-2tygkc0-639cb55640014282d1351726e0249e9c av_one_fifth  avia-builder-el-14  el_after_av_one_fifth  el_before_av_one_fifth  flex_column_div av-zero-column-padding column-top-margin'     ><style type=\"text\/css\" data-created_by=\"avia_inline_auto\" id=\"style-css-av-2ssafk0-08eca39565d983dd4ef481f080f61838\">\n.av_font_icon.av-2ssafk0-08eca39565d983dd4ef481f080f61838 .av-icon-char{\nfont-size:40px;\nline-height:40px;\nwidth:40px;\n}\n<\/style>\n<span  class='av_font_icon av-2ssafk0-08eca39565d983dd4ef481f080f61838 avia_animate_when_visible av-icon-style-border avia-icon-pos-center av-no-color avia-icon-animate'><a href='https:\/\/www.lernreg.de\/index.php\/fuer-zuhause\/'  target=\"_blank\"  rel=\"noopener noreferrer\" class='av-icon-char' aria-hidden='true' data-av_icon='\uec02' data-av_iconfont='icofont' ><\/a><span class='av_icon_caption av-special-font'>MINT f\u00fcr Zuhause<\/span><\/span><\/div>\n\n<style type=\"text\/css\" data-created_by=\"avia_inline_auto\" id=\"style-css-av-2qpj8u8-79e2cea3768011c5df01fe5a1ddf6af5\">\n.flex_column.av-2qpj8u8-79e2cea3768011c5df01fe5a1ddf6af5{\n-webkit-border-radius:0px 0px 0px 0px;\n-moz-border-radius:0px 0px 0px 0px;\nborder-radius:0px 0px 0px 0px;\npadding:0px 0px 0px 0px;\n}\n<\/style>\n<div class='flex_column av-2qpj8u8-79e2cea3768011c5df01fe5a1ddf6af5 av_one_fifth  avia-builder-el-16  el_after_av_one_fifth  el_before_av_hr  flex_column_div av-zero-column-padding column-top-margin'     ><style type=\"text\/css\" data-created_by=\"avia_inline_auto\" id=\"style-css-av-2ohvvj4-21e3d72eb98862a197191fb48c57acfa\">\n.av_font_icon.av-2ohvvj4-21e3d72eb98862a197191fb48c57acfa .av-icon-char{\nfont-size:40px;\nline-height:40px;\nwidth:40px;\n}\n<\/style>\n<span  class='av_font_icon av-2ohvvj4-21e3d72eb98862a197191fb48c57acfa avia_animate_when_visible av-icon-style-border avia-icon-pos-center av-no-color avia-icon-animate'><a href='https:\/\/www.lernreg.de\/index.php\/mint-in-kitas\/'  target=\"_blank\"  rel=\"noopener noreferrer\" class='av-icon-char' aria-hidden='true' data-av_icon='\ueacc' data-av_iconfont='icofont' ><\/a><span class='av_icon_caption av-special-font'>MINT in Kitas<\/span><\/span><\/div>\n\n<style type=\"text\/css\" data-created_by=\"avia_inline_auto\" id=\"style-css-av-2n6luds-8ab7e826a603a2797bab72177b7992cc\">\n#top .hr.hr-invisible.av-2n6luds-8ab7e826a603a2797bab72177b7992cc{\nheight:50px;\n}\n<\/style>\n<div  class='hr av-2n6luds-8ab7e826a603a2797bab72177b7992cc hr-invisible  avia-builder-el-18  el_after_av_one_fifth  el_before_av_textblock '><span class='hr-inner '><span class=\"hr-inner-style\"><\/span><\/span><\/div>\n<section  class='av_textblock_section av-2m5mm00-59927fda4edda53b05c1fc2b8552632d'  itemscope=\"itemscope\" itemtype=\"https:\/\/schema.org\/CreativeWork\" ><div class='avia_textblock'  itemprop=\"text\" ><h3><b>Folgende Ziele verfolgt der Landkreis mit der Etablierung eines MINT-Managements:<\/b><\/h3>\n<\/div><\/section>\n<section  class='av_textblock_section av-2jcsupc-aefcb5104effd0383717ef2721d03fd7'  itemscope=\"itemscope\" itemtype=\"https:\/\/schema.org\/CreativeWork\" ><div class='avia_textblock'  itemprop=\"text\" ><ul type=\"disc\">\n<li>Regelm\u00e4\u00dfiger und systematisierter Zugang zu MINT-Projekten f\u00fcr jedes Kind unabh\u00e4ngig von Alter und Schulart von der Fr\u00fchkindheit bis zum Schulabgang<\/li>\n<li>Kooperation an den \u00dcberg\u00e4ngen entlang der Bildungskette<\/li>\n<li>Vernetzung und Wissenstransfer mit dem regionalen Netzwerk, sowie mit anderen St\u00e4dten und Landkreisen<\/li>\n<li>Digitalisierung an Schulen und Digitale Bildung in der Gesellschaft<\/li>\n<li>St\u00e4rkung der schulart- und schulort\u00fcbergreifenden Zusammenarbeit<\/li>\n<li>F\u00f6rderung des MINT-Interesses in der Fr\u00fchkindheit<\/li>\n<li>St\u00e4rkung junger Talente am \u00dcbergang Schule &#8211; Beruf sowie in der Ausbildung<\/li>\n<li>Unterst\u00fctzung interessierter und talentierter M\u00e4dchen und Frauen<\/li>\n<li>F\u00f6rderung eines breiten MINT-Begriffs und Sensibilisierung f\u00fcr die allt\u00e4gliche Bedeutung technischer Zusammenh\u00e4nge<\/li>\n<\/ul>\n<\/div><\/section>\n\n<style type=\"text\/css\" data-created_by=\"avia_inline_auto\" id=\"style-css-av-2il9c9c-a08c358a4edb0c280f3554d2215cb879\">\n#top .hr.hr-invisible.av-2il9c9c-a08c358a4edb0c280f3554d2215cb879{\nheight:50px;\n}\n<\/style>\n<div  class='hr av-2il9c9c-a08c358a4edb0c280f3554d2215cb879 hr-invisible  avia-builder-el-21  el_after_av_textblock  el_before_av_textblock '><span class='hr-inner '><span class=\"hr-inner-style\"><\/span><\/span><\/div>\n<section  class='av_textblock_section av-2g2gqi8-5dd84b39f1c31449ee4406e44cf70640'  itemscope=\"itemscope\" itemtype=\"https:\/\/schema.org\/CreativeWork\" ><div class='avia_textblock'  itemprop=\"text\" ><h3>Handlungsfelder der MINT-Region:<\/h3>\n<\/div><\/section>\n\n<style type=\"text\/css\" data-created_by=\"avia_inline_auto\" id=\"style-css-av-2eq9hdc-8f12b6d891bf659e4294af6dabe4366c\">\n.flex_column.av-2eq9hdc-8f12b6d891bf659e4294af6dabe4366c{\n-webkit-border-radius:0px 0px 0px 0px;\n-moz-border-radius:0px 0px 0px 0px;\nborder-radius:0px 0px 0px 0px;\npadding:0px 0px 0px 0px;\n}\n<\/style>\n<div class='flex_column av-2eq9hdc-8f12b6d891bf659e4294af6dabe4366c av_one_fourth  avia-builder-el-23  el_after_av_textblock  el_before_av_one_fourth  first flex_column_div av-zero-column-padding column-top-margin'     ><style type=\"text\/css\" data-created_by=\"avia_inline_auto\" id=\"style-css-av-2dnw3fk-82b46f1e67b9cf92b1062aeeb65fba2a\">\n.av_font_icon.av-2dnw3fk-82b46f1e67b9cf92b1062aeeb65fba2a .av-icon-char{\nfont-size:40px;\nline-height:40px;\nwidth:40px;\n}\n<\/style>\n<span  class='av_font_icon av-2dnw3fk-82b46f1e67b9cf92b1062aeeb65fba2a avia_animate_when_visible av-icon-style-border avia-icon-pos-center av-no-color avia-icon-animate'><span class='av-icon-char' aria-hidden='true' data-av_icon='\ueacc' data-av_iconfont='icofont' ><\/span><span class='av_icon_caption av-special-font'>(Klein-)kinder neugierig machen<\/span><\/span><\/div>\n\n<style type=\"text\/css\" data-created_by=\"avia_inline_auto\" id=\"style-css-av-2bheqgw-33be33bac72a2562b184e26669e058e8\">\n.flex_column.av-2bheqgw-33be33bac72a2562b184e26669e058e8{\n-webkit-border-radius:0px 0px 0px 0px;\n-moz-border-radius:0px 0px 0px 0px;\nborder-radius:0px 0px 0px 0px;\npadding:0px 0px 0px 0px;\n}\n<\/style>\n<div class='flex_column av-2bheqgw-33be33bac72a2562b184e26669e058e8 av_one_fourth  avia-builder-el-25  el_after_av_one_fourth  el_before_av_one_fourth  flex_column_div av-zero-column-padding column-top-margin'     ><style type=\"text\/css\" data-created_by=\"avia_inline_auto\" id=\"style-css-av-29mj434-8a1295caca4a311cb98f7291265934ad\">\n.av_font_icon.av-29mj434-8a1295caca4a311cb98f7291265934ad .av-icon-char{\nfont-size:40px;\nline-height:40px;\nwidth:40px;\n}\n<\/style>\n<span  class='av_font_icon av-29mj434-8a1295caca4a311cb98f7291265934ad avia_animate_when_visible av-icon-style-border avia-icon-pos-center av-no-color avia-icon-animate'><span class='av-icon-char' aria-hidden='true' data-av_icon='\ueaf0' data-av_iconfont='icofont' ><\/span><span class='av_icon_caption av-special-font'>Eltern motivieren und informieren<\/span><\/span><\/div>\n\n<style type=\"text\/css\" data-created_by=\"avia_inline_auto\" id=\"style-css-av-28ccaz4-bf83851fe1a37ba4fde7b579548488d2\">\n.flex_column.av-28ccaz4-bf83851fe1a37ba4fde7b579548488d2{\n-webkit-border-radius:0px 0px 0px 0px;\n-moz-border-radius:0px 0px 0px 0px;\nborder-radius:0px 0px 0px 0px;\npadding:0px 0px 0px 0px;\n}\n<\/style>\n<div class='flex_column av-28ccaz4-bf83851fe1a37ba4fde7b579548488d2 av_one_fourth  avia-builder-el-27  el_after_av_one_fourth  el_before_av_one_fourth  flex_column_div av-zero-column-padding column-top-margin'     ><style type=\"text\/css\" data-created_by=\"avia_inline_auto\" id=\"style-css-av-26d0sf4-0788795142bfe8801ac9c9d70bbcbf28\">\n.av_font_icon.av-26d0sf4-0788795142bfe8801ac9c9d70bbcbf28 .av-icon-char{\nfont-size:40px;\nline-height:40px;\nwidth:40px;\n}\n<\/style>\n<span  class='av_font_icon av-26d0sf4-0788795142bfe8801ac9c9d70bbcbf28 avia_animate_when_visible av-icon-style-border avia-icon-pos-center av-no-color avia-icon-animate'><span class='av-icon-char' aria-hidden='true' data-av_icon='\uebed' data-av_iconfont='icofont' ><\/span><span class='av_icon_caption av-special-font'>Erziehungspersonal und Lehrkr\u00e4fte qualifizieren<\/span><\/span><\/div>\n\n<style type=\"text\/css\" data-created_by=\"avia_inline_auto\" id=\"style-css-av-25m77m8-d28e7b2298c38bf6ac57aa2adc9e2d16\">\n.flex_column.av-25m77m8-d28e7b2298c38bf6ac57aa2adc9e2d16{\n-webkit-border-radius:0px 0px 0px 0px;\n-moz-border-radius:0px 0px 0px 0px;\nborder-radius:0px 0px 0px 0px;\npadding:0px 0px 0px 0px;\n}\n<\/style>\n<div class='flex_column av-25m77m8-d28e7b2298c38bf6ac57aa2adc9e2d16 av_one_fourth  avia-builder-el-29  el_after_av_one_fourth  el_before_av_hr  flex_column_div av-zero-column-padding column-top-margin'     ><style type=\"text\/css\" data-created_by=\"avia_inline_auto\" id=\"style-css-av-23td3u8-dd214110e5300eb09a2db7f81b83a1be\">\n.av_font_icon.av-23td3u8-dd214110e5300eb09a2db7f81b83a1be .av-icon-char{\nfont-size:40px;\nline-height:40px;\nwidth:40px;\n}\n<\/style>\n<span  class='av_font_icon av-23td3u8-dd214110e5300eb09a2db7f81b83a1be avia_animate_when_visible av-icon-style-border avia-icon-pos-center av-no-color avia-icon-animate'><span class='av-icon-char' aria-hidden='true' data-av_icon='\ueaef' data-av_iconfont='icofont' ><\/span><span class='av_icon_caption av-special-font'>M\u00e4dchen f\u00fcr neue Perspektiven gewinnen<\/span><\/span><\/div>\n\n<style type=\"text\/css\" data-created_by=\"avia_inline_auto\" id=\"style-css-av-7f7mrk-e0da3625411dff31f09a21291f5aa497\">\n#top .hr.hr-invisible.av-7f7mrk-e0da3625411dff31f09a21291f5aa497{\nheight:50px;\n}\n<\/style>\n<div  class='hr av-7f7mrk-e0da3625411dff31f09a21291f5aa497 hr-invisible  avia-builder-el-31  el_after_av_one_fourth  el_before_av_hr '><span class='hr-inner '><span class=\"hr-inner-style\"><\/span><\/span><\/div>\n\n<style type=\"text\/css\" data-created_by=\"avia_inline_auto\" id=\"style-css-av-1zjlwv4-da6faafcc97570fad253a5caad11c862\">\n#top .hr.hr-invisible.av-1zjlwv4-da6faafcc97570fad253a5caad11c862{\nheight:50px;\n}\n<\/style>\n<div  class='hr av-1zjlwv4-da6faafcc97570fad253a5caad11c862 hr-invisible  avia-builder-el-32  el_after_av_hr  el_before_av_one_full '><span class='hr-inner '><span class=\"hr-inner-style\"><\/span><\/span><\/div>\n\n<style type=\"text\/css\" data-created_by=\"avia_inline_auto\" id=\"style-css-av-1z33zow-c863b98de5c69e665da6db1e1f8ca83f\">\n.flex_column.av-1z33zow-c863b98de5c69e665da6db1e1f8ca83f{\n-webkit-border-radius:0px 0px 0px 0px;\n-moz-border-radius:0px 0px 0px 0px;\nborder-radius:0px 0px 0px 0px;\npadding:0px 0px 0px 0px;\n}\n<\/style>\n<div class='flex_column av-1z33zow-c863b98de5c69e665da6db1e1f8ca83f av_one_full  avia-builder-el-33  el_after_av_hr  el_before_av_one_full  first flex_column_div av-zero-column-padding '     ><section  class='av_textblock_section av-1w2hvsw-04781645de3fa6643595afe0b462549c'  itemscope=\"itemscope\" itemtype=\"https:\/\/schema.org\/CreativeWork\" ><div class='avia_textblock'  itemprop=\"text\" ><h1><strong>Das Technikerlebniszentrum kommt!<\/strong><\/h1>\n<\/div><\/section><\/div>\n\n<style type=\"text\/css\" data-created_by=\"avia_inline_auto\" id=\"style-css-av-1uocyy8-57303dca10af94b2b900bf6c1f88489f\">\n.flex_column.av-1uocyy8-57303dca10af94b2b900bf6c1f88489f{\n-webkit-border-radius:0px 0px 0px 0px;\n-moz-border-radius:0px 0px 0px 0px;\nborder-radius:0px 0px 0px 0px;\npadding:0px 0px 0px 0px;\n}\n<\/style>\n<div class='flex_column av-1uocyy8-57303dca10af94b2b900bf6c1f88489f av_one_full  avia-builder-el-35  el_after_av_one_full  el_before_av_hr  first flex_column_div av-zero-column-padding column-top-margin'     ><section  class='av_textblock_section av-1sqctn4-4f376f4040ff7c67df62759b50aa1890'  itemscope=\"itemscope\" itemtype=\"https:\/\/schema.org\/CreativeWork\" ><div class='avia_textblock'  itemprop=\"text\" ><p>Einen Ort schaffen, an dem Kinder und Jugendliche Naturwissenschaften und Technik erleben und ausprobieren k\u00f6nnen &#8211; darum geht es beim Technikerlebniszentrum.<\/p>\n<p>Nach vielen Monaten der Planung und der Entwicklung ist es soweit: Der Ausschuss f\u00fcr Kreisentwicklung, Umwelt, Tourismus, Sport und Kultur (KUTA) hat gr\u00fcnes Licht f\u00fcr die Einrichtung eines Technikerlebniszentrums f\u00fcr den Landkreis gegeben. Standort daf\u00fcr wird das Bahnhofsgeb\u00e4ude in Bodenw\u00f6hr. Dort wird es integriert in eine Vielzahl von Angeboten vor Ort.<\/p>\n<p>Konkret soll es dort vor allem Platz f\u00fcr Laborarbeit und technisches Arbeiten geben. Arbeiten mit Holz und Metall werden dann genauso m\u00f6glich, wie das Kennenlernen von Stromkreisen, L\u00f6tkurse und andere Bereiche der Physik. Erg\u00e4nzt wird die Einrichtung durch R\u00e4umlichkeiten f\u00fcr Weiterbildungen und andere Veranstaltungen. Dar\u00fcber hinaus wird dort auch die Digitalisierung eine wichtige Rolle spielen, die vor allem durch Kooperation mit Partnern integriert werden wird.\u00a0Vor Ort wird es Kurse f\u00fcr Kinder und Jugendlichen der Altersgruppen 8 bis 18 Jahre geben. Neben der Nutzung durch die Schulen soll auch eine au\u00dferschulische Nutzung m\u00f6glich werden. Durch Kooperation mit Unternehmen und begeisterten Ehrenamtlichen soll vor Ort das Lernen ohne Druck im Fokus stehen. Neben Kindern und Jugendlichen sollen aber auch Eltern und P\u00e4dagogen in der Einrichtung sensibilisiert und begeistert werden.<\/p>\n<p>Im n\u00e4chsten Schritt wird das Bahnhofsgeb\u00e4ude saniert, damit die Voraussetzungen f\u00fcr die Einrichtungen geschaffen werden k\u00f6nnen. Ein Projektstart f\u00fcr das Technikerlebniszentrum ist f\u00fcr 2024 vorgesehen.<\/p>\n<\/div><\/section><\/div>\n\n<style type=\"text\/css\" data-created_by=\"avia_inline_auto\" id=\"style-css-av-1rqddu8-910dc3dd8dbef874401a0e8b3682fcfb\">\n#top .hr.hr-invisible.av-1rqddu8-910dc3dd8dbef874401a0e8b3682fcfb{\nheight:50px;\n}\n<\/style>\n<div  class='hr av-1rqddu8-910dc3dd8dbef874401a0e8b3682fcfb hr-invisible  avia-builder-el-37  el_after_av_one_full  el_before_av_hr '><span class='hr-inner '><span class=\"hr-inner-style\"><\/span><\/span><\/div>\n\n<style type=\"text\/css\" data-created_by=\"avia_inline_auto\" id=\"style-css-av-1pibnk0-32025201a7a72f990d66fde50538444b\">\n#top .hr.hr-invisible.av-1pibnk0-32025201a7a72f990d66fde50538444b{\nheight:50px;\n}\n<\/style>\n<div  class='hr av-1pibnk0-32025201a7a72f990d66fde50538444b hr-invisible  avia-builder-el-38  el_after_av_hr  el_before_av_one_full '><span class='hr-inner '><span class=\"hr-inner-style\"><\/span><\/span><\/div>\n\n<style type=\"text\/css\" data-created_by=\"avia_inline_auto\" id=\"style-css-av-1p59m9c-3cbe749d2ecfb55daef2807bf27f5eb0\">\n.flex_column.av-1p59m9c-3cbe749d2ecfb55daef2807bf27f5eb0{\n-webkit-border-radius:0px 0px 0px 0px;\n-moz-border-radius:0px 0px 0px 0px;\nborder-radius:0px 0px 0px 0px;\npadding:0px 0px 0px 0px;\n}\n<\/style>\n<div class='flex_column av-1p59m9c-3cbe749d2ecfb55daef2807bf27f5eb0 av_one_full  avia-builder-el-39  el_after_av_hr  el_before_av_hr  first flex_column_div av-zero-column-padding '     ><section  class='av_textblock_section av-5tj5og-1ee22c04042fa02110a87834a851477d'  itemscope=\"itemscope\" itemtype=\"https:\/\/schema.org\/CreativeWork\" ><div class='avia_textblock'  itemprop=\"text\" ><h1><strong>Veranstaltungen rund um MINT<\/strong><\/h1>\n<\/div><\/section><\/div>\n\n<style type=\"text\/css\" data-created_by=\"avia_inline_auto\" id=\"style-css-av-625iio-8c049034f319df9a6bff7edebf29fc4d\">\n#top .hr.hr-invisible.av-625iio-8c049034f319df9a6bff7edebf29fc4d{\nheight:50px;\n}\n<\/style>\n<div  class='hr av-625iio-8c049034f319df9a6bff7edebf29fc4d hr-invisible  avia-builder-el-41  el_after_av_one_full  el_before_av_one_half '><span class='hr-inner '><span class=\"hr-inner-style\"><\/span><\/span><\/div>\n\n<style type=\"text\/css\" data-created_by=\"avia_inline_auto\" id=\"style-css-av-fxum8-034e38c77bb45f8c8f1dc6a1e571e720\">\n.flex_column.av-fxum8-034e38c77bb45f8c8f1dc6a1e571e720{\n-webkit-border-radius:0px 0px 0px 0px;\n-moz-border-radius:0px 0px 0px 0px;\nborder-radius:0px 0px 0px 0px;\npadding:0px 0px 0px 0px;\n}\n<\/style>\n<div class='flex_column av-fxum8-034e38c77bb45f8c8f1dc6a1e571e720 av_one_half  avia-builder-el-42  el_after_av_hr  el_before_av_one_half  first flex_column_div av-zero-column-padding '     ><style type=\"text\/css\" data-created_by=\"avia_inline_auto\" id=\"style-css-av-ljzcmvuq-99d8743eb5dbdc9b9374546f21f49965\">\n.avia-image-container.av-ljzcmvuq-99d8743eb5dbdc9b9374546f21f49965 img.avia_image{\nbox-shadow:none;\n}\n.avia-image-container.av-ljzcmvuq-99d8743eb5dbdc9b9374546f21f49965 .av-image-caption-overlay-center{\ncolor:#ffffff;\n}\n<\/style>\n<div  class='avia-image-container av-ljzcmvuq-99d8743eb5dbdc9b9374546f21f49965 av-styling- avia-align-center  avia-builder-el-43  avia-builder-el-no-sibling '   itemprop=\"image\" itemscope=\"itemscope\" itemtype=\"https:\/\/schema.org\/ImageObject\" ><div class=\"avia-image-container-inner\"><div class=\"avia-image-overlay-wrap\"><img decoding=\"async\" class='wp-image-5807 avia-img-lazy-loading-not-5807 avia_image ' src=\"https:\/\/www.lernreg.de\/wp-content\/uploads\/2023\/07\/IMG_1970-1-300x225.jpeg\" alt='' title='IMG_1970'  height=\"225\" width=\"300\"  itemprop=\"thumbnailUrl\" srcset=\"https:\/\/www.lernreg.de\/wp-content\/uploads\/2023\/07\/IMG_1970-1-300x225.jpeg 300w, https:\/\/www.lernreg.de\/wp-content\/uploads\/2023\/07\/IMG_1970-1-1030x773.jpeg 1030w, https:\/\/www.lernreg.de\/wp-content\/uploads\/2023\/07\/IMG_1970-1-768x576.jpeg 768w, https:\/\/www.lernreg.de\/wp-content\/uploads\/2023\/07\/IMG_1970-1-1536x1152.jpeg 1536w, https:\/\/www.lernreg.de\/wp-content\/uploads\/2023\/07\/IMG_1970-1-2048x1536.jpeg 2048w, https:\/\/www.lernreg.de\/wp-content\/uploads\/2023\/07\/IMG_1970-1-1500x1125.jpeg 1500w, https:\/\/www.lernreg.de\/wp-content\/uploads\/2023\/07\/IMG_1970-1-705x529.jpeg 705w\" sizes=\"(max-width: 300px) 100vw, 300px\" \/><\/div><\/div><\/div><\/div>\n\n<style type=\"text\/css\" data-created_by=\"avia_inline_auto\" id=\"style-css-av-2cc4lc-f5a73e894f8830ecbebfd2d940315780\">\n.flex_column.av-2cc4lc-f5a73e894f8830ecbebfd2d940315780{\n-webkit-border-radius:0px 0px 0px 0px;\n-moz-border-radius:0px 0px 0px 0px;\nborder-radius:0px 0px 0px 0px;\npadding:0px 0px 0px 0px;\n}\n<\/style>\n<div class='flex_column av-2cc4lc-f5a73e894f8830ecbebfd2d940315780 av_one_half  avia-builder-el-44  el_after_av_one_half  el_before_av_hr  flex_column_div av-zero-column-padding '     ><section  class='av_textblock_section av-ljzcontl-4d7bb0edbb167a23c396c53a19d15a24'  itemscope=\"itemscope\" itemtype=\"https:\/\/schema.org\/CreativeWork\" ><div class='avia_textblock'  itemprop=\"text\" ><p><strong>Kostenloses Escape-Abenteuer im Kunstwaldgarten bei Burglengenfeld<\/strong><\/p>\n<p>Mit Unterst\u00fctzung des Bulmare bringen Sch\u00fclerinnen und Sch\u00fcler des Projekt-Seminars mINTO THE WILD des Johann-Michael-Fischer-Gymnasiums ein kostenloses Outdoor Escape-Abenteuer ins Raffa. Menschen der Region k\u00f6nnen von Juli bis Ende September mit einem au\u00dfergew\u00f6hnlichen R\u00e4tselrucksack im Kunstwaldgarten wandern, dabei in spannende Geschichten eintauchen, versteckte Hinweise suchen, Codes knacken und m\u00fcssen in einer vorgegebenen Zeit zahlreiche Aufgaben l\u00f6sen um das R\u00e4tsel um \u201eBulbo den B\u00e4rtigen\u201c oder \u201eErill den Weltenwanderer\u201c zu l\u00fcften.<\/p>\n<p>Dieses \u00fcberregional einmalige und kostenlose Angebot f\u00fcr Familien und Gruppen wurde jetzt offiziell er\u00f6ffnet. Neben Vertretern des Wohlf\u00fchlbads, des Gymnasiums Burglengenfeld, den umliegenden Schulen und den B\u00fcrgermeistern des St\u00e4dtedreiecks, wohnte auch Landrat Thomas Ebeling der Veranstaltung bei. Die Unterstufensch\u00fclerinnen zeigten mit einer Tanzeinlage ihr K\u00f6nnen und strahlten an diesem herrlichen Sommertag mit der Sonne um die Wette. Das Klassikorchester des JMF-Gymnasiums umrahmte die Veranstaltung musikalisch und begeisterte nicht nur die zahlreichen geladenen Ehreng\u00e4ste, sondern auch die anwesenden Badeg\u00e4ste des Bulmares unter anderem mit dem Klassiker \u201eUnder the sea\u201c. \u00a0In den Gru\u00dfworten betonten sowohl Johannes Ortner, der Gesch\u00e4ftsf\u00fchrer des Bulmare, als auch Matthias Schaller, der Schulleiter des Johann-Michael-Fischer-Gymnasiums, wie sehr sie sich \u00fcber diese bereichernde Kooperation der Institutionen vor Ort freuen. Als Sch\u00fclervertreterin des Projektseminars erl\u00e4uterte Viktoria K\u00f6ppl die Entstehung und Konzeption der R\u00e4tselrucks\u00e4cke und bedankte sich bei allen Unterst\u00fctzern und insbesondere dem Wohlf\u00fchlbad: \u201eOhne die Unterst\u00fctzung des Bulmare als t\u00e4gliche Ausgabestelle der Rucks\u00e4cke, w\u00e4re ein Projekt in dieser Dimension nicht umsetzbar!\u201c.<\/p>\n<p>Normalerweise sind die Teilnehmenden eines Escapegames zusammen in einem Raum eingesperrt aus dem sie in einer vorgegebenen Zeit entkommen m\u00fcssen.\u00a0 Dazu m\u00fcssen Codes geknackt, R\u00e4tsel gel\u00f6st und Zahlenkombinationen gefunden werden um entsprechende Schl\u00f6sser zu \u00f6ffnen. In Anlehnung an derartige Exit-Spiele konzipierten die zw\u00f6lf Seminarteilnehmer mit ihren Lehrkr\u00e4ften Petra Lehner und Andreas Grabmaier \u00fcber ein komplettes Schuljahr hinweg ein besonderes R\u00e4tselabenteuer, das allerdings nicht in einem verschlossenen Zimmer, sondern unter freiem Himmel im Wald gespielt wird. Petra Lehner und Andreas Grabmeier sind sichtlich stolz auf ihre Sch\u00fclergruppe: \u201eDie Sch\u00fcler haben unglaublich viel Zeit investiert und waren sehr kreativ. Sie haben ein Logo entwickelt, die Geschichten selbst geschrieben und die R\u00e4tsel konzipiert, s\u00e4mtliche R\u00e4tselutensilien gebaut, die Rucks\u00e4cke umgen\u00e4ht und die Geschichte sogar selbst illustriert!\u201c.<\/p>\n<p>Der Rucksack voller R\u00e4tsel und Aufgaben f\u00fchrt die Teilnehmergruppen n\u00e4mlich in rund zwei Stunden nicht nur quer durch den Kunstwaldgarten im Raffa \u2013 einem Waldgebiet bei Burglengenfeld, sondern auch durch eine spannende Geschichte. Der R\u00e4tselrucksack kann gegen Pfand im Wohlf\u00fchlbad Bulmare abgeholt werden und ist mit zahlreichen Schl\u00f6ssern verschlossen, die es gilt, St\u00fcck f\u00fcr St\u00fcck zu \u00f6ffnen.<\/p>\n<p>Alle Buchungszeiten und weitere Infos findet man online auf der Homepage des Johann-Michael-Fischer-Gymnasiums Burglengenfeld (jmf-gym.org). Dort kann der Rucksack kostenlos reserviert sowie bei Verf\u00fcgbarkeit auch spontan vor Ort im Bulmare ausgeliehen werden. Das Escapegame wird f\u00fcr zwei Altersstufen mit unterschiedlichem Schwierigkeitsgrad (f\u00fcr Kinder von ca. 8-13 Jahren und f\u00fcr Jugendliche bzw. junge Erwachsene 14+) angeboten und ist f\u00fcr Familienausfl\u00fcge, Kindergeburtstage, Wandertage und allgemein f\u00fcr abenteuerlustige Gruppen von ca. 3 bis ca. 8 Personen geeignet. Bei gr\u00f6\u00dferen Kindergruppen k\u00f6nnen nach vorheriger Anfrage per E-Mail mehrere identische Rucks\u00e4cke ausgeliehen werden. Es gibt auch eine englische Version des R\u00e4tsels f\u00fcr Kinder von 8-13 Jahren! Finanziert wird die Aktion aus Preisgeldern eines ehemaligen Schulprojekts des Johann-Michael-Fischer-Gymnasium sowie durch die bundesweite Stiftung Lernen durch Engagement.<\/p>\n<p>Das Bulmare spendiert den ersten 100 teilnehmenden Kindern und Jugendliche, die es in der vorgegebenen Zeit schaffen, alle R\u00e4tsel zu l\u00f6sen und dem Geheimnis auf die Spur zu kommen, Freikarten f\u00fcrs Wohlf\u00fchlbad. Alle weiteren erfolgreichen Gruppen erwarten dar\u00fcber hinaus kleine \u00dcberraschungen bei der R\u00fcckgabe des Rucksacks. Au\u00dferdem werden im Herbst unter allen Teilnehmenden im Rahmen einer Tombola viele weitere Preise verlost.<\/p>\n<p>Foto: Johann-Michael-Fischer-Gymnasium<\/p>\n<\/div><\/section><\/div>\n\n<style type=\"text\/css\" data-created_by=\"avia_inline_auto\" id=\"style-css-av-1lnc0ds-18f3ae855690b2dd0cf18405be2f1d7d\">\n#top .hr.hr-invisible.av-1lnc0ds-18f3ae855690b2dd0cf18405be2f1d7d{\nheight:50px;\n}\n<\/style>\n<div  class='hr av-1lnc0ds-18f3ae855690b2dd0cf18405be2f1d7d hr-invisible  avia-builder-el-46  el_after_av_one_half  el_before_av_one_fourth '><span class='hr-inner '><span class=\"hr-inner-style\"><\/span><\/span><\/div>\n\n<style type=\"text\/css\" data-created_by=\"avia_inline_auto\" id=\"style-css-av-1jzj8ds-7f5c26160aab07a0155cd83b9875da94\">\n.flex_column.av-1jzj8ds-7f5c26160aab07a0155cd83b9875da94{\n-webkit-border-radius:0px 0px 0px 0px;\n-moz-border-radius:0px 0px 0px 0px;\nborder-radius:0px 0px 0px 0px;\npadding:0px 0px 0px 0px;\n}\n<\/style>\n<div class='flex_column av-1jzj8ds-7f5c26160aab07a0155cd83b9875da94 av_one_fourth  avia-builder-el-47  el_after_av_hr  el_before_av_three_fourth  first flex_column_div av-zero-column-padding '     ><style type=\"text\/css\" data-created_by=\"avia_inline_auto\" id=\"style-css-av-5fs9bk-940a001ba3055e5aecdfbab437a7e617\">\n.avia-image-container.av-5fs9bk-940a001ba3055e5aecdfbab437a7e617 img.avia_image{\nbox-shadow:none;\n}\n.avia-image-container.av-5fs9bk-940a001ba3055e5aecdfbab437a7e617 .av-image-caption-overlay-center{\ncolor:#ffffff;\n}\n<\/style>\n<div  class='avia-image-container av-5fs9bk-940a001ba3055e5aecdfbab437a7e617 av-styling- avia-align-center  avia-builder-el-48  avia-builder-el-no-sibling '   itemprop=\"image\" itemscope=\"itemscope\" itemtype=\"https:\/\/schema.org\/ImageObject\" ><div class=\"avia-image-container-inner\"><div class=\"avia-image-overlay-wrap\"><img decoding=\"async\" class='wp-image-4990 avia-img-lazy-loading-not-4990 avia_image ' src=\"https:\/\/www.lernreg.de\/wp-content\/uploads\/2022\/05\/Termine-Symbolbild-300x300.png\" alt='' title='Termine Symbolbild'  height=\"300\" width=\"300\"  itemprop=\"thumbnailUrl\" srcset=\"https:\/\/www.lernreg.de\/wp-content\/uploads\/2022\/05\/Termine-Symbolbild-300x300.png 300w, https:\/\/www.lernreg.de\/wp-content\/uploads\/2022\/05\/Termine-Symbolbild-1030x1030.png 1030w, https:\/\/www.lernreg.de\/wp-content\/uploads\/2022\/05\/Termine-Symbolbild-80x80.png 80w, https:\/\/www.lernreg.de\/wp-content\/uploads\/2022\/05\/Termine-Symbolbild-768x768.png 768w, https:\/\/www.lernreg.de\/wp-content\/uploads\/2022\/05\/Termine-Symbolbild-36x36.png 36w, https:\/\/www.lernreg.de\/wp-content\/uploads\/2022\/05\/Termine-Symbolbild-180x180.png 180w, https:\/\/www.lernreg.de\/wp-content\/uploads\/2022\/05\/Termine-Symbolbild-705x705.png 705w, https:\/\/www.lernreg.de\/wp-content\/uploads\/2022\/05\/Termine-Symbolbild-120x120.png 120w, https:\/\/www.lernreg.de\/wp-content\/uploads\/2022\/05\/Termine-Symbolbild-450x450.png 450w, https:\/\/www.lernreg.de\/wp-content\/uploads\/2022\/05\/Termine-Symbolbild.png 1280w\" sizes=\"(max-width: 300px) 100vw, 300px\" \/><\/div><\/div><\/div><\/div>\n\n<style type=\"text\/css\" data-created_by=\"avia_inline_auto\" id=\"style-css-av-1gh41sg-dcd6ff635d9346fc335ab94faec025d7\">\n.flex_column.av-1gh41sg-dcd6ff635d9346fc335ab94faec025d7{\n-webkit-border-radius:0px 0px 0px 0px;\n-moz-border-radius:0px 0px 0px 0px;\nborder-radius:0px 0px 0px 0px;\npadding:0px 0px 0px 0px;\n}\n<\/style>\n<div class='flex_column av-1gh41sg-dcd6ff635d9346fc335ab94faec025d7 av_three_fourth  avia-builder-el-49  el_after_av_one_fourth  el_before_av_hr  flex_column_div av-zero-column-padding '     ><section  class='av_textblock_section av-1dxhni8-5bf556611e4dc83c0762de5cf859f680'  itemscope=\"itemscope\" itemtype=\"https:\/\/schema.org\/CreativeWork\" ><div class='avia_textblock'  itemprop=\"text\" ><p><strong>Ferienprogramm: Forschertag &#8222;Bionik&#8220; in Dieterskirchen<\/strong><\/p>\n<p>Am Mittwoch, den 07.09.2022, findet in der Grundschule Dieterskirchen von 9 bis 12 Uhr ein Forschertag zum Thema Bionik statt. Zusammen mit der Naturparkrangerin erleben die Kinder hautnah, wo Natur und Technik voneinander profitiert haben. Teilnehmen k\u00f6nnen Kinder zwischen ca. 6 und 10 Jahren. Die Teilnahme ist kostenlos. Die Veranstaltung findet im Rahmen des Ferienprogramms von Stadt und Verwaltungsgemeinschaft Neunburg und der Gemeinde Bodenw\u00f6hr statt. Anmeldung erfolgt bei der Verwaltungsgemeinschaft Neunburg vorm Wald. Frau Lottner, Tel. 09672 \/ 92 05 &#8211; 16 oder E-Mail lottner@vg-neunburg.de. Anmeldeschluss: 26.08.2022<\/p>\n<p><strong>Ferienprogramm: Forschertag &#8222;Magnetismus&#8220; in Neukirchen-Balbini<\/strong><\/p>\n<p>Am Montag, den 05.09.2022, findet im Schie\u00dfl-Hof von 9 bis 12 Uhr ein Forschertag zum Thema Magnetismus statt. An diesem Vormittag lernen die Kinder die Welt der Magnete kennen und k\u00f6nnen sich an kleinen versuchen selbst am Forschen ausprobieren. Teilnehmen k\u00f6nnen Kinder zwischen ca. 6 und 10 Jahren. Die Teilnahme ist kostenlos. Die Veranstaltung findet im Rahmen des Ferienprogramms von Stadt und Verwaltungsgemeinschaft Neunburg und der Gemeinde Bodenw\u00f6hr statt. Anmeldung erfolgt bei der Verwaltungsgemeinschaft Neunburg vorm Wald. Frau Lottner, Tel. 09672 \/ 92 05 &#8211; 16 oder E-Mail lottner@vg-neunburg.de. Anmeldeschluss: 26.08.2022<\/p>\n<p><strong>Ferienprogramm: Forschertag &#8222;Bionik&#8220; in Schwarzhofen<\/strong><\/p>\n<p>Am Mittwoch, den 31.08.2022, findet in der Grundschule Schwarzhofen von 9 bis 12 Uhr ein Forschertag zum Thema Bionik statt. Zusammen mit der Naturparkrangerin erleben die Kinder hautnah, wo Natur und Technik voneinander profitiert haben. Teilnehmen k\u00f6nnen Kinder zwischen ca. 6 und 10 Jahren. Die Teilnahme ist kostenlos. Die Veranstaltung findet im Rahmen des Ferienprogramms von Stadt und Verwaltungsgemeinschaft Neunburg und der Gemeinde Bodenw\u00f6hr statt. Anmeldung erfolgt bei der Verwaltungsgemeinschaft Neunburg vorm Wald. Frau Lottner, Tel. 09672 \/ 92 05 &#8211; 16 oder E-Mail lottner@vg-neunburg.de. Anmeldeschluss: 26.08.2022<\/p>\n<p><strong>Forschertag in der Stadtbibliothek Burglengenfeld am 09.07.2022<\/strong><\/p>\n<p>Am 09.07.2022 findet von 10-12:30 Uhr ein Forschertag in der Stadtbibliothek Burglengenfeld statt. Kinder zwischen ca. 6 und 11 Jahren sind herzlich eingeladen, sich spielerisch mit verschiedenen Themen der MINT-Welt zu besch\u00e4ftigen. An drei Station k\u00f6nnen die Kinder und ihre Eltern Forschen, Experimentieren und Fragen stellen. Das Angebot ist kostenlos. Eine Anmeldung ist nicht zwingend erforderlich, spontane Teilnahme ist m\u00f6glich. Mehr Infos dazu gibt es <a href=\"https:\/\/www.lernreg.de\/index.php\/mint-projekte\/\">hier<\/a>.<\/p>\n<p><strong>Tag der offenen T\u00fcr bei HORSCH am 14.05.2022<\/strong><\/p>\n<p>Am 14.05.2022 findet bei HORSCH ein Tag der offenen T\u00fcr statt. Von 9 bis 16 Uhr k\u00f6nnen Besucherinnen und Besucher das Werk in Sitzenhof bei Schwandorf kennenlernen, sich \u00fcber Projekte und Ausbildungsm\u00f6glichkeiten informieren und die spannende Welt rund um Technik, Landwirtschaft und Ern\u00e4hrung hineinschnuppern. Neben Werksf\u00fchrungen und Maschinenvorf\u00fchrungen gibt es auch ein tolles Kinderprogramm. F\u00fcr das leibliche Wohl wird ebenfalls bestens gesorgt. Eine Anmeldung ist nicht notwendig. Weitere Infos gibt es <a href=\"https:\/\/www.horsch.com\/home\/detail?tx_news_pi1%5Baction%5D=detail&amp;tx_news_pi1%5Bcontroller%5D=News&amp;tx_news_pi1%5Bnews%5D=2549&amp;cHash=ff2cb6ec6d446141c7bb75e2e29a2e8d\">hier<\/a>.<\/p>\n<p><strong>World Robot Olympiade &#8211; Regionaler Roboterwettbewerb im BayernLab am 22.07.2022<\/strong><\/p>\n<p>Die WRO ein ein internationaler Roboterwettbewerb, bei dem Kinder und Jugendliche in verschiedenen Wettbewerbskategorien und Altersklassen antreten k\u00f6nnen. Das BayernLab Nabburg organisiert einen regionalen &#8222;RoboMission Junior&#8220;-Wettbewerb. Dieser findet am Freitag, den 22.07.2022 in Nabburg statt. Mitmachen k\u00f6nnen Kinder und Jugendliche zwischen 11 und 15 Jahren in 2er- oder 3er-Teams. Das diesj\u00e4hrige Saisonthema lautet &#8222;My Robot, My Friend&#8220;. Dabei soll gezeigt werden, wie Roboter in unserem t\u00e4glichen Leben eine Unterst\u00fctzung werden k\u00f6nnen oder bereits sind.<\/p>\n<p>Bei Fragen zur Veranstaltung oder zur WOR im Allgemeinen wenden Sie sich gerne an <a href=\"mailto:nabburg@bayernlab.bayern.de\">nabburg@bayernlab.bayern.de<\/a> oder rufen Sie an unter 09433 4119830. Weitere Infos gibt es auch unter <a href=\"https:\/\/www.worldrobotolympiad.de\/\">https:\/\/www.worldrobotolympiad.de\/<\/a>. Das BayernLab Nabburg freut sich \u00fcber Ihr Interesse und Eure Teilnahme.<\/p>\n<\/div><\/section><\/div>\n\n<style type=\"text\/css\" data-created_by=\"avia_inline_auto\" id=\"style-css-av-1de3kc0-f40ecca21d7bbf9c7683facd86fa4f16\">\n#top .hr.hr-invisible.av-1de3kc0-f40ecca21d7bbf9c7683facd86fa4f16{\nheight:50px;\n}\n<\/style>\n<div  class='hr av-1de3kc0-f40ecca21d7bbf9c7683facd86fa4f16 hr-invisible  avia-builder-el-51  el_after_av_three_fourth  el_before_av_hr '><span class='hr-inner '><span class=\"hr-inner-style\"><\/span><\/span><\/div>\n\n<style type=\"text\/css\" data-created_by=\"avia_inline_auto\" id=\"style-css-av-1bi8d34-cd52e9e0c6115c85c7110ae48e59a8f4\">\n#top .hr.hr-invisible.av-1bi8d34-cd52e9e0c6115c85c7110ae48e59a8f4{\nheight:50px;\n}\n<\/style>\n<div  class='hr av-1bi8d34-cd52e9e0c6115c85c7110ae48e59a8f4 hr-invisible  avia-builder-el-52  el_after_av_hr  el_before_av_one_half '><span class='hr-inner '><span class=\"hr-inner-style\"><\/span><\/span><\/div>\n\n<style type=\"text\/css\" data-created_by=\"avia_inline_auto\" id=\"style-css-av-1a7m4f4-a7d5b96771f4745d7cb56af7126d4872\">\n.flex_column.av-1a7m4f4-a7d5b96771f4745d7cb56af7126d4872{\n-webkit-border-radius:0px 0px 0px 0px;\n-moz-border-radius:0px 0px 0px 0px;\nborder-radius:0px 0px 0px 0px;\npadding:0px 0px 0px 0px;\n}\n<\/style>\n<div class='flex_column av-1a7m4f4-a7d5b96771f4745d7cb56af7126d4872 av_one_half  avia-builder-el-53  el_after_av_hr  el_before_av_one_half  first flex_column_div av-zero-column-padding '     ><section  class='av_textblock_section av-17irr5s-8da11d98c3b98a87e823fc12b19d7a15'  itemscope=\"itemscope\" itemtype=\"https:\/\/schema.org\/CreativeWork\" ><div class='avia_textblock'  itemprop=\"text\" ><h1>Familienratgeber kommt bei Sch\u00fclerinnen und Sch\u00fclern gut an<\/h1>\n<p>Wie kann man Kids f\u00fcr MINT begeistern, wenn der Familienalltag ohnehin schon voll ist oder einem schlicht die Ideen fehlen? Um Eltern in dieser Frage zu unterst\u00fctzen haben die MINT-Regionen Schwandorf und Neumarkt i. d. OPf. gemeinsam eine Brosch\u00fcre mit praktischen Tipps und spannenden Aktivit\u00e4ten in der Region herausgebracht. Das Ergebnis haben nun auch Sch\u00fclerinnen und Sch\u00fcler der Linden-Grundschule zu Gesicht bekommen. Bei einem gemeinsamen Termin mit dem Schulamt und der MINT-Managerin konnten die Kinder einen Blick in das Heft werfen und je ein Exemplar zum gemeinsamen Durchbl\u00e4ttern und Planen mit der Familie mit nach Hause nehmen.<\/p>\n<p>Nat\u00fcrlich haben alle Schulen im Landkreis Ausgaben des Hefts erhalten, sowie eine digitale Version zur Verbreitung zur Verf\u00fcgung gestellt bekommen. Am Ende des Termins gab es nat\u00fcrlich auch noch ein gemeinsames Foto mit den Verantwortlichen, den Lehrkr\u00e4ften und den Kindern.<\/p>\n<p>Foto: Linden-Grundschule Schwandorf<\/p>\n<\/div><\/section><\/div>\n\n<style type=\"text\/css\" data-created_by=\"avia_inline_auto\" id=\"style-css-av-16gh5j4-084f05fd737d8aedb0c0f4038f3b54bc\">\n.flex_column.av-16gh5j4-084f05fd737d8aedb0c0f4038f3b54bc{\n-webkit-border-radius:0px 0px 0px 0px;\n-moz-border-radius:0px 0px 0px 0px;\nborder-radius:0px 0px 0px 0px;\npadding:0px 0px 0px 0px;\n}\n<\/style>\n<div class='flex_column av-16gh5j4-084f05fd737d8aedb0c0f4038f3b54bc av_one_half  avia-builder-el-55  el_after_av_one_half  el_before_av_hr  flex_column_div av-zero-column-padding '     ><style type=\"text\/css\" data-created_by=\"avia_inline_auto\" id=\"style-css-av-14dlohs-742b2a22aca797247497f08cbf7ec8f6\">\n.avia-image-container.av-14dlohs-742b2a22aca797247497f08cbf7ec8f6 img.avia_image{\nbox-shadow:none;\n}\n.avia-image-container.av-14dlohs-742b2a22aca797247497f08cbf7ec8f6 .av-image-caption-overlay-center{\ncolor:#ffffff;\n}\n<\/style>\n<div  class='avia-image-container av-14dlohs-742b2a22aca797247497f08cbf7ec8f6 av-styling- avia-align-center  avia-builder-el-56  avia-builder-el-no-sibling '   itemprop=\"image\" itemscope=\"itemscope\" itemtype=\"https:\/\/schema.org\/ImageObject\" ><div class=\"avia-image-container-inner\"><div class=\"avia-image-overlay-wrap\"><img decoding=\"async\" class='wp-image-4984 avia-img-lazy-loading-not-4984 avia_image ' src=\"https:\/\/www.lernreg.de\/wp-content\/uploads\/2022\/05\/Mint1-300x200.jpg\" alt='Foto: Lindenschule Schwandorf' title='Mint1'  height=\"200\" width=\"300\"  itemprop=\"thumbnailUrl\" srcset=\"https:\/\/www.lernreg.de\/wp-content\/uploads\/2022\/05\/Mint1-300x200.jpg 300w, https:\/\/www.lernreg.de\/wp-content\/uploads\/2022\/05\/Mint1-1030x687.jpg 1030w, https:\/\/www.lernreg.de\/wp-content\/uploads\/2022\/05\/Mint1-768x512.jpg 768w, https:\/\/www.lernreg.de\/wp-content\/uploads\/2022\/05\/Mint1-1536x1024.jpg 1536w, https:\/\/www.lernreg.de\/wp-content\/uploads\/2022\/05\/Mint1-2048x1365.jpg 2048w, https:\/\/www.lernreg.de\/wp-content\/uploads\/2022\/05\/Mint1-1500x1000.jpg 1500w, https:\/\/www.lernreg.de\/wp-content\/uploads\/2022\/05\/Mint1-705x470.jpg 705w, https:\/\/www.lernreg.de\/wp-content\/uploads\/2022\/05\/Mint1-450x300.jpg 450w\" sizes=\"(max-width: 300px) 100vw, 300px\" \/><\/div><\/div><\/div><\/div>\n\n<style type=\"text\/css\" data-created_by=\"avia_inline_auto\" id=\"style-css-av-12b3a4w-5ef80061e47ae58b8375ddeb072fe82e\">\n#top .hr.hr-invisible.av-12b3a4w-5ef80061e47ae58b8375ddeb072fe82e{\nheight:50px;\n}\n<\/style>\n<div  class='hr av-12b3a4w-5ef80061e47ae58b8375ddeb072fe82e hr-invisible  avia-builder-el-57  el_after_av_one_half  el_before_av_hr '><span class='hr-inner '><span class=\"hr-inner-style\"><\/span><\/span><\/div>\n\n<style type=\"text\/css\" data-created_by=\"avia_inline_auto\" id=\"style-css-av-120r72o-3fa40c8a18fe6f6d6ab87c5de84c75f7\">\n#top .hr.hr-invisible.av-120r72o-3fa40c8a18fe6f6d6ab87c5de84c75f7{\nheight:50px;\n}\n<\/style>\n<div  class='hr av-120r72o-3fa40c8a18fe6f6d6ab87c5de84c75f7 hr-invisible  avia-builder-el-58  el_after_av_hr  el_before_av_one_half '><span class='hr-inner '><span class=\"hr-inner-style\"><\/span><\/span><\/div>\n\n<style type=\"text\/css\" data-created_by=\"avia_inline_auto\" id=\"style-css-av-ywyf3k-3d689d26fb744bdfbd5a2ff3151413cc\">\n.flex_column.av-ywyf3k-3d689d26fb744bdfbd5a2ff3151413cc{\n-webkit-border-radius:0px 0px 0px 0px;\n-moz-border-radius:0px 0px 0px 0px;\nborder-radius:0px 0px 0px 0px;\npadding:0px 0px 0px 0px;\n}\n<\/style>\n<div class='flex_column av-ywyf3k-3d689d26fb744bdfbd5a2ff3151413cc av_one_half  avia-builder-el-59  el_after_av_hr  el_before_av_one_half  first flex_column_div av-zero-column-padding '     ><section  class='av_textblock_section av-xpy2cw-d0ec63e5c2682bf44383c54488937b97'  itemscope=\"itemscope\" itemtype=\"https:\/\/schema.org\/CreativeWork\" ><div class='avia_textblock'  itemprop=\"text\" ><h1>Tipps in der Pandemie<\/h1>\n<p>Die Coronapandemie fordert vor allem Sch\u00fcler:innen und ihre Familien. Um den Alltag etwas leichter zu machen und MINT-Bildung auch au\u00dferhalb zu erm\u00f6glichen, sammeln wir hier verschiedene Initiativen und Angebote.<\/p>\n<p><a class=\"external-link-new-window\" title=\"Opens external link in new window\" href=\"https:\/\/www.bildung-forschung.digital\/de\/alle-mint-angebote-eltern-und-lehrer-aufgepasst-2916.html\" target=\"_blank\" rel=\"noopener\">&#8222;Wir bleiben schlau! &#8211; Die Allianz f\u00fcr MINT-Bildung zuhause&#8220; (BMBF)<\/a><\/p>\n<p><a class=\"external-link-new-window\" title=\"Opens external link in new window\" href=\"https:\/\/www.corona-school.de\/\" target=\"_blank\" rel=\"noopener\">Hilfe f\u00fcr Sch\u00fclerinnen und Sch\u00fcler: Das Projekt &#8222;Corona School e.V.&#8220;<\/a><\/p>\n<p><a href=\"https:\/\/www.initiative-junge-forscher.de\/schueler\/mint-wand\/\">Fragen stellen ohne Umwege: Das Projekt &#8222;MINT-Wand&#8220; der Initiative Junge Forscherinnen und Forscher e.V.<\/a><\/p>\n<\/div><\/section><\/div>\n\n<style type=\"text\/css\" data-created_by=\"avia_inline_auto\" id=\"style-css-av-vnaqj4-65f80bd44461afe28b480d146d67e70d\">\n.flex_column.av-vnaqj4-65f80bd44461afe28b480d146d67e70d{\n-webkit-border-radius:0px 0px 0px 0px;\n-moz-border-radius:0px 0px 0px 0px;\nborder-radius:0px 0px 0px 0px;\npadding:0px 0px 0px 0px;\n}\n<\/style>\n<div class='flex_column av-vnaqj4-65f80bd44461afe28b480d146d67e70d av_one_half  avia-builder-el-61  el_after_av_one_half  el_before_av_hr  flex_column_div av-zero-column-padding '     ><style type=\"text\/css\" data-created_by=\"avia_inline_auto\" id=\"style-css-av-u7mydc-9cd1323bd846f683bbddd12e8b06e57f\">\n.avia-image-container.av-u7mydc-9cd1323bd846f683bbddd12e8b06e57f img.avia_image{\nbox-shadow:none;\n}\n.avia-image-container.av-u7mydc-9cd1323bd846f683bbddd12e8b06e57f .av-image-caption-overlay-center{\ncolor:#ffffff;\n}\n<\/style>\n<div  class='avia-image-container av-u7mydc-9cd1323bd846f683bbddd12e8b06e57f av-styling- avia-align-center  avia-builder-el-62  avia-builder-el-no-sibling '   itemprop=\"image\" itemscope=\"itemscope\" itemtype=\"https:\/\/schema.org\/ImageObject\" ><div class=\"avia-image-container-inner\"><div class=\"avia-image-overlay-wrap\"><img decoding=\"async\" class='wp-image-3444 avia-img-lazy-loading-not-3444 avia_image ' src=\"https:\/\/www.lernreg.de\/wp-content\/uploads\/2021\/09\/a-book-4126483_1920-845x684.jpg\" alt='' title='a-book-4126483_1920'  height=\"684\" width=\"845\"  itemprop=\"thumbnailUrl\" srcset=\"https:\/\/www.lernreg.de\/wp-content\/uploads\/2021\/09\/a-book-4126483_1920-845x684.jpg 845w, https:\/\/www.lernreg.de\/wp-content\/uploads\/2021\/09\/a-book-4126483_1920-495x400.jpg 495w\" sizes=\"(max-width: 845px) 100vw, 845px\" \/><\/div><\/div><\/div><\/div>\n\n<style type=\"text\/css\" data-created_by=\"avia_inline_auto\" id=\"style-css-av-t7830g-5ab53055cb719bce242bac71a12b7f94\">\n#top .hr.hr-invisible.av-t7830g-5ab53055cb719bce242bac71a12b7f94{\nheight:50px;\n}\n<\/style>\n<div  class='hr av-t7830g-5ab53055cb719bce242bac71a12b7f94 hr-invisible  avia-builder-el-63  el_after_av_one_half  el_before_av_hr '><span class='hr-inner '><span class=\"hr-inner-style\"><\/span><\/span><\/div>\n\n<style type=\"text\/css\" data-created_by=\"avia_inline_auto\" id=\"style-css-av-qnhm4g-df71a1a4bc81e844127f75f1e655138e\">\n#top .hr.hr-invisible.av-qnhm4g-df71a1a4bc81e844127f75f1e655138e{\nheight:50px;\n}\n<\/style>\n<div  class='hr av-qnhm4g-df71a1a4bc81e844127f75f1e655138e hr-invisible  avia-builder-el-64  el_after_av_hr  el_before_av_one_half '><span class='hr-inner '><span class=\"hr-inner-style\"><\/span><\/span><\/div>\n\n<style type=\"text\/css\" data-created_by=\"avia_inline_auto\" id=\"style-css-av-pyjjvk-a8d7bf17c9b7038160e45ed992adb8e3\">\n.flex_column.av-pyjjvk-a8d7bf17c9b7038160e45ed992adb8e3{\n-webkit-border-radius:0px 0px 0px 0px;\n-moz-border-radius:0px 0px 0px 0px;\nborder-radius:0px 0px 0px 0px;\npadding:0px 0px 0px 0px;\n}\n<\/style>\n<div class='flex_column av-pyjjvk-a8d7bf17c9b7038160e45ed992adb8e3 av_one_half  avia-builder-el-65  el_after_av_hr  el_before_av_one_half  first flex_column_div av-zero-column-padding '     ><style type=\"text\/css\" data-created_by=\"avia_inline_auto\" id=\"style-css-av-onvt74-fdc95039a4194affed97029c647d089e\">\n.avia-image-container.av-onvt74-fdc95039a4194affed97029c647d089e img.avia_image{\nbox-shadow:none;\n}\n.avia-image-container.av-onvt74-fdc95039a4194affed97029c647d089e .av-image-caption-overlay-center{\ncolor:#ffffff;\n}\n<\/style>\n<div  class='avia-image-container av-onvt74-fdc95039a4194affed97029c647d089e av-styling- avia-align-center  avia-builder-el-66  avia-builder-el-no-sibling '   itemprop=\"image\" itemscope=\"itemscope\" itemtype=\"https:\/\/schema.org\/ImageObject\" ><div class=\"avia-image-container-inner\"><div class=\"avia-image-overlay-wrap\"><img decoding=\"async\" class='wp-image-3579 avia-img-lazy-loading-not-3579 avia_image ' src=\"https:\/\/www.lernreg.de\/wp-content\/uploads\/2021\/09\/analysis-2030265_1920-300x200.jpg\" alt='' title='analysis-2030265_1920'  height=\"200\" width=\"300\"  itemprop=\"thumbnailUrl\" srcset=\"https:\/\/www.lernreg.de\/wp-content\/uploads\/2021\/09\/analysis-2030265_1920-300x200.jpg 300w, https:\/\/www.lernreg.de\/wp-content\/uploads\/2021\/09\/analysis-2030265_1920-1030x687.jpg 1030w, https:\/\/www.lernreg.de\/wp-content\/uploads\/2021\/09\/analysis-2030265_1920-768x512.jpg 768w, https:\/\/www.lernreg.de\/wp-content\/uploads\/2021\/09\/analysis-2030265_1920-1536x1024.jpg 1536w, https:\/\/www.lernreg.de\/wp-content\/uploads\/2021\/09\/analysis-2030265_1920-1500x1000.jpg 1500w, https:\/\/www.lernreg.de\/wp-content\/uploads\/2021\/09\/analysis-2030265_1920-705x470.jpg 705w, https:\/\/www.lernreg.de\/wp-content\/uploads\/2021\/09\/analysis-2030265_1920-450x300.jpg 450w, https:\/\/www.lernreg.de\/wp-content\/uploads\/2021\/09\/analysis-2030265_1920.jpg 1920w\" sizes=\"(max-width: 300px) 100vw, 300px\" \/><\/div><\/div><\/div><\/div>\n\n<style type=\"text\/css\" data-created_by=\"avia_inline_auto\" id=\"style-css-av-mr2bds-288a157516276786535b5d80c860d09d\">\n.flex_column.av-mr2bds-288a157516276786535b5d80c860d09d{\n-webkit-border-radius:0px 0px 0px 0px;\n-moz-border-radius:0px 0px 0px 0px;\nborder-radius:0px 0px 0px 0px;\npadding:0px 0px 0px 0px;\n}\n<\/style>\n<div class='flex_column av-mr2bds-288a157516276786535b5d80c860d09d av_one_half  avia-builder-el-67  el_after_av_one_half  el_before_av_section  avia-builder-el-last  flex_column_div av-zero-column-padding '     ><section  class='av_textblock_section av-k2aips-24aa9abe72973e859be378c89578c2c7'  itemscope=\"itemscope\" itemtype=\"https:\/\/schema.org\/CreativeWork\" ><div class='avia_textblock'  itemprop=\"text\" ><p><b>Meldung von Angeboten und Veranstaltungen rund um Digitales, Technik, Natur und Co.<\/b><\/p>\n<p>Sie f\u00fchren ein Unternehmen im Landkreis, sind ein Verein oder zeigen privat Initiative? Sie bieten spannende Projekte und Angebote aus dem Bereich MINT f\u00fcr junge Menschen aus der Region? Gerne ver\u00f6ffentlichen wir Ihr Angebot auf unserer Webseite.<\/p>\n<p>Melden Sie sich einfach unter 09431 471-971 oder unter <a>brunhild.thomes@lernreg.de<\/a><\/p>\n<\/div><\/section><\/div><\/div><\/div><\/div><!-- close content main div --><\/div><\/div>\n<style type=\"text\/css\" data-created_by=\"avia_inline_auto\" id=\"style-css-av-jn4lxs-212932249023310b367998038c26bab5\">\n.avia-section.av-jn4lxs-212932249023310b367998038c26bab5{\nbackground-repeat:no-repeat;\nbackground-image:url(https:\/\/www.lernreg.de\/wp-content\/uploads\/2021\/09\/banner-904884-scaled.jpg);\nbackground-position:50% 100%;\nbackground-attachment:fixed;\n}\n.avia-section.av-jn4lxs-212932249023310b367998038c26bab5 .av-section-color-overlay{\nopacity:0.9;\nbackground-color:#1a437d;\n}\n<\/style>\n<div id='av_section_1'  class='avia-section av-jn4lxs-212932249023310b367998038c26bab5 main_color avia-section-default avia-no-shadow  avia-builder-el-69  el_after_av_one_half  avia-builder-el-last  avia-full-stretch avia-bg-style-fixed av-section-color-overlay-active container_wrap sidebar_right'  data-section-bg-repeat='stretch'><div class=\"av-section-color-overlay-wrap\"><div class=\"av-section-color-overlay\"><\/div><div class='container av-section-cont-open' ><div class='template-page content  av-content-small alpha units'><div class='post-entry post-entry-type-page post-entry-3568'><div class='entry-content-wrapper clearfix'>\n\n<style type=\"text\/css\" data-created_by=\"avia_inline_auto\" id=\"style-css-av-hgkw3k-1f923d2931f331c95b24caa22c3faf8d\">\n#top .hr.hr-invisible.av-hgkw3k-1f923d2931f331c95b24caa22c3faf8d{\nheight:70px;\n}\n<\/style>\n<div  class='hr av-hgkw3k-1f923d2931f331c95b24caa22c3faf8d hr-invisible  avia-builder-el-70  el_before_av_textblock  avia-builder-el-first '><span class='hr-inner '><span class=\"hr-inner-style\"><\/span><\/span><\/div>\n\n<style type=\"text\/css\" data-created_by=\"avia_inline_auto\" id=\"style-css-av-fig8r4-fa8a5e56b07343109cc22d283c8490db\">\n#top .av_textblock_section.av-fig8r4-fa8a5e56b07343109cc22d283c8490db .avia_textblock{\ncolor:#ffffff;\n}\n<\/style>\n<section  class='av_textblock_section av-fig8r4-fa8a5e56b07343109cc22d283c8490db'  itemscope=\"itemscope\" itemtype=\"https:\/\/schema.org\/CreativeWork\" ><div class='avia_textblock av_inherit_color'  itemprop=\"text\" ><h2 style=\"text-align: center;\">MINT-HEADS GESUCHT!<\/h2>\n<\/div><\/section>\n\n<style type=\"text\/css\" data-created_by=\"avia_inline_auto\" id=\"style-css-av-ds5vg0-1f885d7446607b89f5375a1a719a3459\">\n#top .av_textblock_section.av-ds5vg0-1f885d7446607b89f5375a1a719a3459 .avia_textblock{\ncolor:#ffffff;\n}\n<\/style>\n<section  class='av_textblock_section av-ds5vg0-1f885d7446607b89f5375a1a719a3459'  itemscope=\"itemscope\" itemtype=\"https:\/\/schema.org\/CreativeWork\" ><div class='avia_textblock av_inherit_color'  itemprop=\"text\" ><p>Im Rahmen eines Partnerprogramms, sollen MINT-Begeisterte mit Interessierten zusammengebracht werden. Dazu suchen wir Menschen aus der Region, die einen Bezug zum Thema MINT haben und gerne dar\u00fcber reden oder andere bei Fragen zur Berufswahl, Herausforderungen oder rund um die Begeisterung an MINT unterst\u00fctzen wollen.<\/p>\n<p>Gefragt ist jeder, der etwas zur MINT-Begeisterung\u00a0beisteuern kann. Engagierte und begeisterte Sch\u00fcler:innen, die auch au\u00dferhalb des Unterrichts Spa\u00df an MINT haben, Studierende, Azubis\u00a0und Absolvent:innen, die \u00fcber ihre Ausbildung und Erfahrungen berichten k\u00f6nnen oder auch erfahrenere MINT-K\u00f6pfe, die im Berufsleben stehen und gerne Tipps zu Berufswahl, Arbeitsfeldern\u00a0oder Zukunftsperspektiven geben. Gesucht sind Menschen aller Ausbildungsrichtungen, Akademiker und Fachkr\u00e4fte, Frauen und M\u00e4nner, Eltern, Lehrer oder Ausbilder jeglichen Alters.<\/p>\n<p style=\"text-align: center;\">Bei Interesse oder weiteren Fragen k\u00f6nnen Sie sich jederzeit an das MINT-Management wenden unter 09431 471601 oder unter\u00a0<a>Rebecca.Zinkl@lernreg.de<\/a>.<\/p>\n<\/div><\/section>\n\n<style type=\"text\/css\" data-created_by=\"avia_inline_auto\" id=\"style-css-av-ctkl74-a1eeefd0478768bce56c5f829b711439\">\n#top .hr.hr-invisible.av-ctkl74-a1eeefd0478768bce56c5f829b711439{\nheight:70px;\n}\n<\/style>\n<div  class='hr av-ctkl74-a1eeefd0478768bce56c5f829b711439 hr-invisible  avia-builder-el-73  el_after_av_textblock  el_before_av_contact '><span class='hr-inner '><span class=\"hr-inner-style\"><\/span><\/span><\/div>\n<form action=\"https:\/\/www.lernreg.de\/index.php\/mint-management\/\" method=\"post\"  class=\"avia_ajax_form av-form-labels-visible   avia-builder-el-74  el_after_av_hr  avia-builder-el-last  av-centered-form  av-custom-form-color av-light-form \" data-avia-form-id=\"1\" data-avia-redirect='' ><h3 class=''>Ehrenamt gesucht?<\/h3><fieldset><p class='  first_form  form_element form_element_half' id='element_avia_1_1'><label for=\"avia_1_1\">Name <abbr class=\"required\" title=\"ben\u00f6tigt\">*<\/abbr><\/label> <input name=\"avia_1_1\" class=\"text_input is_empty\" type=\"text\" id=\"avia_1_1\" value=\"\" \/><\/p><p class='  form_element form_element_half' id='element_avia_2_1'><label for=\"avia_2_1\">E-Mail <abbr class=\"required\" title=\"ben\u00f6tigt\">*<\/abbr><\/label> <input name=\"avia_2_1\" class=\"text_input is_email\" type=\"text\" id=\"avia_2_1\" value=\"\" \/><\/p><p class='  first_form  form_element form_fullwidth' id='element_avia_3_1'><label for=\"avia_3_1\">Unverbindlicher Terminvorschlag<\/label> <input name=\"avia_3_1\" class=\"avia_datepicker text_input \" type=\"text\" id=\"avia_3_1\" value=\"\" placeholder=\"DD \/ MM \/ YY\" \/><\/p><p class='  first_form  form_element form_fullwidth' id='element_avia_4_1'><label for=\"avia_4_1\" class=\"textare_label hidden textare_label_avia_4_1\">Nachricht <abbr class=\"required\" title=\"ben\u00f6tigt\">*<\/abbr><\/label><textarea  name=\"avia_4_1\" class=\"text_area is_empty\" cols=\"40\" rows=\"7\" id=\"avia_4_1\" ><\/textarea><\/p><p class='  first_form  form_element form_element_half' id='element_avia_5_1'><input  name=\"avia_5_1\" class=\"input_checkbox is_empty\" type=\"checkbox\" id=\"avia_5_1\" value=\"true\"\/><label class=\"input_checkbox_label\" for=\"avia_5_1\">Ich habe die Datenschutzerkl\u00e4rung gelesen und zur Kenntnis genommen <abbr class=\"required\" title=\"ben\u00f6tigt\">*<\/abbr><\/label><\/p><p class=\"hidden\"><input type=\"text\" name=\"avia_6_1\" class=\"hidden \" id=\"avia_6_1\" value=\"\" \/><\/p><p class=' form_element_half  form_element form_fullwidth' id='element_avia_7_1'><span class='value_verifier_label'>0 + 4 = ?<\/span><input name=\"avia_7_1_verifier\" type=\"hidden\" id=\"avia_7_1_verifier\" value=\"855477743\"\/><label for=\"avia_7_1\">Bitte l\u00f6se die Gleichung. Diese Ma\u00dfnahme dient der Abwehr von Spam <abbr class=\"required\" title=\"ben\u00f6tigt\">*<\/abbr><\/label><input name=\"avia_7_1\" class=\"text_input captcha\" type=\"text\" id=\"avia_7_1\" value=\"\"\/><\/p><p class=\"form_element \"><input type=\"hidden\" value=\"1\" name=\"avia_generated_form1\" \/><input type=\"submit\" value=\"Senden\" class=\"button\"  data-sending-label=\"Sende\"\/><\/p><\/fieldset><\/form><div id=\"ajaxresponse_1\" class=\"ajaxresponse ajaxresponse_1 hidden\"><\/div>\n<\/div><\/div><\/div><!-- close content main div --><\/div><\/div><\/div><div id='after_section_1'  class='main_color av_default_container_wrap container_wrap sidebar_right'  ><div class='container av-section-cont-open' ><div class='template-page content  av-content-small alpha units'><div class='post-entry post-entry-type-page post-entry-3568'><div class='entry-content-wrapper clearfix'><\/p>\n","protected":false},"excerpt":{"rendered":"<p>MINT <\/p>\n","protected":false},"author":1,"featured_media":0,"parent":0,"menu_order":0,"comment_status":"open","ping_status":"open","template":"","meta":{"footnotes":""},"class_list":["post-3568","page","type-page","status-publish","hentry"],"yoast_head":"<!-- This site is optimized with the Yoast SEO plugin v26.4 - https:\/\/yoast.com\/wordpress\/plugins\/seo\/ -->\n<title>MINT-Management - Lernende Region Schwandorf<\/title>\n<meta name=\"robots\" content=\"index, follow, max-snippet:-1, max-image-preview:large, max-video-preview:-1\" \/>\n<link rel=\"canonical\" href=\"https:\/\/www.lernreg.de\/index.php\/mint-management\/\" \/>\n<meta property=\"og:locale\" content=\"de_DE\" \/>\n<meta property=\"og:type\" content=\"article\" \/>\n<meta property=\"og:title\" content=\"MINT-Management - Lernende Region Schwandorf\" \/>\n<meta property=\"og:description\" content=\"MINT\" \/>\n<meta property=\"og:url\" content=\"https:\/\/www.lernreg.de\/index.php\/mint-management\/\" \/>\n<meta property=\"og:site_name\" content=\"Lernende Region Schwandorf\" \/>\n<meta property=\"article:modified_time\" content=\"2025-06-04T10:15:20+00:00\" \/>\n<meta name=\"twitter:card\" content=\"summary_large_image\" \/>\n<meta name=\"twitter:label1\" content=\"Gesch\u00e4tzte Lesezeit\" \/>\n\t<meta name=\"twitter:data1\" content=\"31\u00a0Minuten\" \/>\n<script type=\"application\/ld+json\" class=\"yoast-schema-graph\">{\"@context\":\"https:\/\/schema.org\",\"@graph\":[{\"@type\":\"WebPage\",\"@id\":\"https:\/\/www.lernreg.de\/index.php\/mint-management\/\",\"url\":\"https:\/\/www.lernreg.de\/index.php\/mint-management\/\",\"name\":\"MINT-Management - Lernende Region Schwandorf\",\"isPartOf\":{\"@id\":\"https:\/\/www.lernreg.de\/#website\"},\"datePublished\":\"2021-09-07T12:43:05+00:00\",\"dateModified\":\"2025-06-04T10:15:20+00:00\",\"breadcrumb\":{\"@id\":\"https:\/\/www.lernreg.de\/index.php\/mint-management\/#breadcrumb\"},\"inLanguage\":\"de\",\"potentialAction\":[{\"@type\":\"ReadAction\",\"target\":[\"https:\/\/www.lernreg.de\/index.php\/mint-management\/\"]}]},{\"@type\":\"BreadcrumbList\",\"@id\":\"https:\/\/www.lernreg.de\/index.php\/mint-management\/#breadcrumb\",\"itemListElement\":[{\"@type\":\"ListItem\",\"position\":1,\"name\":\"Startseite\",\"item\":\"https:\/\/www.lernreg.de\/index.php\/homepage\/\"},{\"@type\":\"ListItem\",\"position\":2,\"name\":\"MINT-Management\"}]},{\"@type\":\"WebSite\",\"@id\":\"https:\/\/www.lernreg.de\/#website\",\"url\":\"https:\/\/www.lernreg.de\/\",\"name\":\"Lernende Region Schwandorf\",\"description\":\"Freiwilligenagentur, Bildung\",\"publisher\":{\"@id\":\"https:\/\/www.lernreg.de\/#organization\"},\"potentialAction\":[{\"@type\":\"SearchAction\",\"target\":{\"@type\":\"EntryPoint\",\"urlTemplate\":\"https:\/\/www.lernreg.de\/?s={search_term_string}\"},\"query-input\":{\"@type\":\"PropertyValueSpecification\",\"valueRequired\":true,\"valueName\":\"search_term_string\"}}],\"inLanguage\":\"de\"},{\"@type\":\"Organization\",\"@id\":\"https:\/\/www.lernreg.de\/#organization\",\"name\":\"Die Lernende Region Schwandorf e.V. ist ein regionales Netzwerk f\u00fcr den Landkreis Schwandorf mit den Schwerpunkten\u00a0Bildung\u00a0und\u00a0Ehrenamt: Im\u00a0Bildungsbereich\u00a0strebt die Lernende Region Schwandorf eine nachhaltige Verbesserung der Ausbildungs-, Besch\u00e4ftigungs- und Lebenssituation aller B\u00fcrgerinnen und B\u00fcrger\u00a0der Region an. Beispiele hierf\u00fcr sind die j\u00e4hrliche Bildungsmesse in Maxh\u00fctte-Haidhof sowie die Durchf\u00fchrung des Projekts \u201eMINT-Netzwerke Bayern\u201c.\",\"url\":\"https:\/\/www.lernreg.de\/\",\"logo\":{\"@type\":\"ImageObject\",\"inLanguage\":\"de\",\"@id\":\"https:\/\/www.lernreg.de\/#\/schema\/logo\/image\/\",\"url\":\"https:\/\/www.lernreg.de\/wp-content\/uploads\/2021\/08\/Logo-LernReg-transparent.png\",\"contentUrl\":\"https:\/\/www.lernreg.de\/wp-content\/uploads\/2021\/08\/Logo-LernReg-transparent.png\",\"width\":400,\"height\":228,\"caption\":\"Die Lernende Region Schwandorf e.V. ist ein regionales Netzwerk f\u00fcr den Landkreis Schwandorf mit den Schwerpunkten\u00a0Bildung\u00a0und\u00a0Ehrenamt: Im\u00a0Bildungsbereich\u00a0strebt die Lernende Region Schwandorf eine nachhaltige Verbesserung der Ausbildungs-, Besch\u00e4ftigungs- und Lebenssituation aller B\u00fcrgerinnen und B\u00fcrger\u00a0der Region an. Beispiele hierf\u00fcr sind die j\u00e4hrliche Bildungsmesse in Maxh\u00fctte-Haidhof sowie die Durchf\u00fchrung des Projekts \u201eMINT-Netzwerke Bayern\u201c.\"},\"image\":{\"@id\":\"https:\/\/www.lernreg.de\/#\/schema\/logo\/image\/\"}}]}<\/script>\n<!-- \/ Yoast SEO plugin. -->","yoast_head_json":{"title":"MINT-Management - Lernende Region Schwandorf","robots":{"index":"index","follow":"follow","max-snippet":"max-snippet:-1","max-image-preview":"max-image-preview:large","max-video-preview":"max-video-preview:-1"},"canonical":"https:\/\/www.lernreg.de\/index.php\/mint-management\/","og_locale":"de_DE","og_type":"article","og_title":"MINT-Management - Lernende Region Schwandorf","og_description":"MINT","og_url":"https:\/\/www.lernreg.de\/index.php\/mint-management\/","og_site_name":"Lernende Region Schwandorf","article_modified_time":"2025-06-04T10:15:20+00:00","twitter_card":"summary_large_image","twitter_misc":{"Gesch\u00e4tzte Lesezeit":"31\u00a0Minuten"},"schema":{"@context":"https:\/\/schema.org","@graph":[{"@type":"WebPage","@id":"https:\/\/www.lernreg.de\/index.php\/mint-management\/","url":"https:\/\/www.lernreg.de\/index.php\/mint-management\/","name":"MINT-Management - Lernende Region Schwandorf","isPartOf":{"@id":"https:\/\/www.lernreg.de\/#website"},"datePublished":"2021-09-07T12:43:05+00:00","dateModified":"2025-06-04T10:15:20+00:00","breadcrumb":{"@id":"https:\/\/www.lernreg.de\/index.php\/mint-management\/#breadcrumb"},"inLanguage":"de","potentialAction":[{"@type":"ReadAction","target":["https:\/\/www.lernreg.de\/index.php\/mint-management\/"]}]},{"@type":"BreadcrumbList","@id":"https:\/\/www.lernreg.de\/index.php\/mint-management\/#breadcrumb","itemListElement":[{"@type":"ListItem","position":1,"name":"Startseite","item":"https:\/\/www.lernreg.de\/index.php\/homepage\/"},{"@type":"ListItem","position":2,"name":"MINT-Management"}]},{"@type":"WebSite","@id":"https:\/\/www.lernreg.de\/#website","url":"https:\/\/www.lernreg.de\/","name":"Lernende Region Schwandorf","description":"Freiwilligenagentur, Bildung","publisher":{"@id":"https:\/\/www.lernreg.de\/#organization"},"potentialAction":[{"@type":"SearchAction","target":{"@type":"EntryPoint","urlTemplate":"https:\/\/www.lernreg.de\/?s={search_term_string}"},"query-input":{"@type":"PropertyValueSpecification","valueRequired":true,"valueName":"search_term_string"}}],"inLanguage":"de"},{"@type":"Organization","@id":"https:\/\/www.lernreg.de\/#organization","name":"Die Lernende Region Schwandorf e.V. ist ein regionales Netzwerk f\u00fcr den Landkreis Schwandorf mit den Schwerpunkten\u00a0Bildung\u00a0und\u00a0Ehrenamt: Im\u00a0Bildungsbereich\u00a0strebt die Lernende Region Schwandorf eine nachhaltige Verbesserung der Ausbildungs-, Besch\u00e4ftigungs- und Lebenssituation aller B\u00fcrgerinnen und B\u00fcrger\u00a0der Region an. Beispiele hierf\u00fcr sind die j\u00e4hrliche Bildungsmesse in Maxh\u00fctte-Haidhof sowie die Durchf\u00fchrung des Projekts \u201eMINT-Netzwerke Bayern\u201c.","url":"https:\/\/www.lernreg.de\/","logo":{"@type":"ImageObject","inLanguage":"de","@id":"https:\/\/www.lernreg.de\/#\/schema\/logo\/image\/","url":"https:\/\/www.lernreg.de\/wp-content\/uploads\/2021\/08\/Logo-LernReg-transparent.png","contentUrl":"https:\/\/www.lernreg.de\/wp-content\/uploads\/2021\/08\/Logo-LernReg-transparent.png","width":400,"height":228,"caption":"Die Lernende Region Schwandorf e.V. ist ein regionales Netzwerk f\u00fcr den Landkreis Schwandorf mit den Schwerpunkten\u00a0Bildung\u00a0und\u00a0Ehrenamt: Im\u00a0Bildungsbereich\u00a0strebt die Lernende Region Schwandorf eine nachhaltige Verbesserung der Ausbildungs-, Besch\u00e4ftigungs- und Lebenssituation aller B\u00fcrgerinnen und B\u00fcrger\u00a0der Region an. Beispiele hierf\u00fcr sind die j\u00e4hrliche Bildungsmesse in Maxh\u00fctte-Haidhof sowie die Durchf\u00fchrung des Projekts \u201eMINT-Netzwerke Bayern\u201c."},"image":{"@id":"https:\/\/www.lernreg.de\/#\/schema\/logo\/image\/"}}]}},"_links":{"self":[{"href":"https:\/\/www.lernreg.de\/index.php\/wp-json\/wp\/v2\/pages\/3568","targetHints":{"allow":["GET"]}}],"collection":[{"href":"https:\/\/www.lernreg.de\/index.php\/wp-json\/wp\/v2\/pages"}],"about":[{"href":"https:\/\/www.lernreg.de\/index.php\/wp-json\/wp\/v2\/types\/page"}],"author":[{"embeddable":true,"href":"https:\/\/www.lernreg.de\/index.php\/wp-json\/wp\/v2\/users\/1"}],"replies":[{"embeddable":true,"href":"https:\/\/www.lernreg.de\/index.php\/wp-json\/wp\/v2\/comments?post=3568"}],"version-history":[{"count":25,"href":"https:\/\/www.lernreg.de\/index.php\/wp-json\/wp\/v2\/pages\/3568\/revisions"}],"predecessor-version":[{"id":6563,"href":"https:\/\/www.lernreg.de\/index.php\/wp-json\/wp\/v2\/pages\/3568\/revisions\/6563"}],"wp:attachment":[{"href":"https:\/\/www.lernreg.de\/index.php\/wp-json\/wp\/v2\/media?parent=3568"}],"curies":[{"name":"wp","href":"https:\/\/api.w.org\/{rel}","templated":true}]}}