{"id":3555,"date":"2021-09-07T12:51:05","date_gmt":"2021-09-07T10:51:05","guid":{"rendered":"https:\/\/www.lernreg.de\/Neues%20Verzeichnis\/wordpress\/?page_id=3555"},"modified":"2021-11-05T12:12:53","modified_gmt":"2021-11-05T11:12:53","slug":"bildungsmanagement","status":"publish","type":"page","link":"https:\/\/www.lernreg.de\/index.php\/bildungsmanagement\/","title":{"rendered":"Bildungsmanagement"},"content":{"rendered":"<div id='layer_slider_1'  class='avia-layerslider main_color avia-shadow  avia-builder-el-0  el_before_av_section  avia-builder-el-first  container_wrap sidebar_right'  style='height: 351px;'  ><\/div>\n<div id='av_section_1'  class='avia-section av-av_section-33f4523bebbd4edb4ade54a5d81fd0b1 alternate_color avia-section-large avia-shadow  avia-builder-el-1  el_after_av_layerslider  avia-builder-el-last  avia-bg-style-scroll container_wrap sidebar_right'  ><div class='container av-section-cont-open' ><div class='template-page content  av-content-small alpha units'><div class='post-entry post-entry-type-page post-entry-3555'><div class='entry-content-wrapper clearfix'>\n\n<style type=\"text\/css\" data-created_by=\"avia_inline_auto\" id=\"style-css-av-av_one_full-15d750bd1b332b34c6e70b077ebbccdf\">\n.flex_column.av-av_one_full-15d750bd1b332b34c6e70b077ebbccdf{\n-webkit-border-radius:0px 0px 0px 0px;\n-moz-border-radius:0px 0px 0px 0px;\nborder-radius:0px 0px 0px 0px;\npadding:0px 0px 0px 0px;\n}\n<\/style>\n<div class='flex_column av-av_one_full-15d750bd1b332b34c6e70b077ebbccdf av_one_full  avia-builder-el-2  avia-builder-el-no-sibling  first flex_column_div av-zero-column-padding '     ><section  class='av_textblock_section av-av_textblock-2de302bf1aa3cf4c9157dbe6f50ac7eb'  itemscope=\"itemscope\" itemtype=\"https:\/\/schema.org\/CreativeWork\" ><div class='avia_textblock'  itemprop=\"text\" ><h2>Bildungsmanagement<\/h2>\n<\/div><\/section><br \/>\n<section  class='av_textblock_section av-av_textblock-2de302bf1aa3cf4c9157dbe6f50ac7eb'  itemscope=\"itemscope\" itemtype=\"https:\/\/schema.org\/CreativeWork\" ><div class='avia_textblock'  itemprop=\"text\" ><p>Das Bildungsmanagement b\u00fcndelt bildungsrelevante Informationen und Daten sowie die Bildungszust\u00e4ndigkeiten und -aktivit\u00e4ten. Dazu geh\u00f6ren auch die Pflege und Weiterentwicklung von Strukturen, vor allem die Zusammenarbeit mit anderen Bildungsakteuren.<\/p>\n<\/div><\/section><br \/>\n\n<style type=\"text\/css\" data-created_by=\"avia_inline_auto\" id=\"style-css-av-av_hr-4474f20d2389e2e5ecf918a02da5132e\">\n#top .hr.hr-invisible.av-av_hr-4474f20d2389e2e5ecf918a02da5132e{\nheight:50px;\n}\n<\/style>\n<div  class='hr av-av_hr-4474f20d2389e2e5ecf918a02da5132e hr-invisible  avia-builder-el-5  el_after_av_textblock  el_before_av_textblock '><span class='hr-inner '><span class=\"hr-inner-style\"><\/span><\/span><\/div><br \/>\n<section  class='av_textblock_section av-av_textblock-2de302bf1aa3cf4c9157dbe6f50ac7eb'  itemscope=\"itemscope\" itemtype=\"https:\/\/schema.org\/CreativeWork\" ><div class='avia_textblock'  itemprop=\"text\" ><h3>Aktivit\u00e4ten des Bildungsmanagements:<\/h3>\n<\/div><\/section><br \/>\n<div  class='avia-icon-list-container av-av_iconlist-b9622264be8b33ecf932b804b1272287  avia-builder-el-7  el_after_av_textblock  el_before_av_textblock '><ul class='avia-icon-list avia_animate_when_almost_visible avia-icon-list-left av-iconlist-big av-av_iconlist-b9622264be8b33ecf932b804b1272287 avia-iconlist-animate'>\n<li><a href='https:\/\/www.lernreg.de\/index.php\/bildungskonferenzen\/' title='Bildungskonferenzen'  class='iconlist_icon av-av_iconlist_item-7d713f5bb9654ff6d9b8e98cd0a355ca avia-font-icofont'><span class='iconlist-char' aria-hidden='true' data-av_icon='\ueadd' data-av_iconfont='icofont'><\/span><\/a><article class=\"article-icon-entry \"  itemscope=\"itemscope\" itemtype=\"https:\/\/schema.org\/CreativeWork\" ><div class=\"iconlist_content_wrap\"><header class=\"entry-content-header\"><h4 class='av_iconlist_title iconlist_title  '  itemprop=\"headline\" ><a href='https:\/\/www.lernreg.de\/index.php\/bildungskonferenzen\/' title='Bildungskonferenzen'>Bildungskonferenzen<\/a><\/h4><\/header><div class='iconlist_content '  itemprop=\"text\" ><p>Ein Ergebnis aus dem Zertifizierungsprozess zur Bildungsregion war, dass die dort entwickelten Ideen umgesetzt werden und einem breiten Publikum in der Bildungslandschaft zur Verf\u00fcgung gestellt werden sollten. Deshalb werden seit 2016 regelm\u00e4\u00dfig Bildungskonferenzen abgehalten.<\/p>\n<\/div><\/div><footer class=\"entry-footer\"><\/footer><\/article><div class=\"iconlist-timeline\"><\/div><\/li>\n<li><div class='iconlist_icon av-av_iconlist_item-8f1fd03c9ee48b8793a7e7f7faf3a679 avia-font-icofont'><span class='iconlist-char' aria-hidden='true' data-av_icon='\ueacc' data-av_iconfont='icofont'><\/span><\/div><article class=\"article-icon-entry \"  itemscope=\"itemscope\" itemtype=\"https:\/\/schema.org\/CreativeWork\" ><div class=\"iconlist_content_wrap\"><header class=\"entry-content-header\"><h4 class='av_iconlist_title iconlist_title  '  itemprop=\"headline\" >Netzwerkbildung fr\u00fchkindlicher Bereich<\/h4><\/header><div class='iconlist_content '  itemprop=\"text\" ><p>Der Landkreis Schwandorf hat den Zuschlag f\u00fcr das Programm \u201eQualit\u00e4t vor Ort\u201c bekommen. Seit Sommer 2016 unterst\u00fctzt dieses Programm, das von der Deutschen Kinder- und Jugendstiftung getragen wird, deutschlandweit 150 lokale Netzwerke dabei, Qualit\u00e4t in der fr\u00fchen Bildung, Betreuung und Erziehung zu steigern.<\/p>\n<\/div><\/div><footer class=\"entry-footer\"><\/footer><\/article><div class=\"iconlist-timeline\"><\/div><\/li>\n<li><div class='iconlist_icon av-av_iconlist_item-ac179c5a5bd69c91dfffbe10c0d10a72 avia-font-entypo-fontello'><span class='iconlist-char' aria-hidden='true' data-av_icon='\ue806' data-av_iconfont='entypo-fontello'><\/span><\/div><article class=\"article-icon-entry \"  itemscope=\"itemscope\" itemtype=\"https:\/\/schema.org\/CreativeWork\" ><div class=\"iconlist_content_wrap\"><header class=\"entry-content-header\"><h4 class='av_iconlist_title iconlist_title  '  itemprop=\"headline\" >Familienbildung<\/h4><\/header><div class='iconlist_content '  itemprop=\"text\" ><p>Im Fr\u00fchjahr 2019 haben der Landkreis Schwandorf und die Lernende Region Schwandorf e.V. in Zusammenarbeit mit dem Zentralinstitut f\u00fcr Ehe und Familie in der Gesellschaft (ZFG) der Katholischen Universit\u00e4t Eichst\u00e4tt-Ingolstadt zwei Befragungen durchgef\u00fchrt. Diese hatten zum Ziel, einen \u00dcberblick zu erhalten \u00fcber das bestehende Angebot von Familienbildung im Landkreis Schwandorf und \u00fcber den Bedarf an solchen Angeboten bei den Familien.<\/p>\n<\/div><\/div><footer class=\"entry-footer\"><\/footer><\/article><div class=\"iconlist-timeline\"><\/div><\/li>\n<li><div class='iconlist_icon av-av_iconlist_item-16d44aa5369526202ce798673e5e72d9 avia-font-entypo-fontello'><span class='iconlist-char' aria-hidden='true' data-av_icon='\ue805' data-av_iconfont='entypo-fontello'><\/span><\/div><article class=\"article-icon-entry av-iconlist-empty\"  itemscope=\"itemscope\" itemtype=\"https:\/\/schema.org\/CreativeWork\" ><div class=\"iconlist_content_wrap\"><header class=\"entry-content-header\"><h4 class='av_iconlist_title iconlist_title  '  itemprop=\"headline\" >Schwandorfer Bildungsbriefe<\/h4><\/header><div class='iconlist_content '  itemprop=\"text\" ><\/div><\/div><footer class=\"entry-footer\"><\/footer><\/article><div class=\"iconlist-timeline\"><\/div><\/li>\n<\/ul><\/div><br \/>\n<section  class='av_textblock_section av-av_textblock-2de302bf1aa3cf4c9157dbe6f50ac7eb'  itemscope=\"itemscope\" itemtype=\"https:\/\/schema.org\/CreativeWork\" ><div class='avia_textblock'  itemprop=\"text\" ><p><b>Ansprechpartner:<\/b><\/p>\n<p><b>Florian Schmid:<\/b>\u00a0Florian.schmid(at)lra-sad.de\u00a0\/ 09431 471 &#8211; 602<\/p>\n<\/div><\/section><\/p><\/div><\/div><\/div><\/div><!-- close content main div --><\/div><\/div><div id='after_section_1'  class='main_color av_default_container_wrap container_wrap sidebar_right'  ><div class='container av-section-cont-open' ><div class='template-page content  av-content-small alpha units'><div class='post-entry post-entry-type-page post-entry-3555'><div class='entry-content-wrapper clearfix'>\n","protected":false},"excerpt":{"rendered":"<p>Das Bildungsmanagement b\u00fcndelt bildungsrelevante Informationen und Daten sowie die Bildungszust\u00e4ndigkeiten und -aktivit\u00e4ten. Dazu geh\u00f6ren auch die Pfl<\/p>\n","protected":false},"author":1,"featured_media":0,"parent":0,"menu_order":0,"comment_status":"open","ping_status":"open","template":"","meta":{"footnotes":""},"class_list":["post-3555","page","type-page","status-publish","hentry"],"yoast_head":"<!-- This site is optimized with the Yoast SEO plugin v26.4 - https:\/\/yoast.com\/wordpress\/plugins\/seo\/ -->\n<title>Bildungsmanagement - Lernende Region Schwandorf<\/title>\n<meta name=\"robots\" content=\"index, follow, max-snippet:-1, max-image-preview:large, max-video-preview:-1\" \/>\n<link rel=\"canonical\" href=\"https:\/\/www.lernreg.de\/index.php\/bildungsmanagement\/\" \/>\n<meta property=\"og:locale\" content=\"de_DE\" \/>\n<meta property=\"og:type\" content=\"article\" \/>\n<meta property=\"og:title\" content=\"Bildungsmanagement - Lernende Region Schwandorf\" \/>\n<meta property=\"og:description\" content=\"Das Bildungsmanagement b\u00fcndelt bildungsrelevante Informationen und Daten sowie die Bildungszust\u00e4ndigkeiten und -aktivit\u00e4ten. Dazu geh\u00f6ren auch die Pfl\" \/>\n<meta property=\"og:url\" content=\"https:\/\/www.lernreg.de\/index.php\/bildungsmanagement\/\" \/>\n<meta property=\"og:site_name\" content=\"Lernende Region Schwandorf\" \/>\n<meta property=\"article:modified_time\" content=\"2021-11-05T11:12:53+00:00\" \/>\n<meta name=\"twitter:card\" content=\"summary_large_image\" \/>\n<meta name=\"twitter:label1\" content=\"Gesch\u00e4tzte Lesezeit\" \/>\n\t<meta name=\"twitter:data1\" content=\"3\u00a0Minuten\" \/>\n<script type=\"application\/ld+json\" class=\"yoast-schema-graph\">{\"@context\":\"https:\/\/schema.org\",\"@graph\":[{\"@type\":\"WebPage\",\"@id\":\"https:\/\/www.lernreg.de\/index.php\/bildungsmanagement\/\",\"url\":\"https:\/\/www.lernreg.de\/index.php\/bildungsmanagement\/\",\"name\":\"Bildungsmanagement - Lernende Region Schwandorf\",\"isPartOf\":{\"@id\":\"https:\/\/www.lernreg.de\/#website\"},\"datePublished\":\"2021-09-07T10:51:05+00:00\",\"dateModified\":\"2021-11-05T11:12:53+00:00\",\"breadcrumb\":{\"@id\":\"https:\/\/www.lernreg.de\/index.php\/bildungsmanagement\/#breadcrumb\"},\"inLanguage\":\"de\",\"potentialAction\":[{\"@type\":\"ReadAction\",\"target\":[\"https:\/\/www.lernreg.de\/index.php\/bildungsmanagement\/\"]}]},{\"@type\":\"BreadcrumbList\",\"@id\":\"https:\/\/www.lernreg.de\/index.php\/bildungsmanagement\/#breadcrumb\",\"itemListElement\":[{\"@type\":\"ListItem\",\"position\":1,\"name\":\"Startseite\",\"item\":\"https:\/\/www.lernreg.de\/index.php\/homepage\/\"},{\"@type\":\"ListItem\",\"position\":2,\"name\":\"Bildungsmanagement\"}]},{\"@type\":\"WebSite\",\"@id\":\"https:\/\/www.lernreg.de\/#website\",\"url\":\"https:\/\/www.lernreg.de\/\",\"name\":\"Lernende Region Schwandorf\",\"description\":\"Freiwilligenagentur, Bildung\",\"publisher\":{\"@id\":\"https:\/\/www.lernreg.de\/#organization\"},\"potentialAction\":[{\"@type\":\"SearchAction\",\"target\":{\"@type\":\"EntryPoint\",\"urlTemplate\":\"https:\/\/www.lernreg.de\/?s={search_term_string}\"},\"query-input\":{\"@type\":\"PropertyValueSpecification\",\"valueRequired\":true,\"valueName\":\"search_term_string\"}}],\"inLanguage\":\"de\"},{\"@type\":\"Organization\",\"@id\":\"https:\/\/www.lernreg.de\/#organization\",\"name\":\"Die Lernende Region Schwandorf e.V. ist ein regionales Netzwerk f\u00fcr den Landkreis Schwandorf mit den Schwerpunkten\u00a0Bildung\u00a0und\u00a0Ehrenamt: Im\u00a0Bildungsbereich\u00a0strebt die Lernende Region Schwandorf eine nachhaltige Verbesserung der Ausbildungs-, Besch\u00e4ftigungs- und Lebenssituation aller B\u00fcrgerinnen und B\u00fcrger\u00a0der Region an. Beispiele hierf\u00fcr sind die j\u00e4hrliche Bildungsmesse in Maxh\u00fctte-Haidhof sowie die Durchf\u00fchrung des Projekts \u201eMINT-Netzwerke Bayern\u201c.\",\"url\":\"https:\/\/www.lernreg.de\/\",\"logo\":{\"@type\":\"ImageObject\",\"inLanguage\":\"de\",\"@id\":\"https:\/\/www.lernreg.de\/#\/schema\/logo\/image\/\",\"url\":\"https:\/\/www.lernreg.de\/wp-content\/uploads\/2021\/08\/Logo-LernReg-transparent.png\",\"contentUrl\":\"https:\/\/www.lernreg.de\/wp-content\/uploads\/2021\/08\/Logo-LernReg-transparent.png\",\"width\":400,\"height\":228,\"caption\":\"Die Lernende Region Schwandorf e.V. ist ein regionales Netzwerk f\u00fcr den Landkreis Schwandorf mit den Schwerpunkten\u00a0Bildung\u00a0und\u00a0Ehrenamt: Im\u00a0Bildungsbereich\u00a0strebt die Lernende Region Schwandorf eine nachhaltige Verbesserung der Ausbildungs-, Besch\u00e4ftigungs- und Lebenssituation aller B\u00fcrgerinnen und B\u00fcrger\u00a0der Region an. Beispiele hierf\u00fcr sind die j\u00e4hrliche Bildungsmesse in Maxh\u00fctte-Haidhof sowie die Durchf\u00fchrung des Projekts \u201eMINT-Netzwerke Bayern\u201c.\"},\"image\":{\"@id\":\"https:\/\/www.lernreg.de\/#\/schema\/logo\/image\/\"}}]}<\/script>\n<!-- \/ Yoast SEO plugin. -->","yoast_head_json":{"title":"Bildungsmanagement - Lernende Region Schwandorf","robots":{"index":"index","follow":"follow","max-snippet":"max-snippet:-1","max-image-preview":"max-image-preview:large","max-video-preview":"max-video-preview:-1"},"canonical":"https:\/\/www.lernreg.de\/index.php\/bildungsmanagement\/","og_locale":"de_DE","og_type":"article","og_title":"Bildungsmanagement - Lernende Region Schwandorf","og_description":"Das Bildungsmanagement b\u00fcndelt bildungsrelevante Informationen und Daten sowie die Bildungszust\u00e4ndigkeiten und -aktivit\u00e4ten. Dazu geh\u00f6ren auch die Pfl","og_url":"https:\/\/www.lernreg.de\/index.php\/bildungsmanagement\/","og_site_name":"Lernende Region Schwandorf","article_modified_time":"2021-11-05T11:12:53+00:00","twitter_card":"summary_large_image","twitter_misc":{"Gesch\u00e4tzte Lesezeit":"3\u00a0Minuten"},"schema":{"@context":"https:\/\/schema.org","@graph":[{"@type":"WebPage","@id":"https:\/\/www.lernreg.de\/index.php\/bildungsmanagement\/","url":"https:\/\/www.lernreg.de\/index.php\/bildungsmanagement\/","name":"Bildungsmanagement - Lernende Region Schwandorf","isPartOf":{"@id":"https:\/\/www.lernreg.de\/#website"},"datePublished":"2021-09-07T10:51:05+00:00","dateModified":"2021-11-05T11:12:53+00:00","breadcrumb":{"@id":"https:\/\/www.lernreg.de\/index.php\/bildungsmanagement\/#breadcrumb"},"inLanguage":"de","potentialAction":[{"@type":"ReadAction","target":["https:\/\/www.lernreg.de\/index.php\/bildungsmanagement\/"]}]},{"@type":"BreadcrumbList","@id":"https:\/\/www.lernreg.de\/index.php\/bildungsmanagement\/#breadcrumb","itemListElement":[{"@type":"ListItem","position":1,"name":"Startseite","item":"https:\/\/www.lernreg.de\/index.php\/homepage\/"},{"@type":"ListItem","position":2,"name":"Bildungsmanagement"}]},{"@type":"WebSite","@id":"https:\/\/www.lernreg.de\/#website","url":"https:\/\/www.lernreg.de\/","name":"Lernende Region Schwandorf","description":"Freiwilligenagentur, Bildung","publisher":{"@id":"https:\/\/www.lernreg.de\/#organization"},"potentialAction":[{"@type":"SearchAction","target":{"@type":"EntryPoint","urlTemplate":"https:\/\/www.lernreg.de\/?s={search_term_string}"},"query-input":{"@type":"PropertyValueSpecification","valueRequired":true,"valueName":"search_term_string"}}],"inLanguage":"de"},{"@type":"Organization","@id":"https:\/\/www.lernreg.de\/#organization","name":"Die Lernende Region Schwandorf e.V. ist ein regionales Netzwerk f\u00fcr den Landkreis Schwandorf mit den Schwerpunkten\u00a0Bildung\u00a0und\u00a0Ehrenamt: Im\u00a0Bildungsbereich\u00a0strebt die Lernende Region Schwandorf eine nachhaltige Verbesserung der Ausbildungs-, Besch\u00e4ftigungs- und Lebenssituation aller B\u00fcrgerinnen und B\u00fcrger\u00a0der Region an. Beispiele hierf\u00fcr sind die j\u00e4hrliche Bildungsmesse in Maxh\u00fctte-Haidhof sowie die Durchf\u00fchrung des Projekts \u201eMINT-Netzwerke Bayern\u201c.","url":"https:\/\/www.lernreg.de\/","logo":{"@type":"ImageObject","inLanguage":"de","@id":"https:\/\/www.lernreg.de\/#\/schema\/logo\/image\/","url":"https:\/\/www.lernreg.de\/wp-content\/uploads\/2021\/08\/Logo-LernReg-transparent.png","contentUrl":"https:\/\/www.lernreg.de\/wp-content\/uploads\/2021\/08\/Logo-LernReg-transparent.png","width":400,"height":228,"caption":"Die Lernende Region Schwandorf e.V. ist ein regionales Netzwerk f\u00fcr den Landkreis Schwandorf mit den Schwerpunkten\u00a0Bildung\u00a0und\u00a0Ehrenamt: Im\u00a0Bildungsbereich\u00a0strebt die Lernende Region Schwandorf eine nachhaltige Verbesserung der Ausbildungs-, Besch\u00e4ftigungs- und Lebenssituation aller B\u00fcrgerinnen und B\u00fcrger\u00a0der Region an. Beispiele hierf\u00fcr sind die j\u00e4hrliche Bildungsmesse in Maxh\u00fctte-Haidhof sowie die Durchf\u00fchrung des Projekts \u201eMINT-Netzwerke Bayern\u201c."},"image":{"@id":"https:\/\/www.lernreg.de\/#\/schema\/logo\/image\/"}}]}},"_links":{"self":[{"href":"https:\/\/www.lernreg.de\/index.php\/wp-json\/wp\/v2\/pages\/3555","targetHints":{"allow":["GET"]}}],"collection":[{"href":"https:\/\/www.lernreg.de\/index.php\/wp-json\/wp\/v2\/pages"}],"about":[{"href":"https:\/\/www.lernreg.de\/index.php\/wp-json\/wp\/v2\/types\/page"}],"author":[{"embeddable":true,"href":"https:\/\/www.lernreg.de\/index.php\/wp-json\/wp\/v2\/users\/1"}],"replies":[{"embeddable":true,"href":"https:\/\/www.lernreg.de\/index.php\/wp-json\/wp\/v2\/comments?post=3555"}],"version-history":[{"count":7,"href":"https:\/\/www.lernreg.de\/index.php\/wp-json\/wp\/v2\/pages\/3555\/revisions"}],"predecessor-version":[{"id":4654,"href":"https:\/\/www.lernreg.de\/index.php\/wp-json\/wp\/v2\/pages\/3555\/revisions\/4654"}],"wp:attachment":[{"href":"https:\/\/www.lernreg.de\/index.php\/wp-json\/wp\/v2\/media?parent=3555"}],"curies":[{"name":"wp","href":"https:\/\/api.w.org\/{rel}","templated":true}]}}