{"id":3483,"date":"2021-09-06T19:01:16","date_gmt":"2021-09-06T17:01:16","guid":{"rendered":"https:\/\/www.lernreg.de\/Neues%20Verzeichnis\/wordpress\/?page_id=3483"},"modified":"2025-11-27T08:25:35","modified_gmt":"2025-11-27T07:25:35","slug":"ehrenamtskarte","status":"publish","type":"page","link":"https:\/\/www.lernreg.de\/index.php\/ehrenamtskarte\/","title":{"rendered":"Bayerische Ehrenamtskarte"},"content":{"rendered":"<div id='layer_slider_1'  class='avia-layerslider main_color avia-shadow  avia-builder-el-0  el_before_av_hr  avia-builder-el-first  container_wrap sidebar_right'  style='height: 351px;'  ><\/div><div id='after_layer_slider_1'  class='main_color av_default_container_wrap container_wrap sidebar_right'  ><div class='container av-section-cont-open' ><div class='template-page content  av-content-small alpha units'><div class='post-entry post-entry-type-page post-entry-3483'><div class='entry-content-wrapper clearfix'>\n\n<style type=\"text\/css\" data-created_by=\"avia_inline_auto\" id=\"style-css-av-2uayvor-d55a839a21844da1d46d6944f5dafda6\">\n#top .hr.hr-invisible.av-2uayvor-d55a839a21844da1d46d6944f5dafda6{\nheight:50px;\n}\n<\/style>\n<div  class='hr av-2uayvor-d55a839a21844da1d46d6944f5dafda6 hr-invisible  avia-builder-el-1  el_after_av_layerslider  el_before_av_one_half  avia-builder-el-first '><span class='hr-inner '><span class=\"hr-inner-style\"><\/span><\/span><\/div>\n<div class='flex_column av-2sk1sh7-925c9c9de9aa7d715714e1b7d005d773 av_one_half  avia-builder-el-2  el_after_av_hr  el_before_av_one_half  first flex_column_div '     ><style type=\"text\/css\" data-created_by=\"avia_inline_auto\" id=\"style-css-av-2qzjbqj-aad4eee8468712f1dafa7ab601523a3a\">\n.avia-image-container.av-2qzjbqj-aad4eee8468712f1dafa7ab601523a3a img.avia_image{\nbox-shadow:none;\n}\n.avia-image-container.av-2qzjbqj-aad4eee8468712f1dafa7ab601523a3a .av-image-caption-overlay-center{\ncolor:#ffffff;\n}\n<\/style>\n<div  class='avia-image-container av-2qzjbqj-aad4eee8468712f1dafa7ab601523a3a av-styling- avia-align-center  avia-builder-el-3  avia-builder-el-no-sibling '   itemprop=\"image\" itemscope=\"itemscope\" itemtype=\"https:\/\/schema.org\/ImageObject\" ><div class=\"avia-image-container-inner\"><div class=\"avia-image-overlay-wrap\"><a href=\"https:\/\/www.lernreg.de\/fileadmin\/user_upload\/Hilfsangebote_Corona.xlsx.pdf\" class='avia_image'  target=\"_blank\"  rel=\"noopener noreferrer\"><img decoding=\"async\" class='wp-image-3484 avia-img-lazy-loading-not-3484 avia_image ' src=\"https:\/\/www.lernreg.de\/wp-content\/uploads\/2021\/09\/csm_Ehrenamtskarte_blau_und_gold_neu_6c5a78c6fd.jpg\" alt='' title='csm_Ehrenamtskarte_blau_und_gold_neu_6c5a78c6fd'  height=\"250\" width=\"354\"  itemprop=\"thumbnailUrl\" srcset=\"https:\/\/www.lernreg.de\/wp-content\/uploads\/2021\/09\/csm_Ehrenamtskarte_blau_und_gold_neu_6c5a78c6fd.jpg 354w, https:\/\/www.lernreg.de\/wp-content\/uploads\/2021\/09\/csm_Ehrenamtskarte_blau_und_gold_neu_6c5a78c6fd-300x212.jpg 300w, https:\/\/www.lernreg.de\/wp-content\/uploads\/2021\/09\/csm_Ehrenamtskarte_blau_und_gold_neu_6c5a78c6fd-260x185.jpg 260w\" sizes=\"(max-width: 354px) 100vw, 354px\" \/><\/a><\/div><\/div><\/div><\/div>\n\n<style type=\"text\/css\" data-created_by=\"avia_inline_auto\" id=\"style-css-av-2oydd7f-42c3a4aa6bb7d89d35e4b80d70c9286a\">\n.flex_column.av-2oydd7f-42c3a4aa6bb7d89d35e4b80d70c9286a{\n-webkit-border-radius:0px 0px 0px 0px;\n-moz-border-radius:0px 0px 0px 0px;\nborder-radius:0px 0px 0px 0px;\npadding:0px 0px 0px 0px;\n}\n<\/style>\n<div class='flex_column av-2oydd7f-42c3a4aa6bb7d89d35e4b80d70c9286a av_one_half  avia-builder-el-4  el_after_av_one_half  el_before_av_hr  flex_column_div av-zero-column-padding '     ><section  class='av_textblock_section av-2monu57-e1ed65bcb37967c9544904f1541a8d3e'  itemscope=\"itemscope\" itemtype=\"https:\/\/schema.org\/CreativeWork\" ><div class='avia_textblock'  itemprop=\"text\" ><p>Die Bayerische Ehrenamtskarte ist\u00a0Auszeichnung und Anerkennung an Landkreisb\u00fcrger und -b\u00fcrgerinnen f\u00fcr herausragendes ehrenamtliches Engagement.<\/p>\n<p><b>Unser Dankesch\u00f6n f\u00fcr Ihr Engagement\u00a0<\/b><\/p>\n<p>Seit\u00a0Herbst 2011\u00a0gibt es im\u00a0Landkreis Schwandorf in Zusammenarbeit mit dem Bayerischen\u00a0Staatsministerium f\u00fcr\u00a0Familie, Arbeit und Soziales die\u00a0<b>Bayerische Ehrenamtskarte.<\/b><\/p>\n<p>Sie wird als Anerkennung f\u00fcr<b>\u00a0herausragendes ehrenamtliches Engagement<\/b>\u00a0verliehen\u00a0und gew\u00e4hrt dem Karteninhaber landkreis- und zum Teil bayernweit zahlreiche\u00a0<b>Verg\u00fcnstigungen und Rabatte.<\/b><\/p>\n<p>Dabei ist an B\u00fcrger und B\u00fcrgerinnen gedacht, die zum Beispiel in sozialen und kirchlichen Einrichtungen, in Sportvereinen, Feuerwehr, THW oder auch im Auftrag der Kommune\u00a0<b>Besonderes<\/b>\u00a0ehrenamtlich leisten.<\/p>\n<\/div><\/section><\/div>\n<div  class='hr av-2lbacy3-4b9d6eb18301b5df5408d7bf0e63c714 hr-short  avia-builder-el-6  el_after_av_one_half  el_before_av_one_full  hr-center'><span class='hr-inner '><span class=\"hr-inner-style\"><\/span><\/span><\/div>\n\n<style type=\"text\/css\" data-created_by=\"avia_inline_auto\" id=\"style-css-av-2jc34pn-3753c6d4256bae8a6085ccec656ad024\">\n.flex_column.av-2jc34pn-3753c6d4256bae8a6085ccec656ad024{\n-webkit-border-radius:0px 0px 0px 0px;\n-moz-border-radius:0px 0px 0px 0px;\nborder-radius:0px 0px 0px 0px;\npadding:0px 0px 0px 0px;\n}\n<\/style>\n<div class='flex_column av-2jc34pn-3753c6d4256bae8a6085ccec656ad024 av_one_full  avia-builder-el-7  el_after_av_hr  el_before_av_one_half  first flex_column_div av-zero-column-padding '     ><section  class='av_textblock_section av-2inlcvv-b80557ddbbcca11bccc1ed794782ee37'  itemscope=\"itemscope\" itemtype=\"https:\/\/schema.org\/CreativeWork\" ><div class='avia_textblock'  itemprop=\"text\" ><div id=\"c168\" class=\"csc-default\">\n<h1>Beantragung der Ehrenamtskarte<\/h1>\n<\/div>\n<div id=\"c1036\" class=\"csc-default\"><\/div>\n<\/div><\/section><br \/>\n\n<style type=\"text\/css\" data-created_by=\"avia_inline_auto\" id=\"style-css-av-2grffu3-5adc9c932836bb0ec18456ff5c3c1d08\">\n#top .hr.hr-invisible.av-2grffu3-5adc9c932836bb0ec18456ff5c3c1d08{\nheight:20px;\n}\n<\/style>\n<div  class='hr av-2grffu3-5adc9c932836bb0ec18456ff5c3c1d08 hr-invisible  avia-builder-el-9  el_after_av_textblock  el_before_av_textblock '><span class='hr-inner '><span class=\"hr-inner-style\"><\/span><\/span><\/div><br \/>\n<section  class='av_textblock_section av-8r8gcr-e316299c08e412d86761f1ec9014dd39'  itemscope=\"itemscope\" itemtype=\"https:\/\/schema.org\/CreativeWork\" ><div class='avia_textblock'  itemprop=\"text\" ><div id=\"c168\" class=\"csc-default\">\n<div id=\"c112\" class=\"csc-default csc-space-before-20\">\n<div id=\"c1036\" class=\"csc-default\">\n<h3>Wer bekommt die Ehrenamtskarte?<\/h3>\n<p>Die Ehrenamtskarte kann von Vereinen und Organisationen f\u00fcr ihre Mitglieder beantragt werden, oder jeder Einzelne kann die Karte f\u00fcr sich selbst beantragen. Die blaue Ehrenamtskarte ist 3 Jahre g\u00fcltig und wird nicht automatisch verl\u00e4ngert, sondern muss neu beantragt werden. Die goldene Ehrenamtskarte ist unbegrenzt g\u00fcltig.<\/p>\n<\/div>\n<div id=\"c1015\" class=\"csc-default\"><\/div>\n<\/div>\n<\/div>\n<\/div><\/section><br \/>\n\n<style type=\"text\/css\" data-created_by=\"avia_inline_auto\" id=\"style-css-av-2cmmsbv-ada227aa25b88fdfd43a2fa57f1a7f3d\">\n#top .hr.hr-invisible.av-2cmmsbv-ada227aa25b88fdfd43a2fa57f1a7f3d{\nheight:20px;\n}\n<\/style>\n<div  class='hr av-2cmmsbv-ada227aa25b88fdfd43a2fa57f1a7f3d hr-invisible  avia-builder-el-11  el_after_av_textblock  avia-builder-el-last '><span class='hr-inner '><span class=\"hr-inner-style\"><\/span><\/span><\/div><\/p><\/div>\n\n<style type=\"text\/css\" data-created_by=\"avia_inline_auto\" id=\"style-css-av-2c4gmy3-48db1763042a8acfee900a8c1bdd8fb9\">\n.flex_column.av-2c4gmy3-48db1763042a8acfee900a8c1bdd8fb9{\n-webkit-border-radius:0px 0px 0px 0px;\n-moz-border-radius:0px 0px 0px 0px;\nborder-radius:0px 0px 0px 0px;\npadding:0px 0px 0px 0px;\n}\n<\/style>\n<div class='flex_column av-2c4gmy3-48db1763042a8acfee900a8c1bdd8fb9 av_one_half  avia-builder-el-12  el_after_av_one_full  el_before_av_one_half  first flex_column_div av-zero-column-padding column-top-margin'     ><p>\n<style type=\"text\/css\" data-created_by=\"avia_inline_auto\" id=\"style-css-av-894vkb-3d50ae498d33a8e163171bf578220ccc\">\n.av_font_icon.av-894vkb-3d50ae498d33a8e163171bf578220ccc .av-icon-char{\nfont-size:40px;\nline-height:40px;\nwidth:40px;\n}\n<\/style>\n<span  class='av_font_icon av-894vkb-3d50ae498d33a8e163171bf578220ccc avia_animate_when_visible av-icon-style-border avia-icon-pos-center av-no-color avia-icon-animate'><span class='av-icon-char' aria-hidden='true' data-av_icon='\ue84c' data-av_iconfont='entypo-fontello' ><\/span><\/span><br \/>\n<section  class='av_textblock_section av-t3baz-a22294b707e620ae35e983c2fce4f45f'  itemscope=\"itemscope\" itemtype=\"https:\/\/schema.org\/CreativeWork\" ><div class='avia_textblock'  itemprop=\"text\" ><div id=\"c168\" class=\"csc-default\">\n<div id=\"c112\" class=\"csc-default csc-space-before-20\">\n<div id=\"c1036\" class=\"csc-default\">\n<p>Die\u00a0<b>blaue Ehrenamtskarte<\/b>\u00a0k\u00f6nnen\u00a0B\u00fcrgerinnen und B\u00fcrger beantragen, die<\/p>\n<ul>\n<li style=\"list-style-type: none;\">\n<ul>\n<li>sich freiwillig durchschnittlich<strong>\u00a0f\u00fcnf Stunden<\/strong>\u00a0<strong>pro Woche<\/strong>\u00a0oder bei Projektarbeiten mindestens 250 Stunden j\u00e4hrlich engagieren. Ein angemessener Kostenersatz ist zul\u00e4ssig.<\/li>\n<li>mindestens\u00a0<strong>seit 2 Jahren<\/strong>\u00a0im B\u00fcrgerschaftlichen Engagement\u00a0t\u00e4tig sind.<\/li>\n<li>im Landkreis Schwandorf wohnen.<\/li>\n<li>Inhaber der\u00a0<strong>Juleica<\/strong>\u00a0sind. Sie erhalten auf Wunsch ohne weitere Pr\u00fcfung der Anspruchsvoraussetzungen eine Ehrenamtskarte.<\/li>\n<li><strong>aktiv in der Feuerwehr<\/strong>\u00a0sind &#8211; mit abgeschlossener\u00a0<strong>Truppmannausbildung<\/strong>\u00a0bzw. mit mindestens abgeschlossenem Basis-Modul der Modularen Truppmannausbildung (MTA).<\/li>\n<li>als Einsatzkr\u00e4fte im\u00a0<strong>Katastrophenschutz und Rettungsdienst<\/strong>\u00a0mit abgeschlossener Grundausbildung t\u00e4tig sind.<\/li>\n<li>als\u00a0<strong>Reservist<\/strong>\u00a0regelm\u00e4\u00dfig aktiven Wehrdienst in der Bundeswehr leisten, indem sie entweder in den vergangenen zwei Kalenderjahren insgesamt mindestens 40 Tage Reservisten-Dienstleistung erbracht haben oder in den vergangenen zwei Kalenderjahren st\u00e4ndiger Angeh\u00f6riger eines Bezirks- oder Kreisverbindungskommandos waren<\/li>\n<li>einen\u00a0<strong>Freiwilligendienst<\/strong>\u00a0ableisten in einem Freiwilligen Sozialen Jahr (FSJ), einem Freiwilligen \u00d6kologischen Jahr (F\u00d6J) oder einem Bundesfreiwilligendienst (BFD).<\/li>\n<\/ul>\n<\/li>\n<\/ul>\n<\/div>\n<div id=\"c1015\" class=\"csc-default\"><\/div>\n<\/div>\n<\/div>\n<\/div><\/section><\/p><\/div>\n\n<style type=\"text\/css\" data-created_by=\"avia_inline_auto\" id=\"style-css-av-26ei5nf-565433339bde5b37735872f8374b5818\">\n.flex_column.av-26ei5nf-565433339bde5b37735872f8374b5818{\n-webkit-border-radius:0px 0px 0px 0px;\n-moz-border-radius:0px 0px 0px 0px;\nborder-radius:0px 0px 0px 0px;\npadding:0px 0px 0px 0px;\n}\n<\/style>\n<div class='flex_column av-26ei5nf-565433339bde5b37735872f8374b5818 av_one_half  avia-builder-el-15  el_after_av_one_half  el_before_av_hr  flex_column_div av-zero-column-padding column-top-margin'     ><p>\n<style type=\"text\/css\" data-created_by=\"avia_inline_auto\" id=\"style-css-av-24wckgr-a48ef83aa190872c562cd28277d9ef9e\">\n.av_font_icon.av-24wckgr-a48ef83aa190872c562cd28277d9ef9e .av-icon-char{\nfont-size:40px;\nline-height:40px;\nwidth:40px;\n}\n<\/style>\n<span  class='av_font_icon av-24wckgr-a48ef83aa190872c562cd28277d9ef9e avia_animate_when_visible av-icon-style-border avia-icon-pos-center av-no-color avia-icon-animate'><span class='av-icon-char' aria-hidden='true' data-av_icon='\ue84b' data-av_iconfont='entypo-fontello' ><\/span><\/span><br \/>\n<section  class='av_textblock_section av-23nlucr-8bcb397f0089912b193cc593ed87f939'  itemscope=\"itemscope\" itemtype=\"https:\/\/schema.org\/CreativeWork\" ><div class='avia_textblock'  itemprop=\"text\" ><div id=\"c168\" class=\"csc-default\">\n<div id=\"c112\" class=\"csc-default csc-space-before-20\">\n<div id=\"c1036\" class=\"csc-default\">\n<div id=\"c1036\" class=\"csc-default\">\n<p>Die\u00a0<b>goldene Ehrenamtskarte<\/b>\u00a0k\u00f6nnen folgende Personen erhalten:<\/p>\n<ul>\n<li>Inhaber des Ehrenzeichens des Ministerpr\u00e4sidenten.<\/li>\n<li>Feuerwehrdienstleistende und Einsatzkr\u00e4fte im Rettungsdienst und in sonstigen Einheiten des Katastrophenschutzes, die eine Dienstzeitauszeichnung nach dem Feuerwehr- und Hilfsorganisationen-Ehrenzeichengesetz (FwHOEzG) haben.<\/li>\n<li>Reservisten, die seit mindestens 25 Jahren regelm\u00e4\u00dfig aktiven Wehrdienst in der Bundeswehr leisten, indem sie in dieser Zeit entweder insgesamt mindestens 500 Tage Reservisten-Dienstleistung erbracht haben oder in dieser Zeit st\u00e4ndiger Angeh\u00f6riger eines Bezirks- oder Kreisverbindungskommandos waren.<\/li>\n<li>Ehrenamtliche, die nachweislich mindestens 25 Jahre mindestens 5 Stunden pro Woche oder 250 Stunden pro Jahr ehrenamtlich t\u00e4tig waren.<\/li>\n<\/ul>\n<\/div>\n<div id=\"c1015\" class=\"csc-default\"><\/div>\n<ul>\n<li style=\"list-style-type: none;\"><\/li>\n<\/ul>\n<\/div>\n<div id=\"c1015\" class=\"csc-default\"><\/div>\n<\/div>\n<\/div>\n<\/div><\/section><\/p><\/div>\n<div  class='hr av-7bl3mj-92a436bff8ed7203e42b2df711f8cd58 hr-short  avia-builder-el-18  el_after_av_one_half  el_before_av_one_full  hr-center'><span class='hr-inner '><span class=\"hr-inner-style\"><\/span><\/span><\/div>\n\n<style type=\"text\/css\" data-created_by=\"avia_inline_auto\" id=\"style-css-av-1zkv4vv-2cc1ceccbc03fca38d87a5f17ec9c698\">\n.flex_column.av-1zkv4vv-2cc1ceccbc03fca38d87a5f17ec9c698{\n-webkit-border-radius:0px 0px 0px 0px;\n-moz-border-radius:0px 0px 0px 0px;\nborder-radius:0px 0px 0px 0px;\npadding:0px 0px 0px 0px;\n}\n<\/style>\n<div class='flex_column av-1zkv4vv-2cc1ceccbc03fca38d87a5f17ec9c698 av_one_full  avia-builder-el-19  el_after_av_hr  el_before_av_one_half  first flex_column_div av-zero-column-padding '     ><section  class='av_textblock_section av-1xqwqhn-f4025fa3ec6256e5d200345bbb34c18b'  itemscope=\"itemscope\" itemtype=\"https:\/\/schema.org\/CreativeWork\" ><div class='avia_textblock'  itemprop=\"text\" ><div id=\"c168\" class=\"csc-default\">\n<div id=\"c112\" class=\"csc-default csc-space-before-20\">\n<div id=\"c1036\" class=\"csc-default\">\n<div id=\"c1015\" class=\"csc-default\">\n<h3><\/h3>\n<\/div>\n<h2>Formulare zur Beantragung der Ehrenamtskarte<\/h2>\n<\/div>\n<div id=\"c1015\" class=\"csc-default\"><\/div>\n<\/div>\n<\/div>\n<\/div><\/section><\/div>\n\n<style type=\"text\/css\" data-created_by=\"avia_inline_auto\" id=\"style-css-av-305ofv-8012482419819aa8128cbcc788523c3e\">\n.flex_column.av-305ofv-8012482419819aa8128cbcc788523c3e{\n-webkit-border-radius:0px 0px 0px 0px;\n-moz-border-radius:0px 0px 0px 0px;\nborder-radius:0px 0px 0px 0px;\npadding:0px 0px 0px 0px;\n}\n<\/style>\n<div class='flex_column av-305ofv-8012482419819aa8128cbcc788523c3e av_one_half  avia-builder-el-21  el_after_av_one_full  el_before_av_one_half  first flex_column_div av-zero-column-padding column-top-margin'     ><section  class='av_textblock_section av-llowcaaw-cda0084134655faddadc56b7bb3af35a'  itemscope=\"itemscope\" itemtype=\"https:\/\/schema.org\/CreativeWork\" ><div class='avia_textblock'  itemprop=\"text\" ><div id=\"c168\" class=\"csc-default\">\n<div id=\"c112\" class=\"csc-default csc-space-before-20\">\n<div id=\"c1036\" class=\"csc-default\">\n<div id=\"c1015\" class=\"csc-default\">\n<h3><\/h3>\n<\/div>\n<h3>Antrag Ehrenamtskarte:<\/h3>\n<\/div>\n<div id=\"c1015\" class=\"csc-default\"><\/div>\n<\/div>\n<\/div>\n<\/div><\/section><\/div>\n\n<style type=\"text\/css\" data-created_by=\"avia_inline_auto\" id=\"style-css-av-a65p7-137186d216667e82bb18d0476b380732\">\n.flex_column.av-a65p7-137186d216667e82bb18d0476b380732{\n-webkit-border-radius:0px 0px 0px 0px;\n-moz-border-radius:0px 0px 0px 0px;\nborder-radius:0px 0px 0px 0px;\npadding:0px 0px 0px 0px;\n}\n<\/style>\n<div class='flex_column av-a65p7-137186d216667e82bb18d0476b380732 av_one_half  avia-builder-el-23  el_after_av_one_half  el_before_av_one_half  flex_column_div av-zero-column-padding column-top-margin'     ><div  class='avia-button-wrap avia-button-center  avia-builder-el-24  avia-builder-el-no-sibling '>\n<style type=\"text\/css\" data-created_by=\"avia_inline_auto\" id=\"style-css-av-llow7685-59c186b81d5fd0d8447f4f2361ed3d5f\">\n#top #wrap_all .avia-button.av-llow7685-59c186b81d5fd0d8447f4f2361ed3d5f:hover{\ncolor:white;\n-webkit-transition:all 0.4s ease-in-out;\n-moz-transition:all 0.4s ease-in-out;\n-ms-transition:all 0.4s ease-in-out;\n-o-transition:all 0.4s ease-in-out;\ntransition:all 0.4s ease-in-out;\n}\n<\/style>\n<a href='https:\/\/bayern.ehrenamtskarte.app\/beantragen' class='avia-color-theme-color avia-font-color-theme-color avia-button avia-button-fullwidth av-llow7685-59c186b81d5fd0d8447f4f2361ed3d5f avia-icon_select-yes-left-icon avia-color-theme-color' target=\"_blank\" rel=\"noopener noreferrer\"><span class='avia_button_icon avia_button_icon_left' aria-hidden='true' data-av_icon='\ue84e' data-av_iconfont='entypo-fontello'><\/span><span class='avia_iconbox_title' >Antrag Ehrenamtskarte<\/span><span class='avia_button_background avia-button avia-button-fullwidth avia-color-theme-color'><\/span><\/a><\/div><\/div>\n\n<style type=\"text\/css\" data-created_by=\"avia_inline_auto\" id=\"style-css-av-1jfif8r-f4d978f6dc9d29b682434bfaf0681dbe\">\n.flex_column.av-1jfif8r-f4d978f6dc9d29b682434bfaf0681dbe{\n-webkit-border-radius:0px 0px 0px 0px;\n-moz-border-radius:0px 0px 0px 0px;\nborder-radius:0px 0px 0px 0px;\npadding:0px 0px 0px 0px;\n}\n<\/style>\n<div class='flex_column av-1jfif8r-f4d978f6dc9d29b682434bfaf0681dbe av_one_half  avia-builder-el-25  el_after_av_one_half  el_before_av_one_half  first flex_column_div av-zero-column-padding column-top-margin'     ><section  class='av_textblock_section av-1hpe9p7-c21d114735e0be03c7069415bdc2020c'  itemscope=\"itemscope\" itemtype=\"https:\/\/schema.org\/CreativeWork\" ><div class='avia_textblock'  itemprop=\"text\" ><div id=\"c168\" class=\"csc-default\">\n<div id=\"c112\" class=\"csc-default csc-space-before-20\">\n<div id=\"c1036\" class=\"csc-default\">\n<div id=\"c1015\" class=\"csc-default\">\n<h3><\/h3>\n<\/div>\n<h3>Sammelantr\u00e4ge f\u00fcr Feuerwehren, Rettungsdienste und THW<\/h3>\n<\/div>\n<div id=\"c1015\" class=\"csc-default\"><\/div>\n<\/div>\n<\/div>\n<\/div><\/section><\/div>\n\n<style type=\"text\/css\" data-created_by=\"avia_inline_auto\" id=\"style-css-av-1fohqob-e84a2bcec772cd1b8785eb527480e96d\">\n.flex_column.av-1fohqob-e84a2bcec772cd1b8785eb527480e96d{\n-webkit-border-radius:0px 0px 0px 0px;\n-moz-border-radius:0px 0px 0px 0px;\nborder-radius:0px 0px 0px 0px;\npadding:0px 0px 0px 0px;\n}\n<\/style>\n<div class='flex_column av-1fohqob-e84a2bcec772cd1b8785eb527480e96d av_one_half  avia-builder-el-27  el_after_av_one_half  el_before_av_hr  flex_column_div av-zero-column-padding column-top-margin'     ><section  class='av_textblock_section av-1ekgjyj-24c62db3b8b11e2a134dc8272d291a8a'  itemscope=\"itemscope\" itemtype=\"https:\/\/schema.org\/CreativeWork\" ><div class='avia_textblock'  itemprop=\"text\" ><p>Sammelantr\u00e4ge\u00a0zur einfachen Beantragung\u00a0der\u00a0Ehrenamtskarte gibt es f\u00fcr alle Feuerwehren, das THW und die Rettungsdienste.<\/p>\n<p>Bitte setzen Sie sich f\u00fcr das Formular mit<br \/>\nuns in Verbindung.<br \/>\n<a href=\"mailto:Bianka.Vollath@lernreg.de\">Bianka.Vollath@lernreg.de<\/a>, Tel. 09431 471-616<\/p>\n<\/div><\/section><\/div>\n\n<style type=\"text\/css\" data-created_by=\"avia_inline_auto\" id=\"style-css-av-1d63hwb-3c657349e9fee0d13550a37928ab8350\">\n#top .hr.hr-invisible.av-1d63hwb-3c657349e9fee0d13550a37928ab8350{\nheight:30px;\n}\n<\/style>\n<div  class='hr av-1d63hwb-3c657349e9fee0d13550a37928ab8350 hr-invisible  avia-builder-el-29  el_after_av_one_half  el_before_av_hr '><span class='hr-inner '><span class=\"hr-inner-style\"><\/span><\/span><\/div>\n<div  class='hr av-gshy3-9441622e0f6165f2a0a00a927bdfbfcd hr-short  avia-builder-el-30  el_after_av_hr  el_before_av_hr  hr-center'><span class='hr-inner '><span class=\"hr-inner-style\"><\/span><\/span><\/div>\n\n<style type=\"text\/css\" data-created_by=\"avia_inline_auto\" id=\"style-css-av-1a3r8cr-e96e3c09bcf2df7f9903565e5fd90c06\">\n#top .hr.hr-invisible.av-1a3r8cr-e96e3c09bcf2df7f9903565e5fd90c06{\nheight:20px;\n}\n<\/style>\n<div  class='hr av-1a3r8cr-e96e3c09bcf2df7f9903565e5fd90c06 hr-invisible  avia-builder-el-31  el_after_av_hr  el_before_av_textblock '><span class='hr-inner '><span class=\"hr-inner-style\"><\/span><\/span><\/div>\n<section  class='av_textblock_section av-17iobmz-ac4eb5326bcf957fd7c1d2488069e5be'  itemscope=\"itemscope\" itemtype=\"https:\/\/schema.org\/CreativeWork\" ><div class='avia_textblock'  itemprop=\"text\" ><div id=\"c168\" class=\"csc-default\">\n<div id=\"c84\" class=\"csc-default\">\n<h2>Welche Verg\u00fcnstigungen bietet die Ehrenamtskarte?<\/h2>\n<h4>Bayernweit:<\/h4>\n<p>In ganz Bayern gibt es rund 5000 Akzeptanzstellen, die Verg\u00fcnstigungen und Rabatte f\u00fcr Ehrenamtskarteninhaber bieten. Unter\u00a0<a href=\"http:\/\/www.ehrenamtskarte.bayern.de\/\" target=\"_blank\" rel=\"noopener\">www.ehrenamtskarte.Bayern.de<\/a>\u00a0sind alle aufgelistet. Darunter sind viele bayernweit t\u00e4tige Unternehmen und Online-Shops.<\/p>\n<p>Die Bayerische Schl\u00f6sser- und Seenverwaltung gew\u00e4hrt freien Eintritt f\u00fcr den Besuch aller Schl\u00f6sser und Burgen, deren Tr\u00e4ger die\u00a0<a class=\"extinline\" href=\"http:\/\/www.schloesser.bayern.de\/deutsch\/schloss\/index.htm\" target=\"_blank\" rel=\"noopener\">Bayerische Schl\u00f6sser- und Seenverwaltung<\/a>\u00a0ist. Museen anderer Tr\u00e4ger in Geb\u00e4uden der Bayerischen Schl\u00f6sser- und Seenverwaltung sind von dieser Regelung nicht umfasst.*<\/p>\n<p>* Ausgeschlossen sind: die Alte Hofhaltung in Bamberg, die Veste Coburg, die Burg Rosenburg, die Festungsruine Rothenberg, die st\u00e4dtischen Museen auf der Plassenburg Kulmbach und der Burg zu Burghausen.<\/p>\n<p>Die staatlichen Sammlungen und Museen gew\u00e4hren ebenfalls freien Eintritt f\u00fcr Ehrenamtskarteninhaber, dazu geh\u00f6rt auch das Haus der Bayerischen Geschichte in Regensburg. Zudem gew\u00e4hrt die Staatliche Seenschifffahrtsgesellschaft auf den von ihr betriebenen Schiffen auf dem K\u00f6nigssee, dem Ammersee, dem Starnberger See und dem Tegernsee bei den gro\u00dfen Seenrundfahrten einen erm\u00e4\u00dfigten Nutzungspreis f\u00fcr die Inhaber der Bayerischen Ehrenamtskarte.<\/p>\n<p>Alle Akzeptanzstellen finden sich auch in der<b>\u00a0App\u00a0Ehrenamtskarte<\/b>\u00a0Bayern, die kostenlos im Google Playstore erh\u00e4ltlich ist. (Android 7.0 wird nicht unterst\u00fctzt. Bitte verwenden Sie Android 7.1 oder eine j\u00fcngere Version).<\/p>\n<p>Bei Onlinebuchung von Eintrittskarten f\u00fcr das Legoland bekommen Sie auf Anfrage den Zugangscode bei uns.<\/p>\n<\/div>\n<\/div>\n<div id=\"c168\" class=\"csc-default\">\n<div id=\"c84\" class=\"csc-default\"><\/div>\n<\/div>\n<\/div><\/section>\n\n<style type=\"text\/css\" data-created_by=\"avia_inline_auto\" id=\"style-css-av-15nlewr-f27ace830df24e3f9334eb6b94a49ed4\">\n#top .hr.hr-invisible.av-15nlewr-f27ace830df24e3f9334eb6b94a49ed4{\nheight:50px;\n}\n<\/style>\n<div  class='hr av-15nlewr-f27ace830df24e3f9334eb6b94a49ed4 hr-invisible  avia-builder-el-33  el_after_av_textblock  el_before_av_two_third '><span class='hr-inner '><span class=\"hr-inner-style\"><\/span><\/span><\/div>\n\n<style type=\"text\/css\" data-created_by=\"avia_inline_auto\" id=\"style-css-av-13y8haz-a1dc2bac2a0ed79f53612c6ce495c8b2\">\n.flex_column.av-13y8haz-a1dc2bac2a0ed79f53612c6ce495c8b2{\n-webkit-border-radius:0px 0px 0px 0px;\n-moz-border-radius:0px 0px 0px 0px;\nborder-radius:0px 0px 0px 0px;\npadding:0px 0px 0px 0px;\n}\n<\/style>\n<div class='flex_column av-13y8haz-a1dc2bac2a0ed79f53612c6ce495c8b2 av_two_third  avia-builder-el-34  el_after_av_hr  el_before_av_hr  first flex_column_div av-zero-column-padding '     ><section  class='av_textblock_section av-12irccb-b1b0f3ab206998197b7678e18a247ca1'  itemscope=\"itemscope\" itemtype=\"https:\/\/schema.org\/CreativeWork\" ><div class='avia_textblock'  itemprop=\"text\" ><h4>Landkreis Schwandorf:<\/h4>\n<p>Die Verg\u00fcnstigungen aus dem Landkreis Schwandorf finden Sie <a href=\"https:\/\/www.lernreg.de\/wp-content\/uploads\/2025\/05\/Verguenstigungen_EAK_Landkreis-Schwandorf.pdf\">hier<\/a>.<\/p>\n<\/div><\/section><\/div>\n\n<style type=\"text\/css\" data-created_by=\"avia_inline_auto\" id=\"style-css-av-yflmqz-20532ef8defb2f5a964230e0a34d3912\">\n#top .hr.hr-invisible.av-yflmqz-20532ef8defb2f5a964230e0a34d3912{\nheight:50px;\n}\n<\/style>\n<div  class='hr av-yflmqz-20532ef8defb2f5a964230e0a34d3912 hr-invisible  avia-builder-el-36  el_after_av_two_third  el_before_av_hr '><span class='hr-inner '><span class=\"hr-inner-style\"><\/span><\/span><\/div>\n<div  class='hr av-37jo23-3ea8dce4cdec1477d08119593d27f293 hr-short  avia-builder-el-37  el_after_av_hr  el_before_av_hr  hr-center'><span class='hr-inner '><span class=\"hr-inner-style\"><\/span><\/span><\/div>\n\n<style type=\"text\/css\" data-created_by=\"avia_inline_auto\" id=\"style-css-av-u23mdn-378fe0f7799bb9c2b739863183673eb0\">\n#top .hr.hr-invisible.av-u23mdn-378fe0f7799bb9c2b739863183673eb0{\nheight:50px;\n}\n<\/style>\n<div  class='hr av-u23mdn-378fe0f7799bb9c2b739863183673eb0 hr-invisible  avia-builder-el-38  el_after_av_hr  el_before_av_textblock '><span class='hr-inner '><span class=\"hr-inner-style\"><\/span><\/span><\/div>\n<section  class='av_textblock_section av-2xuawb-402508b723464ceae728384769e9e833'  itemscope=\"itemscope\" itemtype=\"https:\/\/schema.org\/CreativeWork\" ><div class='avia_textblock'  itemprop=\"text\" ><div id=\"c168\" class=\"csc-default\">\n<div id=\"c112\" class=\"csc-default csc-space-before-20\">\n<div id=\"c851\" class=\"csc-default\">\n<h2>Aktionen f\u00fcr Ehrenamtskarteninhaber<\/h2>\n<h5><\/h5>\n<h5>April und September 2024<\/h5>\n<p>Die Therme Erding veranstaltet zwei \u201eEhrenamtskartentage\u201c, bei denen Inhaberinnen und Inhaber der Bayerischen Ehrenamtskarte von einem verg\u00fcnstigten Eintrittspreis profitieren k\u00f6nnen. Diese finden heuer am 11.04.2024 und 12.09.2024 statt. Der Preis f\u00fcr ein Tagesticket betr\u00e4gt an diesen Tagen 21 \u20ac statt 49 \u20ac. F\u00fcr die Aufpreise der VitalOase, VitalTherme und Saunen gibt es keine Verg\u00fcnstigung und m\u00fcssen regul\u00e4r an der Kasse gebucht werden.<\/p>\n<h5>September 2023<\/h5>\n<p>Schloss Thurn: Freier Eintritt f\u00fcr alle Inhaberinnen und Inhaber der Bayerischen Ehrenamtskarte am 23. und 24. September 2023. G\u00fcltige Ehrenamtskarte und Ausweis vorzeigen!<\/p>\n<h5><strong>August 2023<\/strong><\/h5>\n<h4><strong><u>Verlosung zur F\u00fcrther Kirchweih<\/u><\/strong><\/h4>\n<p>Inhaberinnen und Inhaber einer Ehrenamtskarte k\u00f6nnen mit etwas Gl\u00fcck eine \u00dcbernachtung f\u00fcr zwei Personen in F\u00fcrth gewinnen, inklusive einer Backstage-Tour auf der F\u00fcrther Kirchweih. Das Bayerische Staatsministerium f\u00fcr Familie, Arbeit und Soziales verlost das Paket gemeinsam mit der Stadt F\u00fcrth insgesamt f\u00fcnf Mal.<\/p>\n<p>Bayerns Sozialministerin Ulrike Scharf betont dazu: \u201eBayern ist Ehrenamtsland! 41 Prozent der Menschen \u00fcber 14 Jahre engagieren sich bei uns freiwillig. Dieses segensreiche Engagement h\u00e4lt unsere Gesellschaft zusammen, st\u00e4rkt unser Miteinander und verdient h\u00f6chste Anerkennung. Ich freue mich sehr, dass wir auch dieses Jahr zusammen mit der Stadt F\u00fcrth und ihren Schaustellerverb\u00e4nden f\u00fcnf attraktive Pakete mit \u00dcbernachtung und Backstage-Tour verlosen. Hinter den Kulissen k\u00f6nnen die Gewinnerinnen und Gewinner leckere Schmankerl genie\u00dfen und einen Einblick in das spannende Schaustellerleben gewinnen. Alle Inhaberinnen und Inhaber der Ehrenamtskarte k\u00f6nnen an der Verlosung teilnehmen!\u201c<\/p>\n<p>Mit einer g\u00fcltigen Bayerischen Ehrenamtskarte k\u00f6nnen Sie ab sofort unter folgen-dem Link an der Verlosung teilnehmen: https:\/\/s.bayern.de\/ehrenamtskarte-verlo-sung. Die Teilnahmefrist endet am 10. September 2023. Die Gewinner werden ab dem 11. September benachrichtigt. Der Rechtsweg ist ausgeschlossen. Die Backstage Tour findet am Donnerstag, 5. Oktober 2023, statt. Ein Fr\u00fchst\u00fcck ist bei der Hotel\u00fcbernachtung mit inbegriffen. Die F\u00fcrther Kirchweih findet vom 30. September bis zum 11. Oktober 2023 statt.<\/p>\n<p>November 2022<\/p>\n<h4><strong><u>Verlosung zum Internationalen Tag des Ehrenamtes<\/u><\/strong><\/h4>\n<p>Der 5. Dezember ist j\u00e4hrlich der \u201eInternationale Tag des Ehrenamtes\u201c. Das Ehrenamt soll an diesem Tag in den Mittelpunkt ger\u00fcckt werden. Bayerns Sozialministerin Ulrike Scharf hat es so formuliert: Im Ehrenamt sp\u00fcren wir den Herzschlag unseres Sozialstaates. Unsere bayerische Gesellschaft zeichnet sich dadurch aus, dass sich Menschen f\u00fcreinander einsetzen\u201c. F\u00fcr Sie alle trifft das zu, Sie alle setzen sich in Feuerwehren und Rettungsdiensten, in Vereinen und kirchlichen Organisationen t\u00e4glich f\u00fcr andere ein und daf\u00fcr wollen wir Ihnen allen DANKE sagen.<\/p>\n<p>Unter dem Motto <strong>\u201eBrennen f\u00fcrs Ehrenamt\u201c<\/strong> verlosen wir deshalb zum \u201eInternationalen Tag des Ehrenamtes\u201c am 05. Dezember 2022, drei Feuerschalen an Inhaber einer g\u00fcltigen blauen oder goldenen Ehrenamtskarte im Landkreis Schwandorf.<\/p>\n<p>Wer eine dieser Feuerschalen (Durchmesser ca. 55 cm) gewinnen m\u00f6chte, sendet eine E-Mail an <a href=\"mailto:Maria.Dirnberger@Lernreg.de\">Maria.Dirnberger@Lernreg.de<\/a>. Bitte geben Sie auch eine Telefonnummer an, unter der Sie erreichbar sind. Einsendeschluss ist der 28. November. Die Gewinner werden am 29. November telefonisch verst\u00e4ndigt und<\/p>\n<p>k\u00f6nnen am Montag, den 5. Dezember 2022, von 10 Uhr bis 15 Uhr ihre Feuerschale pers\u00f6nlich entgegennehmen oder einen anderen Termin vereinbaren.<\/p>\n<\/div>\n<div id=\"c1197\" class=\"csc-default\">\n<p><strong><u>Nikolaus-Verlosung des Bayerischen Sozialministeriums:<\/u><\/strong><\/p>\n<p>Zehn Inhaberinnen und Inhaber einer g\u00fcltigen Ehrenamtskarte haben die M\u00f6glichkeit, am Freitag, den 13. Januar 2023, am Neujahrsempfang in der Residenz M\u00fcnchen teilzunehmen. Der Gewinn beinhaltet die Einladung zum Neujahrsempfang und eine \u00dcbernachtung in M\u00fcnchen \u2013 jeweils f\u00fcr die Gewinnerin bzw. den Gewinner und eine Begleitperson.<\/p>\n<p>Mit einer g\u00fcltigen Bayerischen Ehrenamtskarte k\u00f6nnen Sie ab sofort unter folgendem Link an der Verlosung teilnehmen: <a href=\"https:\/\/www.lbe.bayern.de\/engagement-anerkennen\/ehrenamtskarte\/verlosungen\/\">https:\/\/www.lbe.bayern.de\/engagement-anerkennen\/ehrenamtskarte\/verlosungen\/<\/a>.<\/p>\n<p>Bitte geben Sie ausschlie\u00dflich das Stichwort \u201eNikolausverlosung\u201c sowie zwingend Ihre Anschrift an. Die Teilnahmefrist endet am 5. Dezember 2022. Die Gewinnerinnen und Gewinner werden ab dem 6. Dezember 2022 benachrichtigt. Der Rechtsweg ist ausgeschlossen.<\/p>\n<\/div>\n<div id=\"c1491\" class=\"csc-default\"><\/div>\n<\/div>\n<\/div>\n<\/div><\/section>\n\n<style type=\"text\/css\" data-created_by=\"avia_inline_auto\" id=\"style-css-av-2qbt8r-9edd4cd4c7904f8b4f934fdf07ae1de6\">\n#top .hr.hr-invisible.av-2qbt8r-9edd4cd4c7904f8b4f934fdf07ae1de6{\nheight:50px;\n}\n<\/style>\n<div  class='hr av-2qbt8r-9edd4cd4c7904f8b4f934fdf07ae1de6 hr-invisible  avia-builder-el-40  el_after_av_textblock  el_before_av_two_third '><span class='hr-inner '><span class=\"hr-inner-style\"><\/span><\/span><\/div>\n\n<style type=\"text\/css\" data-created_by=\"avia_inline_auto\" id=\"style-css-av-p9ux2j-22aee7af430930c3e048047bb19bb8f7\">\n.flex_column.av-p9ux2j-22aee7af430930c3e048047bb19bb8f7{\n-webkit-border-radius:0px 0px 0px 0px;\n-moz-border-radius:0px 0px 0px 0px;\nborder-radius:0px 0px 0px 0px;\npadding:0px 0px 0px 0px;\n}\n<\/style>\n<div class='flex_column av-p9ux2j-22aee7af430930c3e048047bb19bb8f7 av_two_third  avia-builder-el-41  el_after_av_hr  el_before_av_one_third  first flex_column_div av-zero-column-padding '     ><div  class='avia-video av-oe433f-20630286f0d3e3db75c8b52f7b544ec5 avia-video-16-9 av-no-preview-image avia-video-load-always avia-video-html5'  itemprop=\"video\" itemtype=\"https:\/\/schema.org\/VideoObject\"  data-original_url='https:\/\/www.lernreg.de\/wp-content\/uploads\/2025\/11\/Ehrenamtskarte-2025-Lernende-Region.mp4'><video class='avia_video'    preload=\"auto\"  controls id='player_3483_21483934_2114291955'><source src='https:\/\/www.lernreg.de\/wp-content\/uploads\/2025\/11\/Ehrenamtskarte-2025-Lernende-Region.mp4' type='video\/mp4' \/><\/video><\/div><\/div>\n<style type=\"text\/css\" data-created_by=\"avia_inline_auto\" id=\"style-css-av-mt1orf-d1a7d7f66e1b1db1d65488d57953a70e\">\n.flex_column.av-mt1orf-d1a7d7f66e1b1db1d65488d57953a70e{\n-webkit-border-radius:0px 0px 0px 0px;\n-moz-border-radius:0px 0px 0px 0px;\nborder-radius:0px 0px 0px 0px;\npadding:0px 0px 0px 0px;\n}\n<\/style>\n<div class='flex_column av-mt1orf-d1a7d7f66e1b1db1d65488d57953a70e av_one_third  avia-builder-el-43  el_after_av_two_third  el_before_av_hr  flex_column_div av-zero-column-padding '     ><section  class='av_textblock_section av-l3ytt7-d6cbf877da0757920cfdb6f787980254'  itemscope=\"itemscope\" itemtype=\"https:\/\/schema.org\/CreativeWork\" ><div class='avia_textblock'  itemprop=\"text\" ><p><strong>Gru\u00dfbotschaft von Landrat Thomas Ebeling f\u00fcr Ehrenamtskarteninhaber<\/strong><\/p>\n<\/div><\/section><\/div><\/p>\n\n<style type=\"text\/css\" data-created_by=\"avia_inline_auto\" id=\"style-css-av-ijnzwb-4fad459158f581b432914190176348b3\">\n#top .hr.hr-invisible.av-ijnzwb-4fad459158f581b432914190176348b3{\nheight:50px;\n}\n<\/style>\n<div  class='hr av-ijnzwb-4fad459158f581b432914190176348b3 hr-invisible  avia-builder-el-45  el_after_av_one_third  el_before_av_one_half '><span class='hr-inner '><span class=\"hr-inner-style\"><\/span><\/span><\/div>\n\n<style type=\"text\/css\" data-created_by=\"avia_inline_auto\" id=\"style-css-av-hdjskb-fa7259e9e04dd175b5dad8356f068615\">\n.flex_column.av-hdjskb-fa7259e9e04dd175b5dad8356f068615{\n-webkit-border-radius:0px 0px 0px 0px;\n-moz-border-radius:0px 0px 0px 0px;\nborder-radius:0px 0px 0px 0px;\npadding:0px 0px 0px 0px;\n}\n<\/style>\n<div class='flex_column av-hdjskb-fa7259e9e04dd175b5dad8356f068615 av_one_half  avia-builder-el-46  el_after_av_hr  el_before_av_one_half  first flex_column_div av-zero-column-padding '     ><p><section  class='av_textblock_section av-f8sl97-ffaa6d667b616efe6a64f2c59f69ff41'  itemscope=\"itemscope\" itemtype=\"https:\/\/schema.org\/CreativeWork\" ><div class='avia_textblock'  itemprop=\"text\" ><p><strong>Verlosung von drei Feuerschalen<\/strong><\/p>\n<p>F\u00fcr unsere Aktion &#8222;Brennen f\u00fcrs Ehrenamt&#8220; haben wir am 05. Dezember 2022 drei Feuerschalen verlost.<\/p>\n<p>Das sind die Gewinner:<\/p>\n<p>Petra H\u00f6fler, Nittenau<\/p>\n<p>Albert Hauser, Hartenricht<\/p>\n<p>Ernst Eckl, Neunburg v. W.<\/p>\n<\/div><\/section><br \/>\n\n<style type=\"text\/css\" data-created_by=\"avia_inline_auto\" id=\"style-css-av-et06aj-6f9a7e91a01b0ee1e5694ce74e8c25ec\">\n.avia-image-container.av-et06aj-6f9a7e91a01b0ee1e5694ce74e8c25ec img.avia_image{\nbox-shadow:none;\n}\n.avia-image-container.av-et06aj-6f9a7e91a01b0ee1e5694ce74e8c25ec .av-image-caption-overlay-center{\ncolor:#ffffff;\n}\n<\/style>\n<div  class='avia-image-container av-et06aj-6f9a7e91a01b0ee1e5694ce74e8c25ec av-styling- avia-align-left  avia-builder-el-48  el_after_av_textblock  avia-builder-el-last '   itemprop=\"image\" itemscope=\"itemscope\" itemtype=\"https:\/\/schema.org\/ImageObject\" ><div class=\"avia-image-container-inner\"><div class=\"avia-image-overlay-wrap\"><a href=\"https:\/\/www.lbe.bayern.de\/engagement-anerkennen\/ehrenamtskarte\/index.php\" class='avia_image' ><img decoding=\"async\" class='wp-image-4101 avia-img-lazy-loading-not-4101 avia_image ' src=\"https:\/\/www.lernreg.de\/wp-content\/uploads\/2021\/10\/Banner_300x100_k1.jpg\" alt='' title='Banner_300x100_k1'  height=\"100\" width=\"300\"  itemprop=\"thumbnailUrl\"  \/><\/a><\/div><\/div><\/div><\/p><\/div>\n\n<style type=\"text\/css\" data-created_by=\"avia_inline_auto\" id=\"style-css-av-cb2nd7-55ce0cd99b64b656b43f34efe691f809\">\n.flex_column.av-cb2nd7-55ce0cd99b64b656b43f34efe691f809{\n-webkit-border-radius:0px 0px 0px 0px;\n-moz-border-radius:0px 0px 0px 0px;\nborder-radius:0px 0px 0px 0px;\npadding:0px 0px 0px 0px;\n}\n<\/style>\n<div class='flex_column av-cb2nd7-55ce0cd99b64b656b43f34efe691f809 av_one_half  avia-builder-el-49  el_after_av_one_half  el_before_av_hr  flex_column_div av-zero-column-padding '     ><style type=\"text\/css\" data-created_by=\"avia_inline_auto\" id=\"style-css-av-af5qe3-b5c63ab269dfe723d6d1766ec9c304be\">\n#top .avia-gallery.av-af5qe3-b5c63ab269dfe723d6d1766ec9c304be .avia-gallery-thumb a{\nwidth:20%;\n}\n<\/style>\n<div  class='avia-gallery av-af5qe3-b5c63ab269dfe723d6d1766ec9c304be avia_animate_when_visible  avia-builder-el-50  avia-builder-el-no-sibling  avia_lazyload avia-gallery-animate avia-gallery-1'  itemprop=\"image\" itemscope=\"itemscope\" itemtype=\"https:\/\/schema.org\/ImageObject\" ><meta itemprop=\"contentURL\" content=\"https:\/\/www.lernreg.de\/index.php\/ehrenamtskarte\/\"><a class='avia-gallery-big fakeLightbox lightbox avia-gallery-big-crop-thumb ' href=\"https:\/\/www.lernreg.de\/wp-content\/uploads\/2022\/12\/Verlosung-Feuerschale-773x1030.jpg\" data-srcset=\"https:\/\/www.lernreg.de\/wp-content\/uploads\/2022\/12\/Verlosung-Feuerschale-773x1030.jpg 773w, https:\/\/www.lernreg.de\/wp-content\/uploads\/2022\/12\/Verlosung-Feuerschale-225x300.jpg 225w, https:\/\/www.lernreg.de\/wp-content\/uploads\/2022\/12\/Verlosung-Feuerschale-768x1024.jpg 768w, https:\/\/www.lernreg.de\/wp-content\/uploads\/2022\/12\/Verlosung-Feuerschale-1152x1536.jpg 1152w, https:\/\/www.lernreg.de\/wp-content\/uploads\/2022\/12\/Verlosung-Feuerschale-1536x2048.jpg 1536w, https:\/\/www.lernreg.de\/wp-content\/uploads\/2022\/12\/Verlosung-Feuerschale-1125x1500.jpg 1125w, https:\/\/www.lernreg.de\/wp-content\/uploads\/2022\/12\/Verlosung-Feuerschale-529x705.jpg 529w, https:\/\/www.lernreg.de\/wp-content\/uploads\/2022\/12\/Verlosung-Feuerschale-450x600.jpg 450w, https:\/\/www.lernreg.de\/wp-content\/uploads\/2022\/12\/Verlosung-Feuerschale.jpg 1734w\" data-sizes=\"(max-width: 773px) 100vw, 773px\"  data-onclick='1' title='Verlosung Feuerschale' ><span class='avia-gallery-big-inner'  itemprop=\"thumbnailUrl\" ><img decoding=\"async\" class=\"wp-image-5346 avia-img-lazy-loading-not-5346\"  width=\"495\" height=\"400\" src=\"https:\/\/www.lernreg.de\/wp-content\/uploads\/2022\/12\/Verlosung-Feuerschale-495x400.jpg\" title='Verlosung Feuerschale' alt='' srcset=\"https:\/\/www.lernreg.de\/wp-content\/uploads\/2022\/12\/Verlosung-Feuerschale-495x400.jpg 495w, https:\/\/www.lernreg.de\/wp-content\/uploads\/2022\/12\/Verlosung-Feuerschale-845x684.jpg 845w\" sizes=\"(max-width: 495px) 100vw, 495px\" \/><\/span><\/a><div class='avia-gallery-thumb'><a href=\"https:\/\/www.lernreg.de\/wp-content\/uploads\/2022\/12\/Verlosung-Feuerschale-773x1030.jpg\" data-srcset=\"https:\/\/www.lernreg.de\/wp-content\/uploads\/2022\/12\/Verlosung-Feuerschale-773x1030.jpg 773w, https:\/\/www.lernreg.de\/wp-content\/uploads\/2022\/12\/Verlosung-Feuerschale-225x300.jpg 225w, https:\/\/www.lernreg.de\/wp-content\/uploads\/2022\/12\/Verlosung-Feuerschale-768x1024.jpg 768w, https:\/\/www.lernreg.de\/wp-content\/uploads\/2022\/12\/Verlosung-Feuerschale-1152x1536.jpg 1152w, https:\/\/www.lernreg.de\/wp-content\/uploads\/2022\/12\/Verlosung-Feuerschale-1536x2048.jpg 1536w, https:\/\/www.lernreg.de\/wp-content\/uploads\/2022\/12\/Verlosung-Feuerschale-1125x1500.jpg 1125w, https:\/\/www.lernreg.de\/wp-content\/uploads\/2022\/12\/Verlosung-Feuerschale-529x705.jpg 529w, https:\/\/www.lernreg.de\/wp-content\/uploads\/2022\/12\/Verlosung-Feuerschale-450x600.jpg 450w, https:\/\/www.lernreg.de\/wp-content\/uploads\/2022\/12\/Verlosung-Feuerschale.jpg 1734w\" data-sizes=\"(max-width: 773px) 100vw, 773px\" data-rel='gallery-1' data-prev-img='https:\/\/www.lernreg.de\/wp-content\/uploads\/2022\/12\/Verlosung-Feuerschale-495x400.jpg' class='first_thumb lightbox ' data-onclick='1' title='Verlosung Feuerschale'  itemprop=\"thumbnailUrl\"  ><img decoding=\"async\" class=\"wp-image-5346 avia-img-lazy-loading-not-5346\"   src=\"https:\/\/www.lernreg.de\/wp-content\/uploads\/2022\/12\/Verlosung-Feuerschale-495x400.jpg\" width=\"495\" height=\"400\"  title='Verlosung Feuerschale' alt='' srcset=\"https:\/\/www.lernreg.de\/wp-content\/uploads\/2022\/12\/Verlosung-Feuerschale-495x400.jpg 495w, https:\/\/www.lernreg.de\/wp-content\/uploads\/2022\/12\/Verlosung-Feuerschale-845x684.jpg 845w\" sizes=\"(max-width: 495px) 100vw, 495px\" \/><div class='big-prev-fake'><img loading=\"lazy\" decoding=\"async\" class=\"wp-image-5346 avia-img-lazy-loading-5346\"  width=\"495\" height=\"400\" src=\"https:\/\/www.lernreg.de\/wp-content\/uploads\/2022\/12\/Verlosung-Feuerschale-495x400.jpg\" title='Verlosung Feuerschale' alt='' srcset=\"https:\/\/www.lernreg.de\/wp-content\/uploads\/2022\/12\/Verlosung-Feuerschale-495x400.jpg 495w, https:\/\/www.lernreg.de\/wp-content\/uploads\/2022\/12\/Verlosung-Feuerschale-845x684.jpg 845w\" sizes=\"auto, (max-width: 495px) 100vw, 495px\" \/><\/div><\/a><a href=\"https:\/\/www.lernreg.de\/wp-content\/uploads\/2022\/12\/Verlosung-Feuerschale-Albert-Hauser-773x1030.jpg\" data-srcset=\"https:\/\/www.lernreg.de\/wp-content\/uploads\/2022\/12\/Verlosung-Feuerschale-Albert-Hauser-773x1030.jpg 773w, https:\/\/www.lernreg.de\/wp-content\/uploads\/2022\/12\/Verlosung-Feuerschale-Albert-Hauser-225x300.jpg 225w, https:\/\/www.lernreg.de\/wp-content\/uploads\/2022\/12\/Verlosung-Feuerschale-Albert-Hauser-768x1024.jpg 768w, https:\/\/www.lernreg.de\/wp-content\/uploads\/2022\/12\/Verlosung-Feuerschale-Albert-Hauser-1152x1536.jpg 1152w, https:\/\/www.lernreg.de\/wp-content\/uploads\/2022\/12\/Verlosung-Feuerschale-Albert-Hauser-1536x2048.jpg 1536w, https:\/\/www.lernreg.de\/wp-content\/uploads\/2022\/12\/Verlosung-Feuerschale-Albert-Hauser-1125x1500.jpg 1125w, https:\/\/www.lernreg.de\/wp-content\/uploads\/2022\/12\/Verlosung-Feuerschale-Albert-Hauser-529x705.jpg 529w, https:\/\/www.lernreg.de\/wp-content\/uploads\/2022\/12\/Verlosung-Feuerschale-Albert-Hauser-450x600.jpg 450w, https:\/\/www.lernreg.de\/wp-content\/uploads\/2022\/12\/Verlosung-Feuerschale-Albert-Hauser.jpg 1734w\" data-sizes=\"(max-width: 773px) 100vw, 773px\" data-rel='gallery-1' data-prev-img='https:\/\/www.lernreg.de\/wp-content\/uploads\/2022\/12\/Verlosung-Feuerschale-Albert-Hauser-495x400.jpg' class='lightbox ' data-onclick='2' title='Verlosung Feuerschale Albert Hauser'  itemprop=\"thumbnailUrl\"  ><img decoding=\"async\" class=\"wp-image-5345 avia-img-lazy-loading-not-5345\"   src=\"https:\/\/www.lernreg.de\/wp-content\/uploads\/2022\/12\/Verlosung-Feuerschale-Albert-Hauser-495x400.jpg\" width=\"495\" height=\"400\"  title='Verlosung Feuerschale Albert Hauser' alt='' srcset=\"https:\/\/www.lernreg.de\/wp-content\/uploads\/2022\/12\/Verlosung-Feuerschale-Albert-Hauser-495x400.jpg 495w, https:\/\/www.lernreg.de\/wp-content\/uploads\/2022\/12\/Verlosung-Feuerschale-Albert-Hauser-845x684.jpg 845w\" sizes=\"(max-width: 495px) 100vw, 495px\" \/><div class='big-prev-fake'><img loading=\"lazy\" decoding=\"async\" class=\"wp-image-5345 avia-img-lazy-loading-5345\"  width=\"495\" height=\"400\" src=\"https:\/\/www.lernreg.de\/wp-content\/uploads\/2022\/12\/Verlosung-Feuerschale-Albert-Hauser-495x400.jpg\" title='Verlosung Feuerschale Albert Hauser' alt='' srcset=\"https:\/\/www.lernreg.de\/wp-content\/uploads\/2022\/12\/Verlosung-Feuerschale-Albert-Hauser-495x400.jpg 495w, https:\/\/www.lernreg.de\/wp-content\/uploads\/2022\/12\/Verlosung-Feuerschale-Albert-Hauser-845x684.jpg 845w\" sizes=\"auto, (max-width: 495px) 100vw, 495px\" \/><\/div><\/a><\/div><\/div><\/div>\n\n<style type=\"text\/css\" data-created_by=\"avia_inline_auto\" id=\"style-css-av-8ohn97-077a2c75fa2604f0fd548a0e34235703\">\n#top .hr.hr-invisible.av-8ohn97-077a2c75fa2604f0fd548a0e34235703{\nheight:50px;\n}\n<\/style>\n<div  class='hr av-8ohn97-077a2c75fa2604f0fd548a0e34235703 hr-invisible  avia-builder-el-51  el_after_av_one_half  el_before_av_textblock '><span class='hr-inner '><span class=\"hr-inner-style\"><\/span><\/span><\/div>\n<section  class='av_textblock_section av-ruinf-8bc28a954290db597a5d1d23825042f5'  itemscope=\"itemscope\" itemtype=\"https:\/\/schema.org\/CreativeWork\" ><div class='avia_textblock'  itemprop=\"text\" ><div id=\"c168\" class=\"csc-default\">\n<div id=\"c112\" class=\"csc-default csc-space-before-20\">\n<div id=\"c851\" class=\"csc-default\">\n<h4>Gef\u00f6rdert von:<\/h4>\n<\/div>\n<div id=\"c1197\" class=\"csc-default\">\n<h2><\/h2>\n<\/div>\n<div id=\"c1491\" class=\"csc-default\"><\/div>\n<\/div>\n<\/div>\n<\/div><\/section>\n\n<style type=\"text\/css\" data-created_by=\"avia_inline_auto\" id=\"style-css-av-5asux7-0469df9b554e26259841779d81901477\">\n.flex_column.av-5asux7-0469df9b554e26259841779d81901477{\n-webkit-border-radius:0px 0px 0px 0px;\n-moz-border-radius:0px 0px 0px 0px;\nborder-radius:0px 0px 0px 0px;\npadding:0px 0px 0px 0px;\n}\n<\/style>\n<div class='flex_column av-5asux7-0469df9b554e26259841779d81901477 av_one_third  avia-builder-el-53  el_after_av_textblock  el_before_av_one_third  first flex_column_div av-zero-column-padding column-top-margin'     ><style type=\"text\/css\" data-created_by=\"avia_inline_auto\" id=\"style-css-av-4tyxnf-8bb2a40fd14c4fdcb9c251008301fa09\">\n.avia-image-container.av-4tyxnf-8bb2a40fd14c4fdcb9c251008301fa09 img.avia_image{\nbox-shadow:none;\n}\n.avia-image-container.av-4tyxnf-8bb2a40fd14c4fdcb9c251008301fa09 .av-image-caption-overlay-center{\ncolor:#ffffff;\n}\n<\/style>\n<div  class='avia-image-container av-4tyxnf-8bb2a40fd14c4fdcb9c251008301fa09 av-styling- avia-align-center  avia-builder-el-54  avia-builder-el-no-sibling '   itemprop=\"image\" itemscope=\"itemscope\" itemtype=\"https:\/\/schema.org\/ImageObject\" ><div class=\"avia-image-container-inner\"><div class=\"avia-image-overlay-wrap\"><a href=\"https:\/\/www.stmas.bayern.de\/\" class='avia_image' ><img decoding=\"async\" class='wp-image-3862 avia-img-lazy-loading-not-3862 avia_image ' src=\"https:\/\/www.lernreg.de\/wp-content\/uploads\/2021\/09\/csm_StMAS-WBM-2018_2zre_cmyk_31ffa6c805-300x49.jpg\" alt='' title='csm_StMAS-WBM-2018_2zre_cmyk_31ffa6c805'  height=\"49\" width=\"300\"  itemprop=\"thumbnailUrl\" srcset=\"https:\/\/www.lernreg.de\/wp-content\/uploads\/2021\/09\/csm_StMAS-WBM-2018_2zre_cmyk_31ffa6c805-300x49.jpg 300w, https:\/\/www.lernreg.de\/wp-content\/uploads\/2021\/09\/csm_StMAS-WBM-2018_2zre_cmyk_31ffa6c805.jpg 335w\" sizes=\"(max-width: 300px) 100vw, 300px\" \/><\/a><\/div><\/div><\/div><\/div>\n\n<style type=\"text\/css\" data-created_by=\"avia_inline_auto\" id=\"style-css-av-2olvaz-51745ac6658b5f492404da4041b1977e\">\n.flex_column.av-2olvaz-51745ac6658b5f492404da4041b1977e{\n-webkit-border-radius:0px 0px 0px 0px;\n-moz-border-radius:0px 0px 0px 0px;\nborder-radius:0px 0px 0px 0px;\npadding:0px 0px 0px 0px;\n}\n<\/style>\n<div class='flex_column av-2olvaz-51745ac6658b5f492404da4041b1977e av_one_third  avia-builder-el-55  el_after_av_one_third  avia-builder-el-last  flex_column_div av-zero-column-padding column-top-margin'     ><\/div>\n","protected":false},"excerpt":{"rendered":"<p>Die Bayerische Ehrenamtskarte ist\u00a0Auszeichnung und Anerkennung an Landkreisb\u00fcrger und -b\u00fcrgerinnen f\u00fcr herausragendes ehrenamtliches Engagement.<\/p>\n","protected":false},"author":1,"featured_media":0,"parent":0,"menu_order":0,"comment_status":"open","ping_status":"open","template":"","meta":{"footnotes":""},"class_list":["post-3483","page","type-page","status-publish","hentry"],"yoast_head":"<!-- This site is optimized with the Yoast SEO plugin v26.4 - https:\/\/yoast.com\/wordpress\/plugins\/seo\/ -->\n<title>Bayerische Ehrenamtskarte - Lernende Region Schwandorf<\/title>\n<meta name=\"robots\" content=\"index, follow, max-snippet:-1, max-image-preview:large, max-video-preview:-1\" \/>\n<link rel=\"canonical\" href=\"https:\/\/www.lernreg.de\/index.php\/ehrenamtskarte\/\" \/>\n<meta property=\"og:locale\" content=\"de_DE\" \/>\n<meta property=\"og:type\" content=\"article\" \/>\n<meta property=\"og:title\" content=\"Bayerische Ehrenamtskarte - Lernende Region Schwandorf\" \/>\n<meta property=\"og:description\" content=\"Die Bayerische Ehrenamtskarte ist\u00a0Auszeichnung und Anerkennung an Landkreisb\u00fcrger und -b\u00fcrgerinnen f\u00fcr herausragendes ehrenamtliches Engagement.\" \/>\n<meta property=\"og:url\" content=\"https:\/\/www.lernreg.de\/index.php\/ehrenamtskarte\/\" \/>\n<meta property=\"og:site_name\" content=\"Lernende Region Schwandorf\" \/>\n<meta property=\"article:modified_time\" content=\"2025-11-27T07:25:35+00:00\" \/>\n<meta name=\"twitter:card\" content=\"summary_large_image\" \/>\n<meta name=\"twitter:label1\" content=\"Gesch\u00e4tzte Lesezeit\" \/>\n\t<meta name=\"twitter:data1\" content=\"21\u00a0Minuten\" \/>\n<script type=\"application\/ld+json\" class=\"yoast-schema-graph\">{\"@context\":\"https:\/\/schema.org\",\"@graph\":[{\"@type\":\"WebPage\",\"@id\":\"https:\/\/www.lernreg.de\/index.php\/ehrenamtskarte\/\",\"url\":\"https:\/\/www.lernreg.de\/index.php\/ehrenamtskarte\/\",\"name\":\"Bayerische Ehrenamtskarte - Lernende Region Schwandorf\",\"isPartOf\":{\"@id\":\"https:\/\/www.lernreg.de\/#website\"},\"datePublished\":\"2021-09-06T17:01:16+00:00\",\"dateModified\":\"2025-11-27T07:25:35+00:00\",\"breadcrumb\":{\"@id\":\"https:\/\/www.lernreg.de\/index.php\/ehrenamtskarte\/#breadcrumb\"},\"inLanguage\":\"de\",\"potentialAction\":[{\"@type\":\"ReadAction\",\"target\":[\"https:\/\/www.lernreg.de\/index.php\/ehrenamtskarte\/\"]}]},{\"@type\":\"BreadcrumbList\",\"@id\":\"https:\/\/www.lernreg.de\/index.php\/ehrenamtskarte\/#breadcrumb\",\"itemListElement\":[{\"@type\":\"ListItem\",\"position\":1,\"name\":\"Startseite\",\"item\":\"https:\/\/www.lernreg.de\/index.php\/homepage\/\"},{\"@type\":\"ListItem\",\"position\":2,\"name\":\"Bayerische Ehrenamtskarte\"}]},{\"@type\":\"WebSite\",\"@id\":\"https:\/\/www.lernreg.de\/#website\",\"url\":\"https:\/\/www.lernreg.de\/\",\"name\":\"Lernende Region Schwandorf\",\"description\":\"Freiwilligenagentur, Bildung\",\"publisher\":{\"@id\":\"https:\/\/www.lernreg.de\/#organization\"},\"potentialAction\":[{\"@type\":\"SearchAction\",\"target\":{\"@type\":\"EntryPoint\",\"urlTemplate\":\"https:\/\/www.lernreg.de\/?s={search_term_string}\"},\"query-input\":{\"@type\":\"PropertyValueSpecification\",\"valueRequired\":true,\"valueName\":\"search_term_string\"}}],\"inLanguage\":\"de\"},{\"@type\":\"Organization\",\"@id\":\"https:\/\/www.lernreg.de\/#organization\",\"name\":\"Die Lernende Region Schwandorf e.V. ist ein regionales Netzwerk f\u00fcr den Landkreis Schwandorf mit den Schwerpunkten\u00a0Bildung\u00a0und\u00a0Ehrenamt: Im\u00a0Bildungsbereich\u00a0strebt die Lernende Region Schwandorf eine nachhaltige Verbesserung der Ausbildungs-, Besch\u00e4ftigungs- und Lebenssituation aller B\u00fcrgerinnen und B\u00fcrger\u00a0der Region an. Beispiele hierf\u00fcr sind die j\u00e4hrliche Bildungsmesse in Maxh\u00fctte-Haidhof sowie die Durchf\u00fchrung des Projekts \u201eMINT-Netzwerke Bayern\u201c.\",\"url\":\"https:\/\/www.lernreg.de\/\",\"logo\":{\"@type\":\"ImageObject\",\"inLanguage\":\"de\",\"@id\":\"https:\/\/www.lernreg.de\/#\/schema\/logo\/image\/\",\"url\":\"https:\/\/www.lernreg.de\/wp-content\/uploads\/2021\/08\/Logo-LernReg-transparent.png\",\"contentUrl\":\"https:\/\/www.lernreg.de\/wp-content\/uploads\/2021\/08\/Logo-LernReg-transparent.png\",\"width\":400,\"height\":228,\"caption\":\"Die Lernende Region Schwandorf e.V. ist ein regionales Netzwerk f\u00fcr den Landkreis Schwandorf mit den Schwerpunkten\u00a0Bildung\u00a0und\u00a0Ehrenamt: Im\u00a0Bildungsbereich\u00a0strebt die Lernende Region Schwandorf eine nachhaltige Verbesserung der Ausbildungs-, Besch\u00e4ftigungs- und Lebenssituation aller B\u00fcrgerinnen und B\u00fcrger\u00a0der Region an. Beispiele hierf\u00fcr sind die j\u00e4hrliche Bildungsmesse in Maxh\u00fctte-Haidhof sowie die Durchf\u00fchrung des Projekts \u201eMINT-Netzwerke Bayern\u201c.\"},\"image\":{\"@id\":\"https:\/\/www.lernreg.de\/#\/schema\/logo\/image\/\"}}]}<\/script>\n<!-- \/ Yoast SEO plugin. -->","yoast_head_json":{"title":"Bayerische Ehrenamtskarte - Lernende Region Schwandorf","robots":{"index":"index","follow":"follow","max-snippet":"max-snippet:-1","max-image-preview":"max-image-preview:large","max-video-preview":"max-video-preview:-1"},"canonical":"https:\/\/www.lernreg.de\/index.php\/ehrenamtskarte\/","og_locale":"de_DE","og_type":"article","og_title":"Bayerische Ehrenamtskarte - Lernende Region Schwandorf","og_description":"Die Bayerische Ehrenamtskarte ist\u00a0Auszeichnung und Anerkennung an Landkreisb\u00fcrger und -b\u00fcrgerinnen f\u00fcr herausragendes ehrenamtliches Engagement.","og_url":"https:\/\/www.lernreg.de\/index.php\/ehrenamtskarte\/","og_site_name":"Lernende Region Schwandorf","article_modified_time":"2025-11-27T07:25:35+00:00","twitter_card":"summary_large_image","twitter_misc":{"Gesch\u00e4tzte Lesezeit":"21\u00a0Minuten"},"schema":{"@context":"https:\/\/schema.org","@graph":[{"@type":"WebPage","@id":"https:\/\/www.lernreg.de\/index.php\/ehrenamtskarte\/","url":"https:\/\/www.lernreg.de\/index.php\/ehrenamtskarte\/","name":"Bayerische Ehrenamtskarte - Lernende Region Schwandorf","isPartOf":{"@id":"https:\/\/www.lernreg.de\/#website"},"datePublished":"2021-09-06T17:01:16+00:00","dateModified":"2025-11-27T07:25:35+00:00","breadcrumb":{"@id":"https:\/\/www.lernreg.de\/index.php\/ehrenamtskarte\/#breadcrumb"},"inLanguage":"de","potentialAction":[{"@type":"ReadAction","target":["https:\/\/www.lernreg.de\/index.php\/ehrenamtskarte\/"]}]},{"@type":"BreadcrumbList","@id":"https:\/\/www.lernreg.de\/index.php\/ehrenamtskarte\/#breadcrumb","itemListElement":[{"@type":"ListItem","position":1,"name":"Startseite","item":"https:\/\/www.lernreg.de\/index.php\/homepage\/"},{"@type":"ListItem","position":2,"name":"Bayerische Ehrenamtskarte"}]},{"@type":"WebSite","@id":"https:\/\/www.lernreg.de\/#website","url":"https:\/\/www.lernreg.de\/","name":"Lernende Region Schwandorf","description":"Freiwilligenagentur, Bildung","publisher":{"@id":"https:\/\/www.lernreg.de\/#organization"},"potentialAction":[{"@type":"SearchAction","target":{"@type":"EntryPoint","urlTemplate":"https:\/\/www.lernreg.de\/?s={search_term_string}"},"query-input":{"@type":"PropertyValueSpecification","valueRequired":true,"valueName":"search_term_string"}}],"inLanguage":"de"},{"@type":"Organization","@id":"https:\/\/www.lernreg.de\/#organization","name":"Die Lernende Region Schwandorf e.V. ist ein regionales Netzwerk f\u00fcr den Landkreis Schwandorf mit den Schwerpunkten\u00a0Bildung\u00a0und\u00a0Ehrenamt: Im\u00a0Bildungsbereich\u00a0strebt die Lernende Region Schwandorf eine nachhaltige Verbesserung der Ausbildungs-, Besch\u00e4ftigungs- und Lebenssituation aller B\u00fcrgerinnen und B\u00fcrger\u00a0der Region an. Beispiele hierf\u00fcr sind die j\u00e4hrliche Bildungsmesse in Maxh\u00fctte-Haidhof sowie die Durchf\u00fchrung des Projekts \u201eMINT-Netzwerke Bayern\u201c.","url":"https:\/\/www.lernreg.de\/","logo":{"@type":"ImageObject","inLanguage":"de","@id":"https:\/\/www.lernreg.de\/#\/schema\/logo\/image\/","url":"https:\/\/www.lernreg.de\/wp-content\/uploads\/2021\/08\/Logo-LernReg-transparent.png","contentUrl":"https:\/\/www.lernreg.de\/wp-content\/uploads\/2021\/08\/Logo-LernReg-transparent.png","width":400,"height":228,"caption":"Die Lernende Region Schwandorf e.V. ist ein regionales Netzwerk f\u00fcr den Landkreis Schwandorf mit den Schwerpunkten\u00a0Bildung\u00a0und\u00a0Ehrenamt: Im\u00a0Bildungsbereich\u00a0strebt die Lernende Region Schwandorf eine nachhaltige Verbesserung der Ausbildungs-, Besch\u00e4ftigungs- und Lebenssituation aller B\u00fcrgerinnen und B\u00fcrger\u00a0der Region an. Beispiele hierf\u00fcr sind die j\u00e4hrliche Bildungsmesse in Maxh\u00fctte-Haidhof sowie die Durchf\u00fchrung des Projekts \u201eMINT-Netzwerke Bayern\u201c."},"image":{"@id":"https:\/\/www.lernreg.de\/#\/schema\/logo\/image\/"}}]}},"_links":{"self":[{"href":"https:\/\/www.lernreg.de\/index.php\/wp-json\/wp\/v2\/pages\/3483","targetHints":{"allow":["GET"]}}],"collection":[{"href":"https:\/\/www.lernreg.de\/index.php\/wp-json\/wp\/v2\/pages"}],"about":[{"href":"https:\/\/www.lernreg.de\/index.php\/wp-json\/wp\/v2\/types\/page"}],"author":[{"embeddable":true,"href":"https:\/\/www.lernreg.de\/index.php\/wp-json\/wp\/v2\/users\/1"}],"replies":[{"embeddable":true,"href":"https:\/\/www.lernreg.de\/index.php\/wp-json\/wp\/v2\/comments?post=3483"}],"version-history":[{"count":108,"href":"https:\/\/www.lernreg.de\/index.php\/wp-json\/wp\/v2\/pages\/3483\/revisions"}],"predecessor-version":[{"id":6578,"href":"https:\/\/www.lernreg.de\/index.php\/wp-json\/wp\/v2\/pages\/3483\/revisions\/6578"}],"wp:attachment":[{"href":"https:\/\/www.lernreg.de\/index.php\/wp-json\/wp\/v2\/media?parent=3483"}],"curies":[{"name":"wp","href":"https:\/\/api.w.org\/{rel}","templated":true}]}}